{"data":{"slug":"ankaran","name":"Ankaran","type":"municipality","type_label":"Ob\u010dina","body_type":null,"parent":null,"website":null,"phone":null,"address":"Jadranska cesta 066, 6280 ANKARAN-ANCARANO","email":"info@obcina-ankaran.si","leader":{"name":"Gregor Strm\u010dnik","person_slug":"gregor-strmcnik","office":"\u017dupan","office_code":"mayor","since":"2022-11-20"},"image":null,"sources":[],"url":"https:\/\/kdo-vodi.si\/organ\/ankaran","api_url":"https:\/\/kdo-vodi.si\/api\/v1\/organizations\/ankaran"},"office_holders":[{"person":{"name":"Marko Kukanja","slug":"marko-kukanja"},"office":"Ob\u010dinski svetnik","office_code":"local_councillor","role_detail":"izvoljen z liste VSI SMO ANKARAN","organization":{"name":"Ankaran","slug":"ankaran"},"since":"2022-11-20","since_precision":"inferred","until":null,"status":"elected","current":true,"sources":[{"authority":"Dr\u017eavna volilna komisija","url":"https:\/\/www.dvk-rs.si\/arhivi\/volitve2022\/lv2022\/data\/prvikrog\/obcine-data\/data_213.json"}]},{"person":{"name":"Katja Mezek","slug":"katja-mezek"},"office":"Ob\u010dinski svetnik","office_code":"local_councillor","role_detail":"izvoljen z liste VSI SMO ANKARAN","organization":{"name":"Ankaran","slug":"ankaran"},"since":"2022-11-20","since_precision":"inferred","until":null,"status":"elected","current":true,"sources":[{"authority":"Dr\u017eavna volilna komisija","url":"https:\/\/www.dvk-rs.si\/arhivi\/volitve2022\/lv2022\/data\/prvikrog\/obcine-data\/data_213.json"}]},{"person":{"name":"Aleksander Pahor","slug":"aleksander-pahor"},"office":"Ob\u010dinski svetnik","office_code":"local_councillor","role_detail":"izvoljen z liste VSI SMO ANKARAN","organization":{"name":"Ankaran","slug":"ankaran"},"since":"2022-11-20","since_precision":"inferred","until":null,"status":"elected","current":true,"sources":[{"authority":"Dr\u017eavna volilna komisija","url":"https:\/\/www.dvk-rs.si\/arhivi\/volitve2022\/lv2022\/data\/prvikrog\/obcine-data\/data_213.json"}]},{"person":{"name":"Maja Prodan Juri\u010d","slug":"maja-prodan-juric"},"office":"Ob\u010dinski svetnik","office_code":"local_councillor","role_detail":"izvoljen z liste VSI SMO ANKARAN","organization":{"name":"Ankaran","slug":"ankaran"},"since":"2022-11-20","since_precision":"inferred","until":null,"status":"elected","current":true,"sources":[{"authority":"Dr\u017eavna volilna komisija","url":"https:\/\/www.dvk-rs.si\/arhivi\/volitve2022\/lv2022\/data\/prvikrog\/obcine-data\/data_213.json"}]},{"person":{"name":"Vladimir Pegan","slug":"vladimir-pegan"},"office":"Ob\u010dinski svetnik","office_code":"local_councillor","role_detail":"izvoljen z liste GIBANJE SVOBODA","organization":{"name":"Ankaran","slug":"ankaran"},"since":"2022-11-20","since_precision":"inferred","until":null,"status":"elected","current":true,"sources":[{"authority":"Dr\u017eavna volilna komisija","url":"https:\/\/www.dvk-rs.si\/arhivi\/volitve2022\/lv2022\/data\/prvikrog\/obcine-data\/data_213.json"}]},{"person":{"name":"Breda Kra\u0161na","slug":"breda-krasna"},"office":"Ob\u010dinski svetnik","office_code":"local_councillor","role_detail":"izvoljen z liste GIBANJE SVOBODA","organization":{"name":"Ankaran","slug":"ankaran"},"since":"2022-11-20","since_precision":"inferred","until":null,"status":"elected","current":true,"sources":[{"authority":"Dr\u017eavna volilna komisija","url":"https:\/\/www.dvk-rs.si\/arhivi\/volitve2022\/lv2022\/data\/prvikrog\/obcine-data\/data_213.json"}]},{"person":{"name":"Robert Zelenjak","slug":"robert-zelenjak"},"office":"Ob\u010dinski svetnik","office_code":"local_councillor","role_detail":"izvoljen z liste RADI IMAMO ANKARAN","organization":{"name":"Ankaran","slug":"ankaran"},"since":"2022-11-20","since_precision":"inferred","until":null,"status":"elected","current":true,"sources":[{"authority":"Dr\u017eavna volilna komisija","url":"https:\/\/www.dvk-rs.si\/arhivi\/volitve2022\/lv2022\/data\/prvikrog\/obcine-data\/data_213.json"}]},{"person":{"name":"Barbara Rai\u010di\u0107","slug":"barbara-raicic"},"office":"Ob\u010dinski svetnik","office_code":"local_councillor","role_detail":"izvoljen z liste RADI IMAMO ANKARAN","organization":{"name":"Ankaran","slug":"ankaran"},"since":"2022-11-20","since_precision":"inferred","until":null,"status":"elected","current":true,"sources":[{"authority":"Dr\u017eavna volilna komisija","url":"https:\/\/www.dvk-rs.si\/arhivi\/volitve2022\/lv2022\/data\/prvikrog\/obcine-data\/data_213.json"}]},{"person":{"name":"Luka Jurin\u010di\u010d","slug":"luka-jurincic"},"office":"Ob\u010dinski svetnik","office_code":"local_councillor","role_detail":"izvoljen z liste RADI IMAMO ANKARAN","organization":{"name":"Ankaran","slug":"ankaran"},"since":"2022-11-20","since_precision":"inferred","until":null,"status":"elected","current":true,"sources":[{"authority":"Dr\u017eavna volilna komisija","url":"https:\/\/www.dvk-rs.si\/arhivi\/volitve2022\/lv2022\/data\/prvikrog\/obcine-data\/data_213.json"}]},{"person":{"name":"Sara Vo\u0161inek Ga\u0161par","slug":"sara-vosinek-gaspar"},"office":"Ob\u010dinski svetnik","office_code":"local_councillor","role_detail":"izvoljen z liste RADI IMAMO ANKARAN","organization":{"name":"Ankaran","slug":"ankaran"},"since":"2022-11-20","since_precision":"inferred","until":null,"status":"elected","current":true,"sources":[{"authority":"Dr\u017eavna volilna komisija","url":"https:\/\/www.dvk-rs.si\/arhivi\/volitve2022\/lv2022\/data\/prvikrog\/obcine-data\/data_213.json"}]},{"person":{"name":"Zvezdan Ra\u017eman","slug":"zvezdan-razman"},"office":"Ob\u010dinski svetnik","office_code":"local_councillor","role_detail":"izvoljen z liste RADI IMAMO ANKARAN","organization":{"name":"Ankaran","slug":"ankaran"},"since":"2022-11-20","since_precision":"inferred","until":null,"status":"elected","current":true,"sources":[{"authority":"Dr\u017eavna volilna komisija","url":"https:\/\/www.dvk-rs.si\/arhivi\/volitve2022\/lv2022\/data\/prvikrog\/obcine-data\/data_213.json"}]},{"person":{"name":"Barbara \u0160vagelj","slug":"barbara-svagelj"},"office":"Ob\u010dinski svetnik","office_code":"local_councillor","role_detail":"izvoljen z liste RADI IMAMO ANKARAN","organization":{"name":"Ankaran","slug":"ankaran"},"since":"2022-11-20","since_precision":"inferred","until":null,"status":"elected","current":true,"sources":[{"authority":"Dr\u017eavna volilna komisija","url":"https:\/\/www.dvk-rs.si\/arhivi\/volitve2022\/lv2022\/data\/prvikrog\/obcine-data\/data_213.json"}]},{"person":{"name":"Gregor Strm\u010dnik","slug":"gregor-strmcnik"},"office":"\u017dupan","office_code":"mayor","role_detail":null,"organization":{"name":"Ankaran","slug":"ankaran"},"since":"2022-11-20","since_precision":"inferred","until":null,"status":"elected","current":true,"sources":[{"authority":"Dr\u017eavna volilna komisija","url":"https:\/\/www.dvk-rs.si\/arhivi\/volitve2022\/lv2022\/data\/ostale_obcine.json"}]}],"children":[{"slug":"javni-zavod-za-naravo-in-druzbo-ankaran-ente-pubblico-per-la-natura-e-la-societa-ancarano","name":"Javni zavod za naravo in dru\u017ebo Ankaran - Ente pubblico per la natura e la societa` Ancarano","type":"public_institute","body_type":null},{"slug":"osnovna-sola-in-vrtec-ankaran-scuola-elementare-e-giardino-dinfanzia-ancarano","name":"Osnovna \u0160ola In Vrtec Ankaran Scuola Elementare E Giardino D'infanzia Ancarano","type":"public_institute","body_type":null}]}