{"data":{"slug":"beltinci","name":"Beltinci","type":"municipality","type_label":"Ob\u010dina","body_type":null,"parent":null,"website":null,"phone":null,"address":"Mladinska ulica 002, 9231 BELTINCI","email":"gp.obcina@beltinci.si","leader":{"name":"Marko Virag","person_slug":"marko-virag","office":"\u017dupan","office_code":"mayor","since":"2022-11-20"},"image":{"url":"https:\/\/commons.wikimedia.org\/wiki\/Special:FilePath\/Grb_Ob%C4%8Dine_Beltinci.png","attribution":"Wikimedia Commons","source":"https:\/\/commons.wikimedia.org\/wiki\/Special:FilePath\/Grb_Ob%C4%8Dine_Beltinci.png","hosted":false},"sources":[],"url":"https:\/\/kdo-vodi.si\/organ\/beltinci","api_url":"https:\/\/kdo-vodi.si\/api\/v1\/organizations\/beltinci"},"office_holders":[{"person":{"name":"\u017deljko Ritlop","slug":"zeljko-ritlop"},"office":"Ob\u010dinski svetnik","office_code":"local_councillor","role_detail":"izvoljen z liste GIBANJE SVOBODA","organization":{"name":"Beltinci","slug":"beltinci"},"since":"2022-11-20","since_precision":"inferred","until":null,"status":"elected","current":true,"sources":[{"authority":"Dr\u017eavna volilna komisija","url":"https:\/\/www.dvk-rs.si\/arhivi\/volitve2022\/lv2022\/data\/prvikrog\/obcine-data\/data_002.json"}]},{"person":{"name":"Jo\u017eef Erjavec","slug":"jozef-erjavec"},"office":"Ob\u010dinski svetnik","office_code":"local_councillor","role_detail":"izvoljen z liste SLOVENSKA DEMOKRATSKA STRANKA","organization":{"name":"Beltinci","slug":"beltinci"},"since":"2022-11-20","since_precision":"inferred","until":null,"status":"elected","current":true,"sources":[{"authority":"Dr\u017eavna volilna komisija","url":"https:\/\/www.dvk-rs.si\/arhivi\/volitve2022\/lv2022\/data\/prvikrog\/obcine-data\/data_002.json"}]},{"person":{"name":"Miran Mau\u010dec","slug":"miran-maucec"},"office":"Ob\u010dinski svetnik","office_code":"local_councillor","role_detail":"izvoljen z liste SLOVENSKA DEMOKRATSKA STRANKA","organization":{"name":"Beltinci","slug":"beltinci"},"since":"2022-11-20","since_precision":"inferred","until":null,"status":"elected","current":true,"sources":[{"authority":"Dr\u017eavna volilna komisija","url":"https:\/\/www.dvk-rs.si\/arhivi\/volitve2022\/lv2022\/data\/prvikrog\/obcine-data\/data_002.json"}]},{"person":{"name":"Igor Bakan","slug":"igor-bakan"},"office":"Ob\u010dinski svetnik","office_code":"local_councillor","role_detail":"izvoljen z liste SKUPAJ DELAMO","organization":{"name":"Beltinci","slug":"beltinci"},"since":"2022-11-20","since_precision":"inferred","until":null,"status":"elected","current":true,"sources":[{"authority":"Dr\u017eavna volilna komisija","url":"https:\/\/www.dvk-rs.si\/arhivi\/volitve2022\/lv2022\/data\/prvikrog\/obcine-data\/data_002.json"}]},{"person":{"name":"Jasmina Jakob","slug":"jasmina-jakob"},"office":"Ob\u010dinski svetnik","office_code":"local_councillor","role_detail":"izvoljen z liste SKUPAJ DELAMO","organization":{"name":"Beltinci","slug":"beltinci"},"since":"2022-11-20","since_precision":"inferred","until":null,"status":"elected","current":true,"sources":[{"authority":"Dr\u017eavna volilna komisija","url":"https:\/\/www.dvk-rs.si\/arhivi\/volitve2022\/lv2022\/data\/prvikrog\/obcine-data\/data_002.json"}]},{"person":{"name":"Ivan Zajc","slug":"ivan-zajc"},"office":"Ob\u010dinski svetnik","office_code":"local_councillor","role_detail":"izvoljen z liste SKUPAJ DELAMO","organization":{"name":"Beltinci","slug":"beltinci"},"since":"2022-11-20","since_precision":"inferred","until":null,"status":"elected","current":true,"sources":[{"authority":"Dr\u017eavna volilna komisija","url":"https:\/\/www.dvk-rs.si\/arhivi\/volitve2022\/lv2022\/data\/prvikrog\/obcine-data\/data_002.json"}]},{"person":{"name":"Primo\u017e Ozmec","slug":"primoz-ozmec"},"office":"Ob\u010dinski svetnik","office_code":"local_councillor","role_detail":"izvoljen z liste SOCIALNI DEMOKRATI","organization":{"name":"Beltinci","slug":"beltinci"},"since":"2022-11-20","since_precision":"inferred","until":null,"status":"elected","current":true,"sources":[{"authority":"Dr\u017eavna volilna komisija","url":"https:\/\/www.dvk-rs.si\/arhivi\/volitve2022\/lv2022\/data\/prvikrog\/obcine-data\/data_002.json"}]},{"person":{"name":"Ale\u0161 Poredo\u0161","slug":"ales-poredos"},"office":"Ob\u010dinski svetnik","office_code":"local_councillor","role_detail":"izvoljen z liste GIBANJE SVOBODA","organization":{"name":"Beltinci","slug":"beltinci"},"since":"2022-11-20","since_precision":"inferred","until":null,"status":"elected","current":true,"sources":[{"authority":"Dr\u017eavna volilna komisija","url":"https:\/\/www.dvk-rs.si\/arhivi\/volitve2022\/lv2022\/data\/prvikrog\/obcine-data\/data_002.json"}]},{"person":{"name":"Franc Kova\u010d","slug":"franc-kovac"},"office":"Ob\u010dinski svetnik","office_code":"local_councillor","role_detail":"izvoljen z liste SLOVENSKA DEMOKRATSKA STRANKA","organization":{"name":"Beltinci","slug":"beltinci"},"since":"2022-11-20","since_precision":"inferred","until":null,"status":"elected","current":true,"sources":[{"authority":"Dr\u017eavna volilna komisija","url":"https:\/\/www.dvk-rs.si\/arhivi\/volitve2022\/lv2022\/data\/prvikrog\/obcine-data\/data_002.json"}]},{"person":{"name":"Janez Ko\u0161tric","slug":"janez-kostric"},"office":"Ob\u010dinski svetnik","office_code":"local_councillor","role_detail":"izvoljen z liste NOVA SLOVENIJA - KR\u0160\u010cANSKI DEMOKRATI","organization":{"name":"Beltinci","slug":"beltinci"},"since":"2022-11-20","since_precision":"inferred","until":null,"status":"elected","current":true,"sources":[{"authority":"Dr\u017eavna volilna komisija","url":"https:\/\/www.dvk-rs.si\/arhivi\/volitve2022\/lv2022\/data\/prvikrog\/obcine-data\/data_002.json"}]},{"person":{"name":"Leon Sre\u0161","slug":"leon-sres"},"office":"Ob\u010dinski svetnik","office_code":"local_councillor","role_detail":"izvoljen z liste SKUPAJ DELAMO","organization":{"name":"Beltinci","slug":"beltinci"},"since":"2022-11-20","since_precision":"inferred","until":null,"status":"elected","current":true,"sources":[{"authority":"Dr\u017eavna volilna komisija","url":"https:\/\/www.dvk-rs.si\/arhivi\/volitve2022\/lv2022\/data\/prvikrog\/obcine-data\/data_002.json"}]},{"person":{"name":"Dejan Klemen\u010di\u010d","slug":"dejan-klemencic"},"office":"Ob\u010dinski svetnik","office_code":"local_councillor","role_detail":"izvoljen z liste SKUPAJ DELAMO","organization":{"name":"Beltinci","slug":"beltinci"},"since":"2022-11-20","since_precision":"inferred","until":null,"status":"elected","current":true,"sources":[{"authority":"Dr\u017eavna volilna komisija","url":"https:\/\/www.dvk-rs.si\/arhivi\/volitve2022\/lv2022\/data\/prvikrog\/obcine-data\/data_002.json"}]},{"person":{"name":"Toma\u017e Rous","slug":"tomaz-rous"},"office":"Ob\u010dinski svetnik","office_code":"local_councillor","role_detail":"izvoljen z liste LEVICA","organization":{"name":"Beltinci","slug":"beltinci"},"since":"2022-11-20","since_precision":"inferred","until":null,"status":"elected","current":true,"sources":[{"authority":"Dr\u017eavna volilna komisija","url":"https:\/\/www.dvk-rs.si\/arhivi\/volitve2022\/lv2022\/data\/prvikrog\/obcine-data\/data_002.json"}]},{"person":{"name":"Bojan Glava\u010d","slug":"bojan-glavac"},"office":"Ob\u010dinski svetnik","office_code":"local_councillor","role_detail":"izvoljen z liste SLOVENSKA LJUDSKA STRANKA","organization":{"name":"Beltinci","slug":"beltinci"},"since":"2022-11-20","since_precision":"inferred","until":null,"status":"elected","current":true,"sources":[{"authority":"Dr\u017eavna volilna komisija","url":"https:\/\/www.dvk-rs.si\/arhivi\/volitve2022\/lv2022\/data\/prvikrog\/obcine-data\/data_002.json"}]},{"person":{"name":"Roman \u010cin\u010d","slug":"roman-cinc"},"office":"Ob\u010dinski svetnik","office_code":"local_councillor","role_detail":"izvoljen z liste GIBANJE SVOBODA","organization":{"name":"Beltinci","slug":"beltinci"},"since":"2022-11-20","since_precision":"inferred","until":null,"status":"elected","current":true,"sources":[{"authority":"Dr\u017eavna volilna komisija","url":"https:\/\/www.dvk-rs.si\/arhivi\/volitve2022\/lv2022\/data\/prvikrog\/obcine-data\/data_002.json"}]},{"person":{"name":"Jo\u017eef Fer\u010dak","slug":"jozef-fercak"},"office":"Ob\u010dinski svetnik","office_code":"local_councillor","role_detail":"izvoljen z liste NOVA SLOVENIJA - KR\u0160\u010cANSKI DEMOKRATI","organization":{"name":"Beltinci","slug":"beltinci"},"since":"2022-11-20","since_precision":"inferred","until":null,"status":"elected","current":true,"sources":[{"authority":"Dr\u017eavna volilna komisija","url":"https:\/\/www.dvk-rs.si\/arhivi\/volitve2022\/lv2022\/data\/prvikrog\/obcine-data\/data_002.json"}]},{"person":{"name":"Igor Ad\u017ei\u010d","slug":"igor-adzic"},"office":"Ob\u010dinski svetnik","office_code":"local_councillor","role_detail":"izvoljen z liste SKUPAJ DELAMO","organization":{"name":"Beltinci","slug":"beltinci"},"since":"2022-11-20","since_precision":"inferred","until":null,"status":"elected","current":true,"sources":[{"authority":"Dr\u017eavna volilna komisija","url":"https:\/\/www.dvk-rs.si\/arhivi\/volitve2022\/lv2022\/data\/prvikrog\/obcine-data\/data_002.json"}]},{"person":{"name":"Metka Lipi\u010d Baliga\u010d","slug":"metka-lipic-baligac"},"office":"Ob\u010dinski svetnik","office_code":"local_councillor","role_detail":"izvoljen z liste SKUPAJ DELAMO","organization":{"name":"Beltinci","slug":"beltinci"},"since":"2022-11-20","since_precision":"inferred","until":null,"status":"elected","current":true,"sources":[{"authority":"Dr\u017eavna volilna komisija","url":"https:\/\/www.dvk-rs.si\/arhivi\/volitve2022\/lv2022\/data\/prvikrog\/obcine-data\/data_002.json"}]},{"person":{"name":"Marko Virag","slug":"marko-virag"},"office":"\u017dupan","office_code":"mayor","role_detail":null,"organization":{"name":"Beltinci","slug":"beltinci"},"since":"2022-11-20","since_precision":"inferred","until":null,"status":"elected","current":true,"sources":[{"authority":"Dr\u017eavna volilna komisija","url":"https:\/\/www.dvk-rs.si\/arhivi\/volitve2022\/lv2022\/data\/ostale_obcine.json"}]}],"children":[{"slug":"javni-zavod-za-turizem-kulturo-in-sport-beltinci","name":"Javni zavod za turizem, kulturo in \u0161port Beltinci","type":"public_institute","body_type":null},{"slug":"krajevna-skupnost-beltinci","name":"Krajevna Skupnost Beltinci","type":"local_community","body_type":null},{"slug":"krajevna-skupnost-bratonci","name":"Krajevna Skupnost Bratonci","type":"local_community","body_type":null},{"slug":"krajevna-skupnost-doklezovje","name":"Krajevna Skupnost Dokle\u017eovje","type":"local_community","body_type":null},{"slug":"krajevna-skupnost-gancani","name":"Krajevna Skupnost Gan\u010dani","type":"local_community","body_type":null},{"slug":"krajevna-skupnost-izakovci","name":"Krajevna Skupnost I\u017eakovci","type":"local_community","body_type":null},{"slug":"krajevna-skupnost-lipa","name":"Krajevna Skupnost Lipa","type":"local_community","body_type":null},{"slug":"krajevna-skupnost-lipovci","name":"Krajevna Skupnost Lipovci","type":"local_community","body_type":null},{"slug":"krajevna-skupnost-melinci","name":"Krajevna Skupnost Melinci","type":"local_community","body_type":null},{"slug":"osnovna-sola-beltinci","name":"Osnovna \u0160ola Beltinci","type":"public_institute","body_type":null},{"slug":"vrtec-beltinci","name":"Vrtec Beltinci","type":"public_institute","body_type":null}]}