{"data":{"slug":"brda","name":"Brda","type":"municipality","type_label":"Ob\u010dina","body_type":null,"parent":null,"website":null,"phone":null,"address":"Trg 25. maja 002, 5212 DOBROVO V BRDIH","email":"info@obcina-brda.si","leader":{"name":"Franc Mu\u017ei\u010d","person_slug":"franc-muzic","office":"\u017dupan","office_code":"mayor","since":"2022-12-04"},"image":{"url":"https:\/\/commons.wikimedia.org\/wiki\/Special:FilePath\/Grb_Ob%C4%8Dine_Brda.png","attribution":"Wikimedia Commons","source":"https:\/\/commons.wikimedia.org\/wiki\/Special:FilePath\/Grb_Ob%C4%8Dine_Brda.png","hosted":false},"sources":[],"url":"https:\/\/kdo-vodi.si\/organ\/brda","api_url":"https:\/\/kdo-vodi.si\/api\/v1\/organizations\/brda"},"office_holders":[{"person":{"name":"Anja Pertovt","slug":"anja-pertovt"},"office":"Ob\u010dinski svetnik","office_code":"local_councillor","role_detail":"izvoljen z liste Lista ZA Brda","organization":{"name":"Brda","slug":"brda"},"since":"2022-11-20","since_precision":"inferred","until":null,"status":"elected","current":true,"sources":[{"authority":"Dr\u017eavna volilna komisija","url":"https:\/\/www.dvk-rs.si\/arhivi\/volitve2022\/lv2022\/data\/prvikrog\/obcine-data\/data_007.json"}]},{"person":{"name":"Karol Peter Per\u0161olja","slug":"karol-peter-persolja"},"office":"Ob\u010dinski svetnik","office_code":"local_councillor","role_detail":"izvoljen z liste Lista ZA Brda","organization":{"name":"Brda","slug":"brda"},"since":"2022-11-20","since_precision":"inferred","until":null,"status":"elected","current":true,"sources":[{"authority":"Dr\u017eavna volilna komisija","url":"https:\/\/www.dvk-rs.si\/arhivi\/volitve2022\/lv2022\/data\/prvikrog\/obcine-data\/data_007.json"}]},{"person":{"name":"Milo\u0161 Proti\u0107","slug":"milos-protic"},"office":"Ob\u010dinski svetnik","office_code":"local_councillor","role_detail":"izvoljen z liste SLOVENSKA DEMOKRATSKA STRANKA","organization":{"name":"Brda","slug":"brda"},"since":"2022-11-20","since_precision":"inferred","until":null,"status":"elected","current":true,"sources":[{"authority":"Dr\u017eavna volilna komisija","url":"https:\/\/www.dvk-rs.si\/arhivi\/volitve2022\/lv2022\/data\/prvikrog\/obcine-data\/data_007.json"}]},{"person":{"name":"Teja Jelina","slug":"teja-jelina"},"office":"Ob\u010dinski svetnik","office_code":"local_councillor","role_detail":"izvoljen z liste SLOVENSKA DEMOKRATSKA STRANKA","organization":{"name":"Brda","slug":"brda"},"since":"2022-11-20","since_precision":"inferred","until":null,"status":"elected","current":true,"sources":[{"authority":"Dr\u017eavna volilna komisija","url":"https:\/\/www.dvk-rs.si\/arhivi\/volitve2022\/lv2022\/data\/prvikrog\/obcine-data\/data_007.json"}]},{"person":{"name":"Vilko Prin\u010di\u010d","slug":"vilko-princic"},"office":"Ob\u010dinski svetnik","office_code":"local_councillor","role_detail":"izvoljen z liste Lista Franca Mu\u017ei\u010da","organization":{"name":"Brda","slug":"brda"},"since":"2022-11-20","since_precision":"inferred","until":null,"status":"elected","current":true,"sources":[{"authority":"Dr\u017eavna volilna komisija","url":"https:\/\/www.dvk-rs.si\/arhivi\/volitve2022\/lv2022\/data\/prvikrog\/obcine-data\/data_007.json"}]},{"person":{"name":"David Saksida","slug":"david-saksida"},"office":"Ob\u010dinski svetnik","office_code":"local_councillor","role_detail":"izvoljen z liste GIBANJE SVOBODA","organization":{"name":"Brda","slug":"brda"},"since":"2022-11-20","since_precision":"inferred","until":null,"status":"elected","current":true,"sources":[{"authority":"Dr\u017eavna volilna komisija","url":"https:\/\/www.dvk-rs.si\/arhivi\/volitve2022\/lv2022\/data\/prvikrog\/obcine-data\/data_007.json"}]},{"person":{"name":"Nadja \u0160filigoj","slug":"nadja-sfiligoj"},"office":"Ob\u010dinski svetnik","office_code":"local_councillor","role_detail":"izvoljen z liste SOCIALNI DEMOKRATI","organization":{"name":"Brda","slug":"brda"},"since":"2022-11-20","since_precision":"inferred","until":null,"status":"elected","current":true,"sources":[{"authority":"Dr\u017eavna volilna komisija","url":"https:\/\/www.dvk-rs.si\/arhivi\/volitve2022\/lv2022\/data\/prvikrog\/obcine-data\/data_007.json"}]},{"person":{"name":"Lilijana Kastelic","slug":"lilijana-kastelic"},"office":"Ob\u010dinski svetnik","office_code":"local_councillor","role_detail":"izvoljen z liste Lista ZA Brda","organization":{"name":"Brda","slug":"brda"},"since":"2022-11-20","since_precision":"inferred","until":null,"status":"elected","current":true,"sources":[{"authority":"Dr\u017eavna volilna komisija","url":"https:\/\/www.dvk-rs.si\/arhivi\/volitve2022\/lv2022\/data\/prvikrog\/obcine-data\/data_007.json"}]},{"person":{"name":"Robert Feri","slug":"robert-feri"},"office":"Ob\u010dinski svetnik","office_code":"local_councillor","role_detail":"izvoljen z liste Lista ZA Brda","organization":{"name":"Brda","slug":"brda"},"since":"2022-11-20","since_precision":"inferred","until":null,"status":"elected","current":true,"sources":[{"authority":"Dr\u017eavna volilna komisija","url":"https:\/\/www.dvk-rs.si\/arhivi\/volitve2022\/lv2022\/data\/prvikrog\/obcine-data\/data_007.json"}]},{"person":{"name":"Nika Prin\u010di\u010d","slug":"nika-princic"},"office":"Ob\u010dinski svetnik","office_code":"local_councillor","role_detail":"izvoljen z liste SLOVENSKA DEMOKRATSKA STRANKA","organization":{"name":"Brda","slug":"brda"},"since":"2022-11-20","since_precision":"inferred","until":null,"status":"elected","current":true,"sources":[{"authority":"Dr\u017eavna volilna komisija","url":"https:\/\/www.dvk-rs.si\/arhivi\/volitve2022\/lv2022\/data\/prvikrog\/obcine-data\/data_007.json"}]},{"person":{"name":"Damjan Birti\u010d","slug":"damjan-birtic"},"office":"Ob\u010dinski svetnik","office_code":"local_councillor","role_detail":"izvoljen z liste SLOVENSKA DEMOKRATSKA STRANKA","organization":{"name":"Brda","slug":"brda"},"since":"2022-11-20","since_precision":"inferred","until":null,"status":"elected","current":true,"sources":[{"authority":"Dr\u017eavna volilna komisija","url":"https:\/\/www.dvk-rs.si\/arhivi\/volitve2022\/lv2022\/data\/prvikrog\/obcine-data\/data_007.json"}]},{"person":{"name":"Zvezdan Prin\u010di\u010d","slug":"zvezdan-princic"},"office":"Ob\u010dinski svetnik","office_code":"local_councillor","role_detail":"izvoljen z liste Lista Franca Mu\u017ei\u010da","organization":{"name":"Brda","slug":"brda"},"since":"2022-11-20","since_precision":"inferred","until":null,"status":"elected","current":true,"sources":[{"authority":"Dr\u017eavna volilna komisija","url":"https:\/\/www.dvk-rs.si\/arhivi\/volitve2022\/lv2022\/data\/prvikrog\/obcine-data\/data_007.json"}]},{"person":{"name":"Silvestra Elen Bra\u0161ni\u0107 Saffigna","slug":"silvestra-elen-brasnic-saffigna"},"office":"Ob\u010dinski svetnik","office_code":"local_councillor","role_detail":"izvoljen z liste Lista Franca Mu\u017ei\u010da","organization":{"name":"Brda","slug":"brda"},"since":"2022-11-20","since_precision":"inferred","until":null,"status":"elected","current":true,"sources":[{"authority":"Dr\u017eavna volilna komisija","url":"https:\/\/www.dvk-rs.si\/arhivi\/volitve2022\/lv2022\/data\/prvikrog\/obcine-data\/data_007.json"}]},{"person":{"name":"Goran Sim\u010di\u010d","slug":"goran-simcic"},"office":"Ob\u010dinski svetnik","office_code":"local_councillor","role_detail":"izvoljen z liste Lista Franca Mu\u017ei\u010da","organization":{"name":"Brda","slug":"brda"},"since":"2022-11-20","since_precision":"inferred","until":null,"status":"elected","current":true,"sources":[{"authority":"Dr\u017eavna volilna komisija","url":"https:\/\/www.dvk-rs.si\/arhivi\/volitve2022\/lv2022\/data\/prvikrog\/obcine-data\/data_007.json"}]},{"person":{"name":"Tanja Ba\u0161a Jasni\u010d","slug":"tanja-basa-jasnic"},"office":"Ob\u010dinski svetnik","office_code":"local_councillor","role_detail":"izvoljen z liste GIBANJE SVOBODA","organization":{"name":"Brda","slug":"brda"},"since":"2022-11-20","since_precision":"inferred","until":null,"status":"elected","current":true,"sources":[{"authority":"Dr\u017eavna volilna komisija","url":"https:\/\/www.dvk-rs.si\/arhivi\/volitve2022\/lv2022\/data\/prvikrog\/obcine-data\/data_007.json"}]},{"person":{"name":"Jurij \u0160pacal","slug":"jurij-spacal"},"office":"Ob\u010dinski svetnik","office_code":"local_councillor","role_detail":"izvoljen z liste GIBANJE SVOBODA","organization":{"name":"Brda","slug":"brda"},"since":"2022-11-20","since_precision":"inferred","until":null,"status":"elected","current":true,"sources":[{"authority":"Dr\u017eavna volilna komisija","url":"https:\/\/www.dvk-rs.si\/arhivi\/volitve2022\/lv2022\/data\/prvikrog\/obcine-data\/data_007.json"}]},{"person":{"name":"Franc Mu\u017ei\u010d","slug":"franc-muzic"},"office":"\u017dupan","office_code":"mayor","role_detail":null,"organization":{"name":"Brda","slug":"brda"},"since":"2022-12-04","since_precision":"inferred","until":null,"status":"elected","current":true,"sources":[{"authority":"Dr\u017eavna volilna komisija","url":"https:\/\/www.dvk-rs.si\/arhivi\/volitve2022\/lv2022\/data\/drugi_krog.json"}]}],"children":[{"slug":"krajevna-skupnost-medana","name":"Krajevna Skupnost Medana","type":"local_community","body_type":null},{"slug":"osnovna-sola-alojza-gradnika-dobrovo","name":"Osnovna \u0160ola Alojza Gradnika Dobrovo","type":"public_institute","body_type":null},{"slug":"zavod-za-turizem-kulturo-mladino-in-sport-brda","name":"Zavod za turizem, kulturo, mladino in \u0161port Brda","type":"public_institute","body_type":null}]}