{"data":{"slug":"brezice","name":"Bre\u017eice","type":"municipality","type_label":"Ob\u010dina","body_type":null,"parent":null,"website":null,"phone":null,"address":"Cesta prvih borcev 018, 8250 BRE\u017dICE","email":"obcina.brezice@brezice.si","leader":{"name":"Ivan Molan","person_slug":"ivan-molan","office":"\u017dupan","office_code":"mayor","since":"2022-12-04"},"image":null,"sources":[],"url":"https:\/\/kdo-vodi.si\/organ\/brezice","api_url":"https:\/\/kdo-vodi.si\/api\/v1\/organizations\/brezice"},"office_holders":[{"person":{"name":"Ivan Kostevc","slug":"ivan-kostevc"},"office":"Ob\u010dinski svetnik","office_code":"local_councillor","role_detail":"izvoljen z liste LISTA IGORJA ZOR\u010cI\u010cA IN SONCE","organization":{"name":"Bre\u017eice","slug":"brezice"},"since":"2022-11-20","since_precision":"inferred","until":null,"status":"elected","current":true,"sources":[{"authority":"Dr\u017eavna volilna komisija","url":"https:\/\/www.dvk-rs.si\/arhivi\/volitve2022\/lv2022\/data\/prvikrog\/obcine-data\/data_009.json"}]},{"person":{"name":"Ferdo Pinteri\u010d","slug":"ferdo-pinteric"},"office":"Ob\u010dinski svetnik","office_code":"local_councillor","role_detail":"izvoljen z liste LISTA IGORJA ZOR\u010cI\u010cA IN SONCE","organization":{"name":"Bre\u017eice","slug":"brezice"},"since":"2022-11-20","since_precision":"inferred","until":null,"status":"elected","current":true,"sources":[{"authority":"Dr\u017eavna volilna komisija","url":"https:\/\/www.dvk-rs.si\/arhivi\/volitve2022\/lv2022\/data\/prvikrog\/obcine-data\/data_009.json"}]},{"person":{"name":"Primo\u017e Hrib\u0161ek","slug":"primoz-hribsek"},"office":"Ob\u010dinski svetnik","office_code":"local_councillor","role_detail":"izvoljen z liste SOCIALNI DEMOKRATI","organization":{"name":"Bre\u017eice","slug":"brezice"},"since":"2022-11-20","since_precision":"inferred","until":null,"status":"elected","current":true,"sources":[{"authority":"Dr\u017eavna volilna komisija","url":"https:\/\/www.dvk-rs.si\/arhivi\/volitve2022\/lv2022\/data\/prvikrog\/obcine-data\/data_009.json"}]},{"person":{"name":"Katja \u010can\u017ear","slug":"katja-canzar"},"office":"Ob\u010dinski svetnik","office_code":"local_councillor","role_detail":"izvoljen z liste SLOVENSKA DEMOKRATSKA STRANKA","organization":{"name":"Bre\u017eice","slug":"brezice"},"since":"2022-11-20","since_precision":"inferred","until":null,"status":"elected","current":true,"sources":[{"authority":"Dr\u017eavna volilna komisija","url":"https:\/\/www.dvk-rs.si\/arhivi\/volitve2022\/lv2022\/data\/prvikrog\/obcine-data\/data_009.json"}]},{"person":{"name":"Matejka Kmeti\u010d","slug":"matejka-kmetic"},"office":"Ob\u010dinski svetnik","office_code":"local_councillor","role_detail":"izvoljen z liste LJUDJE ZA LJUDI","organization":{"name":"Bre\u017eice","slug":"brezice"},"since":"2022-11-20","since_precision":"inferred","until":null,"status":"elected","current":true,"sources":[{"authority":"Dr\u017eavna volilna komisija","url":"https:\/\/www.dvk-rs.si\/arhivi\/volitve2022\/lv2022\/data\/prvikrog\/obcine-data\/data_009.json"}]},{"person":{"name":"Marjeta Slatner Gerjevi\u010d","slug":"marjeta-slatner-gerjevic"},"office":"Ob\u010dinski svetnik","office_code":"local_councillor","role_detail":"izvoljen z liste GIBANJE SVOBODA","organization":{"name":"Bre\u017eice","slug":"brezice"},"since":"2022-11-20","since_precision":"inferred","until":null,"status":"elected","current":true,"sources":[{"authority":"Dr\u017eavna volilna komisija","url":"https:\/\/www.dvk-rs.si\/arhivi\/volitve2022\/lv2022\/data\/prvikrog\/obcine-data\/data_009.json"}]},{"person":{"name":"Nata\u0161a Sagernik","slug":"natasa-sagernik"},"office":"Ob\u010dinski svetnik","office_code":"local_councillor","role_detail":"izvoljen z liste GIBANJE SVOBODA","organization":{"name":"Bre\u017eice","slug":"brezice"},"since":"2022-11-20","since_precision":"inferred","until":null,"status":"elected","current":true,"sources":[{"authority":"Dr\u017eavna volilna komisija","url":"https:\/\/www.dvk-rs.si\/arhivi\/volitve2022\/lv2022\/data\/prvikrog\/obcine-data\/data_009.json"}]},{"person":{"name":"Darja Kro\u0161elj","slug":"darja-kroselj"},"office":"Ob\u010dinski svetnik","office_code":"local_councillor","role_detail":"izvoljen z liste LISTA IGORJA ZOR\u010cI\u010cA IN SONCE","organization":{"name":"Bre\u017eice","slug":"brezice"},"since":"2022-11-20","since_precision":"inferred","until":null,"status":"elected","current":true,"sources":[{"authority":"Dr\u017eavna volilna komisija","url":"https:\/\/www.dvk-rs.si\/arhivi\/volitve2022\/lv2022\/data\/prvikrog\/obcine-data\/data_009.json"}]},{"person":{"name":"Klara Humek","slug":"klara-humek"},"office":"Ob\u010dinski svetnik","office_code":"local_councillor","role_detail":"izvoljen z liste SLOVENSKA DEMOKRATSKA STRANKA","organization":{"name":"Bre\u017eice","slug":"brezice"},"since":"2022-11-20","since_precision":"inferred","until":null,"status":"elected","current":true,"sources":[{"authority":"Dr\u017eavna volilna komisija","url":"https:\/\/www.dvk-rs.si\/arhivi\/volitve2022\/lv2022\/data\/prvikrog\/obcine-data\/data_009.json"}]},{"person":{"name":"Ivan Molan","slug":"ivan-molan"},"office":"Ob\u010dinski svetnik","office_code":"local_councillor","role_detail":"izvoljen z liste SLOVENSKA DEMOKRATSKA STRANKA","organization":{"name":"Bre\u017eice","slug":"brezice"},"since":"2022-11-20","since_precision":"inferred","until":null,"status":"elected","current":true,"sources":[{"authority":"Dr\u017eavna volilna komisija","url":"https:\/\/www.dvk-rs.si\/arhivi\/volitve2022\/lv2022\/data\/prvikrog\/obcine-data\/data_009.json"}]},{"person":{"name":"\u0160tefanija Kr\u017ean","slug":"stefanija-krzan"},"office":"Ob\u010dinski svetnik","office_code":"local_councillor","role_detail":"izvoljen z liste LJUDJE ZA LJUDI","organization":{"name":"Bre\u017eice","slug":"brezice"},"since":"2022-11-20","since_precision":"inferred","until":null,"status":"elected","current":true,"sources":[{"authority":"Dr\u017eavna volilna komisija","url":"https:\/\/www.dvk-rs.si\/arhivi\/volitve2022\/lv2022\/data\/prvikrog\/obcine-data\/data_009.json"}]},{"person":{"name":"Marko Kova\u010di\u010d","slug":"marko-kovacic"},"office":"Ob\u010dinski svetnik","office_code":"local_councillor","role_detail":"izvoljen z liste GIBANJE SVOBODA","organization":{"name":"Bre\u017eice","slug":"brezice"},"since":"2022-11-20","since_precision":"inferred","until":null,"status":"elected","current":true,"sources":[{"authority":"Dr\u017eavna volilna komisija","url":"https:\/\/www.dvk-rs.si\/arhivi\/volitve2022\/lv2022\/data\/prvikrog\/obcine-data\/data_009.json"}]},{"person":{"name":"Stanka Preskar","slug":"stanka-preskar"},"office":"Ob\u010dinski svetnik","office_code":"local_councillor","role_detail":"izvoljen z liste GIBANJE SVOBODA","organization":{"name":"Bre\u017eice","slug":"brezice"},"since":"2022-11-20","since_precision":"inferred","until":null,"status":"elected","current":true,"sources":[{"authority":"Dr\u017eavna volilna komisija","url":"https:\/\/www.dvk-rs.si\/arhivi\/volitve2022\/lv2022\/data\/prvikrog\/obcine-data\/data_009.json"}]},{"person":{"name":"Fredi \u017dibert","slug":"fredi-zibert"},"office":"Ob\u010dinski svetnik","office_code":"local_councillor","role_detail":"izvoljen z liste Stranka za Razvoj Ob\u010din in Krajev","organization":{"name":"Bre\u017eice","slug":"brezice"},"since":"2022-11-20","since_precision":"inferred","until":null,"status":"elected","current":true,"sources":[{"authority":"Dr\u017eavna volilna komisija","url":"https:\/\/www.dvk-rs.si\/arhivi\/volitve2022\/lv2022\/data\/prvikrog\/obcine-data\/data_009.json"}]},{"person":{"name":"Bo\u0161tjan Gregori\u010d","slug":"bostjan-gregoric"},"office":"Ob\u010dinski svetnik","office_code":"local_councillor","role_detail":"izvoljen z liste LISTA IGORJA ZOR\u010cI\u010cA IN SONCE","organization":{"name":"Bre\u017eice","slug":"brezice"},"since":"2022-11-20","since_precision":"inferred","until":null,"status":"elected","current":true,"sources":[{"authority":"Dr\u017eavna volilna komisija","url":"https:\/\/www.dvk-rs.si\/arhivi\/volitve2022\/lv2022\/data\/prvikrog\/obcine-data\/data_009.json"}]},{"person":{"name":"Martina Zlobko","slug":"martina-zlobko"},"office":"Ob\u010dinski svetnik","office_code":"local_councillor","role_detail":"izvoljen z liste LISTA IGORJA ZOR\u010cI\u010cA IN SONCE","organization":{"name":"Bre\u017eice","slug":"brezice"},"since":"2022-11-20","since_precision":"inferred","until":null,"status":"elected","current":true,"sources":[{"authority":"Dr\u017eavna volilna komisija","url":"https:\/\/www.dvk-rs.si\/arhivi\/volitve2022\/lv2022\/data\/prvikrog\/obcine-data\/data_009.json"}]},{"person":{"name":"Igor Zor\u010di\u010d","slug":"igor-zorcic"},"office":"Ob\u010dinski svetnik","office_code":"local_councillor","role_detail":"izvoljen z liste LISTA IGORJA ZOR\u010cI\u010cA IN SONCE","organization":{"name":"Bre\u017eice","slug":"brezice"},"since":"2022-11-20","since_precision":"inferred","until":null,"status":"elected","current":true,"sources":[{"authority":"Dr\u017eavna volilna komisija","url":"https:\/\/www.dvk-rs.si\/arhivi\/volitve2022\/lv2022\/data\/prvikrog\/obcine-data\/data_009.json"}]},{"person":{"name":"Bogdan Palov\u0161nik","slug":"bogdan-palovsnik"},"office":"Ob\u010dinski svetnik","office_code":"local_councillor","role_detail":"izvoljen z liste SOCIALNI DEMOKRATI","organization":{"name":"Bre\u017eice","slug":"brezice"},"since":"2022-11-20","since_precision":"inferred","until":null,"status":"elected","current":true,"sources":[{"authority":"Dr\u017eavna volilna komisija","url":"https:\/\/www.dvk-rs.si\/arhivi\/volitve2022\/lv2022\/data\/prvikrog\/obcine-data\/data_009.json"}]},{"person":{"name":"Alojz \u0160krabl","slug":"alojz-skrabl"},"office":"Ob\u010dinski svetnik","office_code":"local_councillor","role_detail":"izvoljen z liste SLOVENSKA DEMOKRATSKA STRANKA","organization":{"name":"Bre\u017eice","slug":"brezice"},"since":"2022-11-20","since_precision":"inferred","until":null,"status":"elected","current":true,"sources":[{"authority":"Dr\u017eavna volilna komisija","url":"https:\/\/www.dvk-rs.si\/arhivi\/volitve2022\/lv2022\/data\/prvikrog\/obcine-data\/data_009.json"}]},{"person":{"name":"Aleksander Gajski","slug":"aleksander-gajski"},"office":"Ob\u010dinski svetnik","office_code":"local_councillor","role_detail":"izvoljen z liste SLOVENSKA DEMOKRATSKA STRANKA","organization":{"name":"Bre\u017eice","slug":"brezice"},"since":"2022-11-20","since_precision":"inferred","until":null,"status":"elected","current":true,"sources":[{"authority":"Dr\u017eavna volilna komisija","url":"https:\/\/www.dvk-rs.si\/arhivi\/volitve2022\/lv2022\/data\/prvikrog\/obcine-data\/data_009.json"}]},{"person":{"name":"Andreja Du\u0161ak","slug":"andreja-dusak"},"office":"Ob\u010dinski svetnik","office_code":"local_councillor","role_detail":"izvoljen z liste GIBANJE SVOBODA","organization":{"name":"Bre\u017eice","slug":"brezice"},"since":"2022-11-20","since_precision":"inferred","until":null,"status":"elected","current":true,"sources":[{"authority":"Dr\u017eavna volilna komisija","url":"https:\/\/www.dvk-rs.si\/arhivi\/volitve2022\/lv2022\/data\/prvikrog\/obcine-data\/data_009.json"}]},{"person":{"name":"Stanko Tom\u0161e","slug":"stanko-tomse"},"office":"Ob\u010dinski svetnik","office_code":"local_councillor","role_detail":"izvoljen z liste LISTA IGORJA ZOR\u010cI\u010cA IN SONCE","organization":{"name":"Bre\u017eice","slug":"brezice"},"since":"2022-11-20","since_precision":"inferred","until":null,"status":"elected","current":true,"sources":[{"authority":"Dr\u017eavna volilna komisija","url":"https:\/\/www.dvk-rs.si\/arhivi\/volitve2022\/lv2022\/data\/prvikrog\/obcine-data\/data_009.json"}]},{"person":{"name":"Vinko Ogorevc","slug":"vinko-ogorevc"},"office":"Ob\u010dinski svetnik","office_code":"local_councillor","role_detail":"izvoljen z liste SLOVENSKA DEMOKRATSKA STRANKA","organization":{"name":"Bre\u017eice","slug":"brezice"},"since":"2022-11-20","since_precision":"inferred","until":null,"status":"elected","current":true,"sources":[{"authority":"Dr\u017eavna volilna komisija","url":"https:\/\/www.dvk-rs.si\/arhivi\/volitve2022\/lv2022\/data\/prvikrog\/obcine-data\/data_009.json"}]},{"person":{"name":"Patricia \u010cular","slug":"patricia-cular"},"office":"Ob\u010dinski svetnik","office_code":"local_councillor","role_detail":"izvoljen z liste SLOVENSKA DEMOKRATSKA STRANKA","organization":{"name":"Bre\u017eice","slug":"brezice"},"since":"2022-11-20","since_precision":"inferred","until":null,"status":"elected","current":true,"sources":[{"authority":"Dr\u017eavna volilna komisija","url":"https:\/\/www.dvk-rs.si\/arhivi\/volitve2022\/lv2022\/data\/prvikrog\/obcine-data\/data_009.json"}]},{"person":{"name":"Andrej Vizjak","slug":"andrej-vizjak"},"office":"Ob\u010dinski svetnik","office_code":"local_councillor","role_detail":"izvoljen z liste SLOVENSKA DEMOKRATSKA STRANKA","organization":{"name":"Bre\u017eice","slug":"brezice"},"since":"2022-11-20","since_precision":"inferred","until":null,"status":"elected","current":true,"sources":[{"authority":"Dr\u017eavna volilna komisija","url":"https:\/\/www.dvk-rs.si\/arhivi\/volitve2022\/lv2022\/data\/prvikrog\/obcine-data\/data_009.json"}]},{"person":{"name":"Aljo\u0161a Rovan","slug":"aljosa-rovan"},"office":"Ob\u010dinski svetnik","office_code":"local_councillor","role_detail":"izvoljen z liste LEVICA","organization":{"name":"Bre\u017eice","slug":"brezice"},"since":"2022-11-20","since_precision":"inferred","until":null,"status":"elected","current":true,"sources":[{"authority":"Dr\u017eavna volilna komisija","url":"https:\/\/www.dvk-rs.si\/arhivi\/volitve2022\/lv2022\/data\/prvikrog\/obcine-data\/data_009.json"}]},{"person":{"name":"Anton \u017dnider\u0161i\u010d","slug":"anton-znidersic"},"office":"Ob\u010dinski svetnik","office_code":"local_councillor","role_detail":"izvoljen z liste N.Si IN SLS","organization":{"name":"Bre\u017eice","slug":"brezice"},"since":"2022-11-20","since_precision":"inferred","until":null,"status":"elected","current":true,"sources":[{"authority":"Dr\u017eavna volilna komisija","url":"https:\/\/www.dvk-rs.si\/arhivi\/volitve2022\/lv2022\/data\/prvikrog\/obcine-data\/data_009.json"}]},{"person":{"name":"Bojana Zevnik","slug":"bojana-zevnik"},"office":"Ob\u010dinski svetnik","office_code":"local_councillor","role_detail":"izvoljen z liste GIBANJE SVOBODA","organization":{"name":"Bre\u017eice","slug":"brezice"},"since":"2022-11-20","since_precision":"inferred","until":null,"status":"elected","current":true,"sources":[{"authority":"Dr\u017eavna volilna komisija","url":"https:\/\/www.dvk-rs.si\/arhivi\/volitve2022\/lv2022\/data\/prvikrog\/obcine-data\/data_009.json"}]},{"person":{"name":"Samo Stani\u010d","slug":"samo-stanic"},"office":"Ob\u010dinski svetnik","office_code":"local_councillor","role_detail":"izvoljen z liste GIBANJE SVOBODA","organization":{"name":"Bre\u017eice","slug":"brezice"},"since":"2022-11-20","since_precision":"inferred","until":null,"status":"elected","current":true,"sources":[{"authority":"Dr\u017eavna volilna komisija","url":"https:\/\/www.dvk-rs.si\/arhivi\/volitve2022\/lv2022\/data\/prvikrog\/obcine-data\/data_009.json"}]},{"person":{"name":"Mojca Florjani\u010d","slug":"mojca-florjanic"},"office":"Ob\u010dinski svetnik","office_code":"local_councillor","role_detail":"izvoljen z liste GIBANJE SVOBODA","organization":{"name":"Bre\u017eice","slug":"brezice"},"since":"2022-11-20","since_precision":"inferred","until":null,"status":"elected","current":true,"sources":[{"authority":"Dr\u017eavna volilna komisija","url":"https:\/\/www.dvk-rs.si\/arhivi\/volitve2022\/lv2022\/data\/prvikrog\/obcine-data\/data_009.json"}]},{"person":{"name":"Ivan Molan","slug":"ivan-molan"},"office":"\u017dupan","office_code":"mayor","role_detail":null,"organization":{"name":"Bre\u017eice","slug":"brezice"},"since":"2022-12-04","since_precision":"inferred","until":null,"status":"elected","current":true,"sources":[{"authority":"Dr\u017eavna volilna komisija","url":"https:\/\/www.dvk-rs.si\/arhivi\/volitve2022\/lv2022\/data\/drugi_krog.json"}]}],"children":[{"slug":"glasbena-sola-brezice","name":"Glasbena \u0160ola Bre\u017eice","type":"public_institute","body_type":null},{"slug":"knjiznica-brezice","name":"Knji\u017enica Bre\u017eice","type":"public_institute","body_type":null},{"slug":"krajevna-skupnost-artice","name":"Krajevna Skupnost Arti\u010de","type":"local_community","body_type":null},{"slug":"krajevna-skupnost-bizeljsko","name":"Krajevna Skupnost Bizeljsko","type":"local_community","body_type":null},{"slug":"krajevna-skupnost-brezice","name":"Krajevna Skupnost Bre\u017eice","type":"local_community","body_type":null},{"slug":"krajevna-skupnost-catez-ob-savi","name":"Krajevna Skupnost \u010cate\u017e Ob Savi","type":"local_community","body_type":null},{"slug":"krajevna-skupnost-cerklje-ob-krki","name":"Krajevna Skupnost Cerklje Ob Krki","type":"local_community","body_type":null},{"slug":"krajevna-skupnost-dobova","name":"Krajevna Skupnost Dobova","type":"local_community","body_type":null},{"slug":"krajevna-skupnost-globoko","name":"Krajevna Skupnost Globoko","type":"local_community","body_type":null},{"slug":"krajevna-skupnost-jesenice-na-dolenjskem","name":"Krajevna Skupnost Jesenice Na Dolenjskem","type":"local_community","body_type":null},{"slug":"krajevna-skupnost-kapele","name":"Krajevna Skupnost Kapele","type":"local_community","body_type":null},{"slug":"krajevna-skupnost-krska-vas","name":"Krajevna Skupnost Kr\u0161ka Vas","type":"local_community","body_type":null},{"slug":"krajevna-skupnost-mrzlava-vas","name":"Krajevna Skupnost Mrzlava Vas","type":"local_community","body_type":null},{"slug":"krajevna-skupnost-pecice","name":"Krajevna Skupnost Pe\u010dice","type":"local_community","body_type":null},{"slug":"krajevna-skupnost-pisece","name":"Krajevna Skupnost Pi\u0161ece","type":"local_community","body_type":null},{"slug":"krajevna-skupnost-sentlenart","name":"Krajevna Skupnost \u0160entlenart","type":"local_community","body_type":null},{"slug":"krajevna-skupnost-skopice","name":"Krajevna Skupnost Skopice","type":"local_community","body_type":null},{"slug":"krajevna-skupnost-sromlje","name":"Krajevna Skupnost Sromlje","type":"local_community","body_type":null},{"slug":"krajevna-skupnost-velika-dolina","name":"Krajevna Skupnost Velika Dolina","type":"local_community","body_type":null},{"slug":"krajevna-skupnost-velike-malence","name":"Krajevna Skupnost Velike Malence","type":"local_community","body_type":null},{"slug":"krajevna-skupnost-zakot-bukosek-trnje","name":"Krajevna Skupnost Zakot-Buko\u0161ek-Trnje","type":"local_community","body_type":null},{"slug":"lekarna-brezice","name":"Lekarna Bre\u017eice","type":"public_institute","body_type":null},{"slug":"obcina-brezice-krajevna-skupnost-krize","name":"Ob\u010dina Bre\u017eice, Krajevna Skupnost Kri\u017ee","type":"local_community","body_type":null},{"slug":"osnovna-sola-artice","name":"Osnovna \u0160ola Arti\u010de","type":"public_institute","body_type":null},{"slug":"osnovna-sola-bizeljsko","name":"Osnovna \u0160ola Bizeljsko","type":"public_institute","body_type":null},{"slug":"osnovna-sola-brezice","name":"Osnovna \u0160ola Bre\u017eice","type":"public_institute","body_type":null},{"slug":"osnovna-sola-cerklje-ob-krki","name":"Osnovna \u0160ola Cerklje Ob Krki","type":"public_institute","body_type":null},{"slug":"osnovna-sola-dr-jozeta-toporisica-dobova","name":"Osnovna \u0160ola dr. Jo\u017eeta Topori\u0161i\u010da Dobova","type":"public_institute","body_type":null},{"slug":"osnovna-sola-globoko","name":"Osnovna \u0160ola Globoko","type":"public_institute","body_type":null},{"slug":"osnovna-sola-maksa-pletersnika-pisece","name":"Osnovna \u0160ola Maksa Pleter\u0161nika Pi\u0161ece","type":"public_institute","body_type":null},{"slug":"osnovna-sola-velika-dolina","name":"Osnovna \u0160ola Velika Dolina","type":"public_institute","body_type":null},{"slug":"posavski-muzej-brezice","name":"Posavski Muzej Bre\u017eice","type":"public_institute","body_type":null},{"slug":"vrtec-mavrica-brezice","name":"Vrtec Mavrica Bre\u017eice","type":"public_institute","body_type":null},{"slug":"zavod-za-podjetnistvo-turizem-in-mladino-brezice","name":"Zavod Za Podjetni\u0161tvo, Turizem In Mladino Bre\u017eice","type":"public_institute","body_type":null},{"slug":"zavod-za-sport-brezice","name":"Zavod Za \u0160port Bre\u017eice","type":"public_institute","body_type":null},{"slug":"zdravstveni-dom-brezice","name":"Zdravstveni Dom Bre\u017eice","type":"public_institute","body_type":null}]}