{"data":{"slug":"celje","name":"Celje","type":"municipality","type_label":"Ob\u010dina","body_type":null,"parent":null,"website":null,"phone":null,"address":"Trg celjskih knezov 009, 3000 CELJE","email":"finance-gospodarstvo@celje.si","leader":{"name":"Matija Kova\u010d","person_slug":"matija-kovac","office":"\u017dupan","office_code":"mayor","since":"2022-12-04"},"image":{"url":"https:\/\/commons.wikimedia.org\/wiki\/Special:FilePath\/Coat_of_arms_of_Celje.svg","attribution":"Wikimedia Commons","source":"https:\/\/commons.wikimedia.org\/wiki\/Special:FilePath\/Coat_of_arms_of_Celje.svg","hosted":false},"sources":[],"url":"https:\/\/kdo-vodi.si\/organ\/celje","api_url":"https:\/\/kdo-vodi.si\/api\/v1\/organizations\/celje"},"office_holders":[{"person":{"name":"Damir Ivan\u010di\u0107","slug":"damir-ivancic"},"office":"Ob\u010dinski svetnik","office_code":"local_councillor","role_detail":"izvoljen z liste SOCIALNI DEMOKRATI (SD)","organization":{"name":"Celje","slug":"celje"},"since":"2022-11-20","since_precision":"inferred","until":null,"status":"elected","current":true,"sources":[{"authority":"Dr\u017eavna volilna komisija","url":"https:\/\/www.dvk-rs.si\/arhivi\/volitve2022\/lv2022\/data\/prvikrog\/obcine-data\/data_011.json"}]},{"person":{"name":"Sa\u0161o Far\u010dnik","slug":"saso-farcnik"},"office":"Ob\u010dinski svetnik","office_code":"local_councillor","role_detail":"izvoljen z liste STRANKA ZA DELOVNA MESTA","organization":{"name":"Celje","slug":"celje"},"since":"2022-11-20","since_precision":"inferred","until":null,"status":"elected","current":true,"sources":[{"authority":"Dr\u017eavna volilna komisija","url":"https:\/\/www.dvk-rs.si\/arhivi\/volitve2022\/lv2022\/data\/prvikrog\/obcine-data\/data_011.json"}]},{"person":{"name":"Vladimir Ljubek","slug":"vladimir-ljubek"},"office":"Ob\u010dinski svetnik","office_code":"local_councillor","role_detail":"izvoljen z liste CELJSKA \u017dUPANOVA LISTA SLOVENIJE - C\u017dL","organization":{"name":"Celje","slug":"celje"},"since":"2022-11-20","since_precision":"inferred","until":null,"status":"elected","current":true,"sources":[{"authority":"Dr\u017eavna volilna komisija","url":"https:\/\/www.dvk-rs.si\/arhivi\/volitve2022\/lv2022\/data\/prvikrog\/obcine-data\/data_011.json"}]},{"person":{"name":"Vesna Roger","slug":"vesna-roger"},"office":"Ob\u010dinski svetnik","office_code":"local_councillor","role_detail":"izvoljen z liste CELJSKA \u017dUPANOVA LISTA SLOVENIJE - C\u017dL","organization":{"name":"Celje","slug":"celje"},"since":"2022-11-20","since_precision":"inferred","until":null,"status":"elected","current":true,"sources":[{"authority":"Dr\u017eavna volilna komisija","url":"https:\/\/www.dvk-rs.si\/arhivi\/volitve2022\/lv2022\/data\/prvikrog\/obcine-data\/data_011.json"}]},{"person":{"name":"Bojan \u0160rot","slug":"bojan-srot"},"office":"Ob\u010dinski svetnik","office_code":"local_councillor","role_detail":"izvoljen z liste CELJSKA \u017dUPANOVA LISTA SLOVENIJE - C\u017dL","organization":{"name":"Celje","slug":"celje"},"since":"2022-11-20","since_precision":"inferred","until":null,"status":"elected","current":true,"sources":[{"authority":"Dr\u017eavna volilna komisija","url":"https:\/\/www.dvk-rs.si\/arhivi\/volitve2022\/lv2022\/data\/prvikrog\/obcine-data\/data_011.json"}]},{"person":{"name":"Simon Jev\u0161inek","slug":"simon-jevsinek"},"office":"Ob\u010dinski svetnik","office_code":"local_councillor","role_detail":"izvoljen z liste GIBANJE SVOBODA","organization":{"name":"Celje","slug":"celje"},"since":"2022-11-20","since_precision":"inferred","until":null,"status":"elected","current":true,"sources":[{"authority":"Dr\u017eavna volilna komisija","url":"https:\/\/www.dvk-rs.si\/arhivi\/volitve2022\/lv2022\/data\/prvikrog\/obcine-data\/data_011.json"}]},{"person":{"name":"Inge Kobe","slug":"inge-kobe"},"office":"Ob\u010dinski svetnik","office_code":"local_councillor","role_detail":"izvoljen z liste GIBANJE SVOBODA","organization":{"name":"Celje","slug":"celje"},"since":"2022-11-20","since_precision":"inferred","until":null,"status":"elected","current":true,"sources":[{"authority":"Dr\u017eavna volilna komisija","url":"https:\/\/www.dvk-rs.si\/arhivi\/volitve2022\/lv2022\/data\/prvikrog\/obcine-data\/data_011.json"}]},{"person":{"name":"Andrej Urankar","slug":"andrej-urankar"},"office":"Ob\u010dinski svetnik","office_code":"local_councillor","role_detail":"izvoljen z liste GIBANJE SVOBODA","organization":{"name":"Celje","slug":"celje"},"since":"2022-11-20","since_precision":"inferred","until":null,"status":"elected","current":true,"sources":[{"authority":"Dr\u017eavna volilna komisija","url":"https:\/\/www.dvk-rs.si\/arhivi\/volitve2022\/lv2022\/data\/prvikrog\/obcine-data\/data_011.json"}]},{"person":{"name":"Dominik Ocvirk","slug":"dominik-ocvirk"},"office":"Ob\u010dinski svetnik","office_code":"local_councillor","role_detail":"izvoljen z liste NOVA SLOVENIJA - KR\u0160\u010cANSKI DEMOKRATI","organization":{"name":"Celje","slug":"celje"},"since":"2022-11-20","since_precision":"inferred","until":null,"status":"elected","current":true,"sources":[{"authority":"Dr\u017eavna volilna komisija","url":"https:\/\/www.dvk-rs.si\/arhivi\/volitve2022\/lv2022\/data\/prvikrog\/obcine-data\/data_011.json"}]},{"person":{"name":"Ivan Kau\u010di\u010d","slug":"ivan-kaucic"},"office":"Ob\u010dinski svetnik","office_code":"local_councillor","role_detail":"izvoljen z liste SLOVENSKA DEMOKRATSKA STRANKA - SDS","organization":{"name":"Celje","slug":"celje"},"since":"2022-11-20","since_precision":"inferred","until":null,"status":"elected","current":true,"sources":[{"authority":"Dr\u017eavna volilna komisija","url":"https:\/\/www.dvk-rs.si\/arhivi\/volitve2022\/lv2022\/data\/prvikrog\/obcine-data\/data_011.json"}]},{"person":{"name":"Samo Seni\u010dar","slug":"samo-senicar"},"office":"Ob\u010dinski svetnik","office_code":"local_councillor","role_detail":"izvoljen z liste LEVICA IN VESNA","organization":{"name":"Celje","slug":"celje"},"since":"2022-11-20","since_precision":"inferred","until":null,"status":"elected","current":true,"sources":[{"authority":"Dr\u017eavna volilna komisija","url":"https:\/\/www.dvk-rs.si\/arhivi\/volitve2022\/lv2022\/data\/prvikrog\/obcine-data\/data_011.json"}]},{"person":{"name":"Stane Rozman","slug":"stane-rozman"},"office":"Ob\u010dinski svetnik","office_code":"local_councillor","role_detail":"izvoljen z liste SOCIALNI DEMOKRATI (SD)","organization":{"name":"Celje","slug":"celje"},"since":"2022-11-20","since_precision":"inferred","until":null,"status":"elected","current":true,"sources":[{"authority":"Dr\u017eavna volilna komisija","url":"https:\/\/www.dvk-rs.si\/arhivi\/volitve2022\/lv2022\/data\/prvikrog\/obcine-data\/data_011.json"}]},{"person":{"name":"Miran Gracer","slug":"miran-gracer"},"office":"Ob\u010dinski svetnik","office_code":"local_councillor","role_detail":"izvoljen z liste CELJSKA NEODVISNA LISTA","organization":{"name":"Celje","slug":"celje"},"since":"2022-11-20","since_precision":"inferred","until":null,"status":"elected","current":true,"sources":[{"authority":"Dr\u017eavna volilna komisija","url":"https:\/\/www.dvk-rs.si\/arhivi\/volitve2022\/lv2022\/data\/prvikrog\/obcine-data\/data_011.json"}]},{"person":{"name":"Sa\u0161a Kundih","slug":"sasa-kundih"},"office":"Ob\u010dinski svetnik","office_code":"local_councillor","role_detail":"izvoljen z liste CELJSKA \u017dUPANOVA LISTA SLOVENIJE - C\u017dL","organization":{"name":"Celje","slug":"celje"},"since":"2022-11-20","since_precision":"inferred","until":null,"status":"elected","current":true,"sources":[{"authority":"Dr\u017eavna volilna komisija","url":"https:\/\/www.dvk-rs.si\/arhivi\/volitve2022\/lv2022\/data\/prvikrog\/obcine-data\/data_011.json"}]},{"person":{"name":"Sre\u010dko Erjavec","slug":"srecko-erjavec"},"office":"Ob\u010dinski svetnik","office_code":"local_councillor","role_detail":"izvoljen z liste CELJSKA \u017dUPANOVA LISTA SLOVENIJE - C\u017dL","organization":{"name":"Celje","slug":"celje"},"since":"2022-11-20","since_precision":"inferred","until":null,"status":"elected","current":true,"sources":[{"authority":"Dr\u017eavna volilna komisija","url":"https:\/\/www.dvk-rs.si\/arhivi\/volitve2022\/lv2022\/data\/prvikrog\/obcine-data\/data_011.json"}]},{"person":{"name":"Nata\u0161a Milohnoja","slug":"natasa-milohnoja"},"office":"Ob\u010dinski svetnik","office_code":"local_councillor","role_detail":"izvoljen z liste CELJSKA \u017dUPANOVA LISTA SLOVENIJE - C\u017dL","organization":{"name":"Celje","slug":"celje"},"since":"2022-11-20","since_precision":"inferred","until":null,"status":"elected","current":true,"sources":[{"authority":"Dr\u017eavna volilna komisija","url":"https:\/\/www.dvk-rs.si\/arhivi\/volitve2022\/lv2022\/data\/prvikrog\/obcine-data\/data_011.json"}]},{"person":{"name":"Marko Ku\u017ener","slug":"marko-kuzner"},"office":"Ob\u010dinski svetnik","office_code":"local_councillor","role_detail":"izvoljen z liste GIBANJE SVOBODA","organization":{"name":"Celje","slug":"celje"},"since":"2022-11-20","since_precision":"inferred","until":null,"status":"elected","current":true,"sources":[{"authority":"Dr\u017eavna volilna komisija","url":"https:\/\/www.dvk-rs.si\/arhivi\/volitve2022\/lv2022\/data\/prvikrog\/obcine-data\/data_011.json"}]},{"person":{"name":"Mojca Cepu\u0161","slug":"mojca-cepus"},"office":"Ob\u010dinski svetnik","office_code":"local_councillor","role_detail":"izvoljen z liste GIBANJE SVOBODA","organization":{"name":"Celje","slug":"celje"},"since":"2022-11-20","since_precision":"inferred","until":null,"status":"elected","current":true,"sources":[{"authority":"Dr\u017eavna volilna komisija","url":"https:\/\/www.dvk-rs.si\/arhivi\/volitve2022\/lv2022\/data\/prvikrog\/obcine-data\/data_011.json"}]},{"person":{"name":"Primo\u017e Posinek","slug":"primoz-posinek"},"office":"Ob\u010dinski svetnik","office_code":"local_councillor","role_detail":"izvoljen z liste GIBANJE SVOBODA","organization":{"name":"Celje","slug":"celje"},"since":"2022-11-20","since_precision":"inferred","until":null,"status":"elected","current":true,"sources":[{"authority":"Dr\u017eavna volilna komisija","url":"https:\/\/www.dvk-rs.si\/arhivi\/volitve2022\/lv2022\/data\/prvikrog\/obcine-data\/data_011.json"}]},{"person":{"name":"Brigita Tratnik","slug":"brigita-tratnik"},"office":"Ob\u010dinski svetnik","office_code":"local_councillor","role_detail":"izvoljen z liste SLOVENSKA DEMOKRATSKA STRANKA - SDS","organization":{"name":"Celje","slug":"celje"},"since":"2022-11-20","since_precision":"inferred","until":null,"status":"elected","current":true,"sources":[{"authority":"Dr\u017eavna volilna komisija","url":"https:\/\/www.dvk-rs.si\/arhivi\/volitve2022\/lv2022\/data\/prvikrog\/obcine-data\/data_011.json"}]},{"person":{"name":"Gvido Kru\u0161i\u010d","slug":"gvido-krusic"},"office":"Ob\u010dinski svetnik","office_code":"local_councillor","role_detail":"izvoljen z liste SLOVENSKA DEMOKRATSKA STRANKA - SDS","organization":{"name":"Celje","slug":"celje"},"since":"2022-11-20","since_precision":"inferred","until":null,"status":"elected","current":true,"sources":[{"authority":"Dr\u017eavna volilna komisija","url":"https:\/\/www.dvk-rs.si\/arhivi\/volitve2022\/lv2022\/data\/prvikrog\/obcine-data\/data_011.json"}]},{"person":{"name":"Sergej Gaji\u0107","slug":"sergej-gajic"},"office":"Ob\u010dinski svetnik","office_code":"local_councillor","role_detail":"izvoljen z liste LEVICA IN VESNA","organization":{"name":"Celje","slug":"celje"},"since":"2022-11-20","since_precision":"inferred","until":null,"status":"elected","current":true,"sources":[{"authority":"Dr\u017eavna volilna komisija","url":"https:\/\/www.dvk-rs.si\/arhivi\/volitve2022\/lv2022\/data\/prvikrog\/obcine-data\/data_011.json"}]},{"person":{"name":"Darko Drev","slug":"darko-drev"},"office":"Ob\u010dinski svetnik","office_code":"local_councillor","role_detail":"izvoljen z liste LISTA ZA CELJE","organization":{"name":"Celje","slug":"celje"},"since":"2022-11-20","since_precision":"inferred","until":null,"status":"elected","current":true,"sources":[{"authority":"Dr\u017eavna volilna komisija","url":"https:\/\/www.dvk-rs.si\/arhivi\/volitve2022\/lv2022\/data\/prvikrog\/obcine-data\/data_011.json"}]},{"person":{"name":"Marijana Kolenko","slug":"marijana-kolenko"},"office":"Ob\u010dinski svetnik","office_code":"local_councillor","role_detail":"izvoljen z liste SOCIALNI DEMOKRATI (SD)","organization":{"name":"Celje","slug":"celje"},"since":"2022-11-20","since_precision":"inferred","until":null,"status":"elected","current":true,"sources":[{"authority":"Dr\u017eavna volilna komisija","url":"https:\/\/www.dvk-rs.si\/arhivi\/volitve2022\/lv2022\/data\/prvikrog\/obcine-data\/data_011.json"}]},{"person":{"name":"Peter Pi\u0161ek","slug":"peter-pisek"},"office":"Ob\u010dinski svetnik","office_code":"local_councillor","role_detail":"izvoljen z liste SLS - SLOVENSKA LJUDSKA STRANKA","organization":{"name":"Celje","slug":"celje"},"since":"2022-11-20","since_precision":"inferred","until":null,"status":"elected","current":true,"sources":[{"authority":"Dr\u017eavna volilna komisija","url":"https:\/\/www.dvk-rs.si\/arhivi\/volitve2022\/lv2022\/data\/prvikrog\/obcine-data\/data_011.json"}]},{"person":{"name":"Alenka Gole\u017e","slug":"alenka-golez"},"office":"Ob\u010dinski svetnik","office_code":"local_councillor","role_detail":"izvoljen z liste CELJSKA NEODVISNA LISTA","organization":{"name":"Celje","slug":"celje"},"since":"2022-11-20","since_precision":"inferred","until":null,"status":"elected","current":true,"sources":[{"authority":"Dr\u017eavna volilna komisija","url":"https:\/\/www.dvk-rs.si\/arhivi\/volitve2022\/lv2022\/data\/prvikrog\/obcine-data\/data_011.json"}]},{"person":{"name":"Romana Zabret","slug":"romana-zabret"},"office":"Ob\u010dinski svetnik","office_code":"local_councillor","role_detail":"izvoljen z liste CELJSKA \u017dUPANOVA LISTA SLOVENIJE - C\u017dL","organization":{"name":"Celje","slug":"celje"},"since":"2022-11-20","since_precision":"inferred","until":null,"status":"elected","current":true,"sources":[{"authority":"Dr\u017eavna volilna komisija","url":"https:\/\/www.dvk-rs.si\/arhivi\/volitve2022\/lv2022\/data\/prvikrog\/obcine-data\/data_011.json"}]},{"person":{"name":"Luka Koro\u0161ec","slug":"luka-korosec"},"office":"Ob\u010dinski svetnik","office_code":"local_councillor","role_detail":"izvoljen z liste CELJSKA \u017dUPANOVA LISTA SLOVENIJE - C\u017dL","organization":{"name":"Celje","slug":"celje"},"since":"2022-11-20","since_precision":"inferred","until":null,"status":"elected","current":true,"sources":[{"authority":"Dr\u017eavna volilna komisija","url":"https:\/\/www.dvk-rs.si\/arhivi\/volitve2022\/lv2022\/data\/prvikrog\/obcine-data\/data_011.json"}]},{"person":{"name":"Breda Arn\u0161ek","slug":"breda-arnsek"},"office":"Ob\u010dinski svetnik","office_code":"local_councillor","role_detail":"izvoljen z liste CELJSKA \u017dUPANOVA LISTA SLOVENIJE - C\u017dL","organization":{"name":"Celje","slug":"celje"},"since":"2022-11-20","since_precision":"inferred","until":null,"status":"elected","current":true,"sources":[{"authority":"Dr\u017eavna volilna komisija","url":"https:\/\/www.dvk-rs.si\/arhivi\/volitve2022\/lv2022\/data\/prvikrog\/obcine-data\/data_011.json"}]},{"person":{"name":"Vesna Stojanovi\u0107","slug":"vesna-stojanovic"},"office":"Ob\u010dinski svetnik","office_code":"local_councillor","role_detail":"izvoljen z liste GIBANJE SVOBODA","organization":{"name":"Celje","slug":"celje"},"since":"2022-11-20","since_precision":"inferred","until":null,"status":"elected","current":true,"sources":[{"authority":"Dr\u017eavna volilna komisija","url":"https:\/\/www.dvk-rs.si\/arhivi\/volitve2022\/lv2022\/data\/prvikrog\/obcine-data\/data_011.json"}]},{"person":{"name":"Uro\u0161 Lesjak","slug":"uros-lesjak"},"office":"Ob\u010dinski svetnik","office_code":"local_councillor","role_detail":"izvoljen z liste GIBANJE SVOBODA","organization":{"name":"Celje","slug":"celje"},"since":"2022-11-20","since_precision":"inferred","until":null,"status":"elected","current":true,"sources":[{"authority":"Dr\u017eavna volilna komisija","url":"https:\/\/www.dvk-rs.si\/arhivi\/volitve2022\/lv2022\/data\/prvikrog\/obcine-data\/data_011.json"}]},{"person":{"name":"Barbara Kraj\u0161ek","slug":"barbara-krajsek"},"office":"Ob\u010dinski svetnik","office_code":"local_councillor","role_detail":"izvoljen z liste SLOVENSKA DEMOKRATSKA STRANKA - SDS","organization":{"name":"Celje","slug":"celje"},"since":"2022-11-20","since_precision":"inferred","until":null,"status":"elected","current":true,"sources":[{"authority":"Dr\u017eavna volilna komisija","url":"https:\/\/www.dvk-rs.si\/arhivi\/volitve2022\/lv2022\/data\/prvikrog\/obcine-data\/data_011.json"}]},{"person":{"name":"Leon Jo\u017eef Podlin\u0161ek","slug":"leon-jozef-podlinsek"},"office":"Ob\u010dinski svetnik","office_code":"local_councillor","role_detail":"izvoljen z liste SLOVENSKA DEMOKRATSKA STRANKA - SDS","organization":{"name":"Celje","slug":"celje"},"since":"2022-11-20","since_precision":"inferred","until":null,"status":"elected","current":true,"sources":[{"authority":"Dr\u017eavna volilna komisija","url":"https:\/\/www.dvk-rs.si\/arhivi\/volitve2022\/lv2022\/data\/prvikrog\/obcine-data\/data_011.json"}]},{"person":{"name":"Matija Kova\u010d","slug":"matija-kovac"},"office":"\u017dupan","office_code":"mayor","role_detail":null,"organization":{"name":"Celje","slug":"celje"},"since":"2022-12-04","since_precision":"inferred","until":null,"status":"elected","current":true,"sources":[{"authority":"Dr\u017eavna volilna komisija","url":"https:\/\/www.dvk-rs.si\/arhivi\/volitve2022\/lv2022\/data\/drugi_krog.json"}]}],"children":[{"slug":"celjske-lekarne-javni-lekarniski-zavod","name":"CELJSKE LEKARNE Javni lekarni\u0161ki zavod","type":"public_institute","body_type":null},{"slug":"celjski-mladinski-center-javni-zavod-za-mladinsko-kulturo-izobrazevanje-informiranje-in-sport","name":"CELJSKI MLADINSKI CENTER, javni zavod za mladinsko kulturo, izobra\u017eevanje, informiranje in \u0161port","type":"public_institute","body_type":null},{"slug":"glasbena-sola-celje","name":"Glasbena \u0160ola Celje","type":"public_institute","body_type":null},{"slug":"i-osnovna-sola-celje","name":"I. Osnovna \u0160ola Celje","type":"public_institute","body_type":null},{"slug":"ii-osnovna-sola-celje","name":"Ii. Osnovna \u0160ola Celje","type":"public_institute","body_type":null},{"slug":"iii-osnovna-sola-celje","name":"Iii. Osnovna \u0160ola Celje","type":"public_institute","body_type":null},{"slug":"iv-osnovna-sola-celje","name":"Iv. Osnovna \u0160ola Celje","type":"public_institute","body_type":null},{"slug":"javni-zavod-desetka-celje-financno-racunovodske-in-svetovalne-storitve-za-zavode","name":"Javni zavod DESETKA CELJE, finan\u010dno - ra\u010dunovodske in svetovalne storitve za zavode","type":"public_institute","body_type":null},{"slug":"javni-zavod-regijsko-visje-in-visokosolsko-sredisce","name":"Javni Zavod Regijsko Vi\u0161je In Visoko\u0161olsko Sredi\u0161\u010de","type":"public_institute","body_type":null},{"slug":"javni-zavod-za-razvoj-sodobne-plesne-umetnosti","name":"Javni zavod za razvoj sodobne plesne umetnosti","type":"public_institute","body_type":null},{"slug":"jz-socio-javni-zavod-za-socialno-varstvene-dejavnosti-celje","name":"JZ SOCIO - Javni zavod za socialno varstvene dejavnosti Celje","type":"public_institute","body_type":null},{"slug":"ljudska-univerza-celje","name":"Ljudska Univerza Celje","type":"public_institute","body_type":null},{"slug":"mestna-obcina-celje-krajevna-skupnost-aljazev-hrib","name":"Mestna Ob\u010dina Celje Krajevna Skupnost Alja\u017eev Hrib","type":"local_community","body_type":null},{"slug":"mestna-obcina-celje-krajevna-skupnost-ljubecna","name":"Mestna Ob\u010dina Celje Krajevna Skupnost Ljube\u010dna","type":"local_community","body_type":null},{"slug":"mestna-obcina-celje-krajevna-skupnost-medlog","name":"Mestna Ob\u010dina Celje Krajevna Skupnost Medlog","type":"local_community","body_type":null},{"slug":"mestna-obcina-celje-krajevna-skupnost-ostrozno","name":"Mestna Ob\u010dina Celje Krajevna Skupnost Ostro\u017eno","type":"local_community","body_type":null},{"slug":"mestna-obcina-celje-krajevna-skupnost-pod-gradom","name":"Mestna Ob\u010dina Celje Krajevna Skupnost Pod Gradom","type":"local_community","body_type":null},{"slug":"mestna-obcina-celje-krajevna-skupnost-skofja-vas","name":"Mestna Ob\u010dina Celje Krajevna Skupnost \u0160kofja Vas","type":"local_community","body_type":null},{"slug":"mestna-obcina-celje-krajevna-skupnost-smartno-v-rozni-dolini","name":"Mestna Ob\u010dina Celje Krajevna Skupnost \u0160martno V Ro\u017eni Dolini","type":"local_community","body_type":null},{"slug":"mestna-obcina-celje-krajevna-skupnost-teharje","name":"Mestna Ob\u010dina Celje Krajevna Skupnost Teharje","type":"local_community","body_type":null},{"slug":"mestna-obcina-celje-krajevna-skupnost-trnovlje","name":"Mestna Ob\u010dina Celje Krajevna Skupnost Trnovlje","type":"local_community","body_type":null},{"slug":"mestna-obcina-celje-mestna-cetrt-center","name":"Mestna Ob\u010dina Celje Mestna \u010cetrt Center","type":"local_community","body_type":null},{"slug":"mestna-obcina-celje-mestna-cetrt-deckovo-naselje","name":"Mestna Ob\u010dina Celje Mestna \u010cetrt De\u010dkovo Naselje","type":"local_community","body_type":null},{"slug":"mestna-obcina-celje-mestna-cetrt-dolgo-polje","name":"Mestna Ob\u010dina Celje Mestna \u010cetrt Dolgo Polje","type":"local_community","body_type":null},{"slug":"mestna-obcina-celje-mestna-cetrt-gaberje","name":"Mestna Ob\u010dina Celje Mestna \u010cetrt Gaberje","type":"local_community","body_type":null},{"slug":"mestna-obcina-celje-mestna-cetrt-hudinja","name":"Mestna Ob\u010dina Celje Mestna \u010cetrt Hudinja","type":"local_community","body_type":null},{"slug":"mestna-obcina-celje-mestna-cetrt-kajuh","name":"Mestna Ob\u010dina Celje Mestna \u010cetrt Kajuh","type":"local_community","body_type":null},{"slug":"mestna-obcina-celje-mestna-cetrt-lava","name":"Mestna Ob\u010dina Celje Mestna \u010cetrt Lava","type":"local_community","body_type":null},{"slug":"mestna-obcina-celje-mestna-cetrt-nova-vas","name":"Mestna Ob\u010dina Celje Mestna \u010cetrt Nova Vas","type":"local_community","body_type":null},{"slug":"mestna-obcina-celje-mestna-cetrt-savinja","name":"Mestna Ob\u010dina Celje Mestna \u010cetrt Savinja","type":"local_community","body_type":null},{"slug":"mestna-obcina-celje-mestna-cetrt-slavko-slander","name":"Mestna Ob\u010dina Celje Mestna \u010cetrt Slavko \u0160lander","type":"local_community","body_type":null},{"slug":"muzej-novejse-zgodovine-celje","name":"Muzej Novej\u0161e Zgodovine Celje","type":"public_institute","body_type":null},{"slug":"osnovna-sola-frana-kranjca","name":"Osnovna \u0160ola Frana Kranjca","type":"public_institute","body_type":null},{"slug":"osnovna-sola-frana-rosa","name":"Osnovna \u0160ola Frana Ro\u0161a","type":"public_institute","body_type":null},{"slug":"osnovna-sola-glazija","name":"Osnovna \u0160ola Glazija","type":"public_institute","body_type":null},{"slug":"osnovna-sola-hudinja","name":"Osnovna \u0160ola Hudinja","type":"public_institute","body_type":null},{"slug":"osnovna-sola-lava","name":"Osnovna \u0160ola Lava","type":"public_institute","body_type":null},{"slug":"osnovna-sola-ljubecna","name":"Osnovna \u0160ola Ljube\u010dna","type":"public_institute","body_type":null},{"slug":"osrednja-knjiznica-celje","name":"Osrednja Knji\u017enica Celje","type":"public_institute","body_type":null},{"slug":"poklicna-gasilska-enota-celje","name":"Poklicna Gasilska Enota Celje","type":"public_institute","body_type":null},{"slug":"pokrajinski-muzej-celje","name":"Pokrajinski Muzej Celje","type":"public_institute","body_type":null},{"slug":"slovensko-ljudsko-gledalisce-celje","name":"Slovensko Ljudsko Gledali\u0161\u010de Celje","type":"public_institute","body_type":null},{"slug":"tehno-park-celje-javni-zavod-za-spodbujanje-znanosti-tehnologije-in-inovativnosti","name":"Tehno park Celje, javni zavod za spodbujanje znanosti, tehnologije in inovativnosti","type":"public_institute","body_type":null},{"slug":"vrtec-anice-cernejeve","name":"Vrtec Anice \u010cernejeve","type":"public_institute","body_type":null},{"slug":"vrtec-toncke-ceceve","name":"Vrtec Ton\u010dke \u010ce\u010deve","type":"public_institute","body_type":null},{"slug":"vrtec-zarja","name":"Vrtec Zarja","type":"public_institute","body_type":null},{"slug":"zavod-za-kulturne-prireditve-in-turizem-celeia-celje","name":"Zavod Za Kulturne Prireditve In Turizem Celeia Celje","type":"public_institute","body_type":null},{"slug":"zdravstveni-dom-celje","name":"Zdravstveni Dom Celje","type":"public_institute","body_type":null}]}