{"data":{"slug":"crnomelj","name":"\u010crnomelj","type":"municipality","type_label":"Ob\u010dina","body_type":null,"parent":null,"website":null,"phone":null,"address":"Trg svobode 003, 8340 \u010cRNOMELJ","email":"obcina@crnomelj.si","leader":{"name":"Andrej Kav\u0161ek","person_slug":"andrej-kavsek","office":"\u017dupan","office_code":"mayor","since":"2022-11-20"},"image":{"url":"https:\/\/commons.wikimedia.org\/wiki\/Special:FilePath\/Coat_of_arms_of_%C4%8Crnomelj_%28since_2021%29.svg","attribution":"Wikimedia Commons","source":"https:\/\/commons.wikimedia.org\/wiki\/Special:FilePath\/Coat_of_arms_of_%C4%8Crnomelj_%28since_2021%29.svg","hosted":false},"sources":[],"url":"https:\/\/kdo-vodi.si\/organ\/crnomelj","api_url":"https:\/\/kdo-vodi.si\/api\/v1\/organizations\/crnomelj"},"office_holders":[{"person":{"name":"Renata Butala","slug":"renata-butala"},"office":"Ob\u010dinski svetnik","office_code":"local_councillor","role_detail":"izvoljen z liste GIBANJE SVOBODA","organization":{"name":"\u010crnomelj","slug":"crnomelj"},"since":"2022-11-20","since_precision":"inferred","until":null,"status":"elected","current":true,"sources":[{"authority":"Dr\u017eavna volilna komisija","url":"https:\/\/www.dvk-rs.si\/arhivi\/volitve2022\/lv2022\/data\/prvikrog\/obcine-data\/data_017.json"}]},{"person":{"name":"Mojca \u010cemas Stjepanovi\u010d","slug":"mojca-cemas-stjepanovic"},"office":"Ob\u010dinski svetnik","office_code":"local_councillor","role_detail":"izvoljen z liste GIBANJE SVOBODA","organization":{"name":"\u010crnomelj","slug":"crnomelj"},"since":"2022-11-20","since_precision":"inferred","until":null,"status":"elected","current":true,"sources":[{"authority":"Dr\u017eavna volilna komisija","url":"https:\/\/www.dvk-rs.si\/arhivi\/volitve2022\/lv2022\/data\/prvikrog\/obcine-data\/data_017.json"}]},{"person":{"name":"Janez Peru\u0161i\u010d","slug":"janez-perusic"},"office":"Ob\u010dinski svetnik","office_code":"local_councillor","role_detail":"izvoljen z liste SOCIALNI DEMOKRATI","organization":{"name":"\u010crnomelj","slug":"crnomelj"},"since":"2022-11-20","since_precision":"inferred","until":null,"status":"elected","current":true,"sources":[{"authority":"Dr\u017eavna volilna komisija","url":"https:\/\/www.dvk-rs.si\/arhivi\/volitve2022\/lv2022\/data\/prvikrog\/obcine-data\/data_017.json"}]},{"person":{"name":"Jasna Banovec","slug":"jasna-banovec"},"office":"Ob\u010dinski svetnik","office_code":"local_councillor","role_detail":"izvoljen z liste LISTA ZA RAZVOJ","organization":{"name":"\u010crnomelj","slug":"crnomelj"},"since":"2022-11-20","since_precision":"inferred","until":null,"status":"elected","current":true,"sources":[{"authority":"Dr\u017eavna volilna komisija","url":"https:\/\/www.dvk-rs.si\/arhivi\/volitve2022\/lv2022\/data\/prvikrog\/obcine-data\/data_017.json"}]},{"person":{"name":"Zoran \u0160pec","slug":"zoran-spec"},"office":"Ob\u010dinski svetnik","office_code":"local_councillor","role_detail":"izvoljen z liste LISTA ZA RAZVOJ","organization":{"name":"\u010crnomelj","slug":"crnomelj"},"since":"2022-11-20","since_precision":"inferred","until":null,"status":"elected","current":true,"sources":[{"authority":"Dr\u017eavna volilna komisija","url":"https:\/\/www.dvk-rs.si\/arhivi\/volitve2022\/lv2022\/data\/prvikrog\/obcine-data\/data_017.json"}]},{"person":{"name":"Miha Vardijan","slug":"miha-vardijan"},"office":"Ob\u010dinski svetnik","office_code":"local_councillor","role_detail":"izvoljen z liste NOVA SLOVENIJA - KR\u0160\u010cANSKI DEMOKRATI","organization":{"name":"\u010crnomelj","slug":"crnomelj"},"since":"2022-11-20","since_precision":"inferred","until":null,"status":"elected","current":true,"sources":[{"authority":"Dr\u017eavna volilna komisija","url":"https:\/\/www.dvk-rs.si\/arhivi\/volitve2022\/lv2022\/data\/prvikrog\/obcine-data\/data_017.json"}]},{"person":{"name":"Romana Husi\u010d","slug":"romana-husic"},"office":"Ob\u010dinski svetnik","office_code":"local_councillor","role_detail":"izvoljen z liste SLOVENSKA DEMOKRATSKA STRANKA","organization":{"name":"\u010crnomelj","slug":"crnomelj"},"since":"2022-11-20","since_precision":"inferred","until":null,"status":"elected","current":true,"sources":[{"authority":"Dr\u017eavna volilna komisija","url":"https:\/\/www.dvk-rs.si\/arhivi\/volitve2022\/lv2022\/data\/prvikrog\/obcine-data\/data_017.json"}]},{"person":{"name":"Maja Kocjan","slug":"maja-kocjan"},"office":"Ob\u010dinski svetnik","office_code":"local_councillor","role_detail":"izvoljen z liste SLOVENSKA DEMOKRATSKA STRANKA","organization":{"name":"\u010crnomelj","slug":"crnomelj"},"since":"2022-11-20","since_precision":"inferred","until":null,"status":"elected","current":true,"sources":[{"authority":"Dr\u017eavna volilna komisija","url":"https:\/\/www.dvk-rs.si\/arhivi\/volitve2022\/lv2022\/data\/prvikrog\/obcine-data\/data_017.json"}]},{"person":{"name":"Mateja Babi\u010d","slug":"mateja-babic"},"office":"Ob\u010dinski svetnik","office_code":"local_councillor","role_detail":"izvoljen z liste LISTA ZA RAZVOJ","organization":{"name":"\u010crnomelj","slug":"crnomelj"},"since":"2022-11-20","since_precision":"inferred","until":null,"status":"elected","current":true,"sources":[{"authority":"Dr\u017eavna volilna komisija","url":"https:\/\/www.dvk-rs.si\/arhivi\/volitve2022\/lv2022\/data\/prvikrog\/obcine-data\/data_017.json"}]},{"person":{"name":"Marko Mravinec","slug":"marko-mravinec"},"office":"Ob\u010dinski svetnik","office_code":"local_councillor","role_detail":"izvoljen z liste SLOVENSKA DEMOKRATSKA STRANKA","organization":{"name":"\u010crnomelj","slug":"crnomelj"},"since":"2022-11-20","since_precision":"inferred","until":null,"status":"elected","current":true,"sources":[{"authority":"Dr\u017eavna volilna komisija","url":"https:\/\/www.dvk-rs.si\/arhivi\/volitve2022\/lv2022\/data\/prvikrog\/obcine-data\/data_017.json"}]},{"person":{"name":"Leopold Perko","slug":"leopold-perko"},"office":"Ob\u010dinski svetnik","office_code":"local_councillor","role_detail":"izvoljen z liste SOCIALNI DEMOKRATI","organization":{"name":"\u010crnomelj","slug":"crnomelj"},"since":"2022-11-20","since_precision":"inferred","until":null,"status":"elected","current":true,"sources":[{"authority":"Dr\u017eavna volilna komisija","url":"https:\/\/www.dvk-rs.si\/arhivi\/volitve2022\/lv2022\/data\/prvikrog\/obcine-data\/data_017.json"}]},{"person":{"name":"Alojz Puhek","slug":"alojz-puhek"},"office":"Ob\u010dinski svetnik","office_code":"local_councillor","role_detail":"izvoljen z liste DESUS - DEMOKRATI\u010cNA STRANKA UPOKOJENCEV SLOVENIJE","organization":{"name":"\u010crnomelj","slug":"crnomelj"},"since":"2022-11-20","since_precision":"inferred","until":null,"status":"elected","current":true,"sources":[{"authority":"Dr\u017eavna volilna komisija","url":"https:\/\/www.dvk-rs.si\/arhivi\/volitve2022\/lv2022\/data\/prvikrog\/obcine-data\/data_017.json"}]},{"person":{"name":"Nata\u0161a Hudelja","slug":"natasa-hudelja"},"office":"Ob\u010dinski svetnik","office_code":"local_councillor","role_detail":"izvoljen z liste NOVA SLOVENIJA - KR\u0160\u010cANSKI DEMOKRATI","organization":{"name":"\u010crnomelj","slug":"crnomelj"},"since":"2022-11-20","since_precision":"inferred","until":null,"status":"elected","current":true,"sources":[{"authority":"Dr\u017eavna volilna komisija","url":"https:\/\/www.dvk-rs.si\/arhivi\/volitve2022\/lv2022\/data\/prvikrog\/obcine-data\/data_017.json"}]},{"person":{"name":"Anja Luznar","slug":"anja-luznar"},"office":"Ob\u010dinski svetnik","office_code":"local_councillor","role_detail":"izvoljen z liste GIBANJE SVOBODA","organization":{"name":"\u010crnomelj","slug":"crnomelj"},"since":"2022-11-20","since_precision":"inferred","until":null,"status":"elected","current":true,"sources":[{"authority":"Dr\u017eavna volilna komisija","url":"https:\/\/www.dvk-rs.si\/arhivi\/volitve2022\/lv2022\/data\/prvikrog\/obcine-data\/data_017.json"}]},{"person":{"name":"Samo Kav\u010di\u010d","slug":"samo-kavcic"},"office":"Ob\u010dinski svetnik","office_code":"local_councillor","role_detail":"izvoljen z liste SOCIALNI DEMOKRATI","organization":{"name":"\u010crnomelj","slug":"crnomelj"},"since":"2022-11-20","since_precision":"inferred","until":null,"status":"elected","current":true,"sources":[{"authority":"Dr\u017eavna volilna komisija","url":"https:\/\/www.dvk-rs.si\/arhivi\/volitve2022\/lv2022\/data\/prvikrog\/obcine-data\/data_017.json"}]},{"person":{"name":"Jaka Birkelbach","slug":"jaka-birkelbach"},"office":"Ob\u010dinski svetnik","office_code":"local_councillor","role_detail":"izvoljen z liste SOCIALNI DEMOKRATI","organization":{"name":"\u010crnomelj","slug":"crnomelj"},"since":"2022-11-20","since_precision":"inferred","until":null,"status":"elected","current":true,"sources":[{"authority":"Dr\u017eavna volilna komisija","url":"https:\/\/www.dvk-rs.si\/arhivi\/volitve2022\/lv2022\/data\/prvikrog\/obcine-data\/data_017.json"}]},{"person":{"name":"Samer Khalil","slug":"samer-khalil"},"office":"Ob\u010dinski svetnik","office_code":"local_councillor","role_detail":"izvoljen z liste SOCIALNI DEMOKRATI","organization":{"name":"\u010crnomelj","slug":"crnomelj"},"since":"2022-11-20","since_precision":"inferred","until":null,"status":"elected","current":true,"sources":[{"authority":"Dr\u017eavna volilna komisija","url":"https:\/\/www.dvk-rs.si\/arhivi\/volitve2022\/lv2022\/data\/prvikrog\/obcine-data\/data_017.json"}]},{"person":{"name":"Tatjana Kmeti\u010d \u0160kof","slug":"tatjana-kmetic-skof"},"office":"Ob\u010dinski svetnik","office_code":"local_councillor","role_detail":"izvoljen z liste LISTA ZA RAZVOJ","organization":{"name":"\u010crnomelj","slug":"crnomelj"},"since":"2022-11-20","since_precision":"inferred","until":null,"status":"elected","current":true,"sources":[{"authority":"Dr\u017eavna volilna komisija","url":"https:\/\/www.dvk-rs.si\/arhivi\/volitve2022\/lv2022\/data\/prvikrog\/obcine-data\/data_017.json"}]},{"person":{"name":"Dubravko \u010cengija","slug":"dubravko-cengija"},"office":"Ob\u010dinski svetnik","office_code":"local_councillor","role_detail":"izvoljen z liste LISTA ZA RAZVOJ","organization":{"name":"\u010crnomelj","slug":"crnomelj"},"since":"2022-11-20","since_precision":"inferred","until":null,"status":"elected","current":true,"sources":[{"authority":"Dr\u017eavna volilna komisija","url":"https:\/\/www.dvk-rs.si\/arhivi\/volitve2022\/lv2022\/data\/prvikrog\/obcine-data\/data_017.json"}]},{"person":{"name":"Bernarda Kump","slug":"bernarda-kump"},"office":"Ob\u010dinski svetnik","office_code":"local_councillor","role_detail":"izvoljen z liste SLOVENSKA DEMOKRATSKA STRANKA","organization":{"name":"\u010crnomelj","slug":"crnomelj"},"since":"2022-11-20","since_precision":"inferred","until":null,"status":"elected","current":true,"sources":[{"authority":"Dr\u017eavna volilna komisija","url":"https:\/\/www.dvk-rs.si\/arhivi\/volitve2022\/lv2022\/data\/prvikrog\/obcine-data\/data_017.json"}]},{"person":{"name":"Jo\u017ee Veseli\u010d","slug":"joze-veselic"},"office":"Ob\u010dinski svetnik","office_code":"local_councillor","role_detail":"izvoljen z liste SLOVENSKA DEMOKRATSKA STRANKA","organization":{"name":"\u010crnomelj","slug":"crnomelj"},"since":"2022-11-20","since_precision":"inferred","until":null,"status":"elected","current":true,"sources":[{"authority":"Dr\u017eavna volilna komisija","url":"https:\/\/www.dvk-rs.si\/arhivi\/volitve2022\/lv2022\/data\/prvikrog\/obcine-data\/data_017.json"}]},{"person":{"name":"Ivo Ivi\u010di\u0107","slug":"ivo-ivicic"},"office":"Ob\u010dinski svetnik","office_code":"local_councillor","role_detail":"izvoljen z liste GIBANJE SVOBODA","organization":{"name":"\u010crnomelj","slug":"crnomelj"},"since":"2022-11-20","since_precision":"inferred","until":null,"status":"elected","current":true,"sources":[{"authority":"Dr\u017eavna volilna komisija","url":"https:\/\/www.dvk-rs.si\/arhivi\/volitve2022\/lv2022\/data\/prvikrog\/obcine-data\/data_017.json"}]},{"person":{"name":"Vesna Fabjan","slug":"vesna-fabjan"},"office":"Ob\u010dinski svetnik","office_code":"local_councillor","role_detail":"izvoljen z liste GIBANJE SVOBODA","organization":{"name":"\u010crnomelj","slug":"crnomelj"},"since":"2022-11-20","since_precision":"inferred","until":null,"status":"elected","current":true,"sources":[{"authority":"Dr\u017eavna volilna komisija","url":"https:\/\/www.dvk-rs.si\/arhivi\/volitve2022\/lv2022\/data\/prvikrog\/obcine-data\/data_017.json"}]},{"person":{"name":"Andrej Kav\u0161ek","slug":"andrej-kavsek"},"office":"\u017dupan","office_code":"mayor","role_detail":null,"organization":{"name":"\u010crnomelj","slug":"crnomelj"},"since":"2022-11-20","since_precision":"inferred","until":null,"status":"elected","current":true,"sources":[{"authority":"Dr\u017eavna volilna komisija","url":"https:\/\/www.dvk-rs.si\/arhivi\/volitve2022\/lv2022\/data\/ostale_obcine.json"}]}],"children":[{"slug":"glasbena-sola-crnomelj","name":"Glasbena \u0160ola \u010crnomelj","type":"public_institute","body_type":null},{"slug":"knjiznica-crnomelj","name":"Knji\u017enica \u010crnomelj","type":"public_institute","body_type":null},{"slug":"krajevna-skupnost-adlesici","name":"Krajevna Skupnost Adle\u0161i\u010di","type":"local_community","body_type":null},{"slug":"krajevna-skupnost-butoraj","name":"Krajevna Skupnost Butoraj","type":"local_community","body_type":null},{"slug":"krajevna-skupnost-crnomelj","name":"Krajevna Skupnost \u010crnomelj","type":"local_community","body_type":null},{"slug":"krajevna-skupnost-doblice","name":"Krajevna Skupnost Dobli\u010de","type":"local_community","body_type":null},{"slug":"krajevna-skupnost-dragatus","name":"Krajevna Skupnost Dragatu\u0161","type":"local_community","body_type":null},{"slug":"krajevna-skupnost-griblje","name":"Krajevna Skupnost Griblje","type":"local_community","body_type":null},{"slug":"krajevna-skupnost-kanizarica","name":"Krajevna Skupnost Kani\u017earica","type":"local_community","body_type":null},{"slug":"krajevna-skupnost-petrova-vas","name":"Krajevna Skupnost Petrova Vas","type":"local_community","body_type":null},{"slug":"krajevna-skupnost-sinji-vrh","name":"Krajevna Skupnost Sinji Vrh","type":"local_community","body_type":null},{"slug":"krajevna-skupnost-stari-trg-ob-kolpi","name":"Krajevna Skupnost Stari Trg Ob Kolpi","type":"local_community","body_type":null},{"slug":"krajevna-skupnost-talcji-vrh","name":"Krajevna Skupnost Tal\u010dji Vrh","type":"local_community","body_type":null},{"slug":"krajevna-skupnost-tanca-gora","name":"Krajevna Skupnost Tan\u010da Gora","type":"local_community","body_type":null},{"slug":"krajevna-skupnost-tribuce","name":"Krajevna Skupnost Tribu\u010de","type":"local_community","body_type":null},{"slug":"krajevna-skupnost-vinica","name":"Krajevna Skupnost Vinica","type":"local_community","body_type":null},{"slug":"ljudska-univerza-crnomelj","name":"Ljudska univerza \u010crnomelj","type":"public_institute","body_type":null},{"slug":"osnovna-sola-komandanta-staneta-dragatus","name":"Osnovna \u0160ola Komandanta Staneta Dragatu\u0161","type":"public_institute","body_type":null},{"slug":"osnovna-sola-loka-crnomelj","name":"Osnovna \u0160ola Loka \u010crnomelj","type":"public_institute","body_type":null},{"slug":"osnovna-sola-milke-sobar-natase-crnomelj","name":"Osnovna \u0160ola Milke \u0160obar-Nata\u0161e \u010crnomelj","type":"public_institute","body_type":null},{"slug":"osnovna-sola-mirana-jarca-crnomelj","name":"Osnovna \u0160ola Mirana Jarca \u010crnomelj","type":"public_institute","body_type":null},{"slug":"osnovna-sola-stari-trg-ob-kolpi","name":"Osnovna \u0160ola Stari Trg Ob Kolpi","type":"public_institute","body_type":null},{"slug":"osnovna-sola-vinica","name":"Osnovna \u0160ola Vinica","type":"public_institute","body_type":null},{"slug":"razvojno-informacijski-center-bela-krajina","name":"Razvojno Informacijski Center Bela Krajina","type":"public_institute","body_type":null},{"slug":"vrtec-otona-zupancica-crnomelj","name":"Vrtec Otona \u017dupan\u010di\u010da \u010crnomelj","type":"public_institute","body_type":null},{"slug":"zdravstveni-dom-crnomelj","name":"Zdravstveni Dom \u010crnomelj","type":"public_institute","body_type":null}]}