{"data":{"slug":"drzavni-zbor","name":"Dr\u017eavni zbor Republike Slovenije","type":"national_assembly","type_label":"Dr\u017eavni zbor","body_type":null,"parent":null,"website":null,"phone":null,"address":"\u0160ubi\u010deva ulica 004, 1000 LJUBLJANA","email":"gp@dz-rs.si","leader":null,"image":null,"sources":[],"url":"https:\/\/kdo-vodi.si\/organ\/drzavni-zbor","api_url":"https:\/\/kdo-vodi.si\/api\/v1\/organizations\/drzavni-zbor"},"office_holders":[{"person":{"name":"Du\u0161ko Vujanovi\u0107","slug":"dusko-vujanovic"},"office":"Poslanec","office_code":"mp","role_detail":null,"organization":{"name":"Dr\u017eavni zbor Republike Slovenije","slug":"drzavni-zbor"},"since":"2026-04-10","since_precision":"day","until":null,"status":"serving","current":true,"sources":[{"authority":"Dr\u017eavni zbor Republike Slovenije","url":"https:\/\/fotogalerija.dz-rs.si\/datoteke\/opendata\/SIF.XML"},{"authority":"Danes je nov dan \/ Parlameter","url":"https:\/\/data.parlameter.si\/v3\/person-memberships\/"}]},{"person":{"name":"Nedeljko Todorovi\u0107","slug":"nedeljko-todorovic"},"office":"Poslanec","office_code":"mp","role_detail":null,"organization":{"name":"Dr\u017eavni zbor Republike Slovenije","slug":"drzavni-zbor"},"since":"2026-04-10","since_precision":"day","until":null,"status":"serving","current":true,"sources":[{"authority":"Dr\u017eavni zbor Republike Slovenije","url":"https:\/\/fotogalerija.dz-rs.si\/datoteke\/opendata\/SIF.XML"},{"authority":"Danes je nov dan \/ Parlameter","url":"https:\/\/data.parlameter.si\/v3\/person-memberships\/"}]},{"person":{"name":"Aleksander \u0160torek","slug":"aleksander-storek"},"office":"Poslanec","office_code":"mp","role_detail":null,"organization":{"name":"Dr\u017eavni zbor Republike Slovenije","slug":"drzavni-zbor"},"since":"2026-04-10","since_precision":"day","until":null,"status":"serving","current":true,"sources":[{"authority":"Dr\u017eavni zbor Republike Slovenije","url":"https:\/\/fotogalerija.dz-rs.si\/datoteke\/opendata\/SIF.XML"},{"authority":"Danes je nov dan \/ Parlameter","url":"https:\/\/data.parlameter.si\/v3\/person-memberships\/"}]},{"person":{"name":"Marjeta \u0160mid","slug":"marjeta-smid"},"office":"Poslanec","office_code":"mp","role_detail":null,"organization":{"name":"Dr\u017eavni zbor Republike Slovenije","slug":"drzavni-zbor"},"since":"2026-04-10","since_precision":"day","until":null,"status":"serving","current":true,"sources":[{"authority":"Dr\u017eavni zbor Republike Slovenije","url":"https:\/\/fotogalerija.dz-rs.si\/datoteke\/opendata\/SIF.XML"},{"authority":"Danes je nov dan \/ Parlameter","url":"https:\/\/data.parlameter.si\/v3\/person-memberships\/"}]},{"person":{"name":"Zoran Stevanovi\u0107","slug":"zoran-stevanovic"},"office":"Poslanec","office_code":"mp","role_detail":null,"organization":{"name":"Dr\u017eavni zbor Republike Slovenije","slug":"drzavni-zbor"},"since":"2026-04-10","since_precision":"day","until":null,"status":"serving","current":true,"sources":[{"authority":"Dr\u017eavni zbor Republike Slovenije","url":"https:\/\/fotogalerija.dz-rs.si\/datoteke\/opendata\/SIF.XML"},{"authority":"Danes je nov dan \/ Parlameter","url":"https:\/\/data.parlameter.si\/v3\/person-memberships\/"}]},{"person":{"name":"Darko Ratajc","slug":"darko-ratajc"},"office":"Poslanec","office_code":"mp","role_detail":null,"organization":{"name":"Dr\u017eavni zbor Republike Slovenije","slug":"drzavni-zbor"},"since":"2026-04-10","since_precision":"day","until":null,"status":"serving","current":true,"sources":[{"authority":"Dr\u017eavni zbor Republike Slovenije","url":"https:\/\/fotogalerija.dz-rs.si\/datoteke\/opendata\/SIF.XML"},{"authority":"Danes je nov dan \/ Parlameter","url":"https:\/\/data.parlameter.si\/v3\/person-memberships\/"}]},{"person":{"name":"Robert Potnik","slug":"robert-potnik"},"office":"Poslanec","office_code":"mp","role_detail":null,"organization":{"name":"Dr\u017eavni zbor Republike Slovenije","slug":"drzavni-zbor"},"since":"2026-04-10","since_precision":"day","until":null,"status":"serving","current":true,"sources":[{"authority":"Dr\u017eavni zbor Republike Slovenije","url":"https:\/\/fotogalerija.dz-rs.si\/datoteke\/opendata\/SIF.XML"},{"authority":"Danes je nov dan \/ Parlameter","url":"https:\/\/data.parlameter.si\/v3\/person-memberships\/"}]},{"person":{"name":"Metka Pe\u0161l \u0160ater","slug":"metka-pesl-sater"},"office":"Poslanec","office_code":"mp","role_detail":null,"organization":{"name":"Dr\u017eavni zbor Republike Slovenije","slug":"drzavni-zbor"},"since":"2026-04-10","since_precision":"day","until":null,"status":"serving","current":true,"sources":[{"authority":"Dr\u017eavni zbor Republike Slovenije","url":"https:\/\/fotogalerija.dz-rs.si\/datoteke\/opendata\/SIF.XML"},{"authority":"Danes je nov dan \/ Parlameter","url":"https:\/\/data.parlameter.si\/v3\/person-memberships\/"}]},{"person":{"name":"Damjan Muzel","slug":"damjan-muzel"},"office":"Poslanec","office_code":"mp","role_detail":null,"organization":{"name":"Dr\u017eavni zbor Republike Slovenije","slug":"drzavni-zbor"},"since":"2026-04-10","since_precision":"day","until":null,"status":"serving","current":true,"sources":[{"authority":"Dr\u017eavni zbor Republike Slovenije","url":"https:\/\/fotogalerija.dz-rs.si\/datoteke\/opendata\/SIF.XML"},{"authority":"Danes je nov dan \/ Parlameter","url":"https:\/\/data.parlameter.si\/v3\/person-memberships\/"}]},{"person":{"name":"Boris Miji\u010d","slug":"boris-mijic"},"office":"Poslanec","office_code":"mp","role_detail":null,"organization":{"name":"Dr\u017eavni zbor Republike Slovenije","slug":"drzavni-zbor"},"since":"2026-04-10","since_precision":"day","until":null,"status":"serving","current":true,"sources":[{"authority":"Dr\u017eavni zbor Republike Slovenije","url":"https:\/\/fotogalerija.dz-rs.si\/datoteke\/opendata\/SIF.XML"},{"authority":"Danes je nov dan \/ Parlameter","url":"https:\/\/data.parlameter.si\/v3\/person-memberships\/"}]},{"person":{"name":"Vinko Levstek","slug":"vinko-levstek"},"office":"Poslanec","office_code":"mp","role_detail":null,"organization":{"name":"Dr\u017eavni zbor Republike Slovenije","slug":"drzavni-zbor"},"since":"2026-04-10","since_precision":"day","until":null,"status":"serving","current":true,"sources":[{"authority":"Dr\u017eavni zbor Republike Slovenije","url":"https:\/\/fotogalerija.dz-rs.si\/datoteke\/opendata\/SIF.XML"},{"authority":"Danes je nov dan \/ Parlameter","url":"https:\/\/data.parlameter.si\/v3\/person-memberships\/"}]},{"person":{"name":"Manja Lesnik","slug":"manja-lesnik"},"office":"Poslanec","office_code":"mp","role_detail":null,"organization":{"name":"Dr\u017eavni zbor Republike Slovenije","slug":"drzavni-zbor"},"since":"2026-04-10","since_precision":"day","until":null,"status":"serving","current":true,"sources":[{"authority":"Dr\u017eavni zbor Republike Slovenije","url":"https:\/\/fotogalerija.dz-rs.si\/datoteke\/opendata\/SIF.XML"},{"authority":"Danes je nov dan \/ Parlameter","url":"https:\/\/data.parlameter.si\/v3\/person-memberships\/"}]},{"person":{"name":"Franc Kri\u017ean","slug":"franc-krizan"},"office":"Poslanec","office_code":"mp","role_detail":null,"organization":{"name":"Dr\u017eavni zbor Republike Slovenije","slug":"drzavni-zbor"},"since":"2026-04-10","since_precision":"day","until":null,"status":"serving","current":true,"sources":[{"authority":"Dr\u017eavni zbor Republike Slovenije","url":"https:\/\/fotogalerija.dz-rs.si\/datoteke\/opendata\/SIF.XML"},{"authority":"Danes je nov dan \/ Parlameter","url":"https:\/\/data.parlameter.si\/v3\/person-memberships\/"}]},{"person":{"name":"Andrej Kosec","slug":"andrej-kosec"},"office":"Poslanec","office_code":"mp","role_detail":null,"organization":{"name":"Dr\u017eavni zbor Republike Slovenije","slug":"drzavni-zbor"},"since":"2026-04-10","since_precision":"day","until":null,"status":"serving","current":true,"sources":[{"authority":"Dr\u017eavni zbor Republike Slovenije","url":"https:\/\/fotogalerija.dz-rs.si\/datoteke\/opendata\/SIF.XML"},{"authority":"Danes je nov dan \/ Parlameter","url":"https:\/\/data.parlameter.si\/v3\/person-memberships\/"}]},{"person":{"name":"Katja Kokot","slug":"katja-kokot"},"office":"Poslanec","office_code":"mp","role_detail":null,"organization":{"name":"Dr\u017eavni zbor Republike Slovenije","slug":"drzavni-zbor"},"since":"2026-04-10","since_precision":"day","until":null,"status":"serving","current":true,"sources":[{"authority":"Dr\u017eavni zbor Republike Slovenije","url":"https:\/\/fotogalerija.dz-rs.si\/datoteke\/opendata\/SIF.XML"},{"authority":"Danes je nov dan \/ Parlameter","url":"https:\/\/data.parlameter.si\/v3\/person-memberships\/"}]},{"person":{"name":"Adrijana Kocjan\u010di\u010d","slug":"adrijana-kocjancic"},"office":"Poslanec","office_code":"mp","role_detail":null,"organization":{"name":"Dr\u017eavni zbor Republike Slovenije","slug":"drzavni-zbor"},"since":"2026-04-10","since_precision":"day","until":null,"status":"serving","current":true,"sources":[{"authority":"Dr\u017eavni zbor Republike Slovenije","url":"https:\/\/fotogalerija.dz-rs.si\/datoteke\/opendata\/SIF.XML"},{"authority":"Danes je nov dan \/ Parlameter","url":"https:\/\/data.parlameter.si\/v3\/person-memberships\/"}]},{"person":{"name":"Andrej Klemenc","slug":"andrej-klemenc"},"office":"Poslanec","office_code":"mp","role_detail":null,"organization":{"name":"Dr\u017eavni zbor Republike Slovenije","slug":"drzavni-zbor"},"since":"2026-04-10","since_precision":"day","until":null,"status":"serving","current":true,"sources":[{"authority":"Dr\u017eavni zbor Republike Slovenije","url":"https:\/\/fotogalerija.dz-rs.si\/datoteke\/opendata\/SIF.XML"},{"authority":"Danes je nov dan \/ Parlameter","url":"https:\/\/data.parlameter.si\/v3\/person-memberships\/"}]},{"person":{"name":"Jana Jerman","slug":"jana-jerman"},"office":"Poslanec","office_code":"mp","role_detail":null,"organization":{"name":"Dr\u017eavni zbor Republike Slovenije","slug":"drzavni-zbor"},"since":"2026-04-10","since_precision":"day","until":null,"status":"serving","current":true,"sources":[{"authority":"Dr\u017eavni zbor Republike Slovenije","url":"https:\/\/fotogalerija.dz-rs.si\/datoteke\/opendata\/SIF.XML"},{"authority":"Danes je nov dan \/ Parlameter","url":"https:\/\/data.parlameter.si\/v3\/person-memberships\/"}]},{"person":{"name":"Aleksander Gungl","slug":"aleksander-gungl"},"office":"Poslanec","office_code":"mp","role_detail":null,"organization":{"name":"Dr\u017eavni zbor Republike Slovenije","slug":"drzavni-zbor"},"since":"2026-04-10","since_precision":"day","until":null,"status":"serving","current":true,"sources":[{"authority":"Dr\u017eavni zbor Republike Slovenije","url":"https:\/\/fotogalerija.dz-rs.si\/datoteke\/opendata\/SIF.XML"},{"authority":"Danes je nov dan \/ Parlameter","url":"https:\/\/data.parlameter.si\/v3\/person-memberships\/"}]},{"person":{"name":"Jana Gr\u017eini\u010d","slug":"jana-grzinic"},"office":"Poslanec","office_code":"mp","role_detail":null,"organization":{"name":"Dr\u017eavni zbor Republike Slovenije","slug":"drzavni-zbor"},"since":"2026-04-10","since_precision":"day","until":null,"status":"serving","current":true,"sources":[{"authority":"Dr\u017eavni zbor Republike Slovenije","url":"https:\/\/fotogalerija.dz-rs.si\/datoteke\/opendata\/SIF.XML"},{"authority":"Danes je nov dan \/ Parlameter","url":"https:\/\/data.parlameter.si\/v3\/person-memberships\/"}]},{"person":{"name":"Matej Grah","slug":"matej-grah"},"office":"Poslanec","office_code":"mp","role_detail":null,"organization":{"name":"Dr\u017eavni zbor Republike Slovenije","slug":"drzavni-zbor"},"since":"2026-04-10","since_precision":"day","until":null,"status":"serving","current":true,"sources":[{"authority":"Dr\u017eavni zbor Republike Slovenije","url":"https:\/\/fotogalerija.dz-rs.si\/datoteke\/opendata\/SIF.XML"},{"authority":"Danes je nov dan \/ Parlameter","url":"https:\/\/data.parlameter.si\/v3\/person-memberships\/"}]},{"person":{"name":"Luka Gor\u0161ek","slug":"luka-gorsek"},"office":"Poslanec","office_code":"mp","role_detail":null,"organization":{"name":"Dr\u017eavni zbor Republike Slovenije","slug":"drzavni-zbor"},"since":"2026-04-10","since_precision":"day","until":null,"status":"serving","current":true,"sources":[{"authority":"Dr\u017eavni zbor Republike Slovenije","url":"https:\/\/fotogalerija.dz-rs.si\/datoteke\/opendata\/SIF.XML"},{"authority":"Danes je nov dan \/ Parlameter","url":"https:\/\/data.parlameter.si\/v3\/person-memberships\/"}]},{"person":{"name":"Andrej Poglajen","slug":"andrej-poglajen"},"office":"Poslanec","office_code":"mp","role_detail":null,"organization":{"name":"Dr\u017eavni zbor Republike Slovenije","slug":"drzavni-zbor"},"since":"2026-04-10","since_precision":"day","until":null,"status":"serving","current":true,"sources":[{"authority":"Dr\u017eavni zbor Republike Slovenije","url":"https:\/\/fotogalerija.dz-rs.si\/datoteke\/opendata\/SIF.XML"},{"authority":"Danes je nov dan \/ Parlameter","url":"https:\/\/data.parlameter.si\/v3\/person-memberships\/"}]},{"person":{"name":"Uro\u0161 Bre\u017ean","slug":"uros-brezan"},"office":"Poslanec","office_code":"mp","role_detail":null,"organization":{"name":"Dr\u017eavni zbor Republike Slovenije","slug":"drzavni-zbor"},"since":"2026-08-30","since_precision":"at_least","until":null,"status":"serving","current":true,"sources":[{"authority":"Dr\u017eavni zbor Republike Slovenije","url":"https:\/\/fotogalerija.dz-rs.si\/datoteke\/opendata\/SIF.XML"}]},{"person":{"name":"Dejan S\u00fc\u010d","slug":"dejan-suc"},"office":"Poslanec","office_code":"mp","role_detail":null,"organization":{"name":"Dr\u017eavni zbor Republike Slovenije","slug":"drzavni-zbor"},"since":"2026-04-10","since_precision":"day","until":null,"status":"serving","current":true,"sources":[{"authority":"Dr\u017eavni zbor Republike Slovenije","url":"https:\/\/fotogalerija.dz-rs.si\/datoteke\/opendata\/SIF.XML"},{"authority":"Danes je nov dan \/ Parlameter","url":"https:\/\/data.parlameter.si\/v3\/person-memberships\/"}]},{"person":{"name":"Andrej Kosi","slug":"andrej-kosi"},"office":"Poslanec","office_code":"mp","role_detail":null,"organization":{"name":"Dr\u017eavni zbor Republike Slovenije","slug":"drzavni-zbor"},"since":"2026-04-10","since_precision":"day","until":null,"status":"serving","current":true,"sources":[{"authority":"Dr\u017eavni zbor Republike Slovenije","url":"https:\/\/fotogalerija.dz-rs.si\/datoteke\/opendata\/SIF.XML"},{"authority":"Danes je nov dan \/ Parlameter","url":"https:\/\/data.parlameter.si\/v3\/person-memberships\/"}]},{"person":{"name":"Toma\u017e Lah","slug":"tomaz-lah"},"office":"Poslanec","office_code":"mp","role_detail":null,"organization":{"name":"Dr\u017eavni zbor Republike Slovenije","slug":"drzavni-zbor"},"since":"2026-04-10","since_precision":"day","until":null,"status":"serving","current":true,"sources":[{"authority":"Dr\u017eavni zbor Republike Slovenije","url":"https:\/\/fotogalerija.dz-rs.si\/datoteke\/opendata\/SIF.XML"},{"authority":"Danes je nov dan \/ Parlameter","url":"https:\/\/data.parlameter.si\/v3\/person-memberships\/"}]},{"person":{"name":"Janez \u017dakelj","slug":"janez-zakelj"},"office":"Poslanec","office_code":"mp","role_detail":null,"organization":{"name":"Dr\u017eavni zbor Republike Slovenije","slug":"drzavni-zbor"},"since":"2026-04-10","since_precision":"day","until":null,"status":"serving","current":true,"sources":[{"authority":"Dr\u017eavni zbor Republike Slovenije","url":"https:\/\/fotogalerija.dz-rs.si\/datoteke\/opendata\/SIF.XML"},{"authority":"Danes je nov dan \/ Parlameter","url":"https:\/\/data.parlameter.si\/v3\/person-memberships\/"}]},{"person":{"name":"Sara \u017dibrat","slug":"sara-zibrat"},"office":"Poslanec","office_code":"mp","role_detail":null,"organization":{"name":"Dr\u017eavni zbor Republike Slovenije","slug":"drzavni-zbor"},"since":"2026-04-10","since_precision":"day","until":null,"status":"serving","current":true,"sources":[{"authority":"Dr\u017eavni zbor Republike Slovenije","url":"https:\/\/fotogalerija.dz-rs.si\/datoteke\/opendata\/SIF.XML"},{"authority":"Danes je nov dan \/ Parlameter","url":"https:\/\/data.parlameter.si\/v3\/person-memberships\/"}]},{"person":{"name":"Lenart \u017davbi","slug":"lenart-zavbi"},"office":"Poslanec","office_code":"mp","role_detail":null,"organization":{"name":"Dr\u017eavni zbor Republike Slovenije","slug":"drzavni-zbor"},"since":"2026-04-10","since_precision":"day","until":null,"status":"serving","current":true,"sources":[{"authority":"Dr\u017eavni zbor Republike Slovenije","url":"https:\/\/fotogalerija.dz-rs.si\/datoteke\/opendata\/SIF.XML"},{"authority":"Danes je nov dan \/ Parlameter","url":"https:\/\/data.parlameter.si\/v3\/person-memberships\/"}]},{"person":{"name":"Damijan Bezjak Zrim","slug":"damijan-bezjak-zrim"},"office":"Poslanec","office_code":"mp","role_detail":null,"organization":{"name":"Dr\u017eavni zbor Republike Slovenije","slug":"drzavni-zbor"},"since":"2026-04-10","since_precision":"day","until":null,"status":"serving","current":true,"sources":[{"authority":"Dr\u017eavni zbor Republike Slovenije","url":"https:\/\/fotogalerija.dz-rs.si\/datoteke\/opendata\/SIF.XML"},{"authority":"Danes je nov dan \/ Parlameter","url":"https:\/\/data.parlameter.si\/v3\/person-memberships\/"}]},{"person":{"name":"Teodor Urani\u010d","slug":"teodor-uranic"},"office":"Poslanec","office_code":"mp","role_detail":null,"organization":{"name":"Dr\u017eavni zbor Republike Slovenije","slug":"drzavni-zbor"},"since":"2026-04-10","since_precision":"day","until":null,"status":"serving","current":true,"sources":[{"authority":"Dr\u017eavni zbor Republike Slovenije","url":"https:\/\/fotogalerija.dz-rs.si\/datoteke\/opendata\/SIF.XML"},{"authority":"Danes je nov dan \/ Parlameter","url":"https:\/\/data.parlameter.si\/v3\/person-memberships\/"}]},{"person":{"name":"Lucija Tacer Perlin","slug":"lucija-tacer-perlin"},"office":"Poslanec","office_code":"mp","role_detail":null,"organization":{"name":"Dr\u017eavni zbor Republike Slovenije","slug":"drzavni-zbor"},"since":"2026-04-10","since_precision":"day","until":null,"status":"serving","current":true,"sources":[{"authority":"Dr\u017eavni zbor Republike Slovenije","url":"https:\/\/fotogalerija.dz-rs.si\/datoteke\/opendata\/SIF.XML"},{"authority":"Danes je nov dan \/ Parlameter","url":"https:\/\/data.parlameter.si\/v3\/person-memberships\/"}]},{"person":{"name":"Anton \u0160turbej","slug":"anton-sturbej"},"office":"Poslanec","office_code":"mp","role_detail":null,"organization":{"name":"Dr\u017eavni zbor Republike Slovenije","slug":"drzavni-zbor"},"since":"2026-04-10","since_precision":"day","until":null,"status":"serving","current":true,"sources":[{"authority":"Dr\u017eavni zbor Republike Slovenije","url":"https:\/\/fotogalerija.dz-rs.si\/datoteke\/opendata\/SIF.XML"},{"authority":"Danes je nov dan \/ Parlameter","url":"https:\/\/data.parlameter.si\/v3\/person-memberships\/"}]},{"person":{"name":"Du\u0161an Stojanovi\u010d","slug":"dusan-stojanovic"},"office":"Poslanec","office_code":"mp","role_detail":null,"organization":{"name":"Dr\u017eavni zbor Republike Slovenije","slug":"drzavni-zbor"},"since":"2026-04-10","since_precision":"day","until":null,"status":"serving","current":true,"sources":[{"authority":"Dr\u017eavni zbor Republike Slovenije","url":"https:\/\/fotogalerija.dz-rs.si\/datoteke\/opendata\/SIF.XML"},{"authority":"Danes je nov dan \/ Parlameter","url":"https:\/\/data.parlameter.si\/v3\/person-memberships\/"}]},{"person":{"name":"Andreja Rajben\u0161u","slug":"andreja-rajbensu"},"office":"Poslanec","office_code":"mp","role_detail":null,"organization":{"name":"Dr\u017eavni zbor Republike Slovenije","slug":"drzavni-zbor"},"since":"2026-04-10","since_precision":"day","until":null,"status":"serving","current":true,"sources":[{"authority":"Dr\u017eavni zbor Republike Slovenije","url":"https:\/\/fotogalerija.dz-rs.si\/datoteke\/opendata\/SIF.XML"},{"authority":"Danes je nov dan \/ Parlameter","url":"https:\/\/data.parlameter.si\/v3\/person-memberships\/"}]},{"person":{"name":"Martin Premk","slug":"martin-premk"},"office":"Poslanec","office_code":"mp","role_detail":null,"organization":{"name":"Dr\u017eavni zbor Republike Slovenije","slug":"drzavni-zbor"},"since":"2026-04-10","since_precision":"day","until":null,"status":"serving","current":true,"sources":[{"authority":"Dr\u017eavni zbor Republike Slovenije","url":"https:\/\/fotogalerija.dz-rs.si\/datoteke\/opendata\/SIF.XML"},{"authority":"Danes je nov dan \/ Parlameter","url":"https:\/\/data.parlameter.si\/v3\/person-memberships\/"}]},{"person":{"name":"Tereza Novak","slug":"tereza-novak"},"office":"Poslanec","office_code":"mp","role_detail":null,"organization":{"name":"Dr\u017eavni zbor Republike Slovenije","slug":"drzavni-zbor"},"since":"2026-04-10","since_precision":"day","until":null,"status":"serving","current":true,"sources":[{"authority":"Dr\u017eavni zbor Republike Slovenije","url":"https:\/\/fotogalerija.dz-rs.si\/datoteke\/opendata\/SIF.XML"},{"authority":"Danes je nov dan \/ Parlameter","url":"https:\/\/data.parlameter.si\/v3\/person-memberships\/"}]},{"person":{"name":"Zoran Moj\u0161kerc","slug":"zoran-mojskerc"},"office":"Poslanec","office_code":"mp","role_detail":null,"organization":{"name":"Dr\u017eavni zbor Republike Slovenije","slug":"drzavni-zbor"},"since":"2026-04-10","since_precision":"day","until":null,"status":"serving","current":true,"sources":[{"authority":"Dr\u017eavni zbor Republike Slovenije","url":"https:\/\/fotogalerija.dz-rs.si\/datoteke\/opendata\/SIF.XML"},{"authority":"Danes je nov dan \/ Parlameter","url":"https:\/\/data.parlameter.si\/v3\/person-memberships\/"}]},{"person":{"name":"Tamara Kozlovi\u010d","slug":"tamara-kozlovic"},"office":"Poslanec","office_code":"mp","role_detail":null,"organization":{"name":"Dr\u017eavni zbor Republike Slovenije","slug":"drzavni-zbor"},"since":"2026-04-10","since_precision":"day","until":null,"status":"serving","current":true,"sources":[{"authority":"Dr\u017eavni zbor Republike Slovenije","url":"https:\/\/fotogalerija.dz-rs.si\/datoteke\/opendata\/SIF.XML"},{"authority":"Danes je nov dan \/ Parlameter","url":"https:\/\/data.parlameter.si\/v3\/person-memberships\/"}]},{"person":{"name":"Jo\u017eef Jelen","slug":"jozef-jelen"},"office":"Poslanec","office_code":"mp","role_detail":null,"organization":{"name":"Dr\u017eavni zbor Republike Slovenije","slug":"drzavni-zbor"},"since":"2026-04-10","since_precision":"day","until":null,"status":"serving","current":true,"sources":[{"authority":"Dr\u017eavni zbor Republike Slovenije","url":"https:\/\/fotogalerija.dz-rs.si\/datoteke\/opendata\/SIF.XML"},{"authority":"Danes je nov dan \/ Parlameter","url":"https:\/\/data.parlameter.si\/v3\/person-memberships\/"}]},{"person":{"name":"Robert Janev","slug":"robert-janev"},"office":"Poslanec","office_code":"mp","role_detail":null,"organization":{"name":"Dr\u017eavni zbor Republike Slovenije","slug":"drzavni-zbor"},"since":"2026-04-10","since_precision":"day","until":null,"status":"serving","current":true,"sources":[{"authority":"Dr\u017eavni zbor Republike Slovenije","url":"https:\/\/fotogalerija.dz-rs.si\/datoteke\/opendata\/SIF.XML"},{"authority":"Danes je nov dan \/ Parlameter","url":"https:\/\/data.parlameter.si\/v3\/person-memberships\/"}]},{"person":{"name":"Lena Grgurevi\u010d","slug":"lena-grgurevic"},"office":"Poslanec","office_code":"mp","role_detail":null,"organization":{"name":"Dr\u017eavni zbor Republike Slovenije","slug":"drzavni-zbor"},"since":"2026-04-10","since_precision":"day","until":null,"status":"serving","current":true,"sources":[{"authority":"Dr\u017eavni zbor Republike Slovenije","url":"https:\/\/fotogalerija.dz-rs.si\/datoteke\/opendata\/SIF.XML"},{"authority":"Danes je nov dan \/ Parlameter","url":"https:\/\/data.parlameter.si\/v3\/person-memberships\/"}]},{"person":{"name":"Rado Gladek","slug":"rado-gladek"},"office":"Poslanec","office_code":"mp","role_detail":null,"organization":{"name":"Dr\u017eavni zbor Republike Slovenije","slug":"drzavni-zbor"},"since":"2026-04-10","since_precision":"day","until":null,"status":"serving","current":true,"sources":[{"authority":"Dr\u017eavni zbor Republike Slovenije","url":"https:\/\/fotogalerija.dz-rs.si\/datoteke\/opendata\/SIF.XML"},{"authority":"Danes je nov dan \/ Parlameter","url":"https:\/\/data.parlameter.si\/v3\/person-memberships\/"}]},{"person":{"name":"Sandra Gazinkovski","slug":"sandra-gazinkovski"},"office":"Poslanec","office_code":"mp","role_detail":null,"organization":{"name":"Dr\u017eavni zbor Republike Slovenije","slug":"drzavni-zbor"},"since":"2026-04-10","since_precision":"day","until":null,"status":"serving","current":true,"sources":[{"authority":"Dr\u017eavni zbor Republike Slovenije","url":"https:\/\/fotogalerija.dz-rs.si\/datoteke\/opendata\/SIF.XML"},{"authority":"Danes je nov dan \/ Parlameter","url":"https:\/\/data.parlameter.si\/v3\/person-memberships\/"}]},{"person":{"name":"Mateja \u010calu\u0161i\u0107","slug":"mateja-calusic"},"office":"Poslanec","office_code":"mp","role_detail":null,"organization":{"name":"Dr\u017eavni zbor Republike Slovenije","slug":"drzavni-zbor"},"since":"2026-04-10","since_precision":"day","until":null,"status":"serving","current":true,"sources":[{"authority":"Dr\u017eavni zbor Republike Slovenije","url":"https:\/\/fotogalerija.dz-rs.si\/datoteke\/opendata\/SIF.XML"},{"authority":"Danes je nov dan \/ Parlameter","url":"https:\/\/data.parlameter.si\/v3\/person-memberships\/"}]},{"person":{"name":"Nata\u0161a Av\u0161i\u010d Bogovi\u010d","slug":"natasa-avsic-bogovic"},"office":"Poslanec","office_code":"mp","role_detail":null,"organization":{"name":"Dr\u017eavni zbor Republike Slovenije","slug":"drzavni-zbor"},"since":"2026-04-10","since_precision":"day","until":null,"status":"serving","current":true,"sources":[{"authority":"Dr\u017eavni zbor Republike Slovenije","url":"https:\/\/fotogalerija.dz-rs.si\/datoteke\/opendata\/SIF.XML"},{"authority":"Danes je nov dan \/ Parlameter","url":"https:\/\/data.parlameter.si\/v3\/person-memberships\/"}]},{"person":{"name":"Matej Ar\u010don","slug":"matej-arcon"},"office":"Poslanec","office_code":"mp","role_detail":null,"organization":{"name":"Dr\u017eavni zbor Republike Slovenije","slug":"drzavni-zbor"},"since":"2026-04-10","since_precision":"day","until":null,"status":"serving","current":true,"sources":[{"authority":"Dr\u017eavni zbor Republike Slovenije","url":"https:\/\/fotogalerija.dz-rs.si\/datoteke\/opendata\/SIF.XML"},{"authority":"Danes je nov dan \/ Parlameter","url":"https:\/\/data.parlameter.si\/v3\/person-memberships\/"}]},{"person":{"name":"Felice Ziza","slug":"felice-ziza"},"office":"Poslanec","office_code":"mp","role_detail":null,"organization":{"name":"Dr\u017eavni zbor Republike Slovenije","slug":"drzavni-zbor"},"since":"2026-04-10","since_precision":"day","until":null,"status":"serving","current":true,"sources":[{"authority":"Dr\u017eavni zbor Republike Slovenije","url":"https:\/\/fotogalerija.dz-rs.si\/datoteke\/opendata\/SIF.XML"},{"authority":"Danes je nov dan \/ Parlameter","url":"https:\/\/data.parlameter.si\/v3\/person-memberships\/"}]},{"person":{"name":"Ferenc Horv\u00e1th","slug":"ferenc-horvath"},"office":"Poslanec","office_code":"mp","role_detail":null,"organization":{"name":"Dr\u017eavni zbor Republike Slovenije","slug":"drzavni-zbor"},"since":"2026-04-10","since_precision":"day","until":null,"status":"serving","current":true,"sources":[{"authority":"Dr\u017eavni zbor Republike Slovenije","url":"https:\/\/fotogalerija.dz-rs.si\/datoteke\/opendata\/SIF.XML"},{"authority":"Danes je nov dan \/ Parlameter","url":"https:\/\/data.parlameter.si\/v3\/person-memberships\/"}]},{"person":{"name":"Aleksander Reber\u0161ek","slug":"aleksander-rebersek"},"office":"Poslanec","office_code":"mp","role_detail":null,"organization":{"name":"Dr\u017eavni zbor Republike Slovenije","slug":"drzavni-zbor"},"since":"2026-04-10","since_precision":"day","until":null,"status":"serving","current":true,"sources":[{"authority":"Dr\u017eavni zbor Republike Slovenije","url":"https:\/\/fotogalerija.dz-rs.si\/datoteke\/opendata\/SIF.XML"},{"authority":"Danes je nov dan \/ Parlameter","url":"https:\/\/data.parlameter.si\/v3\/person-memberships\/"}]},{"person":{"name":"Meira Hot","slug":"meira-hot"},"office":"Poslanec","office_code":"mp","role_detail":null,"organization":{"name":"Dr\u017eavni zbor Republike Slovenije","slug":"drzavni-zbor"},"since":"2026-04-10","since_precision":"day","until":null,"status":"serving","current":true,"sources":[{"authority":"Dr\u017eavni zbor Republike Slovenije","url":"https:\/\/fotogalerija.dz-rs.si\/datoteke\/opendata\/SIF.XML"},{"authority":"Danes je nov dan \/ Parlameter","url":"https:\/\/data.parlameter.si\/v3\/person-memberships\/"}]},{"person":{"name":"Jo\u017eef Lenart","slug":"jozef-lenart"},"office":"Poslanec","office_code":"mp","role_detail":null,"organization":{"name":"Dr\u017eavni zbor Republike Slovenije","slug":"drzavni-zbor"},"since":"2026-04-10","since_precision":"day","until":null,"status":"serving","current":true,"sources":[{"authority":"Dr\u017eavni zbor Republike Slovenije","url":"https:\/\/fotogalerija.dz-rs.si\/datoteke\/opendata\/SIF.XML"},{"authority":"Danes je nov dan \/ Parlameter","url":"https:\/\/data.parlameter.si\/v3\/person-memberships\/"}]},{"person":{"name":"Karmen Furman","slug":"karmen-furman"},"office":"Poslanec","office_code":"mp","role_detail":null,"organization":{"name":"Dr\u017eavni zbor Republike Slovenije","slug":"drzavni-zbor"},"since":"2026-04-10","since_precision":"day","until":null,"status":"serving","current":true,"sources":[{"authority":"Dr\u017eavni zbor Republike Slovenije","url":"https:\/\/fotogalerija.dz-rs.si\/datoteke\/opendata\/SIF.XML"},{"authority":"Danes je nov dan \/ Parlameter","url":"https:\/\/data.parlameter.si\/v3\/person-memberships\/"}]},{"person":{"name":"Franci Kepa","slug":"franci-kepa"},"office":"Poslanec","office_code":"mp","role_detail":null,"organization":{"name":"Dr\u017eavni zbor Republike Slovenije","slug":"drzavni-zbor"},"since":"2026-04-10","since_precision":"day","until":null,"status":"serving","current":true,"sources":[{"authority":"Dr\u017eavni zbor Republike Slovenije","url":"https:\/\/fotogalerija.dz-rs.si\/datoteke\/opendata\/SIF.XML"},{"authority":"Danes je nov dan \/ Parlameter","url":"https:\/\/data.parlameter.si\/v3\/person-memberships\/"}]},{"person":{"name":"Janja Sluga","slug":"janja-sluga"},"office":"Poslanec","office_code":"mp","role_detail":null,"organization":{"name":"Dr\u017eavni zbor Republike Slovenije","slug":"drzavni-zbor"},"since":"2026-04-10","since_precision":"day","until":null,"status":"serving","current":true,"sources":[{"authority":"Dr\u017eavni zbor Republike Slovenije","url":"https:\/\/fotogalerija.dz-rs.si\/datoteke\/opendata\/SIF.XML"},{"authority":"Danes je nov dan \/ Parlameter","url":"https:\/\/data.parlameter.si\/v3\/person-memberships\/"}]},{"person":{"name":"Bojan Podkraj\u0161ek","slug":"bojan-podkrajsek"},"office":"Poslanec","office_code":"mp","role_detail":null,"organization":{"name":"Dr\u017eavni zbor Republike Slovenije","slug":"drzavni-zbor"},"since":"2026-04-10","since_precision":"day","until":null,"status":"serving","current":true,"sources":[{"authority":"Dr\u017eavni zbor Republike Slovenije","url":"https:\/\/fotogalerija.dz-rs.si\/datoteke\/opendata\/SIF.XML"},{"authority":"Danes je nov dan \/ Parlameter","url":"https:\/\/data.parlameter.si\/v3\/person-memberships\/"}]},{"person":{"name":"\u017dan Mahni\u010d","slug":"zan-mahnic"},"office":"Poslanec","office_code":"mp","role_detail":null,"organization":{"name":"Dr\u017eavni zbor Republike Slovenije","slug":"drzavni-zbor"},"since":"2026-04-10","since_precision":"day","until":null,"status":"serving","current":true,"sources":[{"authority":"Dr\u017eavni zbor Republike Slovenije","url":"https:\/\/fotogalerija.dz-rs.si\/datoteke\/opendata\/SIF.XML"},{"authority":"Danes je nov dan \/ Parlameter","url":"https:\/\/data.parlameter.si\/v3\/person-memberships\/"}]},{"person":{"name":"Jelka Godec","slug":"jelka-godec"},"office":"Poslanec","office_code":"mp","role_detail":null,"organization":{"name":"Dr\u017eavni zbor Republike Slovenije","slug":"drzavni-zbor"},"since":"2026-04-10","since_precision":"day","until":null,"status":"serving","current":true,"sources":[{"authority":"Dr\u017eavni zbor Republike Slovenije","url":"https:\/\/fotogalerija.dz-rs.si\/datoteke\/opendata\/SIF.XML"},{"authority":"Danes je nov dan \/ Parlameter","url":"https:\/\/data.parlameter.si\/v3\/person-memberships\/"}]},{"person":{"name":"Anja Bah \u017dibert","slug":"anja-bah-zibert"},"office":"Poslanec","office_code":"mp","role_detail":null,"organization":{"name":"Dr\u017eavni zbor Republike Slovenije","slug":"drzavni-zbor"},"since":"2026-04-10","since_precision":"day","until":null,"status":"serving","current":true,"sources":[{"authority":"Dr\u017eavni zbor Republike Slovenije","url":"https:\/\/fotogalerija.dz-rs.si\/datoteke\/opendata\/SIF.XML"},{"authority":"Danes je nov dan \/ Parlameter","url":"https:\/\/data.parlameter.si\/v3\/person-memberships\/"}]},{"person":{"name":"Tamara Vonta","slug":"tamara-vonta"},"office":"Poslanec","office_code":"mp","role_detail":null,"organization":{"name":"Dr\u017eavni zbor Republike Slovenije","slug":"drzavni-zbor"},"since":"2026-04-10","since_precision":"day","until":null,"status":"serving","current":true,"sources":[{"authority":"Dr\u017eavni zbor Republike Slovenije","url":"https:\/\/fotogalerija.dz-rs.si\/datoteke\/opendata\/SIF.XML"},{"authority":"Danes je nov dan \/ Parlameter","url":"https:\/\/data.parlameter.si\/v3\/person-memberships\/"}]},{"person":{"name":"Toma\u017e Lisec","slug":"tomaz-lisec"},"office":"Poslanec","office_code":"mp","role_detail":null,"organization":{"name":"Dr\u017eavni zbor Republike Slovenije","slug":"drzavni-zbor"},"since":"2026-04-10","since_precision":"day","until":null,"status":"serving","current":true,"sources":[{"authority":"Dr\u017eavni zbor Republike Slovenije","url":"https:\/\/fotogalerija.dz-rs.si\/datoteke\/opendata\/SIF.XML"},{"authority":"Danes je nov dan \/ Parlameter","url":"https:\/\/data.parlameter.si\/v3\/person-memberships\/"}]},{"person":{"name":"Iva Dimic","slug":"iva-dimic"},"office":"Poslanec","office_code":"mp","role_detail":null,"organization":{"name":"Dr\u017eavni zbor Republike Slovenije","slug":"drzavni-zbor"},"since":"2026-04-10","since_precision":"day","until":null,"status":"serving","current":true,"sources":[{"authority":"Dr\u017eavni zbor Republike Slovenije","url":"https:\/\/fotogalerija.dz-rs.si\/datoteke\/opendata\/SIF.XML"},{"authority":"Danes je nov dan \/ Parlameter","url":"https:\/\/data.parlameter.si\/v3\/person-memberships\/"}]},{"person":{"name":"Franc Breznik","slug":"franc-breznik"},"office":"Poslanec","office_code":"mp","role_detail":null,"organization":{"name":"Dr\u017eavni zbor Republike Slovenije","slug":"drzavni-zbor"},"since":"2026-04-10","since_precision":"day","until":null,"status":"serving","current":true,"sources":[{"authority":"Dr\u017eavni zbor Republike Slovenije","url":"https:\/\/fotogalerija.dz-rs.si\/datoteke\/opendata\/SIF.XML"},{"authority":"Danes je nov dan \/ Parlameter","url":"https:\/\/data.parlameter.si\/v3\/person-memberships\/"}]},{"person":{"name":"Zvonko \u010cerna\u010d","slug":"zvonko-cernac"},"office":"Poslanec","office_code":"mp","role_detail":null,"organization":{"name":"Dr\u017eavni zbor Republike Slovenije","slug":"drzavni-zbor"},"since":"2026-04-10","since_precision":"day","until":null,"status":"serving","current":true,"sources":[{"authority":"Dr\u017eavni zbor Republike Slovenije","url":"https:\/\/fotogalerija.dz-rs.si\/datoteke\/opendata\/SIF.XML"},{"authority":"Danes je nov dan \/ Parlameter","url":"https:\/\/data.parlameter.si\/v3\/person-memberships\/"}]},{"person":{"name":"Borut Sajovic","slug":"borut-sajovic"},"office":"Poslanec","office_code":"mp","role_detail":null,"organization":{"name":"Dr\u017eavni zbor Republike Slovenije","slug":"drzavni-zbor"},"since":"2026-04-10","since_precision":"day","until":null,"status":"serving","current":true,"sources":[{"authority":"Dr\u017eavni zbor Republike Slovenije","url":"https:\/\/fotogalerija.dz-rs.si\/datoteke\/opendata\/SIF.XML"},{"authority":"Danes je nov dan \/ Parlameter","url":"https:\/\/data.parlameter.si\/v3\/person-memberships\/"}]},{"person":{"name":"Danijel Krivec","slug":"danijel-krivec"},"office":"Poslanec","office_code":"mp","role_detail":null,"organization":{"name":"Dr\u017eavni zbor Republike Slovenije","slug":"drzavni-zbor"},"since":"2026-04-10","since_precision":"day","until":null,"status":"serving","current":true,"sources":[{"authority":"Dr\u017eavni zbor Republike Slovenije","url":"https:\/\/fotogalerija.dz-rs.si\/datoteke\/opendata\/SIF.XML"},{"authority":"Danes je nov dan \/ Parlameter","url":"https:\/\/data.parlameter.si\/v3\/person-memberships\/"}]},{"person":{"name":"Alenka Jeraj","slug":"alenka-jeraj"},"office":"Poslanec","office_code":"mp","role_detail":null,"organization":{"name":"Dr\u017eavni zbor Republike Slovenije","slug":"drzavni-zbor"},"since":"2026-04-10","since_precision":"day","until":null,"status":"serving","current":true,"sources":[{"authority":"Dr\u017eavni zbor Republike Slovenije","url":"https:\/\/fotogalerija.dz-rs.si\/datoteke\/opendata\/SIF.XML"},{"authority":"Danes je nov dan \/ Parlameter","url":"https:\/\/data.parlameter.si\/v3\/person-memberships\/"}]},{"person":{"name":"Matja\u017e Han","slug":"matjaz-han"},"office":"Poslanec","office_code":"mp","role_detail":null,"organization":{"name":"Dr\u017eavni zbor Republike Slovenije","slug":"drzavni-zbor"},"since":"2026-04-10","since_precision":"day","until":null,"status":"serving","current":true,"sources":[{"authority":"Dr\u017eavni zbor Republike Slovenije","url":"https:\/\/fotogalerija.dz-rs.si\/datoteke\/opendata\/SIF.XML"},{"authority":"Danes je nov dan \/ Parlameter","url":"https:\/\/data.parlameter.si\/v3\/person-memberships\/"}]}],"children":[{"slug":"delegacija-drzavnega-zbora-v-parlamentarni-dimenziji-srednjeevropske-pobude","name":"Delegacija Dr\u017eavnega zbora v Parlamentarni dimenziji Srednjeevropske pobude","type":"national_assembly","body_type":"standing_delegation"},{"slug":"delegacija-drzavnega-zbora-v-parlamentarni-skupscini-nato","name":"Delegacija Dr\u017eavnega zbora v Parlamentarni skup\u0161\u010dini NATO","type":"national_assembly","body_type":"standing_delegation"},{"slug":"delegacija-drzavnega-zbora-v-parlamentarni-skupscini-organizacije-za-varnost-in-sodelovanje-v-evropi","name":"Delegacija Dr\u017eavnega zbora v Parlamentarni skup\u0161\u010dini Organizacije za varnost in sodelovanje v Evropi","type":"national_assembly","body_type":"standing_delegation"},{"slug":"delegacija-drzavnega-zbora-v-parlamentarni-skupscini-seecp","name":"Delegacija Dr\u017eavnega zbora v Parlamentarni skup\u0161\u010dini SEECP","type":"national_assembly","body_type":"standing_delegation"},{"slug":"delegacija-drzavnega-zbora-v-parlamentarni-skupscini-sveta-evrope","name":"Delegacija Dr\u017eavnega zbora v Parlamentarni skup\u0161\u010dini Sveta Evrope","type":"national_assembly","body_type":"standing_delegation"},{"slug":"delegacija-drzavnega-zbora-v-parlamentarni-skupscini-unije-za-sredozemlje","name":"Delegacija Dr\u017eavnega zbora v Parlamentarni skup\u0161\u010dini Unije za Sredozemlje","type":"national_assembly","body_type":"standing_delegation"},{"slug":"delegacija-drzavnega-zbora-v-skupini-za-skupni-parlamentarni-nadzor-europola","name":"Delegacija Dr\u017eavnega zbora v Skupini za skupni parlamentarni nadzor Europola","type":"national_assembly","body_type":"standing_delegation"},{"slug":"delegacija-drzavnega-zbora-za-sodelovanje-z-organizacijo-gospodarsko-sodelovanje-in-razvoj-oecd","name":"Delegacija Dr\u017eavnega zbora za sodelovanje z Organizacijo gospodarsko sodelovanje in razvoj (OECD)","type":"national_assembly","body_type":"standing_delegation"},{"slug":"italija-skupina-prijateljstva-z-italijansko-republiko","name":"Italija - Skupina prijateljstva z Italijansko republiko","type":"national_assembly","body_type":"friendship_group"},{"slug":"kazahstan-skupina-prijateljstva-z-republiko-kazahstan","name":"Kazahstan - Skupina prijateljstva z Republiko Kazahstan","type":"national_assembly","body_type":"friendship_group"},{"slug":"kolegij-predsednika-drzavnega-zbora","name":"Kolegij predsednika Dr\u017eavnega zbora","type":"national_assembly","body_type":"working_body"},{"slug":"komisija-za-nadzor-javnih-financ","name":"Komisija za nadzor javnih financ","type":"national_assembly","body_type":"working_body"},{"slug":"komisija-za-nadzor-obvesevalnih-in-varnostnih-sluzb","name":"Komisija za nadzor obve\u0161evalnih in varnostnih slu\u017eb","type":"national_assembly","body_type":"working_body"},{"slug":"komisija-za-narodni-skupnosti","name":"Komisija za narodni skupnosti","type":"national_assembly","body_type":"working_body"},{"slug":"komisija-za-odnose-s-slovenci-v-zamejstvu-in-po-svetu","name":"Komisija za odnose s Slovenci v zamejstvu in po svetu","type":"national_assembly","body_type":"working_body"},{"slug":"komisija-za-peticije-clovekove-pravice-in-enake-moznosti","name":"Komisija za peticije, \u010dlovekove pravice in enake mo\u017enosti","type":"national_assembly","body_type":"working_body"},{"slug":"komisija-za-poslovnik","name":"Komisija za poslovnik","type":"national_assembly","body_type":"working_body"},{"slug":"mandatno-volilna-komisija","name":"Mandatno-volilna komisija","type":"national_assembly","body_type":"working_body"},{"slug":"nacionalna-skupina-interparlamentarne-unije-v-drzavnem-zboru","name":"Nacionalna skupina Interparlamentarne unije v Dr\u017eavnem zboru","type":"national_assembly","body_type":"standing_delegation"},{"slug":"odbor-za-demografijo-druzino-socialne-zadeve-in-invalide","name":"Odbor za demografijo, dru\u017eino, socialne zadeve in invalide","type":"national_assembly","body_type":"working_body"},{"slug":"odbor-za-finance","name":"Odbor za finance","type":"national_assembly","body_type":"working_body"},{"slug":"odbor-za-gospodarstvo-delo-in-sport","name":"Odbor za gospodarstvo, delo in \u0161port","type":"national_assembly","body_type":"working_body"},{"slug":"odbor-za-infrastrukturo-in-energetiko","name":"Odbor za infrastrukturo in energetiko","type":"national_assembly","body_type":"working_body"},{"slug":"odbor-za-izobrazevanje-mladino-in-znanost","name":"Odbor za izobra\u017eevanje, mladino in znanost","type":"national_assembly","body_type":"working_body"},{"slug":"odbor-za-kmetijstvo-gozdarstvo-in-prehransko-suverenost","name":"Odbor za kmetijstvo, gozdarstvo in prehransko suverenost","type":"national_assembly","body_type":"working_body"},{"slug":"odbor-za-kulturo","name":"Odbor za kulturo","type":"national_assembly","body_type":"working_body"},{"slug":"odbor-za-lokalno-samoupravo-kohezijo-in-regionalni-razvoj","name":"Odbor za lokalno samoupravo, kohezijo in regionalni razvoj","type":"national_assembly","body_type":"working_body"},{"slug":"odbor-za-notranje-zadeve-in-javno-upravo","name":"Odbor za notranje zadeve in javno upravo","type":"national_assembly","body_type":"working_body"},{"slug":"odbor-za-obrambo","name":"Odbor za obrambo","type":"national_assembly","body_type":"working_body"},{"slug":"odbor-za-okolje-in-prostor","name":"Odbor za okolje in prostor","type":"national_assembly","body_type":"working_body"},{"slug":"odbor-za-pravosodje","name":"Odbor za pravosodje","type":"national_assembly","body_type":"working_body"},{"slug":"odbor-za-zadeve-evropske-unije","name":"Odbor za zadeve Evropske unije","type":"national_assembly","body_type":"working_body"},{"slug":"odbor-za-zdravje","name":"Odbor za zdravje","type":"national_assembly","body_type":"working_body"},{"slug":"odbor-za-zunanjo-politiko","name":"Odbor za zunanjo politiko","type":"national_assembly","body_type":"working_body"},{"slug":"poslanska-skupina-demokrati-anzeta-logarja","name":"Poslanska skupina Demokrati. An\u017eeta Logarja","type":"national_assembly","body_type":"parliamentary_group"},{"slug":"poslanska-skupina-italijanske-in-madzarske-narodne-skupnosti","name":"Poslanska skupina italijanske in mad\u017earske narodne skupnosti","type":"national_assembly","body_type":"parliamentary_group"},{"slug":"poslanska-skupina-levica-vesna","name":"Poslanska skupina Levica","type":"national_assembly","body_type":"parliamentary_group"},{"slug":"poslanska-skupina-nsi-sls-fokus","name":"Poslanska skupina NSi SLS FOKUS","type":"national_assembly","body_type":"parliamentary_group"},{"slug":"poslanska-skupina-resnica","name":"Poslanska skupina Resni.ca","type":"national_assembly","body_type":"parliamentary_group"},{"slug":"poslanska-skupina-slovenske-demokratske-stranke","name":"Poslanska skupina Slovenske demokratske stranke","type":"national_assembly","body_type":"parliamentary_group"},{"slug":"poslanska-skupina-socialnih-demokratov","name":"Poslanska skupina Socialnih demokratov","type":"national_assembly","body_type":"parliamentary_group"},{"slug":"poslanska-skupina-svoboda","name":"Poslanska skupina Svoboda","type":"national_assembly","body_type":"parliamentary_group"},{"slug":"severna-makedonija-skupina-prijateljstva-z-republiko-severno-makedonijo","name":"Severna Makedonija - Skupina prijateljstva z Republiko Severno Makedonijo","type":"national_assembly","body_type":"friendship_group"},{"slug":"skupina-prijateljstva-z-brazilijo","name":"Skupina prijateljstva z Brazilijo","type":"national_assembly","body_type":"friendship_group"},{"slug":"ustavna-komisija","name":"Ustavna komisija","type":"national_assembly","body_type":"working_body"}]}