{"data":{"slug":"idrija","name":"Idrija","type":"municipality","type_label":"Ob\u010dina","body_type":null,"parent":null,"website":null,"phone":null,"address":"Mestni trg 001, 5280 IDRIJA","email":"obcina.idrija@idrija.si","leader":{"name":"Toma\u017e Vencelj","person_slug":"tomaz-vencelj","office":"\u017dupan","office_code":"mayor","since":"2022-11-20"},"image":null,"sources":[],"url":"https:\/\/kdo-vodi.si\/organ\/idrija","api_url":"https:\/\/kdo-vodi.si\/api\/v1\/organizations\/idrija"},"office_holders":[{"person":{"name":"Lovrenc Habe","slug":"lovrenc-habe"},"office":"Ob\u010dinski svetnik","office_code":"local_councillor","role_detail":"izvoljen z liste LISTA ODGOVORNI ZA OB\u010cINO IDRIJA","organization":{"name":"Idrija","slug":"idrija"},"since":"2022-11-20","since_precision":"inferred","until":null,"status":"elected","current":true,"sources":[{"authority":"Dr\u017eavna volilna komisija","url":"https:\/\/www.dvk-rs.si\/arhivi\/volitve2022\/lv2022\/data\/prvikrog\/obcine-data\/data_036.json"}]},{"person":{"name":"Gregor Rupnik","slug":"gregor-rupnik"},"office":"Ob\u010dinski svetnik","office_code":"local_councillor","role_detail":"izvoljen z liste SLOVENSKA LJUDSKA STRANKA","organization":{"name":"Idrija","slug":"idrija"},"since":"2022-11-20","since_precision":"inferred","until":null,"status":"elected","current":true,"sources":[{"authority":"Dr\u017eavna volilna komisija","url":"https:\/\/www.dvk-rs.si\/arhivi\/volitve2022\/lv2022\/data\/prvikrog\/obcine-data\/data_036.json"}]},{"person":{"name":"Dorica Gnjezda","slug":"dorica-gnjezda"},"office":"Ob\u010dinski svetnik","office_code":"local_councillor","role_detail":"izvoljen z liste SLOVENSKA DEMOKRATSKA STRANKA","organization":{"name":"Idrija","slug":"idrija"},"since":"2022-11-20","since_precision":"inferred","until":null,"status":"elected","current":true,"sources":[{"authority":"Dr\u017eavna volilna komisija","url":"https:\/\/www.dvk-rs.si\/arhivi\/volitve2022\/lv2022\/data\/prvikrog\/obcine-data\/data_036.json"}]},{"person":{"name":"Toma\u017e Kav\u010di\u010d","slug":"tomaz-kavcic"},"office":"Ob\u010dinski svetnik","office_code":"local_councillor","role_detail":"izvoljen z liste LKS - LISTA KRAJEVNIH SKUPNOSTI","organization":{"name":"Idrija","slug":"idrija"},"since":"2022-11-20","since_precision":"inferred","until":null,"status":"elected","current":true,"sources":[{"authority":"Dr\u017eavna volilna komisija","url":"https:\/\/www.dvk-rs.si\/arhivi\/volitve2022\/lv2022\/data\/prvikrog\/obcine-data\/data_036.json"}]},{"person":{"name":"Metod Habe","slug":"metod-habe"},"office":"Ob\u010dinski svetnik","office_code":"local_councillor","role_detail":"izvoljen z liste NOVA SLOVENIJA - KR\u0160\u010cANSKI DEMOKRATI","organization":{"name":"Idrija","slug":"idrija"},"since":"2022-11-20","since_precision":"inferred","until":null,"status":"elected","current":true,"sources":[{"authority":"Dr\u017eavna volilna komisija","url":"https:\/\/www.dvk-rs.si\/arhivi\/volitve2022\/lv2022\/data\/prvikrog\/obcine-data\/data_036.json"}]},{"person":{"name":"Tita Stanek Zidari\u010d","slug":"tita-stanek-zidaric"},"office":"Ob\u010dinski svetnik","office_code":"local_councillor","role_detail":"izvoljen z liste LISTA ODGOVORNI ZA OB\u010cINO IDRIJA","organization":{"name":"Idrija","slug":"idrija"},"since":"2022-11-20","since_precision":"inferred","until":null,"status":"elected","current":true,"sources":[{"authority":"Dr\u017eavna volilna komisija","url":"https:\/\/www.dvk-rs.si\/arhivi\/volitve2022\/lv2022\/data\/prvikrog\/obcine-data\/data_036.json"}]},{"person":{"name":"Marija Bizjak Pav\u0161i\u010d","slug":"marija-bizjak-pavsic"},"office":"Ob\u010dinski svetnik","office_code":"local_councillor","role_detail":"izvoljen z liste SOCIALNI DEMOKRATI","organization":{"name":"Idrija","slug":"idrija"},"since":"2022-11-20","since_precision":"inferred","until":null,"status":"elected","current":true,"sources":[{"authority":"Dr\u017eavna volilna komisija","url":"https:\/\/www.dvk-rs.si\/arhivi\/volitve2022\/lv2022\/data\/prvikrog\/obcine-data\/data_036.json"}]},{"person":{"name":"Robert \u0160inkovec","slug":"robert-sinkovec"},"office":"Ob\u010dinski svetnik","office_code":"local_councillor","role_detail":"izvoljen z liste SOCIALNI DEMOKRATI","organization":{"name":"Idrija","slug":"idrija"},"since":"2022-11-20","since_precision":"inferred","until":null,"status":"elected","current":true,"sources":[{"authority":"Dr\u017eavna volilna komisija","url":"https:\/\/www.dvk-rs.si\/arhivi\/volitve2022\/lv2022\/data\/prvikrog\/obcine-data\/data_036.json"}]},{"person":{"name":"Ivan Rupnik","slug":"ivan-rupnik"},"office":"Ob\u010dinski svetnik","office_code":"local_councillor","role_detail":"izvoljen z liste SLOVENSKA DEMOKRATSKA STRANKA","organization":{"name":"Idrija","slug":"idrija"},"since":"2022-11-20","since_precision":"inferred","until":null,"status":"elected","current":true,"sources":[{"authority":"Dr\u017eavna volilna komisija","url":"https:\/\/www.dvk-rs.si\/arhivi\/volitve2022\/lv2022\/data\/prvikrog\/obcine-data\/data_036.json"}]},{"person":{"name":"Nada Golija Vasti\u010d","slug":"nada-golija-vastic"},"office":"Ob\u010dinski svetnik","office_code":"local_councillor","role_detail":"izvoljen z liste LKS - LISTA KRAJEVNIH SKUPNOSTI","organization":{"name":"Idrija","slug":"idrija"},"since":"2022-11-20","since_precision":"inferred","until":null,"status":"elected","current":true,"sources":[{"authority":"Dr\u017eavna volilna komisija","url":"https:\/\/www.dvk-rs.si\/arhivi\/volitve2022\/lv2022\/data\/prvikrog\/obcine-data\/data_036.json"}]},{"person":{"name":"Simon Permozer","slug":"simon-permozer"},"office":"Ob\u010dinski svetnik","office_code":"local_councillor","role_detail":"izvoljen z liste Dr\u017eavljansko gibanje Resni.ca","organization":{"name":"Idrija","slug":"idrija"},"since":"2022-11-20","since_precision":"inferred","until":null,"status":"elected","current":true,"sources":[{"authority":"Dr\u017eavna volilna komisija","url":"https:\/\/www.dvk-rs.si\/arhivi\/volitve2022\/lv2022\/data\/prvikrog\/obcine-data\/data_036.json"}]},{"person":{"name":"Davorin Lampe","slug":"davorin-lampe"},"office":"Ob\u010dinski svetnik","office_code":"local_councillor","role_detail":"izvoljen z liste LISTA ODGOVORNI ZA OB\u010cINO IDRIJA","organization":{"name":"Idrija","slug":"idrija"},"since":"2022-11-20","since_precision":"inferred","until":null,"status":"elected","current":true,"sources":[{"authority":"Dr\u017eavna volilna komisija","url":"https:\/\/www.dvk-rs.si\/arhivi\/volitve2022\/lv2022\/data\/prvikrog\/obcine-data\/data_036.json"}]},{"person":{"name":"Natalija Kova\u010d Jereb","slug":"natalija-kovac-jereb"},"office":"Ob\u010dinski svetnik","office_code":"local_councillor","role_detail":"izvoljen z liste LISTA ODGOVORNI ZA OB\u010cINO IDRIJA","organization":{"name":"Idrija","slug":"idrija"},"since":"2022-11-20","since_precision":"inferred","until":null,"status":"elected","current":true,"sources":[{"authority":"Dr\u017eavna volilna komisija","url":"https:\/\/www.dvk-rs.si\/arhivi\/volitve2022\/lv2022\/data\/prvikrog\/obcine-data\/data_036.json"}]},{"person":{"name":"Miranda Groff Ferjan\u010di\u010d","slug":"miranda-groff-ferjancic"},"office":"Ob\u010dinski svetnik","office_code":"local_councillor","role_detail":"izvoljen z liste SOCIALNI DEMOKRATI","organization":{"name":"Idrija","slug":"idrija"},"since":"2022-11-20","since_precision":"inferred","until":null,"status":"elected","current":true,"sources":[{"authority":"Dr\u017eavna volilna komisija","url":"https:\/\/www.dvk-rs.si\/arhivi\/volitve2022\/lv2022\/data\/prvikrog\/obcine-data\/data_036.json"}]},{"person":{"name":"Bojan Re\u017eun","slug":"bojan-rezun"},"office":"Ob\u010dinski svetnik","office_code":"local_councillor","role_detail":"izvoljen z liste SOCIALNI DEMOKRATI","organization":{"name":"Idrija","slug":"idrija"},"since":"2022-11-20","since_precision":"inferred","until":null,"status":"elected","current":true,"sources":[{"authority":"Dr\u017eavna volilna komisija","url":"https:\/\/www.dvk-rs.si\/arhivi\/volitve2022\/lv2022\/data\/prvikrog\/obcine-data\/data_036.json"}]},{"person":{"name":"Andrej Poglajen","slug":"andrej-poglajen"},"office":"Ob\u010dinski svetnik","office_code":"local_councillor","role_detail":"izvoljen z liste SLOVENSKA DEMOKRATSKA STRANKA","organization":{"name":"Idrija","slug":"idrija"},"since":"2022-11-20","since_precision":"inferred","until":null,"status":"elected","current":true,"sources":[{"authority":"Dr\u017eavna volilna komisija","url":"https:\/\/www.dvk-rs.si\/arhivi\/volitve2022\/lv2022\/data\/prvikrog\/obcine-data\/data_036.json"}]},{"person":{"name":"Tatjana Majnik","slug":"tatjana-majnik"},"office":"Ob\u010dinski svetnik","office_code":"local_councillor","role_detail":"izvoljen z liste LKS - LISTA KRAJEVNIH SKUPNOSTI","organization":{"name":"Idrija","slug":"idrija"},"since":"2022-11-20","since_precision":"inferred","until":null,"status":"elected","current":true,"sources":[{"authority":"Dr\u017eavna volilna komisija","url":"https:\/\/www.dvk-rs.si\/arhivi\/volitve2022\/lv2022\/data\/prvikrog\/obcine-data\/data_036.json"}]},{"person":{"name":"Erik Logar","slug":"erik-logar"},"office":"Ob\u010dinski svetnik","office_code":"local_councillor","role_detail":"izvoljen z liste LKS - LISTA KRAJEVNIH SKUPNOSTI","organization":{"name":"Idrija","slug":"idrija"},"since":"2022-11-20","since_precision":"inferred","until":null,"status":"elected","current":true,"sources":[{"authority":"Dr\u017eavna volilna komisija","url":"https:\/\/www.dvk-rs.si\/arhivi\/volitve2022\/lv2022\/data\/prvikrog\/obcine-data\/data_036.json"}]},{"person":{"name":"Cirila Hladnik","slug":"cirila-hladnik"},"office":"Ob\u010dinski svetnik","office_code":"local_councillor","role_detail":"izvoljen z liste LKS - LISTA KRAJEVNIH SKUPNOSTI","organization":{"name":"Idrija","slug":"idrija"},"since":"2022-11-20","since_precision":"inferred","until":null,"status":"elected","current":true,"sources":[{"authority":"Dr\u017eavna volilna komisija","url":"https:\/\/www.dvk-rs.si\/arhivi\/volitve2022\/lv2022\/data\/prvikrog\/obcine-data\/data_036.json"}]},{"person":{"name":"Toma\u017e Vencelj","slug":"tomaz-vencelj"},"office":"Ob\u010dinski svetnik","office_code":"local_councillor","role_detail":"izvoljen z liste LKS - LISTA KRAJEVNIH SKUPNOSTI","organization":{"name":"Idrija","slug":"idrija"},"since":"2022-11-20","since_precision":"inferred","until":null,"status":"elected","current":true,"sources":[{"authority":"Dr\u017eavna volilna komisija","url":"https:\/\/www.dvk-rs.si\/arhivi\/volitve2022\/lv2022\/data\/prvikrog\/obcine-data\/data_036.json"}]},{"person":{"name":"Franc Medic","slug":"franc-medic"},"office":"Ob\u010dinski svetnik","office_code":"local_councillor","role_detail":"izvoljen z liste NOVA SLOVENIJA - KR\u0160\u010cANSKI DEMOKRATI","organization":{"name":"Idrija","slug":"idrija"},"since":"2022-11-20","since_precision":"inferred","until":null,"status":"elected","current":true,"sources":[{"authority":"Dr\u017eavna volilna komisija","url":"https:\/\/www.dvk-rs.si\/arhivi\/volitve2022\/lv2022\/data\/prvikrog\/obcine-data\/data_036.json"}]},{"person":{"name":"Toma\u017e Vencelj","slug":"tomaz-vencelj"},"office":"\u017dupan","office_code":"mayor","role_detail":null,"organization":{"name":"Idrija","slug":"idrija"},"since":"2022-11-20","since_precision":"inferred","until":null,"status":"elected","current":true,"sources":[{"authority":"Dr\u017eavna volilna komisija","url":"https:\/\/www.dvk-rs.si\/arhivi\/volitve2022\/lv2022\/data\/ostale_obcine.json"}]}],"children":[{"slug":"glasbena-sola-idrija","name":"Glasbena \u0160ola Idrija","type":"public_institute","body_type":null},{"slug":"mestna-knjiznica-in-citalnica-idrija","name":"Mestna Knji\u017enica In \u010citalnica Idrija","type":"public_institute","body_type":null},{"slug":"mestni-muzej-idrija-muzej-za-idrijsko-in-cerkljansko","name":"MESTNI MUZEJ IDRIJA, Muzej za Idrijsko in Cerkljansko","type":"public_institute","body_type":null},{"slug":"osnovna-sola-crni-vrh","name":"OSNOVNA \u0160OLA \u010crni vrh","type":"public_institute","body_type":null},{"slug":"osnovna-sola-idrija","name":"Osnovna \u0160ola Idrija","type":"public_institute","body_type":null},{"slug":"osnovna-sola-spodnja-idrija","name":"Osnovna \u0160ola Spodnja Idrija","type":"public_institute","body_type":null},{"slug":"vrtec-idrija","name":"Vrtec Idrija","type":"public_institute","body_type":null},{"slug":"zavod-za-turizem-idrija","name":"Zavod za turizem Idrija","type":"public_institute","body_type":null},{"slug":"zdravstveni-dom-idrija","name":"Zdravstveni Dom Idrija","type":"public_institute","body_type":null}]}