{"data":{"slug":"ilirska-bistrica","name":"Ilirska Bistrica","type":"municipality","type_label":"Ob\u010dina","body_type":null,"parent":null,"website":null,"phone":null,"address":"Bazovi\u0161ka cesta 014, 6250 ILIRSKA BISTRICA","email":"obcina.ilirska-bistrica@ilirska-bistrica.si","leader":{"name":"Gregor Kova\u010di\u010d","person_slug":"gregor-kovacic","office":"\u017dupan","office_code":"mayor","since":"2022-12-04"},"image":{"url":"https:\/\/commons.wikimedia.org\/wiki\/Special:FilePath\/COA-Ilirska_Bistrica.gif","attribution":"Wikimedia Commons","source":"https:\/\/commons.wikimedia.org\/wiki\/Special:FilePath\/COA-Ilirska_Bistrica.gif","hosted":false},"sources":[],"url":"https:\/\/kdo-vodi.si\/organ\/ilirska-bistrica","api_url":"https:\/\/kdo-vodi.si\/api\/v1\/organizations\/ilirska-bistrica"},"office_holders":[{"person":{"name":"Ur\u0161ka Blazin\u0161ek","slug":"urska-blazinsek"},"office":"Ob\u010dinski svetnik","office_code":"local_councillor","role_detail":"izvoljen z liste GIBANJE SVOBODA","organization":{"name":"Ilirska Bistrica","slug":"ilirska-bistrica"},"since":"2022-11-20","since_precision":"inferred","until":null,"status":"elected","current":true,"sources":[{"authority":"Dr\u017eavna volilna komisija","url":"https:\/\/www.dvk-rs.si\/arhivi\/volitve2022\/lv2022\/data\/prvikrog\/obcine-data\/data_038.json"}]},{"person":{"name":"Bo\u0161tjan Kerma","slug":"bostjan-kerma"},"office":"Ob\u010dinski svetnik","office_code":"local_councillor","role_detail":"izvoljen z liste GIBANJE SVOBODA","organization":{"name":"Ilirska Bistrica","slug":"ilirska-bistrica"},"since":"2022-11-20","since_precision":"inferred","until":null,"status":"elected","current":true,"sources":[{"authority":"Dr\u017eavna volilna komisija","url":"https:\/\/www.dvk-rs.si\/arhivi\/volitve2022\/lv2022\/data\/prvikrog\/obcine-data\/data_038.json"}]},{"person":{"name":"Domen Vodopivec","slug":"domen-vodopivec"},"office":"Ob\u010dinski svetnik","office_code":"local_councillor","role_detail":"izvoljen z liste NOVA SLOVENIJA - KR\u0160\u010cANSKI DEMOKRATI","organization":{"name":"Ilirska Bistrica","slug":"ilirska-bistrica"},"since":"2022-11-20","since_precision":"inferred","until":null,"status":"elected","current":true,"sources":[{"authority":"Dr\u017eavna volilna komisija","url":"https:\/\/www.dvk-rs.si\/arhivi\/volitve2022\/lv2022\/data\/prvikrog\/obcine-data\/data_038.json"}]},{"person":{"name":"Teja Iskra","slug":"teja-iskra"},"office":"Ob\u010dinski svetnik","office_code":"local_councillor","role_detail":"izvoljen z liste NOVA SLOVENIJA - KR\u0160\u010cANSKI DEMOKRATI","organization":{"name":"Ilirska Bistrica","slug":"ilirska-bistrica"},"since":"2022-11-20","since_precision":"inferred","until":null,"status":"elected","current":true,"sources":[{"authority":"Dr\u017eavna volilna komisija","url":"https:\/\/www.dvk-rs.si\/arhivi\/volitve2022\/lv2022\/data\/prvikrog\/obcine-data\/data_038.json"}]},{"person":{"name":"Andrej \u010cernigoj","slug":"andrej-cernigoj"},"office":"Ob\u010dinski svetnik","office_code":"local_councillor","role_detail":"izvoljen z liste NOVA SLOVENIJA - KR\u0160\u010cANSKI DEMOKRATI","organization":{"name":"Ilirska Bistrica","slug":"ilirska-bistrica"},"since":"2022-11-20","since_precision":"inferred","until":null,"status":"elected","current":true,"sources":[{"authority":"Dr\u017eavna volilna komisija","url":"https:\/\/www.dvk-rs.si\/arhivi\/volitve2022\/lv2022\/data\/prvikrog\/obcine-data\/data_038.json"}]},{"person":{"name":"Lilijana Valen\u010di\u010d","slug":"lilijana-valencic"},"office":"Ob\u010dinski svetnik","office_code":"local_councillor","role_detail":"izvoljen z liste Povezovalna lista Emila Rojca","organization":{"name":"Ilirska Bistrica","slug":"ilirska-bistrica"},"since":"2022-11-20","since_precision":"inferred","until":null,"status":"elected","current":true,"sources":[{"authority":"Dr\u017eavna volilna komisija","url":"https:\/\/www.dvk-rs.si\/arhivi\/volitve2022\/lv2022\/data\/prvikrog\/obcine-data\/data_038.json"}]},{"person":{"name":"Igor Jani\u010dijevi\u0107","slug":"igor-janicijevic"},"office":"Ob\u010dinski svetnik","office_code":"local_councillor","role_detail":"izvoljen z liste Povezovalna lista Emila Rojca","organization":{"name":"Ilirska Bistrica","slug":"ilirska-bistrica"},"since":"2022-11-20","since_precision":"inferred","until":null,"status":"elected","current":true,"sources":[{"authority":"Dr\u017eavna volilna komisija","url":"https:\/\/www.dvk-rs.si\/arhivi\/volitve2022\/lv2022\/data\/prvikrog\/obcine-data\/data_038.json"}]},{"person":{"name":"Sonja \u010co\u0161i\u0107","slug":"sonja-cosic"},"office":"Ob\u010dinski svetnik","office_code":"local_councillor","role_detail":"izvoljen z liste Povezovalna lista Emila Rojca","organization":{"name":"Ilirska Bistrica","slug":"ilirska-bistrica"},"since":"2022-11-20","since_precision":"inferred","until":null,"status":"elected","current":true,"sources":[{"authority":"Dr\u017eavna volilna komisija","url":"https:\/\/www.dvk-rs.si\/arhivi\/volitve2022\/lv2022\/data\/prvikrog\/obcine-data\/data_038.json"}]},{"person":{"name":"Borut Rojc","slug":"borut-rojc"},"office":"Ob\u010dinski svetnik","office_code":"local_councillor","role_detail":"izvoljen z liste Povezovalna lista Emila Rojca","organization":{"name":"Ilirska Bistrica","slug":"ilirska-bistrica"},"since":"2022-11-20","since_precision":"inferred","until":null,"status":"elected","current":true,"sources":[{"authority":"Dr\u017eavna volilna komisija","url":"https:\/\/www.dvk-rs.si\/arhivi\/volitve2022\/lv2022\/data\/prvikrog\/obcine-data\/data_038.json"}]},{"person":{"name":"Adriana Gomba\u010d","slug":"adriana-gombac"},"office":"Ob\u010dinski svetnik","office_code":"local_councillor","role_detail":"izvoljen z liste SLOVENSKA DEMOKRATSKA STRANKA","organization":{"name":"Ilirska Bistrica","slug":"ilirska-bistrica"},"since":"2022-11-20","since_precision":"inferred","until":null,"status":"elected","current":true,"sources":[{"authority":"Dr\u017eavna volilna komisija","url":"https:\/\/www.dvk-rs.si\/arhivi\/volitve2022\/lv2022\/data\/prvikrog\/obcine-data\/data_038.json"}]},{"person":{"name":"Du\u0161an Grbec","slug":"dusan-grbec"},"office":"Ob\u010dinski svetnik","office_code":"local_councillor","role_detail":"izvoljen z liste SLOVENSKA DEMOKRATSKA STRANKA","organization":{"name":"Ilirska Bistrica","slug":"ilirska-bistrica"},"since":"2022-11-20","since_precision":"inferred","until":null,"status":"elected","current":true,"sources":[{"authority":"Dr\u017eavna volilna komisija","url":"https:\/\/www.dvk-rs.si\/arhivi\/volitve2022\/lv2022\/data\/prvikrog\/obcine-data\/data_038.json"}]},{"person":{"name":"Simon Vi\u010di\u010d","slug":"simon-vicic"},"office":"Ob\u010dinski svetnik","office_code":"local_councillor","role_detail":"izvoljen z liste LISTA SVE\u017dI","organization":{"name":"Ilirska Bistrica","slug":"ilirska-bistrica"},"since":"2022-11-20","since_precision":"inferred","until":null,"status":"elected","current":true,"sources":[{"authority":"Dr\u017eavna volilna komisija","url":"https:\/\/www.dvk-rs.si\/arhivi\/volitve2022\/lv2022\/data\/prvikrog\/obcine-data\/data_038.json"}]},{"person":{"name":"Andreja Kuret","slug":"andreja-kuret"},"office":"Ob\u010dinski svetnik","office_code":"local_councillor","role_detail":"izvoljen z liste LISTA SVE\u017dI","organization":{"name":"Ilirska Bistrica","slug":"ilirska-bistrica"},"since":"2022-11-20","since_precision":"inferred","until":null,"status":"elected","current":true,"sources":[{"authority":"Dr\u017eavna volilna komisija","url":"https:\/\/www.dvk-rs.si\/arhivi\/volitve2022\/lv2022\/data\/prvikrog\/obcine-data\/data_038.json"}]},{"person":{"name":"Andrej Batista","slug":"andrej-batista"},"office":"Ob\u010dinski svetnik","office_code":"local_councillor","role_detail":"izvoljen z liste LISTA SVE\u017dI","organization":{"name":"Ilirska Bistrica","slug":"ilirska-bistrica"},"since":"2022-11-20","since_precision":"inferred","until":null,"status":"elected","current":true,"sources":[{"authority":"Dr\u017eavna volilna komisija","url":"https:\/\/www.dvk-rs.si\/arhivi\/volitve2022\/lv2022\/data\/prvikrog\/obcine-data\/data_038.json"}]},{"person":{"name":"Mitja Jagodnik","slug":"mitja-jagodnik"},"office":"Ob\u010dinski svetnik","office_code":"local_councillor","role_detail":"izvoljen z liste Gremo! - Neodvisna lista dr. Gregorja Kova\u010di\u010da","organization":{"name":"Ilirska Bistrica","slug":"ilirska-bistrica"},"since":"2022-11-20","since_precision":"inferred","until":null,"status":"elected","current":true,"sources":[{"authority":"Dr\u017eavna volilna komisija","url":"https:\/\/www.dvk-rs.si\/arhivi\/volitve2022\/lv2022\/data\/prvikrog\/obcine-data\/data_038.json"}]},{"person":{"name":"Tina \u0160temberger","slug":"tina-stemberger"},"office":"Ob\u010dinski svetnik","office_code":"local_councillor","role_detail":"izvoljen z liste Gremo! - Neodvisna lista dr. Gregorja Kova\u010di\u010da","organization":{"name":"Ilirska Bistrica","slug":"ilirska-bistrica"},"since":"2022-11-20","since_precision":"inferred","until":null,"status":"elected","current":true,"sources":[{"authority":"Dr\u017eavna volilna komisija","url":"https:\/\/www.dvk-rs.si\/arhivi\/volitve2022\/lv2022\/data\/prvikrog\/obcine-data\/data_038.json"}]},{"person":{"name":"Klemen \u0160losar","slug":"klemen-slosar"},"office":"Ob\u010dinski svetnik","office_code":"local_councillor","role_detail":"izvoljen z liste Gremo! - Neodvisna lista dr. Gregorja Kova\u010di\u010da","organization":{"name":"Ilirska Bistrica","slug":"ilirska-bistrica"},"since":"2022-11-20","since_precision":"inferred","until":null,"status":"elected","current":true,"sources":[{"authority":"Dr\u017eavna volilna komisija","url":"https:\/\/www.dvk-rs.si\/arhivi\/volitve2022\/lv2022\/data\/prvikrog\/obcine-data\/data_038.json"}]},{"person":{"name":"Mateja Kresevi\u010d Bari\u010di\u010d","slug":"mateja-kresevic-baricic"},"office":"Ob\u010dinski svetnik","office_code":"local_councillor","role_detail":"izvoljen z liste Gremo! - Neodvisna lista dr. Gregorja Kova\u010di\u010da","organization":{"name":"Ilirska Bistrica","slug":"ilirska-bistrica"},"since":"2022-11-20","since_precision":"inferred","until":null,"status":"elected","current":true,"sources":[{"authority":"Dr\u017eavna volilna komisija","url":"https:\/\/www.dvk-rs.si\/arhivi\/volitve2022\/lv2022\/data\/prvikrog\/obcine-data\/data_038.json"}]},{"person":{"name":"Rok Smrdelj","slug":"rok-smrdelj"},"office":"Ob\u010dinski svetnik","office_code":"local_councillor","role_detail":"izvoljen z liste Gremo! - Neodvisna lista dr. Gregorja Kova\u010di\u010da","organization":{"name":"Ilirska Bistrica","slug":"ilirska-bistrica"},"since":"2022-11-20","since_precision":"inferred","until":null,"status":"elected","current":true,"sources":[{"authority":"Dr\u017eavna volilna komisija","url":"https:\/\/www.dvk-rs.si\/arhivi\/volitve2022\/lv2022\/data\/prvikrog\/obcine-data\/data_038.json"}]},{"person":{"name":"Andreja Slavec","slug":"andreja-slavec"},"office":"Ob\u010dinski svetnik","office_code":"local_councillor","role_detail":"izvoljen z liste Gremo! - Neodvisna lista dr. Gregorja Kova\u010di\u010da","organization":{"name":"Ilirska Bistrica","slug":"ilirska-bistrica"},"since":"2022-11-20","since_precision":"inferred","until":null,"status":"elected","current":true,"sources":[{"authority":"Dr\u017eavna volilna komisija","url":"https:\/\/www.dvk-rs.si\/arhivi\/volitve2022\/lv2022\/data\/prvikrog\/obcine-data\/data_038.json"}]},{"person":{"name":"Andrej Bergo\u010d","slug":"andrej-bergoc"},"office":"Ob\u010dinski svetnik","office_code":"local_councillor","role_detail":"izvoljen z liste Gremo! - Neodvisna lista dr. Gregorja Kova\u010di\u010da","organization":{"name":"Ilirska Bistrica","slug":"ilirska-bistrica"},"since":"2022-11-20","since_precision":"inferred","until":null,"status":"elected","current":true,"sources":[{"authority":"Dr\u017eavna volilna komisija","url":"https:\/\/www.dvk-rs.si\/arhivi\/volitve2022\/lv2022\/data\/prvikrog\/obcine-data\/data_038.json"}]},{"person":{"name":"Dragica Jakseti\u010d","slug":"dragica-jaksetic"},"office":"Ob\u010dinski svetnik","office_code":"local_councillor","role_detail":"izvoljen z liste Gremo! - Neodvisna lista dr. Gregorja Kova\u010di\u010da","organization":{"name":"Ilirska Bistrica","slug":"ilirska-bistrica"},"since":"2022-11-20","since_precision":"inferred","until":null,"status":"elected","current":true,"sources":[{"authority":"Dr\u017eavna volilna komisija","url":"https:\/\/www.dvk-rs.si\/arhivi\/volitve2022\/lv2022\/data\/prvikrog\/obcine-data\/data_038.json"}]},{"person":{"name":"Gregor Kova\u010di\u010d","slug":"gregor-kovacic"},"office":"Ob\u010dinski svetnik","office_code":"local_councillor","role_detail":"izvoljen z liste Gremo! - Neodvisna lista dr. Gregorja Kova\u010di\u010da","organization":{"name":"Ilirska Bistrica","slug":"ilirska-bistrica"},"since":"2022-11-20","since_precision":"inferred","until":null,"status":"elected","current":true,"sources":[{"authority":"Dr\u017eavna volilna komisija","url":"https:\/\/www.dvk-rs.si\/arhivi\/volitve2022\/lv2022\/data\/prvikrog\/obcine-data\/data_038.json"}]},{"person":{"name":"Gregor Kova\u010di\u010d","slug":"gregor-kovacic"},"office":"\u017dupan","office_code":"mayor","role_detail":null,"organization":{"name":"Ilirska Bistrica","slug":"ilirska-bistrica"},"since":"2022-12-04","since_precision":"inferred","until":null,"status":"elected","current":true,"sources":[{"authority":"Dr\u017eavna volilna komisija","url":"https:\/\/www.dvk-rs.si\/arhivi\/volitve2022\/lv2022\/data\/drugi_krog.json"}]}],"children":[{"slug":"glasbena-sola-ilirska-bistrica","name":"Glasbena \u0160ola Ilirska Bistrica","type":"public_institute","body_type":null},{"slug":"javni-zavod-kraske-lekarne-ilirska-bistrica","name":"Javni zavod Kra\u0161ke lekarne Ilirska Bistrica","type":"public_institute","body_type":null},{"slug":"knjiznica-makse-samsa-ilirska-bistrica","name":"Knji\u017enica Makse Samsa Ilirska Bistrica","type":"public_institute","body_type":null},{"slug":"krajevna-skupnost-bac","name":"Krajevna Skupnost Ba\u010d","type":"local_community","body_type":null},{"slug":"krajevna-skupnost-bitnja","name":"Krajevna Skupnost Bitnja","type":"local_community","body_type":null},{"slug":"krajevna-skupnost-dolnji-zemon","name":"Krajevna Skupnost Dolnji Zemon","type":"local_community","body_type":null},{"slug":"krajevna-skupnost-harije","name":"Krajevna Skupnost Harije","type":"local_community","body_type":null},{"slug":"krajevna-skupnost-hrusica","name":"Krajevna Skupnost Hru\u0161ica","type":"local_community","body_type":null},{"slug":"krajevna-skupnost-ilirska-bistrica","name":"Krajevna Skupnost Ilirska Bistrica","type":"local_community","body_type":null},{"slug":"krajevna-skupnost-jasen","name":"Krajevna Skupnost Jasen","type":"local_community","body_type":null},{"slug":"krajevna-skupnost-jelsane","name":"Krajevna Skupnost Jel\u0161ane","type":"local_community","body_type":null},{"slug":"krajevna-skupnost-knezak","name":"Krajevna Skupnost Kne\u017eak","type":"local_community","body_type":null},{"slug":"krajevna-skupnost-koseze","name":"Krajevna Skupnost Koseze","type":"local_community","body_type":null},{"slug":"krajevna-skupnost-kutezevo","name":"Krajevna Skupnost Kute\u017eevo","type":"local_community","body_type":null},{"slug":"krajevna-skupnost-novokracine","name":"Krajevna Skupnost Novokra\u010dine","type":"local_community","body_type":null},{"slug":"krajevna-skupnost-ostrozno-brdo","name":"Krajevna Skupnost Ostro\u017eno Brdo","type":"local_community","body_type":null},{"slug":"krajevna-skupnost-pregarje","name":"Krajevna Skupnost Pregarje","type":"local_community","body_type":null},{"slug":"krajevna-skupnost-prem","name":"Krajevna Skupnost Prem","type":"local_community","body_type":null},{"slug":"krajevna-skupnost-sembije","name":"Krajevna Skupnost \u0160embije","type":"local_community","body_type":null},{"slug":"krajevna-skupnost-starod","name":"Krajevna Skupnost Starod","type":"local_community","body_type":null},{"slug":"krajevna-skupnost-topolc","name":"Krajevna Skupnost Topolc","type":"local_community","body_type":null},{"slug":"krajevna-skupnost-vrbovo","name":"Krajevna Skupnost Vrbovo","type":"local_community","body_type":null},{"slug":"krajevna-skupnost-zabice","name":"Krajevna Skupnost Zabi\u010de","type":"local_community","body_type":null},{"slug":"obcina-ilirska-bistrica-krajevna-skupnost-podgrad","name":"Ob\u010dina Ilirska Bistrica, Krajevna Skupnost Podgrad","type":"local_community","body_type":null},{"slug":"obcina-ilirska-bistrica-krajevna-skupnost-recica","name":"Ob\u010dina Ilirska Bistrica, Krajevna Skupnost Re\u010dica","type":"local_community","body_type":null},{"slug":"osnovna-sola-antona-znidersica-ilirska-bistrica","name":"Osnovna \u0160ola Antona \u017dnider\u0161i\u010da Ilirska Bistrica","type":"public_institute","body_type":null},{"slug":"osnovna-sola-dragotina-ketteja-ilirska-bistrica","name":"Osnovna \u0160ola Dragotina Ketteja Ilirska Bistrica","type":"public_institute","body_type":null},{"slug":"osnovna-sola-jelsane","name":"Osnovna \u0160ola Jel\u0161ane","type":"public_institute","body_type":null},{"slug":"osnovna-sola-podgora-kutezevo","name":"Osnovna \u0160ola Podgora Kute\u017eevo","type":"public_institute","body_type":null},{"slug":"osnovna-sola-rudija-mahnica-brkinca-pregarje","name":"Osnovna \u0160ola Rudija Mahni\u010da Brkinca Pregarje","type":"public_institute","body_type":null},{"slug":"osnovna-sola-rudolfa-ukovica-podgrad","name":"OSNOVNA \u0160OLA RUDOLFA UKOVI\u010cA Podgrad","type":"public_institute","body_type":null},{"slug":"osnovna-sola-toneta-tomsica-knezak","name":"Osnovna \u0160ola Toneta Tom\u0161i\u010da Kne\u017eak","type":"public_institute","body_type":null},{"slug":"turisticno-informacijski-center-ilirska-bistrica","name":"Turisti\u010dno informacijski center Ilirska Bistrica","type":"public_institute","body_type":null},{"slug":"vrtec-jozefe-maslo-ilirska-bistrica","name":"Vrtec Jo\u017eefe Maslo Ilirska Bistrica","type":"public_institute","body_type":null},{"slug":"zdravstveni-dom-ilirska-bistrica","name":"Zdravstveni Dom Ilirska Bistrica","type":"public_institute","body_type":null}]}