{"data":{"slug":"ivancna-gorica","name":"Ivan\u010dna Gorica","type":"municipality","type_label":"Ob\u010dina","body_type":null,"parent":null,"website":null,"phone":null,"address":"Sokolska ulica 008, 1295 IVAN\u010cNA GORICA","email":"OBC.IVANCNA.FINANCE@SIOL.NET","leader":{"name":"Du\u0161an Strnad","person_slug":"dusan-strnad","office":"\u017dupan","office_code":"mayor","since":"2022-11-20"},"image":{"url":"https:\/\/commons.wikimedia.org\/wiki\/Special:FilePath\/Grb_Ob%C4%8Dine_Ivan%C4%8Dna_Gorica.jpg","attribution":"Wikimedia Commons","source":"https:\/\/commons.wikimedia.org\/wiki\/Special:FilePath\/Grb_Ob%C4%8Dine_Ivan%C4%8Dna_Gorica.jpg","hosted":false},"sources":[],"url":"https:\/\/kdo-vodi.si\/organ\/ivancna-gorica","api_url":"https:\/\/kdo-vodi.si\/api\/v1\/organizations\/ivancna-gorica"},"office_holders":[{"person":{"name":"Helena \u017dnidar\u0161i\u010d","slug":"helena-znidarsic"},"office":"Ob\u010dinski svetnik","office_code":"local_councillor","role_detail":"izvoljen z liste SLOVENSKA DEMOKRATSKA STRANKA","organization":{"name":"Ivan\u010dna Gorica","slug":"ivancna-gorica"},"since":"2022-11-20","since_precision":"inferred","until":null,"status":"elected","current":true,"sources":[{"authority":"Dr\u017eavna volilna komisija","url":"https:\/\/www.dvk-rs.si\/arhivi\/volitve2022\/lv2022\/data\/prvikrog\/obcine-data\/data_039.json"}]},{"person":{"name":"Jo\u017ee Kozinc","slug":"joze-kozinc"},"office":"Ob\u010dinski svetnik","office_code":"local_councillor","role_detail":"izvoljen z liste SLOVENSKA DEMOKRATSKA STRANKA","organization":{"name":"Ivan\u010dna Gorica","slug":"ivancna-gorica"},"since":"2022-11-20","since_precision":"inferred","until":null,"status":"elected","current":true,"sources":[{"authority":"Dr\u017eavna volilna komisija","url":"https:\/\/www.dvk-rs.si\/arhivi\/volitve2022\/lv2022\/data\/prvikrog\/obcine-data\/data_039.json"}]},{"person":{"name":"Martina Hrovat","slug":"martina-hrovat"},"office":"Ob\u010dinski svetnik","office_code":"local_councillor","role_detail":"izvoljen z liste SLOVENSKA DEMOKRATSKA STRANKA","organization":{"name":"Ivan\u010dna Gorica","slug":"ivancna-gorica"},"since":"2022-11-20","since_precision":"inferred","until":null,"status":"elected","current":true,"sources":[{"authority":"Dr\u017eavna volilna komisija","url":"https:\/\/www.dvk-rs.si\/arhivi\/volitve2022\/lv2022\/data\/prvikrog\/obcine-data\/data_039.json"}]},{"person":{"name":"Nina Strah","slug":"nina-strah"},"office":"Ob\u010dinski svetnik","office_code":"local_councillor","role_detail":"izvoljen z liste SLOVENSKA LJUDSKA STRANKA","organization":{"name":"Ivan\u010dna Gorica","slug":"ivancna-gorica"},"since":"2022-11-20","since_precision":"inferred","until":null,"status":"elected","current":true,"sources":[{"authority":"Dr\u017eavna volilna komisija","url":"https:\/\/www.dvk-rs.si\/arhivi\/volitve2022\/lv2022\/data\/prvikrog\/obcine-data\/data_039.json"}]},{"person":{"name":"Nata\u0161a Lukman","slug":"natasa-lukman"},"office":"Ob\u010dinski svetnik","office_code":"local_councillor","role_detail":"izvoljen z liste GIBANJE SVOBODA","organization":{"name":"Ivan\u010dna Gorica","slug":"ivancna-gorica"},"since":"2022-11-20","since_precision":"inferred","until":null,"status":"elected","current":true,"sources":[{"authority":"Dr\u017eavna volilna komisija","url":"https:\/\/www.dvk-rs.si\/arhivi\/volitve2022\/lv2022\/data\/prvikrog\/obcine-data\/data_039.json"}]},{"person":{"name":"Samo Markovi\u010d","slug":"samo-markovic"},"office":"Ob\u010dinski svetnik","office_code":"local_councillor","role_detail":"izvoljen z liste NOVA SLOVENIJA - KR\u0160\u010cANSKI DEMOKRATI","organization":{"name":"Ivan\u010dna Gorica","slug":"ivancna-gorica"},"since":"2022-11-20","since_precision":"inferred","until":null,"status":"elected","current":true,"sources":[{"authority":"Dr\u017eavna volilna komisija","url":"https:\/\/www.dvk-rs.si\/arhivi\/volitve2022\/lv2022\/data\/prvikrog\/obcine-data\/data_039.json"}]},{"person":{"name":"Silvo Praznik","slug":"silvo-praznik"},"office":"Ob\u010dinski svetnik","office_code":"local_councillor","role_detail":"izvoljen z liste SLOVENSKA DEMOKRATSKA STRANKA","organization":{"name":"Ivan\u010dna Gorica","slug":"ivancna-gorica"},"since":"2022-11-20","since_precision":"inferred","until":null,"status":"elected","current":true,"sources":[{"authority":"Dr\u017eavna volilna komisija","url":"https:\/\/www.dvk-rs.si\/arhivi\/volitve2022\/lv2022\/data\/prvikrog\/obcine-data\/data_039.json"}]},{"person":{"name":"Magdalena Butkovi\u010d","slug":"magdalena-butkovic"},"office":"Ob\u010dinski svetnik","office_code":"local_councillor","role_detail":"izvoljen z liste SLOVENSKA DEMOKRATSKA STRANKA","organization":{"name":"Ivan\u010dna Gorica","slug":"ivancna-gorica"},"since":"2022-11-20","since_precision":"inferred","until":null,"status":"elected","current":true,"sources":[{"authority":"Dr\u017eavna volilna komisija","url":"https:\/\/www.dvk-rs.si\/arhivi\/volitve2022\/lv2022\/data\/prvikrog\/obcine-data\/data_039.json"}]},{"person":{"name":"Janez Me\u017ean","slug":"janez-mezan"},"office":"Ob\u010dinski svetnik","office_code":"local_councillor","role_detail":"izvoljen z liste SLOVENSKA DEMOKRATSKA STRANKA","organization":{"name":"Ivan\u010dna Gorica","slug":"ivancna-gorica"},"since":"2022-11-20","since_precision":"inferred","until":null,"status":"elected","current":true,"sources":[{"authority":"Dr\u017eavna volilna komisija","url":"https:\/\/www.dvk-rs.si\/arhivi\/volitve2022\/lv2022\/data\/prvikrog\/obcine-data\/data_039.json"}]},{"person":{"name":"Jo\u017ee An\u017elovar","slug":"joze-anzlovar"},"office":"Ob\u010dinski svetnik","office_code":"local_councillor","role_detail":"izvoljen z liste SLOVENSKA LJUDSKA STRANKA","organization":{"name":"Ivan\u010dna Gorica","slug":"ivancna-gorica"},"since":"2022-11-20","since_precision":"inferred","until":null,"status":"elected","current":true,"sources":[{"authority":"Dr\u017eavna volilna komisija","url":"https:\/\/www.dvk-rs.si\/arhivi\/volitve2022\/lv2022\/data\/prvikrog\/obcine-data\/data_039.json"}]},{"person":{"name":"Sa\u0161o Pajk","slug":"saso-pajk"},"office":"Ob\u010dinski svetnik","office_code":"local_councillor","role_detail":"izvoljen z liste GIBANJE SVOBODA","organization":{"name":"Ivan\u010dna Gorica","slug":"ivancna-gorica"},"since":"2022-11-20","since_precision":"inferred","until":null,"status":"elected","current":true,"sources":[{"authority":"Dr\u017eavna volilna komisija","url":"https:\/\/www.dvk-rs.si\/arhivi\/volitve2022\/lv2022\/data\/prvikrog\/obcine-data\/data_039.json"}]},{"person":{"name":"Milan Jevnikar","slug":"milan-jevnikar"},"office":"Ob\u010dinski svetnik","office_code":"local_councillor","role_detail":"izvoljen z liste NOVA SLOVENIJA - KR\u0160\u010cANSKI DEMOKRATI","organization":{"name":"Ivan\u010dna Gorica","slug":"ivancna-gorica"},"since":"2022-11-20","since_precision":"inferred","until":null,"status":"elected","current":true,"sources":[{"authority":"Dr\u017eavna volilna komisija","url":"https:\/\/www.dvk-rs.si\/arhivi\/volitve2022\/lv2022\/data\/prvikrog\/obcine-data\/data_039.json"}]},{"person":{"name":"Jurij Omahen","slug":"jurij-omahen"},"office":"Ob\u010dinski svetnik","office_code":"local_councillor","role_detail":"izvoljen z liste SLOVENSKA DEMOKRATSKA STRANKA","organization":{"name":"Ivan\u010dna Gorica","slug":"ivancna-gorica"},"since":"2022-11-20","since_precision":"inferred","until":null,"status":"elected","current":true,"sources":[{"authority":"Dr\u017eavna volilna komisija","url":"https:\/\/www.dvk-rs.si\/arhivi\/volitve2022\/lv2022\/data\/prvikrog\/obcine-data\/data_039.json"}]},{"person":{"name":"Mateja \u017daren","slug":"mateja-zaren"},"office":"Ob\u010dinski svetnik","office_code":"local_councillor","role_detail":"izvoljen z liste SLOVENSKA DEMOKRATSKA STRANKA","organization":{"name":"Ivan\u010dna Gorica","slug":"ivancna-gorica"},"since":"2022-11-20","since_precision":"inferred","until":null,"status":"elected","current":true,"sources":[{"authority":"Dr\u017eavna volilna komisija","url":"https:\/\/www.dvk-rs.si\/arhivi\/volitve2022\/lv2022\/data\/prvikrog\/obcine-data\/data_039.json"}]},{"person":{"name":"Toma\u017e Smole","slug":"tomaz-smole"},"office":"Ob\u010dinski svetnik","office_code":"local_councillor","role_detail":"izvoljen z liste SLOVENSKA DEMOKRATSKA STRANKA","organization":{"name":"Ivan\u010dna Gorica","slug":"ivancna-gorica"},"since":"2022-11-20","since_precision":"inferred","until":null,"status":"elected","current":true,"sources":[{"authority":"Dr\u017eavna volilna komisija","url":"https:\/\/www.dvk-rs.si\/arhivi\/volitve2022\/lv2022\/data\/prvikrog\/obcine-data\/data_039.json"}]},{"person":{"name":"Irena Brodnjak","slug":"irena-brodnjak"},"office":"Ob\u010dinski svetnik","office_code":"local_councillor","role_detail":"izvoljen z liste SLOVENSKA DEMOKRATSKA STRANKA","organization":{"name":"Ivan\u010dna Gorica","slug":"ivancna-gorica"},"since":"2022-11-20","since_precision":"inferred","until":null,"status":"elected","current":true,"sources":[{"authority":"Dr\u017eavna volilna komisija","url":"https:\/\/www.dvk-rs.si\/arhivi\/volitve2022\/lv2022\/data\/prvikrog\/obcine-data\/data_039.json"}]},{"person":{"name":"Du\u0161an Strnad","slug":"dusan-strnad"},"office":"Ob\u010dinski svetnik","office_code":"local_councillor","role_detail":"izvoljen z liste SLOVENSKA DEMOKRATSKA STRANKA","organization":{"name":"Ivan\u010dna Gorica","slug":"ivancna-gorica"},"since":"2022-11-20","since_precision":"inferred","until":null,"status":"elected","current":true,"sources":[{"authority":"Dr\u017eavna volilna komisija","url":"https:\/\/www.dvk-rs.si\/arhivi\/volitve2022\/lv2022\/data\/prvikrog\/obcine-data\/data_039.json"}]},{"person":{"name":"Marija Ko\u0161\u010dak","slug":"marija-koscak"},"office":"Ob\u010dinski svetnik","office_code":"local_councillor","role_detail":"izvoljen z liste SOCIALNI DEMOKRATI","organization":{"name":"Ivan\u010dna Gorica","slug":"ivancna-gorica"},"since":"2022-11-20","since_precision":"inferred","until":null,"status":"elected","current":true,"sources":[{"authority":"Dr\u017eavna volilna komisija","url":"https:\/\/www.dvk-rs.si\/arhivi\/volitve2022\/lv2022\/data\/prvikrog\/obcine-data\/data_039.json"}]},{"person":{"name":"Vojko Adami\u010d","slug":"vojko-adamic"},"office":"Ob\u010dinski svetnik","office_code":"local_councillor","role_detail":"izvoljen z liste GIBANJE SVOBODA","organization":{"name":"Ivan\u010dna Gorica","slug":"ivancna-gorica"},"since":"2022-11-20","since_precision":"inferred","until":null,"status":"elected","current":true,"sources":[{"authority":"Dr\u017eavna volilna komisija","url":"https:\/\/www.dvk-rs.si\/arhivi\/volitve2022\/lv2022\/data\/prvikrog\/obcine-data\/data_039.json"}]},{"person":{"name":"Andreja Robek Perpar","slug":"andreja-robek-perpar"},"office":"Ob\u010dinski svetnik","office_code":"local_councillor","role_detail":"izvoljen z liste GIBANJE SVOBODA","organization":{"name":"Ivan\u010dna Gorica","slug":"ivancna-gorica"},"since":"2022-11-20","since_precision":"inferred","until":null,"status":"elected","current":true,"sources":[{"authority":"Dr\u017eavna volilna komisija","url":"https:\/\/www.dvk-rs.si\/arhivi\/volitve2022\/lv2022\/data\/prvikrog\/obcine-data\/data_039.json"}]},{"person":{"name":"Samo Matkovi\u010d","slug":"samo-matkovic"},"office":"Ob\u010dinski svetnik","office_code":"local_councillor","role_detail":"izvoljen z liste GIBANJE SVOBODA","organization":{"name":"Ivan\u010dna Gorica","slug":"ivancna-gorica"},"since":"2022-11-20","since_precision":"inferred","until":null,"status":"elected","current":true,"sources":[{"authority":"Dr\u017eavna volilna komisija","url":"https:\/\/www.dvk-rs.si\/arhivi\/volitve2022\/lv2022\/data\/prvikrog\/obcine-data\/data_039.json"}]},{"person":{"name":"Du\u0161an Strnad","slug":"dusan-strnad"},"office":"\u017dupan","office_code":"mayor","role_detail":null,"organization":{"name":"Ivan\u010dna Gorica","slug":"ivancna-gorica"},"since":"2022-11-20","since_precision":"inferred","until":null,"status":"elected","current":true,"sources":[{"authority":"Dr\u017eavna volilna komisija","url":"https:\/\/www.dvk-rs.si\/arhivi\/volitve2022\/lv2022\/data\/ostale_obcine.json"}]}],"children":[{"slug":"javni-zavod-za-kulturo-in-turizem-prijetno-domace-ivancna-gorica","name":"Javni zavod za kulturo in turizem Prijetno doma\u010de Ivan\u010dna Gorica","type":"public_institute","body_type":null},{"slug":"knjiznica-ivancna-gorica","name":"Knji\u017enica Ivan\u010dna Gorica","type":"public_institute","body_type":null},{"slug":"krajevna-skupnost-ambrus","name":"Krajevna Skupnost Ambrus","type":"local_community","body_type":null},{"slug":"krajevna-skupnost-dob-pri-sentvidu","name":"Krajevna Skupnost Dob Pri \u0160entvidu","type":"local_community","body_type":null},{"slug":"krajevna-skupnost-ivancna-gorica","name":"Krajevna Skupnost Ivan\u010dna Gorica","type":"local_community","body_type":null},{"slug":"krajevna-skupnost-krka","name":"Krajevna Skupnost Krka","type":"local_community","body_type":null},{"slug":"krajevna-skupnost-metnaj","name":"Krajevna Skupnost Metnaj","type":"local_community","body_type":null},{"slug":"krajevna-skupnost-muljava","name":"Krajevna Skupnost Muljava","type":"local_community","body_type":null},{"slug":"krajevna-skupnost-sentvid-pri-sticni","name":"Krajevna Skupnost \u0160entvid Pri Sti\u010dni","type":"local_community","body_type":null},{"slug":"krajevna-skupnost-sobrace","name":"Krajevna Skupnost Sobra\u010de","type":"local_community","body_type":null},{"slug":"krajevna-skupnost-sticna","name":"Krajevna Skupnost Sti\u010dna","type":"local_community","body_type":null},{"slug":"krajevna-skupnost-temenica","name":"Krajevna Skupnost Temenica","type":"local_community","body_type":null},{"slug":"krajevna-skupnost-visnja-gora","name":"Krajevna Skupnost Vi\u0161nja Gora","type":"local_community","body_type":null},{"slug":"krajevna-skupnost-zagradec","name":"Krajevna Skupnost Zagradec","type":"local_community","body_type":null},{"slug":"osnovna-sola-ferda-vesela-sentvid-pri-sticni","name":"Osnovna \u0160ola Ferda Vesela \u0160entvid Pri Sti\u010dni","type":"public_institute","body_type":null},{"slug":"osnovna-sola-sticna","name":"Osnovna \u0160ola Sti\u010dna","type":"public_institute","body_type":null},{"slug":"osnovna-sola-zagradec","name":"Osnovna \u0161ola Zagradec","type":"public_institute","body_type":null},{"slug":"vrtec-ivancna-gorica","name":"Vrtec Ivan\u010dna Gorica","type":"public_institute","body_type":null},{"slug":"zdravstveni-dom-ivancna-gorica","name":"Zdravstveni Dom Ivan\u010dna Gorica","type":"public_institute","body_type":null}]}