{"data":{"slug":"jesenice","name":"Jesenice","type":"municipality","type_label":"Ob\u010dina","body_type":null,"parent":null,"website":null,"phone":null,"address":"Cesta \u017eelezarjev 006, 4270 JESENICE","email":"obcina.jesenice@jesenice.si","leader":{"name":"Peter Bohinec","person_slug":"peter-bohinec","office":"\u017dupan","office_code":"mayor","since":"2022-12-04"},"image":{"url":"https:\/\/commons.wikimedia.org\/wiki\/Special:FilePath\/Coat_of_arms_of_Jesenice.svg","attribution":"Wikimedia Commons","source":"https:\/\/commons.wikimedia.org\/wiki\/Special:FilePath\/Coat_of_arms_of_Jesenice.svg","hosted":false},"sources":[],"url":"https:\/\/kdo-vodi.si\/organ\/jesenice","api_url":"https:\/\/kdo-vodi.si\/api\/v1\/organizations\/jesenice"},"office_holders":[{"person":{"name":"Andrej Vastl","slug":"andrej-vastl"},"office":"Ob\u010dinski svetnik","office_code":"local_councillor","role_detail":"izvoljen z liste SLOVENSKA DEMOKRATSKA STRANKA","organization":{"name":"Jesenice","slug":"jesenice"},"since":"2022-11-20","since_precision":"inferred","until":null,"status":"elected","current":true,"sources":[{"authority":"Dr\u017eavna volilna komisija","url":"https:\/\/www.dvk-rs.si\/arhivi\/volitve2022\/lv2022\/data\/prvikrog\/obcine-data\/data_041.json"}]},{"person":{"name":"Ahmed Pa\u0161i\u0107","slug":"ahmed-pasic"},"office":"Ob\u010dinski svetnik","office_code":"local_councillor","role_detail":"izvoljen z liste NEODVISNA LISTA ZA BOLJ\u0160E JESENICE","organization":{"name":"Jesenice","slug":"jesenice"},"since":"2022-11-20","since_precision":"inferred","until":null,"status":"elected","current":true,"sources":[{"authority":"Dr\u017eavna volilna komisija","url":"https:\/\/www.dvk-rs.si\/arhivi\/volitve2022\/lv2022\/data\/prvikrog\/obcine-data\/data_041.json"}]},{"person":{"name":"Bla\u017e Ra\u010di\u010d","slug":"blaz-racic"},"office":"Ob\u010dinski svetnik","office_code":"local_councillor","role_detail":"izvoljen z liste ZORAN RA\u010cI\u010c IN SKUPINA VOLIVCEV \"\u017dUPANOVA LISTA ZA NA\u0160E JESENICE\"","organization":{"name":"Jesenice","slug":"jesenice"},"since":"2022-11-20","since_precision":"inferred","until":null,"status":"elected","current":true,"sources":[{"authority":"Dr\u017eavna volilna komisija","url":"https:\/\/www.dvk-rs.si\/arhivi\/volitve2022\/lv2022\/data\/prvikrog\/obcine-data\/data_041.json"}]},{"person":{"name":"Tadej Kri\u017eaj","slug":"tadej-krizaj"},"office":"Ob\u010dinski svetnik","office_code":"local_councillor","role_detail":"izvoljen z liste GIBANJE SVOBODA","organization":{"name":"Jesenice","slug":"jesenice"},"since":"2022-11-20","since_precision":"inferred","until":null,"status":"elected","current":true,"sources":[{"authority":"Dr\u017eavna volilna komisija","url":"https:\/\/www.dvk-rs.si\/arhivi\/volitve2022\/lv2022\/data\/prvikrog\/obcine-data\/data_041.json"}]},{"person":{"name":"Sabina Mulali\u0107","slug":"sabina-mulalic"},"office":"Ob\u010dinski svetnik","office_code":"local_councillor","role_detail":"izvoljen z liste GIBANJE SVOBODA","organization":{"name":"Jesenice","slug":"jesenice"},"since":"2022-11-20","since_precision":"inferred","until":null,"status":"elected","current":true,"sources":[{"authority":"Dr\u017eavna volilna komisija","url":"https:\/\/www.dvk-rs.si\/arhivi\/volitve2022\/lv2022\/data\/prvikrog\/obcine-data\/data_041.json"}]},{"person":{"name":"Mateja Ban","slug":"mateja-ban"},"office":"Ob\u010dinski svetnik","office_code":"local_councillor","role_detail":"izvoljen z liste NOVA SLOVENIJA - KR\u0160\u010cANSKI DEMOKRATI","organization":{"name":"Jesenice","slug":"jesenice"},"since":"2022-11-20","since_precision":"inferred","until":null,"status":"elected","current":true,"sources":[{"authority":"Dr\u017eavna volilna komisija","url":"https:\/\/www.dvk-rs.si\/arhivi\/volitve2022\/lv2022\/data\/prvikrog\/obcine-data\/data_041.json"}]},{"person":{"name":"Zorica Dabi\u017eljevi\u0107","slug":"zorica-dabizljevic"},"office":"Ob\u010dinski svetnik","office_code":"local_councillor","role_detail":"izvoljen z liste Dr\u017eavljansko gibanje Resni.ca","organization":{"name":"Jesenice","slug":"jesenice"},"since":"2022-11-20","since_precision":"inferred","until":null,"status":"elected","current":true,"sources":[{"authority":"Dr\u017eavna volilna komisija","url":"https:\/\/www.dvk-rs.si\/arhivi\/volitve2022\/lv2022\/data\/prvikrog\/obcine-data\/data_041.json"}]},{"person":{"name":"Peter Bohinec","slug":"peter-bohinec"},"office":"Ob\u010dinski svetnik","office_code":"local_councillor","role_detail":"izvoljen z liste SOCIALNI DEMOKRATI","organization":{"name":"Jesenice","slug":"jesenice"},"since":"2022-11-20","since_precision":"inferred","until":null,"status":"elected","current":true,"sources":[{"authority":"Dr\u017eavna volilna komisija","url":"https:\/\/www.dvk-rs.si\/arhivi\/volitve2022\/lv2022\/data\/prvikrog\/obcine-data\/data_041.json"}]},{"person":{"name":"Irma Jagurd\u017eija Li\u010dina","slug":"irma-jagurdzija-licina"},"office":"Ob\u010dinski svetnik","office_code":"local_councillor","role_detail":"izvoljen z liste NEODVISNA LISTA ZA BOLJ\u0160E JESENICE","organization":{"name":"Jesenice","slug":"jesenice"},"since":"2022-11-20","since_precision":"inferred","until":null,"status":"elected","current":true,"sources":[{"authority":"Dr\u017eavna volilna komisija","url":"https:\/\/www.dvk-rs.si\/arhivi\/volitve2022\/lv2022\/data\/prvikrog\/obcine-data\/data_041.json"}]},{"person":{"name":"Aljo\u0161a Ul\u010dar","slug":"aljosa-ulcar"},"office":"Ob\u010dinski svetnik","office_code":"local_councillor","role_detail":"izvoljen z liste ZORAN RA\u010cI\u010c IN SKUPINA VOLIVCEV \"\u017dUPANOVA LISTA ZA NA\u0160E JESENICE\"","organization":{"name":"Jesenice","slug":"jesenice"},"since":"2022-11-20","since_precision":"inferred","until":null,"status":"elected","current":true,"sources":[{"authority":"Dr\u017eavna volilna komisija","url":"https:\/\/www.dvk-rs.si\/arhivi\/volitve2022\/lv2022\/data\/prvikrog\/obcine-data\/data_041.json"}]},{"person":{"name":"Armin Sili\u0107","slug":"armin-silic"},"office":"Ob\u010dinski svetnik","office_code":"local_councillor","role_detail":"izvoljen z liste GIBANJE SVOBODA","organization":{"name":"Jesenice","slug":"jesenice"},"since":"2022-11-20","since_precision":"inferred","until":null,"status":"elected","current":true,"sources":[{"authority":"Dr\u017eavna volilna komisija","url":"https:\/\/www.dvk-rs.si\/arhivi\/volitve2022\/lv2022\/data\/prvikrog\/obcine-data\/data_041.json"}]},{"person":{"name":"Tanja Tarman","slug":"tanja-tarman"},"office":"Ob\u010dinski svetnik","office_code":"local_councillor","role_detail":"izvoljen z liste GIBANJE SVOBODA","organization":{"name":"Jesenice","slug":"jesenice"},"since":"2022-11-20","since_precision":"inferred","until":null,"status":"elected","current":true,"sources":[{"authority":"Dr\u017eavna volilna komisija","url":"https:\/\/www.dvk-rs.si\/arhivi\/volitve2022\/lv2022\/data\/prvikrog\/obcine-data\/data_041.json"}]},{"person":{"name":"Brane Zajovi\u0107","slug":"brane-zajovic"},"office":"Ob\u010dinski svetnik","office_code":"local_councillor","role_detail":"izvoljen z liste GIBANJE SVOBODA","organization":{"name":"Jesenice","slug":"jesenice"},"since":"2022-11-20","since_precision":"inferred","until":null,"status":"elected","current":true,"sources":[{"authority":"Dr\u017eavna volilna komisija","url":"https:\/\/www.dvk-rs.si\/arhivi\/volitve2022\/lv2022\/data\/prvikrog\/obcine-data\/data_041.json"}]},{"person":{"name":"Toma\u017e Tom Mencinger","slug":"tomaz-tom-mencinger"},"office":"Ob\u010dinski svetnik","office_code":"local_councillor","role_detail":"izvoljen z liste SOCIALNI DEMOKRATI","organization":{"name":"Jesenice","slug":"jesenice"},"since":"2022-11-20","since_precision":"inferred","until":null,"status":"elected","current":true,"sources":[{"authority":"Dr\u017eavna volilna komisija","url":"https:\/\/www.dvk-rs.si\/arhivi\/volitve2022\/lv2022\/data\/prvikrog\/obcine-data\/data_041.json"}]},{"person":{"name":"Tina Repov\u017e","slug":"tina-repovz"},"office":"Ob\u010dinski svetnik","office_code":"local_councillor","role_detail":"izvoljen z liste SOCIALNI DEMOKRATI","organization":{"name":"Jesenice","slug":"jesenice"},"since":"2022-11-20","since_precision":"inferred","until":null,"status":"elected","current":true,"sources":[{"authority":"Dr\u017eavna volilna komisija","url":"https:\/\/www.dvk-rs.si\/arhivi\/volitve2022\/lv2022\/data\/prvikrog\/obcine-data\/data_041.json"}]},{"person":{"name":"Vladimir Petkovi\u0107","slug":"vladimir-petkovic"},"office":"Ob\u010dinski svetnik","office_code":"local_councillor","role_detail":"izvoljen z liste SOCIALNI DEMOKRATI","organization":{"name":"Jesenice","slug":"jesenice"},"since":"2022-11-20","since_precision":"inferred","until":null,"status":"elected","current":true,"sources":[{"authority":"Dr\u017eavna volilna komisija","url":"https:\/\/www.dvk-rs.si\/arhivi\/volitve2022\/lv2022\/data\/prvikrog\/obcine-data\/data_041.json"}]},{"person":{"name":"Ferida Klinar","slug":"ferida-klinar"},"office":"Ob\u010dinski svetnik","office_code":"local_councillor","role_detail":"izvoljen z liste GIBANJE SVOBODA","organization":{"name":"Jesenice","slug":"jesenice"},"since":"2022-11-20","since_precision":"inferred","until":null,"status":"elected","current":true,"sources":[{"authority":"Dr\u017eavna volilna komisija","url":"https:\/\/www.dvk-rs.si\/arhivi\/volitve2022\/lv2022\/data\/prvikrog\/obcine-data\/data_041.json"}]},{"person":{"name":"D\u017eeki Halilov","slug":"dzeki-halilov"},"office":"Ob\u010dinski svetnik","office_code":"local_councillor","role_detail":"izvoljen z liste GIBANJE SVOBODA","organization":{"name":"Jesenice","slug":"jesenice"},"since":"2022-11-20","since_precision":"inferred","until":null,"status":"elected","current":true,"sources":[{"authority":"Dr\u017eavna volilna komisija","url":"https:\/\/www.dvk-rs.si\/arhivi\/volitve2022\/lv2022\/data\/prvikrog\/obcine-data\/data_041.json"}]},{"person":{"name":"Vlado Mlinarec","slug":"vlado-mlinarec"},"office":"Ob\u010dinski svetnik","office_code":"local_councillor","role_detail":"izvoljen z liste LEVICA","organization":{"name":"Jesenice","slug":"jesenice"},"since":"2022-11-20","since_precision":"inferred","until":null,"status":"elected","current":true,"sources":[{"authority":"Dr\u017eavna volilna komisija","url":"https:\/\/www.dvk-rs.si\/arhivi\/volitve2022\/lv2022\/data\/prvikrog\/obcine-data\/data_041.json"}]},{"person":{"name":"\u017darko Zrni\u0107","slug":"zarko-zrnic"},"office":"Ob\u010dinski svetnik","office_code":"local_councillor","role_detail":"izvoljen z liste ZORAN RA\u010cI\u010c IN SKUPINA VOLIVCEV \"\u017dUPANOVA LISTA ZA NA\u0160E JESENICE\"","organization":{"name":"Jesenice","slug":"jesenice"},"since":"2022-11-20","since_precision":"inferred","until":null,"status":"elected","current":true,"sources":[{"authority":"Dr\u017eavna volilna komisija","url":"https:\/\/www.dvk-rs.si\/arhivi\/volitve2022\/lv2022\/data\/prvikrog\/obcine-data\/data_041.json"}]},{"person":{"name":"Antonija Gasar","slug":"antonija-gasar"},"office":"Ob\u010dinski svetnik","office_code":"local_councillor","role_detail":"izvoljen z liste SLOVENSKA DEMOKRATSKA STRANKA","organization":{"name":"Jesenice","slug":"jesenice"},"since":"2022-11-20","since_precision":"inferred","until":null,"status":"elected","current":true,"sources":[{"authority":"Dr\u017eavna volilna komisija","url":"https:\/\/www.dvk-rs.si\/arhivi\/volitve2022\/lv2022\/data\/prvikrog\/obcine-data\/data_041.json"}]},{"person":{"name":"Robert Humar","slug":"robert-humar"},"office":"Ob\u010dinski svetnik","office_code":"local_councillor","role_detail":"izvoljen z liste NEODVISNA LISTA ZA BOLJ\u0160E JESENICE","organization":{"name":"Jesenice","slug":"jesenice"},"since":"2022-11-20","since_precision":"inferred","until":null,"status":"elected","current":true,"sources":[{"authority":"Dr\u017eavna volilna komisija","url":"https:\/\/www.dvk-rs.si\/arhivi\/volitve2022\/lv2022\/data\/prvikrog\/obcine-data\/data_041.json"}]},{"person":{"name":"Eva Mlakar","slug":"eva-mlakar"},"office":"Ob\u010dinski svetnik","office_code":"local_councillor","role_detail":"izvoljen z liste NEODVISNA LISTA ZA BOLJ\u0160E JESENICE","organization":{"name":"Jesenice","slug":"jesenice"},"since":"2022-11-20","since_precision":"inferred","until":null,"status":"elected","current":true,"sources":[{"authority":"Dr\u017eavna volilna komisija","url":"https:\/\/www.dvk-rs.si\/arhivi\/volitve2022\/lv2022\/data\/prvikrog\/obcine-data\/data_041.json"}]},{"person":{"name":"Maja Kri\u017enar","slug":"maja-kriznar"},"office":"Ob\u010dinski svetnik","office_code":"local_councillor","role_detail":"izvoljen z liste SLOVENSKA DEMOKRATSKA STRANKA","organization":{"name":"Jesenice","slug":"jesenice"},"since":"2022-11-20","since_precision":"inferred","until":null,"status":"elected","current":true,"sources":[{"authority":"Dr\u017eavna volilna komisija","url":"https:\/\/www.dvk-rs.si\/arhivi\/volitve2022\/lv2022\/data\/prvikrog\/obcine-data\/data_041.json"}]},{"person":{"name":"Sonja Tu\u0161ar","slug":"sonja-tusar"},"office":"Ob\u010dinski svetnik","office_code":"local_councillor","role_detail":"izvoljen z liste NEODVISNA LISTA ZA BOLJ\u0160E JESENICE","organization":{"name":"Jesenice","slug":"jesenice"},"since":"2022-11-20","since_precision":"inferred","until":null,"status":"elected","current":true,"sources":[{"authority":"Dr\u017eavna volilna komisija","url":"https:\/\/www.dvk-rs.si\/arhivi\/volitve2022\/lv2022\/data\/prvikrog\/obcine-data\/data_041.json"}]},{"person":{"name":"Tina Jakopi\u010d","slug":"tina-jakopic"},"office":"Ob\u010dinski svetnik","office_code":"local_councillor","role_detail":"izvoljen z liste SLOVENSKA LJUDSKA STRANKA","organization":{"name":"Jesenice","slug":"jesenice"},"since":"2022-11-20","since_precision":"inferred","until":null,"status":"elected","current":true,"sources":[{"authority":"Dr\u017eavna volilna komisija","url":"https:\/\/www.dvk-rs.si\/arhivi\/volitve2022\/lv2022\/data\/prvikrog\/obcine-data\/data_041.json"}]},{"person":{"name":"Mojca \u010cufer","slug":"mojca-cufer"},"office":"Ob\u010dinski svetnik","office_code":"local_councillor","role_detail":"izvoljen z liste GIBANJE SVOBODA","organization":{"name":"Jesenice","slug":"jesenice"},"since":"2022-11-20","since_precision":"inferred","until":null,"status":"elected","current":true,"sources":[{"authority":"Dr\u017eavna volilna komisija","url":"https:\/\/www.dvk-rs.si\/arhivi\/volitve2022\/lv2022\/data\/prvikrog\/obcine-data\/data_041.json"}]},{"person":{"name":"Janez Marin\u010di\u010d","slug":"janez-marincic"},"office":"Ob\u010dinski svetnik","office_code":"local_councillor","role_detail":"izvoljen z liste SOCIALNI DEMOKRATI","organization":{"name":"Jesenice","slug":"jesenice"},"since":"2022-11-20","since_precision":"inferred","until":null,"status":"elected","current":true,"sources":[{"authority":"Dr\u017eavna volilna komisija","url":"https:\/\/www.dvk-rs.si\/arhivi\/volitve2022\/lv2022\/data\/prvikrog\/obcine-data\/data_041.json"}]},{"person":{"name":"Peter Bohinec","slug":"peter-bohinec"},"office":"\u017dupan","office_code":"mayor","role_detail":null,"organization":{"name":"Jesenice","slug":"jesenice"},"since":"2022-12-04","since_precision":"inferred","until":null,"status":"elected","current":true,"sources":[{"authority":"Dr\u017eavna volilna komisija","url":"https:\/\/www.dvk-rs.si\/arhivi\/volitve2022\/lv2022\/data\/drugi_krog.json"}]}],"children":[{"slug":"gasilsko-resevalna-sluzba-jesenice","name":"Gasilsko Re\u0161evalna Slu\u017eba Jesenice","type":"public_institute","body_type":null},{"slug":"glasbena-sola-jesenice","name":"Glasbena \u0160ola Jesenice","type":"public_institute","body_type":null},{"slug":"gledalisce-toneta-cufarja-jesenice","name":"Gledali\u0161\u010de Toneta \u010cufarja Jesenice","type":"public_institute","body_type":null},{"slug":"gornjesavski-muzej-jesenice","name":"Gornjesavski Muzej Jesenice","type":"public_institute","body_type":null},{"slug":"ljudska-univerza-jesenice","name":"Ljudska Univerza Jesenice","type":"public_institute","body_type":null},{"slug":"obcinska-knjiznica-jesenice","name":"Ob\u010dinska Knji\u017enica Jesenice","type":"public_institute","body_type":null},{"slug":"osnovna-sola-koroska-bela-jesenice","name":"Osnovna \u0160ola Koro\u0161ka Bela Jesenice","type":"public_institute","body_type":null},{"slug":"osnovna-sola-poldeta-strazisarja-jesenice","name":"Osnovna \u0160ola Poldeta Stra\u017ei\u0161arja Jesenice","type":"public_institute","body_type":null},{"slug":"osnovna-sola-prezihovega-voranca-jesenice","name":"Osnovna \u0160ola Pre\u017eihovega Voranca Jesenice","type":"public_institute","body_type":null},{"slug":"osnovna-sola-toneta-cufarja-jesenice","name":"Osnovna \u0160ola Toneta \u010cufarja Jesenice","type":"public_institute","body_type":null},{"slug":"razvojna-agencija-zgornje-gorenjske","name":"Razvojna Agencija Zgornje Gorenjske","type":"public_institute","body_type":null},{"slug":"vrtec-jesenice","name":"Vrtec Jesenice","type":"public_institute","body_type":null},{"slug":"zavod-za-sport-jesenice","name":"Zavod Za \u0160port Jesenice","type":"public_institute","body_type":null}]}