{"data":{"slug":"kamnik","name":"Kamnik","type":"municipality","type_label":"Ob\u010dina","body_type":null,"parent":null,"website":null,"phone":null,"address":"Glavni trg 024, 1241 KAMNIK","email":"obcina@kamnik.si","leader":{"name":"Matej Slapar","person_slug":"matej-slapar","office":"\u017dupan","office_code":"mayor","since":"2022-11-20"},"image":{"url":"https:\/\/commons.wikimedia.org\/wiki\/Special:FilePath\/Grb_Kamnika.svg","attribution":"Wikimedia Commons","source":"https:\/\/commons.wikimedia.org\/wiki\/Special:FilePath\/Grb_Kamnika.svg","hosted":false},"sources":[],"url":"https:\/\/kdo-vodi.si\/organ\/kamnik","api_url":"https:\/\/kdo-vodi.si\/api\/v1\/organizations\/kamnik"},"office_holders":[{"person":{"name":"Matija Sitar Mo\u010dnik","slug":"matija-sitar-mocnik"},"office":"Ob\u010dinski svetnik","office_code":"local_councillor","role_detail":"izvoljen z liste SLOVENSKA DEMOKRATSKA STRANKA","organization":{"name":"Kamnik","slug":"kamnik"},"since":"2022-11-20","since_precision":"inferred","until":null,"status":"elected","current":true,"sources":[{"authority":"Dr\u017eavna volilna komisija","url":"https:\/\/www.dvk-rs.si\/arhivi\/volitve2022\/lv2022\/data\/prvikrog\/obcine-data\/data_043.json"}]},{"person":{"name":"Alenka Jev\u0161nik","slug":"alenka-jevsnik"},"office":"Ob\u010dinski svetnik","office_code":"local_councillor","role_detail":"izvoljen z liste LISTA DU\u0160ANA PAPE\u017dA","organization":{"name":"Kamnik","slug":"kamnik"},"since":"2022-11-20","since_precision":"inferred","until":null,"status":"elected","current":true,"sources":[{"authority":"Dr\u017eavna volilna komisija","url":"https:\/\/www.dvk-rs.si\/arhivi\/volitve2022\/lv2022\/data\/prvikrog\/obcine-data\/data_043.json"}]},{"person":{"name":"Mojca Jon\u010deska Malovrh","slug":"mojca-jonceska-malovrh"},"office":"Ob\u010dinski svetnik","office_code":"local_councillor","role_detail":"izvoljen z liste GIBANJE SVOBODA","organization":{"name":"Kamnik","slug":"kamnik"},"since":"2022-11-20","since_precision":"inferred","until":null,"status":"elected","current":true,"sources":[{"authority":"Dr\u017eavna volilna komisija","url":"https:\/\/www.dvk-rs.si\/arhivi\/volitve2022\/lv2022\/data\/prvikrog\/obcine-data\/data_043.json"}]},{"person":{"name":"Ale\u0161 Lipi\u010dnik","slug":"ales-lipicnik"},"office":"Ob\u010dinski svetnik","office_code":"local_councillor","role_detail":"izvoljen z liste GIBANJE SVOBODA","organization":{"name":"Kamnik","slug":"kamnik"},"since":"2022-11-20","since_precision":"inferred","until":null,"status":"elected","current":true,"sources":[{"authority":"Dr\u017eavna volilna komisija","url":"https:\/\/www.dvk-rs.si\/arhivi\/volitve2022\/lv2022\/data\/prvikrog\/obcine-data\/data_043.json"}]},{"person":{"name":"Du\u0161an Zore","slug":"dusan-zore"},"office":"Ob\u010dinski svetnik","office_code":"local_councillor","role_detail":"izvoljen z liste LISTA MATEJA SLAPARJA","organization":{"name":"Kamnik","slug":"kamnik"},"since":"2022-11-20","since_precision":"inferred","until":null,"status":"elected","current":true,"sources":[{"authority":"Dr\u017eavna volilna komisija","url":"https:\/\/www.dvk-rs.si\/arhivi\/volitve2022\/lv2022\/data\/prvikrog\/obcine-data\/data_043.json"}]},{"person":{"name":"Romana U\u010dakar","slug":"romana-ucakar"},"office":"Ob\u010dinski svetnik","office_code":"local_councillor","role_detail":"izvoljen z liste LISTA MATEJA SLAPARJA","organization":{"name":"Kamnik","slug":"kamnik"},"since":"2022-11-20","since_precision":"inferred","until":null,"status":"elected","current":true,"sources":[{"authority":"Dr\u017eavna volilna komisija","url":"https:\/\/www.dvk-rs.si\/arhivi\/volitve2022\/lv2022\/data\/prvikrog\/obcine-data\/data_043.json"}]},{"person":{"name":"Mihael Resnik","slug":"mihael-resnik"},"office":"Ob\u010dinski svetnik","office_code":"local_councillor","role_detail":"izvoljen z liste LISTA MATEJA SLAPARJA","organization":{"name":"Kamnik","slug":"kamnik"},"since":"2022-11-20","since_precision":"inferred","until":null,"status":"elected","current":true,"sources":[{"authority":"Dr\u017eavna volilna komisija","url":"https:\/\/www.dvk-rs.si\/arhivi\/volitve2022\/lv2022\/data\/prvikrog\/obcine-data\/data_043.json"}]},{"person":{"name":"\u0160emso Mujanovi\u0107","slug":"semso-mujanovic"},"office":"Ob\u010dinski svetnik","office_code":"local_councillor","role_detail":"izvoljen z liste LISTA SANDIJA UR\u0160I\u010cA","organization":{"name":"Kamnik","slug":"kamnik"},"since":"2022-11-20","since_precision":"inferred","until":null,"status":"elected","current":true,"sources":[{"authority":"Dr\u017eavna volilna komisija","url":"https:\/\/www.dvk-rs.si\/arhivi\/volitve2022\/lv2022\/data\/prvikrog\/obcine-data\/data_043.json"}]},{"person":{"name":"Cene Lap","slug":"cene-lap"},"office":"Ob\u010dinski svetnik","office_code":"local_councillor","role_detail":"izvoljen z liste SOCIALNI DEMOKRATI","organization":{"name":"Kamnik","slug":"kamnik"},"since":"2022-11-20","since_precision":"inferred","until":null,"status":"elected","current":true,"sources":[{"authority":"Dr\u017eavna volilna komisija","url":"https:\/\/www.dvk-rs.si\/arhivi\/volitve2022\/lv2022\/data\/prvikrog\/obcine-data\/data_043.json"}]},{"person":{"name":"Ivanka U\u010dakar","slug":"ivanka-ucakar"},"office":"Ob\u010dinski svetnik","office_code":"local_councillor","role_detail":"izvoljen z liste NOVA SLOVENIJA - KR\u0160\u010cANSKI DEMOKRATI","organization":{"name":"Kamnik","slug":"kamnik"},"since":"2022-11-20","since_precision":"inferred","until":null,"status":"elected","current":true,"sources":[{"authority":"Dr\u017eavna volilna komisija","url":"https:\/\/www.dvk-rs.si\/arhivi\/volitve2022\/lv2022\/data\/prvikrog\/obcine-data\/data_043.json"}]},{"person":{"name":"Natalija Berlec","slug":"natalija-berlec"},"office":"Ob\u010dinski svetnik","office_code":"local_councillor","role_detail":"izvoljen z liste SLOVENSKA DEMOKRATSKA STRANKA","organization":{"name":"Kamnik","slug":"kamnik"},"since":"2022-11-20","since_precision":"inferred","until":null,"status":"elected","current":true,"sources":[{"authority":"Dr\u017eavna volilna komisija","url":"https:\/\/www.dvk-rs.si\/arhivi\/volitve2022\/lv2022\/data\/prvikrog\/obcine-data\/data_043.json"}]},{"person":{"name":"Marko \u0160arec","slug":"marko-sarec"},"office":"Ob\u010dinski svetnik","office_code":"local_councillor","role_detail":"izvoljen z liste GIBANJE SVOBODA","organization":{"name":"Kamnik","slug":"kamnik"},"since":"2022-11-20","since_precision":"inferred","until":null,"status":"elected","current":true,"sources":[{"authority":"Dr\u017eavna volilna komisija","url":"https:\/\/www.dvk-rs.si\/arhivi\/volitve2022\/lv2022\/data\/prvikrog\/obcine-data\/data_043.json"}]},{"person":{"name":"Miro Bider","slug":"miro-bider"},"office":"Ob\u010dinski svetnik","office_code":"local_councillor","role_detail":"izvoljen z liste LISTA MATEJA SLAPARJA","organization":{"name":"Kamnik","slug":"kamnik"},"since":"2022-11-20","since_precision":"inferred","until":null,"status":"elected","current":true,"sources":[{"authority":"Dr\u017eavna volilna komisija","url":"https:\/\/www.dvk-rs.si\/arhivi\/volitve2022\/lv2022\/data\/prvikrog\/obcine-data\/data_043.json"}]},{"person":{"name":"Dragica Po\u017eek","slug":"dragica-pozek"},"office":"Ob\u010dinski svetnik","office_code":"local_councillor","role_detail":"izvoljen z liste LISTA MATEJA SLAPARJA","organization":{"name":"Kamnik","slug":"kamnik"},"since":"2022-11-20","since_precision":"inferred","until":null,"status":"elected","current":true,"sources":[{"authority":"Dr\u017eavna volilna komisija","url":"https:\/\/www.dvk-rs.si\/arhivi\/volitve2022\/lv2022\/data\/prvikrog\/obcine-data\/data_043.json"}]},{"person":{"name":"Jo\u017eef Gali\u010di\u010d","slug":"jozef-galicic"},"office":"Ob\u010dinski svetnik","office_code":"local_councillor","role_detail":"izvoljen z liste LISTA MATEJA SLAPARJA","organization":{"name":"Kamnik","slug":"kamnik"},"since":"2022-11-20","since_precision":"inferred","until":null,"status":"elected","current":true,"sources":[{"authority":"Dr\u017eavna volilna komisija","url":"https:\/\/www.dvk-rs.si\/arhivi\/volitve2022\/lv2022\/data\/prvikrog\/obcine-data\/data_043.json"}]},{"person":{"name":"Robert Prosen","slug":"robert-prosen"},"office":"Ob\u010dinski svetnik","office_code":"local_councillor","role_detail":"izvoljen z liste LISTA SANDIJA UR\u0160I\u010cA","organization":{"name":"Kamnik","slug":"kamnik"},"since":"2022-11-20","since_precision":"inferred","until":null,"status":"elected","current":true,"sources":[{"authority":"Dr\u017eavna volilna komisija","url":"https:\/\/www.dvk-rs.si\/arhivi\/volitve2022\/lv2022\/data\/prvikrog\/obcine-data\/data_043.json"}]},{"person":{"name":"Matja\u017e \u0160porar","slug":"matjaz-sporar"},"office":"Ob\u010dinski svetnik","office_code":"local_councillor","role_detail":"izvoljen z liste NOVA SLOVENIJA - KR\u0160\u010cANSKI DEMOKRATI","organization":{"name":"Kamnik","slug":"kamnik"},"since":"2022-11-20","since_precision":"inferred","until":null,"status":"elected","current":true,"sources":[{"authority":"Dr\u017eavna volilna komisija","url":"https:\/\/www.dvk-rs.si\/arhivi\/volitve2022\/lv2022\/data\/prvikrog\/obcine-data\/data_043.json"}]},{"person":{"name":"Du\u0161ko Pape\u017e","slug":"dusko-papez"},"office":"Ob\u010dinski svetnik","office_code":"local_councillor","role_detail":"izvoljen z liste LISTA DU\u0160ANA PAPE\u017dA","organization":{"name":"Kamnik","slug":"kamnik"},"since":"2022-11-20","since_precision":"inferred","until":null,"status":"elected","current":true,"sources":[{"authority":"Dr\u017eavna volilna komisija","url":"https:\/\/www.dvk-rs.si\/arhivi\/volitve2022\/lv2022\/data\/prvikrog\/obcine-data\/data_043.json"}]},{"person":{"name":"Karla Urh","slug":"karla-urh"},"office":"Ob\u010dinski svetnik","office_code":"local_councillor","role_detail":"izvoljen z liste GIBANJE SVOBODA","organization":{"name":"Kamnik","slug":"kamnik"},"since":"2022-11-20","since_precision":"inferred","until":null,"status":"elected","current":true,"sources":[{"authority":"Dr\u017eavna volilna komisija","url":"https:\/\/www.dvk-rs.si\/arhivi\/volitve2022\/lv2022\/data\/prvikrog\/obcine-data\/data_043.json"}]},{"person":{"name":"Ema Rode","slug":"ema-rode"},"office":"Ob\u010dinski svetnik","office_code":"local_councillor","role_detail":"izvoljen z liste LISTA MATEJA SLAPARJA","organization":{"name":"Kamnik","slug":"kamnik"},"since":"2022-11-20","since_precision":"inferred","until":null,"status":"elected","current":true,"sources":[{"authority":"Dr\u017eavna volilna komisija","url":"https:\/\/www.dvk-rs.si\/arhivi\/volitve2022\/lv2022\/data\/prvikrog\/obcine-data\/data_043.json"}]},{"person":{"name":"Matija Podjed","slug":"matija-podjed"},"office":"Ob\u010dinski svetnik","office_code":"local_councillor","role_detail":"izvoljen z liste LISTA MATEJA SLAPARJA","organization":{"name":"Kamnik","slug":"kamnik"},"since":"2022-11-20","since_precision":"inferred","until":null,"status":"elected","current":true,"sources":[{"authority":"Dr\u017eavna volilna komisija","url":"https:\/\/www.dvk-rs.si\/arhivi\/volitve2022\/lv2022\/data\/prvikrog\/obcine-data\/data_043.json"}]},{"person":{"name":"Ur\u0161i\u010d","slug":"ursic"},"office":"Ob\u010dinski svetnik","office_code":"local_councillor","role_detail":"izvoljen z liste LISTA SANDIJA UR\u0160I\u010cA","organization":{"name":"Kamnik","slug":"kamnik"},"since":"2022-11-20","since_precision":"inferred","until":null,"status":"elected","current":true,"sources":[{"authority":"Dr\u017eavna volilna komisija","url":"https:\/\/www.dvk-rs.si\/arhivi\/volitve2022\/lv2022\/data\/prvikrog\/obcine-data\/data_043.json"}]},{"person":{"name":"Anton Iskra","slug":"anton-iskra"},"office":"Ob\u010dinski svetnik","office_code":"local_councillor","role_detail":"izvoljen z liste NOVA SLOVENIJA - KR\u0160\u010cANSKI DEMOKRATI","organization":{"name":"Kamnik","slug":"kamnik"},"since":"2022-11-20","since_precision":"inferred","until":null,"status":"elected","current":true,"sources":[{"authority":"Dr\u017eavna volilna komisija","url":"https:\/\/www.dvk-rs.si\/arhivi\/volitve2022\/lv2022\/data\/prvikrog\/obcine-data\/data_043.json"}]},{"person":{"name":"Jo\u017ee Koro\u0161ec","slug":"joze-korosec"},"office":"Ob\u010dinski svetnik","office_code":"local_councillor","role_detail":"izvoljen z liste SLOVENSKA LJUDSKA STRANKA","organization":{"name":"Kamnik","slug":"kamnik"},"since":"2022-11-20","since_precision":"inferred","until":null,"status":"elected","current":true,"sources":[{"authority":"Dr\u017eavna volilna komisija","url":"https:\/\/www.dvk-rs.si\/arhivi\/volitve2022\/lv2022\/data\/prvikrog\/obcine-data\/data_043.json"}]},{"person":{"name":"Klavdija Hribar","slug":"klavdija-hribar"},"office":"Ob\u010dinski svetnik","office_code":"local_councillor","role_detail":"izvoljen z liste LISTA MATEJA SLAPARJA","organization":{"name":"Kamnik","slug":"kamnik"},"since":"2022-11-20","since_precision":"inferred","until":null,"status":"elected","current":true,"sources":[{"authority":"Dr\u017eavna volilna komisija","url":"https:\/\/www.dvk-rs.si\/arhivi\/volitve2022\/lv2022\/data\/prvikrog\/obcine-data\/data_043.json"}]},{"person":{"name":"Uro\u0161 Pirc","slug":"uros-pirc"},"office":"Ob\u010dinski svetnik","office_code":"local_councillor","role_detail":"izvoljen z liste LISTA MATEJA SLAPARJA","organization":{"name":"Kamnik","slug":"kamnik"},"since":"2022-11-20","since_precision":"inferred","until":null,"status":"elected","current":true,"sources":[{"authority":"Dr\u017eavna volilna komisija","url":"https:\/\/www.dvk-rs.si\/arhivi\/volitve2022\/lv2022\/data\/prvikrog\/obcine-data\/data_043.json"}]},{"person":{"name":"Nina Semprimo\u017enik","slug":"nina-semprimoznik"},"office":"Ob\u010dinski svetnik","office_code":"local_councillor","role_detail":"izvoljen z liste LISTA SANDIJA UR\u0160I\u010cA","organization":{"name":"Kamnik","slug":"kamnik"},"since":"2022-11-20","since_precision":"inferred","until":null,"status":"elected","current":true,"sources":[{"authority":"Dr\u017eavna volilna komisija","url":"https:\/\/www.dvk-rs.si\/arhivi\/volitve2022\/lv2022\/data\/prvikrog\/obcine-data\/data_043.json"}]},{"person":{"name":"Vojko Tonin","slug":"vojko-tonin"},"office":"Ob\u010dinski svetnik","office_code":"local_councillor","role_detail":"izvoljen z liste NOVA SLOVENIJA - KR\u0160\u010cANSKI DEMOKRATI","organization":{"name":"Kamnik","slug":"kamnik"},"since":"2022-11-20","since_precision":"inferred","until":null,"status":"elected","current":true,"sources":[{"authority":"Dr\u017eavna volilna komisija","url":"https:\/\/www.dvk-rs.si\/arhivi\/volitve2022\/lv2022\/data\/prvikrog\/obcine-data\/data_043.json"}]},{"person":{"name":"Bojana Pan\u010dur","slug":"bojana-pancur"},"office":"Ob\u010dinski svetnik","office_code":"local_councillor","role_detail":"izvoljen z liste NOVA SLOVENIJA - KR\u0160\u010cANSKI DEMOKRATI","organization":{"name":"Kamnik","slug":"kamnik"},"since":"2022-11-20","since_precision":"inferred","until":null,"status":"elected","current":true,"sources":[{"authority":"Dr\u017eavna volilna komisija","url":"https:\/\/www.dvk-rs.si\/arhivi\/volitve2022\/lv2022\/data\/prvikrog\/obcine-data\/data_043.json"}]},{"person":{"name":"Matej Slapar","slug":"matej-slapar"},"office":"\u017dupan","office_code":"mayor","role_detail":null,"organization":{"name":"Kamnik","slug":"kamnik"},"since":"2022-11-20","since_precision":"inferred","until":null,"status":"elected","current":true,"sources":[{"authority":"Dr\u017eavna volilna komisija","url":"https:\/\/www.dvk-rs.si\/arhivi\/volitve2022\/lv2022\/data\/ostale_obcine.json"}]}],"children":[{"slug":"glasbena-sola-kamnik","name":"Glasbena \u0160ola Kamnik","type":"public_institute","body_type":null},{"slug":"javni-lekarniski-zavod-mestne-lekarne","name":"Javni lekarni\u0161ki zavod Mestne lekarne","type":"public_institute","body_type":null},{"slug":"javni-zavod-za-kulturo-kamnik","name":"Javni zavod za kulturo Kamnik","type":"public_institute","body_type":null},{"slug":"knjiznica-franceta-balantica-kamnik","name":"Knji\u017enica Franceta Balanti\u010da Kamnik","type":"public_institute","body_type":null},{"slug":"krajevna-skupnost-crna","name":"Krajevna Skupnost \u010crna","type":"local_community","body_type":null},{"slug":"krajevna-skupnost-duplica-kamnik","name":"Krajevna Skupnost Duplica Kamnik","type":"local_community","body_type":null},{"slug":"krajevna-skupnost-godic","name":"Krajevna Skupnost Godi\u010d","type":"local_community","body_type":null},{"slug":"krajevna-skupnost-kamnik-center","name":"Krajevna Skupnost Kamnik-Center","type":"local_community","body_type":null},{"slug":"krajevna-skupnost-kamniska-bistrica","name":"Krajevna Skupnost Kamni\u0161ka Bistrica","type":"local_community","body_type":null},{"slug":"krajevna-skupnost-mekinje","name":"Krajevna Skupnost Mekinje","type":"local_community","body_type":null},{"slug":"krajevna-skupnost-motnik","name":"Krajevna Skupnost Motnik","type":"local_community","body_type":null},{"slug":"krajevna-skupnost-nevlje","name":"Krajevna Skupnost Nevlje","type":"local_community","body_type":null},{"slug":"krajevna-skupnost-novi-trg","name":"Krajevna Skupnost Novi Trg","type":"local_community","body_type":null},{"slug":"krajevna-skupnost-perovo","name":"Krajevna Skupnost Perovo","type":"local_community","body_type":null},{"slug":"krajevna-skupnost-psajnovica","name":"Krajevna Skupnost P\u0161ajnovica","type":"local_community","body_type":null},{"slug":"krajevna-skupnost-smarca","name":"Krajevna Skupnost \u0160marca","type":"local_community","body_type":null},{"slug":"krajevna-skupnost-smartno-v-tuhinju","name":"Krajevna Skupnost \u0160martno V Tuhinju","type":"local_community","body_type":null},{"slug":"krajevna-skupnost-srednja-vas","name":"Krajevna Skupnost Srednja Vas","type":"local_community","body_type":null},{"slug":"krajevna-skupnost-tuhinj","name":"Krajevna Skupnost Tuhinj","type":"local_community","body_type":null},{"slug":"krajevna-skupnost-tunjice","name":"Krajevna Skupnost Tunjice","type":"local_community","body_type":null},{"slug":"krajevna-skupnost-volcji-potok","name":"Krajevna Skupnost Vol\u010dji Potok","type":"local_community","body_type":null},{"slug":"krajevna-skupnost-vranja-pec","name":"Krajevna Skupnost Vranja Pe\u010d","type":"local_community","body_type":null},{"slug":"krajevna-skupnost-zaprice","name":"Krajevna Skupnost Zaprice","type":"local_community","body_type":null},{"slug":"medobcinski-muzej-kamnik","name":"Medob\u010dinski Muzej Kamnik","type":"public_institute","body_type":null},{"slug":"obcina-kamnik-krajevna-skupnost-podgorje","name":"Ob\u010dina Kamnik, Krajevna Skupnost Podgorje","type":"local_community","body_type":null},{"slug":"obcina-kamnik-krajevna-skupnost-sela","name":"Ob\u010dina Kamnik, Krajevna Skupnost Sela","type":"local_community","body_type":null},{"slug":"obcina-kamnik-krajevna-skupnost-spitalic","name":"Ob\u010dina Kamnik, Krajevna Skupnost \u0160pitali\u010d","type":"local_community","body_type":null},{"slug":"osnovna-sola-27-julij-kamnik","name":"Osnovna \u0160ola 27. Julij Kamnik","type":"public_institute","body_type":null},{"slug":"osnovna-sola-frana-albrehta-kamnik","name":"Osnovna \u0160ola Frana Albrehta Kamnik","type":"public_institute","body_type":null},{"slug":"osnovna-sola-marije-vere","name":"Osnovna \u0160ola Marije Vere","type":"public_institute","body_type":null},{"slug":"osnovna-sola-smartno-v-tuhinju","name":"Osnovna \u0160ola \u0160martno V Tuhinju","type":"public_institute","body_type":null},{"slug":"osnovna-sola-stranje","name":"Osnovna \u0160ola Stranje","type":"public_institute","body_type":null},{"slug":"osnovna-sola-toma-brejca","name":"Osnovna \u0160ola Toma Brejca","type":"public_institute","body_type":null},{"slug":"svetniska-skupina-gibanja-svoboda","name":"Svetni\u0161ka Skupina Gibanja Svoboda","type":"council_group","body_type":"council_group"},{"slug":"svetniska-skupina-liste-dusana-papeza","name":"Svetni\u0161ka Skupina Liste Du\u0161ana Pape\u017ea","type":"council_group","body_type":"council_group"},{"slug":"svetniska-skupina-liste-mateja-slaparja","name":"Svetni\u0161ka Skupina Liste Mateja Slaparja","type":"council_group","body_type":"council_group"},{"slug":"svetniska-skupina-liste-sandija-ursica","name":"Svetni\u0161ka Skupina Liste Sandija Ur\u0161i\u010da","type":"council_group","body_type":"council_group"},{"slug":"svetniska-skupina-nove-slovenije-krscanskih-demokratov","name":"Svetni\u0161ka Skupina Nove Slovenije \u2013 Kr\u0161\u010danskih Demokratov","type":"council_group","body_type":"council_group"},{"slug":"svetniska-skupina-slovenske-demokratske-stranke","name":"Svetni\u0161ka Skupina Slovenske Demokratske Stranke","type":"council_group","body_type":"council_group"},{"slug":"vrtec-antona-medveda-kamnik","name":"Vrtec Antona Medveda Kamnik","type":"public_institute","body_type":null},{"slug":"zavod-za-turizem-in-sport-kamnik","name":"Zavod za turizem in \u0161port Kamnik","type":"public_institute","body_type":null},{"slug":"zdravstveni-dom-dr-julija-polca-kamnik","name":"Zdravstveni Dom dr. Julija Polca Kamnik","type":"public_institute","body_type":null}]}