{"data":{"slug":"koper","name":"Koper","type":"municipality","type_label":"Ob\u010dina","body_type":null,"parent":null,"website":null,"phone":null,"address":"Verdijeva ulica 010, 6000 KOPER-CAPODISTRIA","email":"obcina@koper.si","leader":{"name":"Ale\u0161 Br\u017ean","person_slug":"ales-brzan","office":"\u017dupan","office_code":"mayor","since":"2022-11-20"},"image":{"url":"https:\/\/commons.wikimedia.org\/wiki\/Special:FilePath\/Coa_Koper.grb.svg","attribution":"Wikimedia Commons","source":"https:\/\/commons.wikimedia.org\/wiki\/Special:FilePath\/Coa_Koper.grb.svg","hosted":false},"sources":[],"url":"https:\/\/kdo-vodi.si\/organ\/koper","api_url":"https:\/\/kdo-vodi.si\/api\/v1\/organizations\/koper"},"office_holders":[{"person":{"name":"Patrik Pero\u0161a","slug":"patrik-perosa"},"office":"Ob\u010dinski svetnik","office_code":"local_councillor","role_detail":"izvoljen z liste OLJKA","organization":{"name":"Koper","slug":"koper"},"since":"2022-11-20","since_precision":"inferred","until":null,"status":"elected","current":true,"sources":[{"authority":"Dr\u017eavna volilna komisija","url":"https:\/\/www.dvk-rs.si\/arhivi\/volitve2022\/lv2022\/data\/prvikrog\/obcine-data\/data_050.json"}]},{"person":{"name":"Jure Colja","slug":"jure-colja"},"office":"Ob\u010dinski svetnik","office_code":"local_councillor","role_detail":"izvoljen z liste SLOVENSKA DEMOKRATSKA STRANKA - SDS","organization":{"name":"Koper","slug":"koper"},"since":"2022-11-20","since_precision":"inferred","until":null,"status":"elected","current":true,"sources":[{"authority":"Dr\u017eavna volilna komisija","url":"https:\/\/www.dvk-rs.si\/arhivi\/volitve2022\/lv2022\/data\/prvikrog\/obcine-data\/data_050.json"}]},{"person":{"name":"Vlado Krivec","slug":"vlado-krivec"},"office":"Ob\u010dinski svetnik","office_code":"local_councillor","role_detail":"izvoljen z liste Lista Ale\u0161a Br\u017eana","organization":{"name":"Koper","slug":"koper"},"since":"2022-11-20","since_precision":"inferred","until":null,"status":"elected","current":true,"sources":[{"authority":"Dr\u017eavna volilna komisija","url":"https:\/\/www.dvk-rs.si\/arhivi\/volitve2022\/lv2022\/data\/prvikrog\/obcine-data\/data_050.json"}]},{"person":{"name":"Astrid Del Ben","slug":"astrid-del-ben"},"office":"Ob\u010dinski svetnik","office_code":"local_councillor","role_detail":"izvoljen z liste Lista Ale\u0161a Br\u017eana","organization":{"name":"Koper","slug":"koper"},"since":"2022-11-20","since_precision":"inferred","until":null,"status":"elected","current":true,"sources":[{"authority":"Dr\u017eavna volilna komisija","url":"https:\/\/www.dvk-rs.si\/arhivi\/volitve2022\/lv2022\/data\/prvikrog\/obcine-data\/data_050.json"}]},{"person":{"name":"Romeo Pal\u010di\u010d","slug":"romeo-palcic"},"office":"Ob\u010dinski svetnik","office_code":"local_councillor","role_detail":"izvoljen z liste Lista Ale\u0161a Br\u017eana","organization":{"name":"Koper","slug":"koper"},"since":"2022-11-20","since_precision":"inferred","until":null,"status":"elected","current":true,"sources":[{"authority":"Dr\u017eavna volilna komisija","url":"https:\/\/www.dvk-rs.si\/arhivi\/volitve2022\/lv2022\/data\/prvikrog\/obcine-data\/data_050.json"}]},{"person":{"name":"Gabrijela Kukovec Pribac","slug":"gabrijela-kukovec-pribac"},"office":"Ob\u010dinski svetnik","office_code":"local_councillor","role_detail":"izvoljen z liste Lista Ale\u0161a Br\u017eana","organization":{"name":"Koper","slug":"koper"},"since":"2022-11-20","since_precision":"inferred","until":null,"status":"elected","current":true,"sources":[{"authority":"Dr\u017eavna volilna komisija","url":"https:\/\/www.dvk-rs.si\/arhivi\/volitve2022\/lv2022\/data\/prvikrog\/obcine-data\/data_050.json"}]},{"person":{"name":"Du\u0161ko Mad\u017earovi\u0107","slug":"dusko-madzarovic"},"office":"Ob\u010dinski svetnik","office_code":"local_councillor","role_detail":"izvoljen z liste Lista Ale\u0161a Br\u017eana","organization":{"name":"Koper","slug":"koper"},"since":"2022-11-20","since_precision":"inferred","until":null,"status":"elected","current":true,"sources":[{"authority":"Dr\u017eavna volilna komisija","url":"https:\/\/www.dvk-rs.si\/arhivi\/volitve2022\/lv2022\/data\/prvikrog\/obcine-data\/data_050.json"}]},{"person":{"name":"Jasna Softi\u0107","slug":"jasna-softic"},"office":"Ob\u010dinski svetnik","office_code":"local_councillor","role_detail":"izvoljen z liste Lista Ale\u0161a Br\u017eana","organization":{"name":"Koper","slug":"koper"},"since":"2022-11-20","since_precision":"inferred","until":null,"status":"elected","current":true,"sources":[{"authority":"Dr\u017eavna volilna komisija","url":"https:\/\/www.dvk-rs.si\/arhivi\/volitve2022\/lv2022\/data\/prvikrog\/obcine-data\/data_050.json"}]},{"person":{"name":"Janez Starman","slug":"janez-starman"},"office":"Ob\u010dinski svetnik","office_code":"local_councillor","role_detail":"izvoljen z liste Lista Ale\u0161a Br\u017eana","organization":{"name":"Koper","slug":"koper"},"since":"2022-11-20","since_precision":"inferred","until":null,"status":"elected","current":true,"sources":[{"authority":"Dr\u017eavna volilna komisija","url":"https:\/\/www.dvk-rs.si\/arhivi\/volitve2022\/lv2022\/data\/prvikrog\/obcine-data\/data_050.json"}]},{"person":{"name":"Mirjam Lemut","slug":"mirjam-lemut"},"office":"Ob\u010dinski svetnik","office_code":"local_councillor","role_detail":"izvoljen z liste Lista Ale\u0161a Br\u017eana","organization":{"name":"Koper","slug":"koper"},"since":"2022-11-20","since_precision":"inferred","until":null,"status":"elected","current":true,"sources":[{"authority":"Dr\u017eavna volilna komisija","url":"https:\/\/www.dvk-rs.si\/arhivi\/volitve2022\/lv2022\/data\/prvikrog\/obcine-data\/data_050.json"}]},{"person":{"name":"Ale\u0161 Br\u017ean","slug":"ales-brzan"},"office":"Ob\u010dinski svetnik","office_code":"local_councillor","role_detail":"izvoljen z liste Lista Ale\u0161a Br\u017eana","organization":{"name":"Koper","slug":"koper"},"since":"2022-11-20","since_precision":"inferred","until":null,"status":"elected","current":true,"sources":[{"authority":"Dr\u017eavna volilna komisija","url":"https:\/\/www.dvk-rs.si\/arhivi\/volitve2022\/lv2022\/data\/prvikrog\/obcine-data\/data_050.json"}]},{"person":{"name":"Mojca Ka\u010dinari","slug":"mojca-kacinari"},"office":"Ob\u010dinski svetnik","office_code":"local_councillor","role_detail":"izvoljen z liste GIBANJE SVOBODA","organization":{"name":"Koper","slug":"koper"},"since":"2022-11-20","since_precision":"inferred","until":null,"status":"elected","current":true,"sources":[{"authority":"Dr\u017eavna volilna komisija","url":"https:\/\/www.dvk-rs.si\/arhivi\/volitve2022\/lv2022\/data\/prvikrog\/obcine-data\/data_050.json"}]},{"person":{"name":"Jan Mu\u017eeni\u010d","slug":"jan-muzenic"},"office":"Ob\u010dinski svetnik","office_code":"local_councillor","role_detail":"izvoljen z liste GIBANJE SVOBODA","organization":{"name":"Koper","slug":"koper"},"since":"2022-11-20","since_precision":"inferred","until":null,"status":"elected","current":true,"sources":[{"authority":"Dr\u017eavna volilna komisija","url":"https:\/\/www.dvk-rs.si\/arhivi\/volitve2022\/lv2022\/data\/prvikrog\/obcine-data\/data_050.json"}]},{"person":{"name":"Vesna Rebec","slug":"vesna-rebec"},"office":"Ob\u010dinski svetnik","office_code":"local_councillor","role_detail":"izvoljen z liste GIBANJE SVOBODA","organization":{"name":"Koper","slug":"koper"},"since":"2022-11-20","since_precision":"inferred","until":null,"status":"elected","current":true,"sources":[{"authority":"Dr\u017eavna volilna komisija","url":"https:\/\/www.dvk-rs.si\/arhivi\/volitve2022\/lv2022\/data\/prvikrog\/obcine-data\/data_050.json"}]},{"person":{"name":"Matej Kralj","slug":"matej-kralj"},"office":"Ob\u010dinski svetnik","office_code":"local_councillor","role_detail":"izvoljen z liste GIBANJE SVOBODA","organization":{"name":"Koper","slug":"koper"},"since":"2022-11-20","since_precision":"inferred","until":null,"status":"elected","current":true,"sources":[{"authority":"Dr\u017eavna volilna komisija","url":"https:\/\/www.dvk-rs.si\/arhivi\/volitve2022\/lv2022\/data\/prvikrog\/obcine-data\/data_050.json"}]},{"person":{"name":"Mateja Hrvatin Kozlovi\u010d","slug":"mateja-hrvatin-kozlovic"},"office":"Ob\u010dinski svetnik","office_code":"local_councillor","role_detail":"izvoljen z liste GIBANJE SVOBODA","organization":{"name":"Koper","slug":"koper"},"since":"2022-11-20","since_precision":"inferred","until":null,"status":"elected","current":true,"sources":[{"authority":"Dr\u017eavna volilna komisija","url":"https:\/\/www.dvk-rs.si\/arhivi\/volitve2022\/lv2022\/data\/prvikrog\/obcine-data\/data_050.json"}]},{"person":{"name":"Matja\u017e \u010cok","slug":"matjaz-cok"},"office":"Ob\u010dinski svetnik","office_code":"local_councillor","role_detail":"izvoljen z liste GIBANJE SVOBODA","organization":{"name":"Koper","slug":"koper"},"since":"2022-11-20","since_precision":"inferred","until":null,"status":"elected","current":true,"sources":[{"authority":"Dr\u017eavna volilna komisija","url":"https:\/\/www.dvk-rs.si\/arhivi\/volitve2022\/lv2022\/data\/prvikrog\/obcine-data\/data_050.json"}]},{"person":{"name":"Alan Medve\u0161","slug":"alan-medves"},"office":"Ob\u010dinski svetnik","office_code":"local_councillor","role_detail":"izvoljen z liste LEVICA","organization":{"name":"Koper","slug":"koper"},"since":"2022-11-20","since_precision":"inferred","until":null,"status":"elected","current":true,"sources":[{"authority":"Dr\u017eavna volilna komisija","url":"https:\/\/www.dvk-rs.si\/arhivi\/volitve2022\/lv2022\/data\/prvikrog\/obcine-data\/data_050.json"}]},{"person":{"name":"Zoran Pavi\u0107","slug":"zoran-pavic"},"office":"Ob\u010dinski svetnik","office_code":"local_councillor","role_detail":"izvoljen z liste KOPER JE NA\u0160 - KJN","organization":{"name":"Koper","slug":"koper"},"since":"2022-11-20","since_precision":"inferred","until":null,"status":"elected","current":true,"sources":[{"authority":"Dr\u017eavna volilna komisija","url":"https:\/\/www.dvk-rs.si\/arhivi\/volitve2022\/lv2022\/data\/prvikrog\/obcine-data\/data_050.json"}]},{"person":{"name":"Lana Udoni","slug":"lana-udoni"},"office":"Ob\u010dinski svetnik","office_code":"local_councillor","role_detail":"izvoljen z liste KOPER JE NA\u0160 - KJN","organization":{"name":"Koper","slug":"koper"},"since":"2022-11-20","since_precision":"inferred","until":null,"status":"elected","current":true,"sources":[{"authority":"Dr\u017eavna volilna komisija","url":"https:\/\/www.dvk-rs.si\/arhivi\/volitve2022\/lv2022\/data\/prvikrog\/obcine-data\/data_050.json"}]},{"person":{"name":"Nik Kramar","slug":"nik-kramar"},"office":"Ob\u010dinski svetnik","office_code":"local_councillor","role_detail":"izvoljen z liste KOPER JE NA\u0160 - KJN","organization":{"name":"Koper","slug":"koper"},"since":"2022-11-20","since_precision":"inferred","until":null,"status":"elected","current":true,"sources":[{"authority":"Dr\u017eavna volilna komisija","url":"https:\/\/www.dvk-rs.si\/arhivi\/volitve2022\/lv2022\/data\/prvikrog\/obcine-data\/data_050.json"}]},{"person":{"name":"Stefanija Raj\u010di\u0107 Sedlarevi\u0107","slug":"stefanija-rajcic-sedlarevic"},"office":"Ob\u010dinski svetnik","office_code":"local_councillor","role_detail":"izvoljen z liste KOPER JE NA\u0160 - KJN","organization":{"name":"Koper","slug":"koper"},"since":"2022-11-20","since_precision":"inferred","until":null,"status":"elected","current":true,"sources":[{"authority":"Dr\u017eavna volilna komisija","url":"https:\/\/www.dvk-rs.si\/arhivi\/volitve2022\/lv2022\/data\/prvikrog\/obcine-data\/data_050.json"}]},{"person":{"name":"Dra\u017een Vidakovi\u0107","slug":"drazen-vidakovic"},"office":"Ob\u010dinski svetnik","office_code":"local_councillor","role_detail":"izvoljen z liste KOPER JE NA\u0160 - KJN","organization":{"name":"Koper","slug":"koper"},"since":"2022-11-20","since_precision":"inferred","until":null,"status":"elected","current":true,"sources":[{"authority":"Dr\u017eavna volilna komisija","url":"https:\/\/www.dvk-rs.si\/arhivi\/volitve2022\/lv2022\/data\/prvikrog\/obcine-data\/data_050.json"}]},{"person":{"name":"Anna Poropat","slug":"anna-poropat"},"office":"Ob\u010dinski svetnik","office_code":"local_councillor","role_detail":"izvoljen z liste KOPER JE NA\u0160 - KJN","organization":{"name":"Koper","slug":"koper"},"since":"2022-11-20","since_precision":"inferred","until":null,"status":"elected","current":true,"sources":[{"authority":"Dr\u017eavna volilna komisija","url":"https:\/\/www.dvk-rs.si\/arhivi\/volitve2022\/lv2022\/data\/prvikrog\/obcine-data\/data_050.json"}]},{"person":{"name":"Sani Kamen\u010di\u0107","slug":"sani-kamencic"},"office":"Ob\u010dinski svetnik","office_code":"local_councillor","role_detail":"izvoljen z liste KOPER JE NA\u0160 - KJN","organization":{"name":"Koper","slug":"koper"},"since":"2022-11-20","since_precision":"inferred","until":null,"status":"elected","current":true,"sources":[{"authority":"Dr\u017eavna volilna komisija","url":"https:\/\/www.dvk-rs.si\/arhivi\/volitve2022\/lv2022\/data\/prvikrog\/obcine-data\/data_050.json"}]},{"person":{"name":"Nevenka Stani\u0107 Ristovi\u0107","slug":"nevenka-stanic-ristovic"},"office":"Ob\u010dinski svetnik","office_code":"local_councillor","role_detail":"izvoljen z liste KOPER JE NA\u0160 - KJN","organization":{"name":"Koper","slug":"koper"},"since":"2022-11-20","since_precision":"inferred","until":null,"status":"elected","current":true,"sources":[{"authority":"Dr\u017eavna volilna komisija","url":"https:\/\/www.dvk-rs.si\/arhivi\/volitve2022\/lv2022\/data\/prvikrog\/obcine-data\/data_050.json"}]},{"person":{"name":"Ermin Huremovi\u0107","slug":"ermin-huremovic"},"office":"Ob\u010dinski svetnik","office_code":"local_councillor","role_detail":"izvoljen z liste KOPER JE NA\u0160 - KJN","organization":{"name":"Koper","slug":"koper"},"since":"2022-11-20","since_precision":"inferred","until":null,"status":"elected","current":true,"sources":[{"authority":"Dr\u017eavna volilna komisija","url":"https:\/\/www.dvk-rs.si\/arhivi\/volitve2022\/lv2022\/data\/prvikrog\/obcine-data\/data_050.json"}]},{"person":{"name":"Anja Pe\u010di\u010d","slug":"anja-pecic"},"office":"Ob\u010dinski svetnik","office_code":"local_councillor","role_detail":"izvoljen z liste KOPER JE NA\u0160 - KJN","organization":{"name":"Koper","slug":"koper"},"since":"2022-11-20","since_precision":"inferred","until":null,"status":"elected","current":true,"sources":[{"authority":"Dr\u017eavna volilna komisija","url":"https:\/\/www.dvk-rs.si\/arhivi\/volitve2022\/lv2022\/data\/prvikrog\/obcine-data\/data_050.json"}]},{"person":{"name":"Boris Popovi\u010d","slug":"boris-popovic"},"office":"Ob\u010dinski svetnik","office_code":"local_councillor","role_detail":"izvoljen z liste KOPER JE NA\u0160 - KJN","organization":{"name":"Koper","slug":"koper"},"since":"2022-11-20","since_precision":"inferred","until":null,"status":"elected","current":true,"sources":[{"authority":"Dr\u017eavna volilna komisija","url":"https:\/\/www.dvk-rs.si\/arhivi\/volitve2022\/lv2022\/data\/prvikrog\/obcine-data\/data_050.json"}]},{"person":{"name":"Jadranka \u0160turm Kocjan","slug":"jadranka-sturm-kocjan"},"office":"Ob\u010dinski svetnik","office_code":"local_councillor","role_detail":"izvoljen z liste SOCIALNI DEMOKRATI (SD)","organization":{"name":"Koper","slug":"koper"},"since":"2022-11-20","since_precision":"inferred","until":null,"status":"elected","current":true,"sources":[{"authority":"Dr\u017eavna volilna komisija","url":"https:\/\/www.dvk-rs.si\/arhivi\/volitve2022\/lv2022\/data\/prvikrog\/obcine-data\/data_050.json"}]},{"person":{"name":"Ale\u0161 Br\u017ean","slug":"ales-brzan"},"office":"\u017dupan","office_code":"mayor","role_detail":null,"organization":{"name":"Koper","slug":"koper"},"since":"2022-11-20","since_precision":"inferred","until":null,"status":"elected","current":true,"sources":[{"authority":"Dr\u017eavna volilna komisija","url":"https:\/\/www.dvk-rs.si\/arhivi\/volitve2022\/lv2022\/data\/mestne_obcine.json"}]}],"children":[{"slug":"bonifika-zavod-za-gospodarjenje-s-sportnimi-rekreacijskimi-in-gospodarskimi-objekti-v-likvidaciji","name":"BONIFIKA zavod za gospodarjenje s \u0161portnimi, rekreacijskimi in gospodarskimi objekti - v likvidaciji","type":"public_institute","body_type":null},{"slug":"centro-italiano-di-promozione-cultura-formazione-e-sviluppo-carlo-combi-capodistria-promocijsko-kulturno-izobrazevalno-in-razvojno-italijansko-sredisce-carlo-combi-koper","name":"Centro Italiano Di Promozione, Cultura, Formazione E Sviluppo Carlo Combi - Capodistria - Promocijsko, Kulturno, Izobra\u017eevalno In Razvojno Italijansko Sredi\u0161\u010de Carlo Combi - Koper","type":"public_institute","body_type":null},{"slug":"giardino-d-infanzia-delfino-blu-capodistria-vrtec-delfino-blu-koper","name":"Giardino D Infanzia Delfino Blu, Capodistria Vrtec Delfino Blu Koper","type":"public_institute","body_type":null},{"slug":"glasbena-sola-koper-scuola-di-musica-capodistria","name":"Glasbena \u0160ola Koper Scuola Di Musica Capodistria","type":"public_institute","body_type":null},{"slug":"gledalisce-koper-teatro-capodistria","name":"Gledali\u0161\u010de Koper Teatro Capodistria","type":"public_institute","body_type":null},{"slug":"javni-vzgojno-izobrazevalni-zavod-ente-pubblico-di-educazione-ed-istruzione-vrtec-semedela","name":"Javni Vzgojno-Izobra\u017eevalni Zavod - Ente Pubblico Di Educazione Ed Istruzione Vrtec Semedela","type":"public_institute","body_type":null},{"slug":"javni-vzgojno-izobrazevalni-zavod-vrtec-koper-ente-publico-di-educazione-ed-istruzione-vrtec-koper","name":"JAVNI VZGOJNO-IZOBRA\u017dEVALNI ZAVOD VRTEC KOPER Ente publico di educazione ed istruzione VRTEC KOPER","type":"public_institute","body_type":null},{"slug":"javni-zavod-gasilska-brigada-koper-ente-pubblico-vigili-del-fuoco-capodistria","name":"Javni Zavod Gasilska Brigada Koper Ente Pubblico Vigili Del Fuoco, Capodistria","type":"public_institute","body_type":null},{"slug":"javni-zavod-za-sport-mestne-obcine-koper","name":"Javni zavod za \u0161port Mestne ob\u010dine Koper","type":"public_institute","body_type":null},{"slug":"krajevna-skupnost-bertoki","name":"Krajevna Skupnost Bertoki","type":"local_community","body_type":null},{"slug":"krajevna-skupnost-borst","name":"Krajevna Skupnost Bor\u0161t","type":"local_community","body_type":null},{"slug":"krajevna-skupnost-crni-kal","name":"Krajevna Skupnost \u010crni Kal","type":"local_community","body_type":null},{"slug":"krajevna-skupnost-dekani","name":"Krajevna Skupnost Dekani","type":"local_community","body_type":null},{"slug":"krajevna-skupnost-gracisce","name":"Krajevna Skupnost Gra\u010di\u0161\u010de","type":"local_community","body_type":null},{"slug":"krajevna-skupnost-gradin","name":"Krajevna Skupnost Gradin","type":"local_community","body_type":null},{"slug":"krajevna-skupnost-hrvatini","name":"Krajevna Skupnost Hrvatini","type":"local_community","body_type":null},{"slug":"krajevna-skupnost-koper-center","name":"Krajevna Skupnost Koper-Center","type":"local_community","body_type":null},{"slug":"krajevna-skupnost-koper-semedela","name":"Krajevna Skupnost Koper-Semedela","type":"local_community","body_type":null},{"slug":"krajevna-skupnost-koper-za-gradom","name":"Krajevna Skupnost Koper-Za Gradom","type":"local_community","body_type":null},{"slug":"krajevna-skupnost-marezige","name":"Krajevna Skupnost Marezige","type":"local_community","body_type":null},{"slug":"krajevna-skupnost-olmo-prisoje-koper","name":"Krajevna Skupnost Olmo-Prisoje Koper","type":"local_community","body_type":null},{"slug":"krajevna-skupnost-pobegi-cezarji","name":"Krajevna Skupnost Pobegi-\u010ce\u017earji","type":"local_community","body_type":null},{"slug":"krajevna-skupnost-rakitovec","name":"Krajevna Skupnost Rakitovec","type":"local_community","body_type":null},{"slug":"krajevna-skupnost-smarje-pri-kopru","name":"Krajevna Skupnost \u0160marje Pri Kopru","type":"local_community","body_type":null},{"slug":"krajevna-skupnost-vanganel","name":"Krajevna Skupnost Vanganel","type":"local_community","body_type":null},{"slug":"krajevna-skupnost-zazid","name":"Krajevna Skupnost Zazid","type":"local_community","body_type":null},{"slug":"krajevna-skupnost-zusterna","name":"Krajevna Skupnost \u017dusterna","type":"local_community","body_type":null},{"slug":"ljudska-univerza-koper-universita-popolare-capodistria","name":"Ljudska Univerza Koper Universita' Popolare Capodistria","type":"public_institute","body_type":null},{"slug":"mestna-obcina-koper-krajevna-skupnost-podgorje","name":"Mestna Ob\u010dina Koper, Krajevna Skupnost Podgorje","type":"local_community","body_type":null},{"slug":"mestna-obcina-koper-krajevna-skupnost-skocjan","name":"Mestna Ob\u010dina Koper, Krajevna Skupnost \u0160kocjan","type":"local_community","body_type":null},{"slug":"mestna-obcina-koper-krajevna-skupnost-skofije","name":"Mestna Ob\u010dina Koper Krajevna Skupnost \u0160kofije","type":"local_community","body_type":null},{"slug":"mestna-obcina-koper-krajevna-skupnost-sveti-anton","name":"Mestna Ob\u010dina Koper Krajevna Skupnost Sveti Anton","type":"local_community","body_type":null},{"slug":"obalne-lekarne-koper-farmacie-costiere-capodistria","name":"Obalne Lekarne Koper Farmacie Costiere Capodistria","type":"public_institute","body_type":null},{"slug":"osnovna-sola-antona-ukmarja-koper-scuola-elementare-anton-ukmar-capodistria","name":"Osnovna \u0160ola Antona Ukmarja Koper Scuola Elementare Anton Ukmar Capodistria","type":"public_institute","body_type":null},{"slug":"osnovna-sola-dekani","name":"Osnovna \u0160ola Dekani","type":"public_institute","body_type":null},{"slug":"osnovna-sola-dr-ales-bebler-primoz-hrvatini-scuola-elementare-dr-ales-bebler-primoz-crevatini","name":"Osnovna \u0160ola dr. Ale\u0161 Bebler-Primo\u017e Hrvatini Scuola Elementare dr. Ale\u0161 Bebler-Primo\u017e Crevatini","type":"public_institute","body_type":null},{"slug":"osnovna-sola-dusana-bordona-semedela-koper-scuola-elementare-dusan-bordon-semedella-capodistria","name":"Osnovna \u0160ola Du\u0161ana Bordona Semedela-Koper Scuola Elementare Du\u0161an Bordon Semedella-Capodistria","type":"public_institute","body_type":null},{"slug":"osnovna-sola-elvire-vatovec-prade-koper-scuola-elementare-elvira-vatovec-prade-capodistria","name":"Osnovna \u0160ola Elvire Vatovec Prade - Koper Scuola Elementare Elvira Vatovec Prade - Capodistria","type":"public_institute","body_type":null},{"slug":"osnovna-sola-istrskega-odreda-gracisce","name":"Osnovna \u0160ola Istrskega Odreda Gra\u010di\u0161\u010de","type":"public_institute","body_type":null},{"slug":"osnovna-sola-ivana-babica-jagra-marezige","name":"Osnovna \u0160ola Ivana Babi\u010da-Jagra Marezige","type":"public_institute","body_type":null},{"slug":"osnovna-sola-koper-scuola-elementare-capodistria","name":"Osnovna \u0160ola Koper Scuola Elementare Capodistria","type":"public_institute","body_type":null},{"slug":"osnovna-sola-oskarja-kovacica-skofije","name":"Osnovna \u0160ola Oskarja Kova\u010di\u010da \u0160kofije","type":"public_institute","body_type":null},{"slug":"osnovna-sola-smarje-pri-kopru","name":"Osnovna \u0160ola \u0160marje Pri Kopru","type":"public_institute","body_type":null},{"slug":"osrednja-knjiznica-srecka-vilharja-koper-biblioteca-centrale-srecko-vilhar-capodistria","name":"Osrednja Knji\u017enica Sre\u010dka Vilharja Koper Biblioteca Centrale Sre\u010dko Vilhar Capodistria","type":"public_institute","body_type":null},{"slug":"pokrajinski-muzej-koper-museo-regionale-di-capodistria","name":"Pokrajinski Muzej Koper, Museo Regionale Di Capodistria","type":"public_institute","body_type":null},{"slug":"scuola-elementare-pier-paolo-vergerio-il-vecchio-capodistria-osnovna-sola-pier-paolo-vergerio-il-vecchio-koper","name":"Scuola Elementare Pier Paolo Vergerio Il Vecchio Capodistria Osnovna \u0160ola Pier Paolo Vergerio Il Vecchio Koper","type":"public_institute","body_type":null},{"slug":"svetovalni-center-za-otroke-mladostnike-in-starse-istre-centro-di-consulenza-per-i-bambini-i-giovani-e-i-genitori-dellistria","name":"Svetovalni center za otroke, mladostnike in star\u0161e Istre Centro di consulenza per i bambini, i giovani e i genitori dell'Istria","type":"public_institute","body_type":null},{"slug":"zavod-za-mladino-kulturo-in-turizem-koper","name":"Zavod za mladino, kulturo in turizem Koper","type":"public_institute","body_type":null},{"slug":"zdravstveni-dom-koper-casa-della-sanita-capodistria","name":"Zdravstveni Dom Koper Casa Della Sanita Capodistria","type":"public_institute","body_type":null}]}