{"data":{"slug":"kranj","name":"Kranj","type":"municipality","type_label":"Ob\u010dina","body_type":null,"parent":null,"website":null,"phone":null,"address":"Slovenski trg 001, 4000 KRANJ","email":"mok@kranj.si","leader":{"name":"Matja\u017e Rakovec","person_slug":"matjaz-rakovec","office":"\u017dupan","office_code":"mayor","since":"2022-12-04"},"image":null,"sources":[],"url":"https:\/\/kdo-vodi.si\/organ\/kranj","api_url":"https:\/\/kdo-vodi.si\/api\/v1\/organizations\/kranj"},"office_holders":[{"person":{"name":"Jure \u0160prajc","slug":"jure-sprajc"},"office":"Ob\u010dinski svetnik","office_code":"local_councillor","role_detail":"izvoljen z liste POVEZANE LOKALNE SKUPNOSTI","organization":{"name":"Kranj","slug":"kranj"},"since":"2022-11-20","since_precision":"inferred","until":null,"status":"elected","current":true,"sources":[{"authority":"Dr\u017eavna volilna komisija","url":"https:\/\/www.dvk-rs.si\/arhivi\/volitve2022\/lv2022\/data\/prvikrog\/obcine-data\/data_052.json"}]},{"person":{"name":"Toma\u017e Ogris","slug":"tomaz-ogris"},"office":"Ob\u010dinski svetnik","office_code":"local_councillor","role_detail":"izvoljen z liste POVEZANE LOKALNE SKUPNOSTI","organization":{"name":"Kranj","slug":"kranj"},"since":"2022-11-20","since_precision":"inferred","until":null,"status":"elected","current":true,"sources":[{"authority":"Dr\u017eavna volilna komisija","url":"https:\/\/www.dvk-rs.si\/arhivi\/volitve2022\/lv2022\/data\/prvikrog\/obcine-data\/data_052.json"}]},{"person":{"name":"Ga\u0161per Peterc","slug":"gasper-peterc"},"office":"Ob\u010dinski svetnik","office_code":"local_councillor","role_detail":"izvoljen z liste Dr\u017eavljansko gibanje Resni.ca","organization":{"name":"Kranj","slug":"kranj"},"since":"2022-11-20","since_precision":"inferred","until":null,"status":"elected","current":true,"sources":[{"authority":"Dr\u017eavna volilna komisija","url":"https:\/\/www.dvk-rs.si\/arhivi\/volitve2022\/lv2022\/data\/prvikrog\/obcine-data\/data_052.json"}]},{"person":{"name":"Gordana Grobelnik","slug":"gordana-grobelnik"},"office":"Ob\u010dinski svetnik","office_code":"local_councillor","role_detail":"izvoljen z liste Dr\u017eavljansko gibanje Resni.ca","organization":{"name":"Kranj","slug":"kranj"},"since":"2022-11-20","since_precision":"inferred","until":null,"status":"elected","current":true,"sources":[{"authority":"Dr\u017eavna volilna komisija","url":"https:\/\/www.dvk-rs.si\/arhivi\/volitve2022\/lv2022\/data\/prvikrog\/obcine-data\/data_052.json"}]},{"person":{"name":"Neven Polajnar","slug":"neven-polajnar"},"office":"Ob\u010dinski svetnik","office_code":"local_councillor","role_detail":"izvoljen z liste Dr\u017eavljansko gibanje Resni.ca","organization":{"name":"Kranj","slug":"kranj"},"since":"2022-11-20","since_precision":"inferred","until":null,"status":"elected","current":true,"sources":[{"authority":"Dr\u017eavna volilna komisija","url":"https:\/\/www.dvk-rs.si\/arhivi\/volitve2022\/lv2022\/data\/prvikrog\/obcine-data\/data_052.json"}]},{"person":{"name":"Ana Pavlovski","slug":"ana-pavlovski"},"office":"Ob\u010dinski svetnik","office_code":"local_councillor","role_detail":"izvoljen z liste Dr\u017eavljansko gibanje Resni.ca","organization":{"name":"Kranj","slug":"kranj"},"since":"2022-11-20","since_precision":"inferred","until":null,"status":"elected","current":true,"sources":[{"authority":"Dr\u017eavna volilna komisija","url":"https:\/\/www.dvk-rs.si\/arhivi\/volitve2022\/lv2022\/data\/prvikrog\/obcine-data\/data_052.json"}]},{"person":{"name":"Zoran Stevanovi\u0107","slug":"zoran-stevanovic"},"office":"Ob\u010dinski svetnik","office_code":"local_councillor","role_detail":"izvoljen z liste Dr\u017eavljansko gibanje Resni.ca","organization":{"name":"Kranj","slug":"kranj"},"since":"2022-11-20","since_precision":"inferred","until":null,"status":"elected","current":true,"sources":[{"authority":"Dr\u017eavna volilna komisija","url":"https:\/\/www.dvk-rs.si\/arhivi\/volitve2022\/lv2022\/data\/prvikrog\/obcine-data\/data_052.json"}]},{"person":{"name":"Mitar Vujinovi\u0107","slug":"mitar-vujinovic"},"office":"Ob\u010dinski svetnik","office_code":"local_councillor","role_detail":"izvoljen z liste SOCIALNI DEMOKRATI","organization":{"name":"Kranj","slug":"kranj"},"since":"2022-11-20","since_precision":"inferred","until":null,"status":"elected","current":true,"sources":[{"authority":"Dr\u017eavna volilna komisija","url":"https:\/\/www.dvk-rs.si\/arhivi\/volitve2022\/lv2022\/data\/prvikrog\/obcine-data\/data_052.json"}]},{"person":{"name":"Nada Bogataj Kr\u017ean","slug":"nada-bogataj-krzan"},"office":"Ob\u010dinski svetnik","office_code":"local_councillor","role_detail":"izvoljen z liste SOCIALNI DEMOKRATI","organization":{"name":"Kranj","slug":"kranj"},"since":"2022-11-20","since_precision":"inferred","until":null,"status":"elected","current":true,"sources":[{"authority":"Dr\u017eavna volilna komisija","url":"https:\/\/www.dvk-rs.si\/arhivi\/volitve2022\/lv2022\/data\/prvikrog\/obcine-data\/data_052.json"}]},{"person":{"name":"Sebastjan Gubi\u010d","slug":"sebastjan-gubic"},"office":"Ob\u010dinski svetnik","office_code":"local_councillor","role_detail":"izvoljen z liste SOCIALNI DEMOKRATI","organization":{"name":"Kranj","slug":"kranj"},"since":"2022-11-20","since_precision":"inferred","until":null,"status":"elected","current":true,"sources":[{"authority":"Dr\u017eavna volilna komisija","url":"https:\/\/www.dvk-rs.si\/arhivi\/volitve2022\/lv2022\/data\/prvikrog\/obcine-data\/data_052.json"}]},{"person":{"name":"Nata\u0161a Majcen","slug":"natasa-majcen"},"office":"Ob\u010dinski svetnik","office_code":"local_councillor","role_detail":"izvoljen z liste SOCIALNI DEMOKRATI","organization":{"name":"Kranj","slug":"kranj"},"since":"2022-11-20","since_precision":"inferred","until":null,"status":"elected","current":true,"sources":[{"authority":"Dr\u017eavna volilna komisija","url":"https:\/\/www.dvk-rs.si\/arhivi\/volitve2022\/lv2022\/data\/prvikrog\/obcine-data\/data_052.json"}]},{"person":{"name":"Janez \u010cerne","slug":"janez-cerne"},"office":"Ob\u010dinski svetnik","office_code":"local_councillor","role_detail":"izvoljen z liste SOCIALNI DEMOKRATI","organization":{"name":"Kranj","slug":"kranj"},"since":"2022-11-20","since_precision":"inferred","until":null,"status":"elected","current":true,"sources":[{"authority":"Dr\u017eavna volilna komisija","url":"https:\/\/www.dvk-rs.si\/arhivi\/volitve2022\/lv2022\/data\/prvikrog\/obcine-data\/data_052.json"}]},{"person":{"name":"Manja Zorko","slug":"manja-zorko"},"office":"Ob\u010dinski svetnik","office_code":"local_councillor","role_detail":"izvoljen z liste SOCIALNI DEMOKRATI","organization":{"name":"Kranj","slug":"kranj"},"since":"2022-11-20","since_precision":"inferred","until":null,"status":"elected","current":true,"sources":[{"authority":"Dr\u017eavna volilna komisija","url":"https:\/\/www.dvk-rs.si\/arhivi\/volitve2022\/lv2022\/data\/prvikrog\/obcine-data\/data_052.json"}]},{"person":{"name":"Matja\u017e Rakovec","slug":"matjaz-rakovec"},"office":"Ob\u010dinski svetnik","office_code":"local_councillor","role_detail":"izvoljen z liste SOCIALNI DEMOKRATI","organization":{"name":"Kranj","slug":"kranj"},"since":"2022-11-20","since_precision":"inferred","until":null,"status":"elected","current":true,"sources":[{"authority":"Dr\u017eavna volilna komisija","url":"https:\/\/www.dvk-rs.si\/arhivi\/volitve2022\/lv2022\/data\/prvikrog\/obcine-data\/data_052.json"}]},{"person":{"name":"Nata\u0161a Jenkole","slug":"natasa-jenkole"},"office":"Ob\u010dinski svetnik","office_code":"local_councillor","role_detail":"izvoljen z liste SLOVENSKA DEMOKRATSKA STRANKA","organization":{"name":"Kranj","slug":"kranj"},"since":"2022-11-20","since_precision":"inferred","until":null,"status":"elected","current":true,"sources":[{"authority":"Dr\u017eavna volilna komisija","url":"https:\/\/www.dvk-rs.si\/arhivi\/volitve2022\/lv2022\/data\/prvikrog\/obcine-data\/data_052.json"}]},{"person":{"name":"Bojan Homan","slug":"bojan-homan"},"office":"Ob\u010dinski svetnik","office_code":"local_councillor","role_detail":"izvoljen z liste SLOVENSKA DEMOKRATSKA STRANKA","organization":{"name":"Kranj","slug":"kranj"},"since":"2022-11-20","since_precision":"inferred","until":null,"status":"elected","current":true,"sources":[{"authority":"Dr\u017eavna volilna komisija","url":"https:\/\/www.dvk-rs.si\/arhivi\/volitve2022\/lv2022\/data\/prvikrog\/obcine-data\/data_052.json"}]},{"person":{"name":"Andreja Vali\u010d Zver","slug":"andreja-valic-zver"},"office":"Ob\u010dinski svetnik","office_code":"local_councillor","role_detail":"izvoljen z liste SLOVENSKA DEMOKRATSKA STRANKA","organization":{"name":"Kranj","slug":"kranj"},"since":"2022-11-20","since_precision":"inferred","until":null,"status":"elected","current":true,"sources":[{"authority":"Dr\u017eavna volilna komisija","url":"https:\/\/www.dvk-rs.si\/arhivi\/volitve2022\/lv2022\/data\/prvikrog\/obcine-data\/data_052.json"}]},{"person":{"name":"Branko Grims","slug":"branko-grims"},"office":"Ob\u010dinski svetnik","office_code":"local_councillor","role_detail":"izvoljen z liste SLOVENSKA DEMOKRATSKA STRANKA","organization":{"name":"Kranj","slug":"kranj"},"since":"2022-11-20","since_precision":"inferred","until":null,"status":"elected","current":true,"sources":[{"authority":"Dr\u017eavna volilna komisija","url":"https:\/\/www.dvk-rs.si\/arhivi\/volitve2022\/lv2022\/data\/prvikrog\/obcine-data\/data_052.json"}]},{"person":{"name":"Sa\u0161a Kristan","slug":"sasa-kristan"},"office":"Ob\u010dinski svetnik","office_code":"local_councillor","role_detail":"izvoljen z liste SLOVENSKA DEMOKRATSKA STRANKA","organization":{"name":"Kranj","slug":"kranj"},"since":"2022-11-20","since_precision":"inferred","until":null,"status":"elected","current":true,"sources":[{"authority":"Dr\u017eavna volilna komisija","url":"https:\/\/www.dvk-rs.si\/arhivi\/volitve2022\/lv2022\/data\/prvikrog\/obcine-data\/data_052.json"}]},{"person":{"name":"Ivo Bajec","slug":"ivo-bajec"},"office":"Ob\u010dinski svetnik","office_code":"local_councillor","role_detail":"izvoljen z liste SLOVENSKA DEMOKRATSKA STRANKA","organization":{"name":"Kranj","slug":"kranj"},"since":"2022-11-20","since_precision":"inferred","until":null,"status":"elected","current":true,"sources":[{"authority":"Dr\u017eavna volilna komisija","url":"https:\/\/www.dvk-rs.si\/arhivi\/volitve2022\/lv2022\/data\/prvikrog\/obcine-data\/data_052.json"}]},{"person":{"name":"Nina \u0160mid","slug":"nina-smid"},"office":"Ob\u010dinski svetnik","office_code":"local_councillor","role_detail":"izvoljen z liste GIBANJE SVOBODA","organization":{"name":"Kranj","slug":"kranj"},"since":"2022-11-20","since_precision":"inferred","until":null,"status":"elected","current":true,"sources":[{"authority":"Dr\u017eavna volilna komisija","url":"https:\/\/www.dvk-rs.si\/arhivi\/volitve2022\/lv2022\/data\/prvikrog\/obcine-data\/data_052.json"}]},{"person":{"name":"Ivica Bobolinski","slug":"ivica-bobolinski"},"office":"Ob\u010dinski svetnik","office_code":"local_councillor","role_detail":"izvoljen z liste GIBANJE SVOBODA","organization":{"name":"Kranj","slug":"kranj"},"since":"2022-11-20","since_precision":"inferred","until":null,"status":"elected","current":true,"sources":[{"authority":"Dr\u017eavna volilna komisija","url":"https:\/\/www.dvk-rs.si\/arhivi\/volitve2022\/lv2022\/data\/prvikrog\/obcine-data\/data_052.json"}]},{"person":{"name":"Nada Sredojevi\u0107","slug":"nada-sredojevic"},"office":"Ob\u010dinski svetnik","office_code":"local_councillor","role_detail":"izvoljen z liste GIBANJE SVOBODA","organization":{"name":"Kranj","slug":"kranj"},"since":"2022-11-20","since_precision":"inferred","until":null,"status":"elected","current":true,"sources":[{"authority":"Dr\u017eavna volilna komisija","url":"https:\/\/www.dvk-rs.si\/arhivi\/volitve2022\/lv2022\/data\/prvikrog\/obcine-data\/data_052.json"}]},{"person":{"name":"Rok Igli\u010dar","slug":"rok-iglicar"},"office":"Ob\u010dinski svetnik","office_code":"local_councillor","role_detail":"izvoljen z liste GIBANJE SVOBODA","organization":{"name":"Kranj","slug":"kranj"},"since":"2022-11-20","since_precision":"inferred","until":null,"status":"elected","current":true,"sources":[{"authority":"Dr\u017eavna volilna komisija","url":"https:\/\/www.dvk-rs.si\/arhivi\/volitve2022\/lv2022\/data\/prvikrog\/obcine-data\/data_052.json"}]},{"person":{"name":"Sandra Gazinkovski","slug":"sandra-gazinkovski"},"office":"Ob\u010dinski svetnik","office_code":"local_councillor","role_detail":"izvoljen z liste GIBANJE SVOBODA","organization":{"name":"Kranj","slug":"kranj"},"since":"2022-11-20","since_precision":"inferred","until":null,"status":"elected","current":true,"sources":[{"authority":"Dr\u017eavna volilna komisija","url":"https:\/\/www.dvk-rs.si\/arhivi\/volitve2022\/lv2022\/data\/prvikrog\/obcine-data\/data_052.json"}]},{"person":{"name":"Maj Fritz","slug":"maj-fritz"},"office":"Ob\u010dinski svetnik","office_code":"local_councillor","role_detail":"izvoljen z liste GIBANJE SVOBODA","organization":{"name":"Kranj","slug":"kranj"},"since":"2022-11-20","since_precision":"inferred","until":null,"status":"elected","current":true,"sources":[{"authority":"Dr\u017eavna volilna komisija","url":"https:\/\/www.dvk-rs.si\/arhivi\/volitve2022\/lv2022\/data\/prvikrog\/obcine-data\/data_052.json"}]},{"person":{"name":"Vlasta Sagadin","slug":"vlasta-sagadin"},"office":"Ob\u010dinski svetnik","office_code":"local_councillor","role_detail":"izvoljen z liste NOVA SLOVENIJA - KR\u0160\u010cANSKI DEMOKRATI","organization":{"name":"Kranj","slug":"kranj"},"since":"2022-11-20","since_precision":"inferred","until":null,"status":"elected","current":true,"sources":[{"authority":"Dr\u017eavna volilna komisija","url":"https:\/\/www.dvk-rs.si\/arhivi\/volitve2022\/lv2022\/data\/prvikrog\/obcine-data\/data_052.json"}]},{"person":{"name":"Jure Bohinec","slug":"jure-bohinec"},"office":"Ob\u010dinski svetnik","office_code":"local_councillor","role_detail":"izvoljen z liste NOVA SLOVENIJA - KR\u0160\u010cANSKI DEMOKRATI","organization":{"name":"Kranj","slug":"kranj"},"since":"2022-11-20","since_precision":"inferred","until":null,"status":"elected","current":true,"sources":[{"authority":"Dr\u017eavna volilna komisija","url":"https:\/\/www.dvk-rs.si\/arhivi\/volitve2022\/lv2022\/data\/prvikrog\/obcine-data\/data_052.json"}]},{"person":{"name":"Irena Dolenc","slug":"irena-dolenc"},"office":"Ob\u010dinski svetnik","office_code":"local_councillor","role_detail":"izvoljen z liste NOVA SLOVENIJA - KR\u0160\u010cANSKI DEMOKRATI","organization":{"name":"Kranj","slug":"kranj"},"since":"2022-11-20","since_precision":"inferred","until":null,"status":"elected","current":true,"sources":[{"authority":"Dr\u017eavna volilna komisija","url":"https:\/\/www.dvk-rs.si\/arhivi\/volitve2022\/lv2022\/data\/prvikrog\/obcine-data\/data_052.json"}]},{"person":{"name":"Ana \u010cerne","slug":"ana-cerne"},"office":"Ob\u010dinski svetnik","office_code":"local_councillor","role_detail":"izvoljen z liste LEVICA","organization":{"name":"Kranj","slug":"kranj"},"since":"2022-11-20","since_precision":"inferred","until":null,"status":"elected","current":true,"sources":[{"authority":"Dr\u017eavna volilna komisija","url":"https:\/\/www.dvk-rs.si\/arhivi\/volitve2022\/lv2022\/data\/prvikrog\/obcine-data\/data_052.json"}]},{"person":{"name":"Igor Velov","slug":"igor-velov"},"office":"Ob\u010dinski svetnik","office_code":"local_councillor","role_detail":"izvoljen z liste Igor Velov - Lista za razvoj Kranja","organization":{"name":"Kranj","slug":"kranj"},"since":"2022-11-20","since_precision":"inferred","until":null,"status":"elected","current":true,"sources":[{"authority":"Dr\u017eavna volilna komisija","url":"https:\/\/www.dvk-rs.si\/arhivi\/volitve2022\/lv2022\/data\/prvikrog\/obcine-data\/data_052.json"}]},{"person":{"name":"Sonja Ma\u0161i\u0107","slug":"sonja-masic"},"office":"Ob\u010dinski svetnik","office_code":"local_councillor","role_detail":"izvoljen z liste Ve\u010d za Kranj","organization":{"name":"Kranj","slug":"kranj"},"since":"2022-11-20","since_precision":"inferred","until":null,"status":"elected","current":true,"sources":[{"authority":"Dr\u017eavna volilna komisija","url":"https:\/\/www.dvk-rs.si\/arhivi\/volitve2022\/lv2022\/data\/prvikrog\/obcine-data\/data_052.json"}]},{"person":{"name":"Boris Vehovec","slug":"boris-vehovec"},"office":"Ob\u010dinski svetnik","office_code":"local_councillor","role_detail":"izvoljen z liste Ve\u010d za Kranj","organization":{"name":"Kranj","slug":"kranj"},"since":"2022-11-20","since_precision":"inferred","until":null,"status":"elected","current":true,"sources":[{"authority":"Dr\u017eavna volilna komisija","url":"https:\/\/www.dvk-rs.si\/arhivi\/volitve2022\/lv2022\/data\/prvikrog\/obcine-data\/data_052.json"}]},{"person":{"name":"Matja\u017e Rakovec","slug":"matjaz-rakovec"},"office":"\u017dupan","office_code":"mayor","role_detail":null,"organization":{"name":"Kranj","slug":"kranj"},"since":"2022-12-04","since_precision":"inferred","until":null,"status":"elected","current":true,"sources":[{"authority":"Dr\u017eavna volilna komisija","url":"https:\/\/www.dvk-rs.si\/arhivi\/volitve2022\/lv2022\/data\/drugi_krog.json"}]}],"children":[{"slug":"gasilsko-resevalna-sluzba-kranj","name":"Gasilsko Re\u0161evalna Slu\u017eba Kranj","type":"public_institute","body_type":null},{"slug":"glasbena-sola-kranj","name":"Glasbena \u0160ola Kranj","type":"public_institute","body_type":null},{"slug":"gorenjski-muzej","name":"Gorenjski Muzej","type":"public_institute","body_type":null},{"slug":"javni-lekarniski-zavod-gorenjske-lekarne","name":"Javni lekarni\u0161ki zavod Gorenjske lekarne","type":"public_institute","body_type":null},{"slug":"krajevna-skupnost-besnica","name":"Krajevna Skupnost Besnica","type":"local_community","body_type":null},{"slug":"krajevna-skupnost-bitnje","name":"Krajevna Skupnost Bitnje","type":"local_community","body_type":null},{"slug":"krajevna-skupnost-bratov-smuk","name":"Krajevna Skupnost Bratov Smuk","type":"local_community","body_type":null},{"slug":"krajevna-skupnost-britof","name":"Krajevna Skupnost Britof","type":"local_community","body_type":null},{"slug":"krajevna-skupnost-center","name":"Krajevna Skupnost Center","type":"local_community","body_type":null},{"slug":"krajevna-skupnost-circe","name":"Krajevna Skupnost \u010cir\u010de","type":"local_community","body_type":null},{"slug":"krajevna-skupnost-golnik","name":"Krajevna Skupnost Golnik","type":"local_community","body_type":null},{"slug":"krajevna-skupnost-gorenja-sava","name":"Krajevna Skupnost Gorenja Sava","type":"local_community","body_type":null},{"slug":"krajevna-skupnost-gorice","name":"Krajevna Skupnost Gori\u010de","type":"local_community","body_type":null},{"slug":"krajevna-skupnost-hrastje","name":"Krajevna Skupnost Hrastje","type":"local_community","body_type":null},{"slug":"krajevna-skupnost-huje","name":"Krajevna Skupnost Huje","type":"local_community","body_type":null},{"slug":"krajevna-skupnost-jost","name":"Krajevna Skupnost Jo\u0161t","type":"local_community","body_type":null},{"slug":"krajevna-skupnost-kokrica","name":"Krajevna Skupnost Kokrica","type":"local_community","body_type":null},{"slug":"krajevna-skupnost-mavcice","name":"Krajevna Skupnost Mav\u010di\u010de","type":"local_community","body_type":null},{"slug":"krajevna-skupnost-orehek-drulovka","name":"Krajevna Skupnost Orehek-Drulovka","type":"local_community","body_type":null},{"slug":"krajevna-skupnost-podblica","name":"Krajevna Skupnost Podblica","type":"local_community","body_type":null},{"slug":"krajevna-skupnost-predoslje","name":"Krajevna Skupnost Predoslje","type":"local_community","body_type":null},{"slug":"krajevna-skupnost-primskovo","name":"Krajevna Skupnost Primskovo","type":"local_community","body_type":null},{"slug":"krajevna-skupnost-strazisce","name":"Krajevna Skupnost Stra\u017ei\u0161\u010de","type":"local_community","body_type":null},{"slug":"krajevna-skupnost-struzevo","name":"Krajevna Skupnost Stru\u017eevo","type":"local_community","body_type":null},{"slug":"krajevna-skupnost-tenetise","name":"Krajevna Skupnost Teneti\u0161e","type":"local_community","body_type":null},{"slug":"krajevna-skupnost-trstenik","name":"Krajevna Skupnost Trstenik","type":"local_community","body_type":null},{"slug":"krajevna-skupnost-vodovodni-stolp","name":"Krajevna Skupnost Vodovodni Stolp","type":"local_community","body_type":null},{"slug":"krajevna-skupnost-zabnica","name":"Krajevna Skupnost \u017dabnica","type":"local_community","body_type":null},{"slug":"kranjski-vrtci","name":"Kranjski Vrtci","type":"public_institute","body_type":null},{"slug":"ljudska-univerza-kranj-center-za-izobrazevanje-in-kulturo","name":"Ljudska univerza Kranj, Center za izobra\u017eevanje in kulturo","type":"public_institute","body_type":null},{"slug":"lokalna-energetska-agencija-gorenjske","name":"Lokalna Energetska Agencija Gorenjske","type":"public_institute","body_type":null},{"slug":"mesta-obcina-kranj-krajevna-skupnost-zlato-polje","name":"Mesta Ob\u010dina Kranj, Krajevna Skupnost Zlato Polje","type":"local_community","body_type":null},{"slug":"mestna-knjiznica-kranj","name":"Mestna knji\u017enica Kranj","type":"public_institute","body_type":null},{"slug":"mestna-obcina-kranj-krajevna-skupnost-planina","name":"Mestna Ob\u010dina Kranj, Krajevna Skupnost Planina","type":"local_community","body_type":null},{"slug":"osnovna-sola-franceta-preserna-kranj","name":"Osnovna \u0160ola Franceta Pre\u0161erna Kranj","type":"public_institute","body_type":null},{"slug":"osnovna-sola-helene-puhar-kranj","name":"Osnovna \u0160ola Helene Puhar Kranj","type":"public_institute","body_type":null},{"slug":"osnovna-sola-jakoba-aljaza-kranj","name":"Osnovna \u0160ola Jakoba Alja\u017ea Kranj","type":"public_institute","body_type":null},{"slug":"osnovna-sola-janeza-puharja-kranj-center","name":"Osnovna \u0161ola Janeza Puharja Kranj - Center","type":"public_institute","body_type":null},{"slug":"osnovna-sola-matije-copa-kranj","name":"Osnovna \u0160ola Matije \u010copa Kranj","type":"public_institute","body_type":null},{"slug":"osnovna-sola-orehek-kranj","name":"Osnovna \u0160ola Orehek Kranj","type":"public_institute","body_type":null},{"slug":"osnovna-sola-predoslje-kranj","name":"Osnovna \u0160ola Predoslje Kranj","type":"public_institute","body_type":null},{"slug":"osnovna-sola-simona-jenka-kranj","name":"Osnovna \u0160ola Simona Jenka Kranj","type":"public_institute","body_type":null},{"slug":"osnovna-sola-staneta-zagarja-kranj","name":"Osnovna \u0160ola Staneta \u017dagarja Kranj","type":"public_institute","body_type":null},{"slug":"osnovna-sola-strazisce-kranj","name":"Osnovna \u0160ola Stra\u017ei\u0161\u010de Kranj","type":"public_institute","body_type":null},{"slug":"osnovno-zdravstvo-gorenjske","name":"Osnovno Zdravstvo Gorenjske","type":"public_institute","body_type":null},{"slug":"presernovo-gledalisce-kranj","name":"Pre\u0161ernovo Gledali\u0161\u010de Kranj","type":"public_institute","body_type":null},{"slug":"zavod-za-sport-kranj","name":"Zavod Za \u0160port Kranj","type":"public_institute","body_type":null},{"slug":"zavod-za-turizem-in-kulturo-kranj","name":"Zavod Za Turizem In Kulturo Kranj","type":"public_institute","body_type":null}]}