{"data":{"slug":"krsko","name":"Kr\u0161ko","type":"municipality","type_label":"Ob\u010dina","body_type":null,"parent":null,"website":null,"phone":null,"address":"Cesta kr\u0161kih \u017ertev 014, 8270 KR\u0160KO","email":"obcina.krsko@krsko.si","leader":{"name":"Janez Kerin","person_slug":"janez-kerin","office":"\u017dupan","office_code":"mayor","since":"2022-12-04"},"image":{"url":"https:\/\/commons.wikimedia.org\/wiki\/Special:FilePath\/Coat_of_arms_of_the_City_Municipality_of_Kr%C5%A1ko.svg","attribution":"Wikimedia Commons","source":"https:\/\/commons.wikimedia.org\/wiki\/Special:FilePath\/Coat_of_arms_of_the_City_Municipality_of_Kr%C5%A1ko.svg","hosted":false},"sources":[],"url":"https:\/\/kdo-vodi.si\/organ\/krsko","api_url":"https:\/\/kdo-vodi.si\/api\/v1\/organizations\/krsko"},"office_holders":[{"person":{"name":"Silvo Kro\u0161elj","slug":"silvo-kroselj"},"office":"Ob\u010dinski svetnik","office_code":"local_councillor","role_detail":"izvoljen z liste DESUS - DEMOKRATI\u010cNA STRANKA UPOKOJENCEV SLOVENIJE","organization":{"name":"Kr\u0161ko","slug":"krsko"},"since":"2022-11-20","since_precision":"inferred","until":null,"status":"elected","current":true,"sources":[{"authority":"Dr\u017eavna volilna komisija","url":"https:\/\/www.dvk-rs.si\/arhivi\/volitve2022\/lv2022\/data\/prvikrog\/obcine-data\/data_054.json"}]},{"person":{"name":"Igor Jarkovi\u010d","slug":"igor-jarkovic"},"office":"Ob\u010dinski svetnik","office_code":"local_councillor","role_detail":"izvoljen z liste GIBANJE SVOBODA","organization":{"name":"Kr\u0161ko","slug":"krsko"},"since":"2022-11-20","since_precision":"inferred","until":null,"status":"elected","current":true,"sources":[{"authority":"Dr\u017eavna volilna komisija","url":"https:\/\/www.dvk-rs.si\/arhivi\/volitve2022\/lv2022\/data\/prvikrog\/obcine-data\/data_054.json"}]},{"person":{"name":"Ivanka \u010cerneli\u010d Jure\u010di\u010d","slug":"ivanka-cernelic-jurecic"},"office":"Ob\u010dinski svetnik","office_code":"local_councillor","role_detail":"izvoljen z liste LISTA MODRA SMER","organization":{"name":"Kr\u0161ko","slug":"krsko"},"since":"2022-11-20","since_precision":"inferred","until":null,"status":"elected","current":true,"sources":[{"authority":"Dr\u017eavna volilna komisija","url":"https:\/\/www.dvk-rs.si\/arhivi\/volitve2022\/lv2022\/data\/prvikrog\/obcine-data\/data_054.json"}]},{"person":{"name":"Zdravko Urban\u010d","slug":"zdravko-urbanc"},"office":"Ob\u010dinski svetnik","office_code":"local_councillor","role_detail":"izvoljen z liste SLOVENSKA DEMOKRATSKA STRANKA","organization":{"name":"Kr\u0161ko","slug":"krsko"},"since":"2022-11-20","since_precision":"inferred","until":null,"status":"elected","current":true,"sources":[{"authority":"Dr\u017eavna volilna komisija","url":"https:\/\/www.dvk-rs.si\/arhivi\/volitve2022\/lv2022\/data\/prvikrog\/obcine-data\/data_054.json"}]},{"person":{"name":"Janez Barbi\u010d","slug":"janez-barbic"},"office":"Ob\u010dinski svetnik","office_code":"local_councillor","role_detail":"izvoljen z liste SLOVENSKA LJUDSKA STRANKA","organization":{"name":"Kr\u0161ko","slug":"krsko"},"since":"2022-11-20","since_precision":"inferred","until":null,"status":"elected","current":true,"sources":[{"authority":"Dr\u017eavna volilna komisija","url":"https:\/\/www.dvk-rs.si\/arhivi\/volitve2022\/lv2022\/data\/prvikrog\/obcine-data\/data_054.json"}]},{"person":{"name":"Janja Starc","slug":"janja-starc"},"office":"Ob\u010dinski svetnik","office_code":"local_councillor","role_detail":"izvoljen z liste OBRTNO-PODJETNI\u0160KA LISTA","organization":{"name":"Kr\u0161ko","slug":"krsko"},"since":"2022-11-20","since_precision":"inferred","until":null,"status":"elected","current":true,"sources":[{"authority":"Dr\u017eavna volilna komisija","url":"https:\/\/www.dvk-rs.si\/arhivi\/volitve2022\/lv2022\/data\/prvikrog\/obcine-data\/data_054.json"}]},{"person":{"name":"Janez Kerin","slug":"janez-kerin"},"office":"Ob\u010dinski svetnik","office_code":"local_councillor","role_detail":"izvoljen z liste LISTA MODRA SMER","organization":{"name":"Kr\u0161ko","slug":"krsko"},"since":"2022-11-20","since_precision":"inferred","until":null,"status":"elected","current":true,"sources":[{"authority":"Dr\u017eavna volilna komisija","url":"https:\/\/www.dvk-rs.si\/arhivi\/volitve2022\/lv2022\/data\/prvikrog\/obcine-data\/data_054.json"}]},{"person":{"name":"Jo\u017ee Olovec","slug":"joze-olovec"},"office":"Ob\u010dinski svetnik","office_code":"local_councillor","role_detail":"izvoljen z liste SLOVENSKA DEMOKRATSKA STRANKA","organization":{"name":"Kr\u0161ko","slug":"krsko"},"since":"2022-11-20","since_precision":"inferred","until":null,"status":"elected","current":true,"sources":[{"authority":"Dr\u017eavna volilna komisija","url":"https:\/\/www.dvk-rs.si\/arhivi\/volitve2022\/lv2022\/data\/prvikrog\/obcine-data\/data_054.json"}]},{"person":{"name":"Borut Arh","slug":"borut-arh"},"office":"Ob\u010dinski svetnik","office_code":"local_councillor","role_detail":"izvoljen z liste GIBANJE SVOBODA","organization":{"name":"Kr\u0161ko","slug":"krsko"},"since":"2022-11-20","since_precision":"inferred","until":null,"status":"elected","current":true,"sources":[{"authority":"Dr\u017eavna volilna komisija","url":"https:\/\/www.dvk-rs.si\/arhivi\/volitve2022\/lv2022\/data\/prvikrog\/obcine-data\/data_054.json"}]},{"person":{"name":"Kristina Ogorevc Ra\u010di\u010d","slug":"kristina-ogorevc-racic"},"office":"Ob\u010dinski svetnik","office_code":"local_councillor","role_detail":"izvoljen z liste SLOVENSKA LJUDSKA STRANKA","organization":{"name":"Kr\u0161ko","slug":"krsko"},"since":"2022-11-20","since_precision":"inferred","until":null,"status":"elected","current":true,"sources":[{"authority":"Dr\u017eavna volilna komisija","url":"https:\/\/www.dvk-rs.si\/arhivi\/volitve2022\/lv2022\/data\/prvikrog\/obcine-data\/data_054.json"}]},{"person":{"name":"Sebastjan Komo\u010dar","slug":"sebastjan-komocar"},"office":"Ob\u010dinski svetnik","office_code":"local_councillor","role_detail":"izvoljen z liste LISTA MODRA SMER","organization":{"name":"Kr\u0161ko","slug":"krsko"},"since":"2022-11-20","since_precision":"inferred","until":null,"status":"elected","current":true,"sources":[{"authority":"Dr\u017eavna volilna komisija","url":"https:\/\/www.dvk-rs.si\/arhivi\/volitve2022\/lv2022\/data\/prvikrog\/obcine-data\/data_054.json"}]},{"person":{"name":"Jo\u017ee \u017dabkar","slug":"joze-zabkar"},"office":"Ob\u010dinski svetnik","office_code":"local_councillor","role_detail":"izvoljen z liste SLOVENSKA DEMOKRATSKA STRANKA","organization":{"name":"Kr\u0161ko","slug":"krsko"},"since":"2022-11-20","since_precision":"inferred","until":null,"status":"elected","current":true,"sources":[{"authority":"Dr\u017eavna volilna komisija","url":"https:\/\/www.dvk-rs.si\/arhivi\/volitve2022\/lv2022\/data\/prvikrog\/obcine-data\/data_054.json"}]},{"person":{"name":"Aljo\u0161a Preskar","slug":"aljosa-preskar"},"office":"Ob\u010dinski svetnik","office_code":"local_councillor","role_detail":"izvoljen z liste NOVA SLOVENIJA - KR\u0160\u010cANSKI DEMOKRATI","organization":{"name":"Kr\u0161ko","slug":"krsko"},"since":"2022-11-20","since_precision":"inferred","until":null,"status":"elected","current":true,"sources":[{"authority":"Dr\u017eavna volilna komisija","url":"https:\/\/www.dvk-rs.si\/arhivi\/volitve2022\/lv2022\/data\/prvikrog\/obcine-data\/data_054.json"}]},{"person":{"name":"Ale\u0161 Stopar","slug":"ales-stopar"},"office":"Ob\u010dinski svetnik","office_code":"local_councillor","role_detail":"izvoljen z liste GIBANJE SVOBODA","organization":{"name":"Kr\u0161ko","slug":"krsko"},"since":"2022-11-20","since_precision":"inferred","until":null,"status":"elected","current":true,"sources":[{"authority":"Dr\u017eavna volilna komisija","url":"https:\/\/www.dvk-rs.si\/arhivi\/volitve2022\/lv2022\/data\/prvikrog\/obcine-data\/data_054.json"}]},{"person":{"name":"Ale\u0161 Zorko","slug":"ales-zorko"},"office":"Ob\u010dinski svetnik","office_code":"local_councillor","role_detail":"izvoljen z liste GIBANJE SVOBODA","organization":{"name":"Kr\u0161ko","slug":"krsko"},"since":"2022-11-20","since_precision":"inferred","until":null,"status":"elected","current":true,"sources":[{"authority":"Dr\u017eavna volilna komisija","url":"https:\/\/www.dvk-rs.si\/arhivi\/volitve2022\/lv2022\/data\/prvikrog\/obcine-data\/data_054.json"}]},{"person":{"name":"Irena Virant","slug":"irena-virant"},"office":"Ob\u010dinski svetnik","office_code":"local_councillor","role_detail":"izvoljen z liste LISTA DU\u0160ANA \u0160I\u0160KA - ENERGI\u010cNO ZA KR\u0160KO","organization":{"name":"Kr\u0161ko","slug":"krsko"},"since":"2022-11-20","since_precision":"inferred","until":null,"status":"elected","current":true,"sources":[{"authority":"Dr\u017eavna volilna komisija","url":"https:\/\/www.dvk-rs.si\/arhivi\/volitve2022\/lv2022\/data\/prvikrog\/obcine-data\/data_054.json"}]},{"person":{"name":"Du\u0161an \u0160i\u0161ko","slug":"dusan-sisko"},"office":"Ob\u010dinski svetnik","office_code":"local_councillor","role_detail":"izvoljen z liste LISTA DU\u0160ANA \u0160I\u0160KA - ENERGI\u010cNO ZA KR\u0160KO","organization":{"name":"Kr\u0161ko","slug":"krsko"},"since":"2022-11-20","since_precision":"inferred","until":null,"status":"elected","current":true,"sources":[{"authority":"Dr\u017eavna volilna komisija","url":"https:\/\/www.dvk-rs.si\/arhivi\/volitve2022\/lv2022\/data\/prvikrog\/obcine-data\/data_054.json"}]},{"person":{"name":"Nata\u0161a \u0160erbec","slug":"natasa-serbec"},"office":"Ob\u010dinski svetnik","office_code":"local_councillor","role_detail":"izvoljen z liste SOCIALNI DEMOKRATI","organization":{"name":"Kr\u0161ko","slug":"krsko"},"since":"2022-11-20","since_precision":"inferred","until":null,"status":"elected","current":true,"sources":[{"authority":"Dr\u017eavna volilna komisija","url":"https:\/\/www.dvk-rs.si\/arhivi\/volitve2022\/lv2022\/data\/prvikrog\/obcine-data\/data_054.json"}]},{"person":{"name":"Bo\u0161tjan Pirc","slug":"bostjan-pirc"},"office":"Ob\u010dinski svetnik","office_code":"local_councillor","role_detail":"izvoljen z liste SLOVENSKA LJUDSKA STRANKA","organization":{"name":"Kr\u0161ko","slug":"krsko"},"since":"2022-11-20","since_precision":"inferred","until":null,"status":"elected","current":true,"sources":[{"authority":"Dr\u017eavna volilna komisija","url":"https:\/\/www.dvk-rs.si\/arhivi\/volitve2022\/lv2022\/data\/prvikrog\/obcine-data\/data_054.json"}]},{"person":{"name":"Dejan \u017dnider\u0161i\u010d","slug":"dejan-znidersic"},"office":"Ob\u010dinski svetnik","office_code":"local_councillor","role_detail":"izvoljen z liste LISTA MODRA SMER","organization":{"name":"Kr\u0161ko","slug":"krsko"},"since":"2022-11-20","since_precision":"inferred","until":null,"status":"elected","current":true,"sources":[{"authority":"Dr\u017eavna volilna komisija","url":"https:\/\/www.dvk-rs.si\/arhivi\/volitve2022\/lv2022\/data\/prvikrog\/obcine-data\/data_054.json"}]},{"person":{"name":"Mojca Kranjec","slug":"mojca-kranjec"},"office":"Ob\u010dinski svetnik","office_code":"local_councillor","role_detail":"izvoljen z liste SLOVENSKA DEMOKRATSKA STRANKA","organization":{"name":"Kr\u0161ko","slug":"krsko"},"since":"2022-11-20","since_precision":"inferred","until":null,"status":"elected","current":true,"sources":[{"authority":"Dr\u017eavna volilna komisija","url":"https:\/\/www.dvk-rs.si\/arhivi\/volitve2022\/lv2022\/data\/prvikrog\/obcine-data\/data_054.json"}]},{"person":{"name":"Brigita Piltaver-Imperl","slug":"brigita-piltaver-imperl"},"office":"Ob\u010dinski svetnik","office_code":"local_councillor","role_detail":"izvoljen z liste GIBANJE SVOBODA","organization":{"name":"Kr\u0161ko","slug":"krsko"},"since":"2022-11-20","since_precision":"inferred","until":null,"status":"elected","current":true,"sources":[{"authority":"Dr\u017eavna volilna komisija","url":"https:\/\/www.dvk-rs.si\/arhivi\/volitve2022\/lv2022\/data\/prvikrog\/obcine-data\/data_054.json"}]},{"person":{"name":"Matija Po\u017eeg","slug":"matija-pozeg"},"office":"Ob\u010dinski svetnik","office_code":"local_councillor","role_detail":"izvoljen z liste LISTA DU\u0160ANA \u0160I\u0160KA - ENERGI\u010cNO ZA KR\u0160KO","organization":{"name":"Kr\u0161ko","slug":"krsko"},"since":"2022-11-20","since_precision":"inferred","until":null,"status":"elected","current":true,"sources":[{"authority":"Dr\u017eavna volilna komisija","url":"https:\/\/www.dvk-rs.si\/arhivi\/volitve2022\/lv2022\/data\/prvikrog\/obcine-data\/data_054.json"}]},{"person":{"name":"Matej Liben\u0161ek","slug":"matej-libensek"},"office":"Ob\u010dinski svetnik","office_code":"local_councillor","role_detail":"izvoljen z liste SLOVENSKA LJUDSKA STRANKA","organization":{"name":"Kr\u0161ko","slug":"krsko"},"since":"2022-11-20","since_precision":"inferred","until":null,"status":"elected","current":true,"sources":[{"authority":"Dr\u017eavna volilna komisija","url":"https:\/\/www.dvk-rs.si\/arhivi\/volitve2022\/lv2022\/data\/prvikrog\/obcine-data\/data_054.json"}]},{"person":{"name":"Mitja Omerzu","slug":"mitja-omerzu"},"office":"Ob\u010dinski svetnik","office_code":"local_councillor","role_detail":"izvoljen z liste LISTA DU\u0160ANA \u0160I\u0160KA - ENERGI\u010cNO ZA KR\u0160KO","organization":{"name":"Kr\u0161ko","slug":"krsko"},"since":"2022-11-20","since_precision":"inferred","until":null,"status":"elected","current":true,"sources":[{"authority":"Dr\u017eavna volilna komisija","url":"https:\/\/www.dvk-rs.si\/arhivi\/volitve2022\/lv2022\/data\/prvikrog\/obcine-data\/data_054.json"}]},{"person":{"name":"Anton Petrovi\u010d","slug":"anton-petrovic"},"office":"Ob\u010dinski svetnik","office_code":"local_councillor","role_detail":"izvoljen z liste SOCIALNI DEMOKRATI","organization":{"name":"Kr\u0161ko","slug":"krsko"},"since":"2022-11-20","since_precision":"inferred","until":null,"status":"elected","current":true,"sources":[{"authority":"Dr\u017eavna volilna komisija","url":"https:\/\/www.dvk-rs.si\/arhivi\/volitve2022\/lv2022\/data\/prvikrog\/obcine-data\/data_054.json"}]},{"person":{"name":"Almedin Ismi\u0107","slug":"almedin-ismic"},"office":"Ob\u010dinski svetnik","office_code":"local_councillor","role_detail":"izvoljen z liste GIBANJE SVOBODA","organization":{"name":"Kr\u0161ko","slug":"krsko"},"since":"2022-11-20","since_precision":"inferred","until":null,"status":"elected","current":true,"sources":[{"authority":"Dr\u017eavna volilna komisija","url":"https:\/\/www.dvk-rs.si\/arhivi\/volitve2022\/lv2022\/data\/prvikrog\/obcine-data\/data_054.json"}]},{"person":{"name":"Milena Bogovi\u010d Perko","slug":"milena-bogovic-perko"},"office":"Ob\u010dinski svetnik","office_code":"local_councillor","role_detail":"izvoljen z liste SLOVENSKA DEMOKRATSKA STRANKA","organization":{"name":"Kr\u0161ko","slug":"krsko"},"since":"2022-11-20","since_precision":"inferred","until":null,"status":"elected","current":true,"sources":[{"authority":"Dr\u017eavna volilna komisija","url":"https:\/\/www.dvk-rs.si\/arhivi\/volitve2022\/lv2022\/data\/prvikrog\/obcine-data\/data_054.json"}]},{"person":{"name":"Vlado Grahovac","slug":"vlado-grahovac"},"office":"Ob\u010dinski svetnik","office_code":"local_councillor","role_detail":"izvoljen z liste SLOVENSKA LJUDSKA STRANKA","organization":{"name":"Kr\u0161ko","slug":"krsko"},"since":"2022-11-20","since_precision":"inferred","until":null,"status":"elected","current":true,"sources":[{"authority":"Dr\u017eavna volilna komisija","url":"https:\/\/www.dvk-rs.si\/arhivi\/volitve2022\/lv2022\/data\/prvikrog\/obcine-data\/data_054.json"}]},{"person":{"name":"Janez Kerin","slug":"janez-kerin"},"office":"\u017dupan","office_code":"mayor","role_detail":null,"organization":{"name":"Kr\u0161ko","slug":"krsko"},"since":"2022-12-04","since_precision":"inferred","until":null,"status":"elected","current":true,"sources":[{"authority":"Dr\u017eavna volilna komisija","url":"https:\/\/www.dvk-rs.si\/arhivi\/volitve2022\/lv2022\/data\/drugi_krog.json"}]}],"children":[{"slug":"center-za-podjetnistvo-in-turizem-krsko","name":"Center Za Podjetni\u0161tvo In Turizem Kr\u0161ko","type":"public_institute","body_type":null},{"slug":"glasbena-sola-krsko","name":"Glasbena \u0160ola Kr\u0161ko","type":"public_institute","body_type":null},{"slug":"jz-lekarna-krsko","name":"Jz Lekarna Kr\u0161ko","type":"public_institute","body_type":null},{"slug":"krajevna-skupnost-brestanica","name":"Krajevna Skupnost Brestanica","type":"local_community","body_type":null},{"slug":"krajevna-skupnost-gora","name":"Krajevna Skupnost Gora","type":"local_community","body_type":null},{"slug":"krajevna-skupnost-koprivnica","name":"Krajevna Skupnost Koprivnica","type":"local_community","body_type":null},{"slug":"krajevna-skupnost-krsko-polje","name":"Krajevna Skupnost Kr\u0161ko Polje","type":"local_community","body_type":null},{"slug":"krajevna-skupnost-podbocje","name":"Krajevna Skupnost Podbo\u010dje","type":"local_community","body_type":null},{"slug":"krajevna-skupnost-raka","name":"Krajevna Skupnost Raka","type":"local_community","body_type":null},{"slug":"krajevna-skupnost-rozno-presladol","name":"Krajevna Skupnost Ro\u017eno Presladol","type":"local_community","body_type":null},{"slug":"krajevna-skupnost-senovo","name":"Krajevna Skupnost Senovo","type":"local_community","body_type":null},{"slug":"krajevna-skupnost-senuse","name":"Krajevna Skupnost Senu\u0161e","type":"local_community","body_type":null},{"slug":"krajevna-skupnost-spodnji-stari-grad-spodnja-libna","name":"Krajevna Skupnost Spodnji Stari Grad - Spodnja Libna","type":"local_community","body_type":null},{"slug":"krajevna-skupnost-veliki-podlog","name":"Krajevna Skupnost Veliki Podlog","type":"local_community","body_type":null},{"slug":"krajevna-skupnost-veliki-trn","name":"Krajevna Skupnost Veliki Trn","type":"local_community","body_type":null},{"slug":"krajevna-skupnost-zdole","name":"Krajevna Skupnost Zdole","type":"local_community","body_type":null},{"slug":"kulturni-dom-krsko","name":"Kulturni Dom Kr\u0161ko","type":"public_institute","body_type":null},{"slug":"ljudska-univerza-krsko","name":"Ljudska Univerza Kr\u0161ko","type":"public_institute","body_type":null},{"slug":"lokalna-energetska-agencija-dolenjska-posavje-bela-krajina","name":"Lokalna Energetska Agencija Dolenjska - Posavje - Bela Krajina","type":"public_institute","body_type":null},{"slug":"mestna-cetrt-krsko","name":"Mestna \u010cetrt Kr\u0161ko","type":"local_community","body_type":null},{"slug":"mestna-cetrt-leskovec-pri-krskem","name":"Mestna \u010cetrt Leskovec Pri Kr\u0161kem","type":"local_community","body_type":null},{"slug":"mestna-obcina-krsko-krajevna-skupnost-dolenja-vas","name":"Mestna Ob\u010dina Kr\u0161ko, Krajevna Skupnost Dolenja Vas","type":"local_community","body_type":null},{"slug":"osnovna-sola-adama-bohorica-brestanica","name":"Osnovna \u0160ola Adama Bohori\u010da Brestanica","type":"public_institute","body_type":null},{"slug":"osnovna-sola-dr-mihajla-rostoharja-krsko","name":"Osnovna \u0160ola dr. Mihajla Rostoharja Kr\u0161ko","type":"public_institute","body_type":null},{"slug":"osnovna-sola-jurija-dalmatina-krsko","name":"Osnovna \u0160ola Jurija Dalmatina Kr\u0161ko","type":"public_institute","body_type":null},{"slug":"osnovna-sola-koprivnica","name":"Osnovna \u0160ola Koprivnica","type":"public_institute","body_type":null},{"slug":"osnovna-sola-leskovec-pri-krskem","name":"Osnovna \u0160ola Leskovec Pri Kr\u0161kem","type":"public_institute","body_type":null},{"slug":"osnovna-sola-podbocje","name":"Osnovna \u0160ola Podbo\u010dje","type":"public_institute","body_type":null},{"slug":"osnovna-sola-raka","name":"Osnovna \u0160ola Raka","type":"public_institute","body_type":null},{"slug":"osnovna-sola-xiv-divizije-senovo","name":"Osnovna \u0160ola Xiv. Divizije Senovo","type":"public_institute","body_type":null},{"slug":"poklicna-gasilska-enota-krsko","name":"Poklicna Gasilska Enota Kr\u0161ko","type":"public_institute","body_type":null},{"slug":"regionalna-razvojna-agencija-posavje","name":"Regionalna Razvojna Agencija Posavje","type":"public_institute","body_type":null},{"slug":"valvasorjeva-knjiznica-krsko","name":"Valvasorjeva Knji\u017enica Kr\u0161ko","type":"public_institute","body_type":null},{"slug":"vrtec-krsko","name":"Vrtec Kr\u0161ko","type":"public_institute","body_type":null},{"slug":"zavod-za-mladino-in-sport-krsko","name":"Zavod za mladino in \u0161port Kr\u0161ko","type":"public_institute","body_type":null},{"slug":"zdravstveni-dom-krsko","name":"Zdravstveni Dom Kr\u0161ko","type":"public_institute","body_type":null}]}