{"data":{"slug":"lasko","name":"La\u0161ko","type":"municipality","type_label":"Ob\u010dina","body_type":null,"parent":null,"website":null,"phone":null,"address":"Mestna ulica 002, 3270 LA\u0160KO","email":"obcina@lasko.si","leader":{"name":"Marko \u0160antej mag. Farm.","person_slug":"marko-santej-mag-farm","office":"\u017dupan","office_code":"mayor","since":"2022-12-04"},"image":null,"sources":[],"url":"https:\/\/kdo-vodi.si\/organ\/lasko","api_url":"https:\/\/kdo-vodi.si\/api\/v1\/organizations\/lasko"},"office_holders":[{"person":{"name":"Janko Cesar","slug":"janko-cesar"},"office":"Ob\u010dinski svetnik","office_code":"local_councillor","role_detail":"izvoljen z liste SLOVENSKA LJUDSKA STRANKA","organization":{"name":"La\u0161ko","slug":"lasko"},"since":"2022-11-20","since_precision":"inferred","until":null,"status":"elected","current":true,"sources":[{"authority":"Dr\u017eavna volilna komisija","url":"https:\/\/www.dvk-rs.si\/arhivi\/volitve2022\/lv2022\/data\/prvikrog\/obcine-data\/data_057.json"}]},{"person":{"name":"Janja Sluga","slug":"janja-sluga"},"office":"Ob\u010dinski svetnik","office_code":"local_councillor","role_detail":"izvoljen z liste GIBANJE SVOBODA","organization":{"name":"La\u0161ko","slug":"lasko"},"since":"2022-11-20","since_precision":"inferred","until":null,"status":"elected","current":true,"sources":[{"authority":"Dr\u017eavna volilna komisija","url":"https:\/\/www.dvk-rs.si\/arhivi\/volitve2022\/lv2022\/data\/prvikrog\/obcine-data\/data_057.json"}]},{"person":{"name":"Jo\u017ee Senica","slug":"joze-senica"},"office":"Ob\u010dinski svetnik","office_code":"local_councillor","role_detail":"izvoljen z liste NOVA SLOVENIJA - KR\u0160\u010cANSKI DEMOKRATI","organization":{"name":"La\u0161ko","slug":"lasko"},"since":"2022-11-20","since_precision":"inferred","until":null,"status":"elected","current":true,"sources":[{"authority":"Dr\u017eavna volilna komisija","url":"https:\/\/www.dvk-rs.si\/arhivi\/volitve2022\/lv2022\/data\/prvikrog\/obcine-data\/data_057.json"}]},{"person":{"name":"\u0160tefanija Pav\u010dnik","slug":"stefanija-pavcnik"},"office":"Ob\u010dinski svetnik","office_code":"local_councillor","role_detail":"izvoljen z liste SLOVENSKA DEMOKRATSKA STRANKA","organization":{"name":"La\u0161ko","slug":"lasko"},"since":"2022-11-20","since_precision":"inferred","until":null,"status":"elected","current":true,"sources":[{"authority":"Dr\u017eavna volilna komisija","url":"https:\/\/www.dvk-rs.si\/arhivi\/volitve2022\/lv2022\/data\/prvikrog\/obcine-data\/data_057.json"}]},{"person":{"name":"Uro\u0161 Luki\u0107","slug":"uros-lukic"},"office":"Ob\u010dinski svetnik","office_code":"local_councillor","role_detail":"izvoljen z liste SOCIALNI DEMOKRATI","organization":{"name":"La\u0161ko","slug":"lasko"},"since":"2022-11-20","since_precision":"inferred","until":null,"status":"elected","current":true,"sources":[{"authority":"Dr\u017eavna volilna komisija","url":"https:\/\/www.dvk-rs.si\/arhivi\/volitve2022\/lv2022\/data\/prvikrog\/obcine-data\/data_057.json"}]},{"person":{"name":"Liza \u0160korja","slug":"liza-skorja"},"office":"Ob\u010dinski svetnik","office_code":"local_councillor","role_detail":"izvoljen z liste MLADA MO\u010c OB\u010cINE LA\u0160KO","organization":{"name":"La\u0161ko","slug":"lasko"},"since":"2022-11-20","since_precision":"inferred","until":null,"status":"elected","current":true,"sources":[{"authority":"Dr\u017eavna volilna komisija","url":"https:\/\/www.dvk-rs.si\/arhivi\/volitve2022\/lv2022\/data\/prvikrog\/obcine-data\/data_057.json"}]},{"person":{"name":"Borut Karl","slug":"borut-karl"},"office":"Ob\u010dinski svetnik","office_code":"local_councillor","role_detail":"izvoljen z liste MLADA MO\u010c OB\u010cINE LA\u0160KO","organization":{"name":"La\u0161ko","slug":"lasko"},"since":"2022-11-20","since_precision":"inferred","until":null,"status":"elected","current":true,"sources":[{"authority":"Dr\u017eavna volilna komisija","url":"https:\/\/www.dvk-rs.si\/arhivi\/volitve2022\/lv2022\/data\/prvikrog\/obcine-data\/data_057.json"}]},{"person":{"name":"Matja\u017e Pikl","slug":"matjaz-pikl"},"office":"Ob\u010dinski svetnik","office_code":"local_councillor","role_detail":"izvoljen z liste SLOVENSKA LJUDSKA STRANKA","organization":{"name":"La\u0161ko","slug":"lasko"},"since":"2022-11-20","since_precision":"inferred","until":null,"status":"elected","current":true,"sources":[{"authority":"Dr\u017eavna volilna komisija","url":"https:\/\/www.dvk-rs.si\/arhivi\/volitve2022\/lv2022\/data\/prvikrog\/obcine-data\/data_057.json"}]},{"person":{"name":"Marjan Belej","slug":"marjan-belej"},"office":"Ob\u010dinski svetnik","office_code":"local_councillor","role_detail":"izvoljen z liste SLOVENSKA LJUDSKA STRANKA","organization":{"name":"La\u0161ko","slug":"lasko"},"since":"2022-11-20","since_precision":"inferred","until":null,"status":"elected","current":true,"sources":[{"authority":"Dr\u017eavna volilna komisija","url":"https:\/\/www.dvk-rs.si\/arhivi\/volitve2022\/lv2022\/data\/prvikrog\/obcine-data\/data_057.json"}]},{"person":{"name":"Matej Kodrun","slug":"matej-kodrun"},"office":"Ob\u010dinski svetnik","office_code":"local_councillor","role_detail":"izvoljen z liste GIBANJE SVOBODA","organization":{"name":"La\u0161ko","slug":"lasko"},"since":"2022-11-20","since_precision":"inferred","until":null,"status":"elected","current":true,"sources":[{"authority":"Dr\u017eavna volilna komisija","url":"https:\/\/www.dvk-rs.si\/arhivi\/volitve2022\/lv2022\/data\/prvikrog\/obcine-data\/data_057.json"}]},{"person":{"name":"Roman Tu\u0161ek","slug":"roman-tusek"},"office":"Ob\u010dinski svetnik","office_code":"local_councillor","role_detail":"izvoljen z liste NOVA SLOVENIJA - KR\u0160\u010cANSKI DEMOKRATI","organization":{"name":"La\u0161ko","slug":"lasko"},"since":"2022-11-20","since_precision":"inferred","until":null,"status":"elected","current":true,"sources":[{"authority":"Dr\u017eavna volilna komisija","url":"https:\/\/www.dvk-rs.si\/arhivi\/volitve2022\/lv2022\/data\/prvikrog\/obcine-data\/data_057.json"}]},{"person":{"name":"Uro\u0161 De\u017eelak","slug":"uros-dezelak"},"office":"Ob\u010dinski svetnik","office_code":"local_councillor","role_detail":"izvoljen z liste SLOVENSKA DEMOKRATSKA STRANKA","organization":{"name":"La\u0161ko","slug":"lasko"},"since":"2022-11-20","since_precision":"inferred","until":null,"status":"elected","current":true,"sources":[{"authority":"Dr\u017eavna volilna komisija","url":"https:\/\/www.dvk-rs.si\/arhivi\/volitve2022\/lv2022\/data\/prvikrog\/obcine-data\/data_057.json"}]},{"person":{"name":"Mario Vrbov\u0161ek","slug":"mario-vrbovsek"},"office":"Ob\u010dinski svetnik","office_code":"local_councillor","role_detail":"izvoljen z liste MLADA MO\u010c OB\u010cINE LA\u0160KO","organization":{"name":"La\u0161ko","slug":"lasko"},"since":"2022-11-20","since_precision":"inferred","until":null,"status":"elected","current":true,"sources":[{"authority":"Dr\u017eavna volilna komisija","url":"https:\/\/www.dvk-rs.si\/arhivi\/volitve2022\/lv2022\/data\/prvikrog\/obcine-data\/data_057.json"}]},{"person":{"name":"Katja Goluh","slug":"katja-goluh"},"office":"Ob\u010dinski svetnik","office_code":"local_councillor","role_detail":"izvoljen z liste MLADA MO\u010c OB\u010cINE LA\u0160KO","organization":{"name":"La\u0161ko","slug":"lasko"},"since":"2022-11-20","since_precision":"inferred","until":null,"status":"elected","current":true,"sources":[{"authority":"Dr\u017eavna volilna komisija","url":"https:\/\/www.dvk-rs.si\/arhivi\/volitve2022\/lv2022\/data\/prvikrog\/obcine-data\/data_057.json"}]},{"person":{"name":"Enej Kirn","slug":"enej-kirn"},"office":"Ob\u010dinski svetnik","office_code":"local_councillor","role_detail":"izvoljen z liste MLADA MO\u010c OB\u010cINE LA\u0160KO","organization":{"name":"La\u0161ko","slug":"lasko"},"since":"2022-11-20","since_precision":"inferred","until":null,"status":"elected","current":true,"sources":[{"authority":"Dr\u017eavna volilna komisija","url":"https:\/\/www.dvk-rs.si\/arhivi\/volitve2022\/lv2022\/data\/prvikrog\/obcine-data\/data_057.json"}]},{"person":{"name":"Nu\u0161a Konec Juri\u010di\u0107 dr. Med.","slug":"nusa-konec-juricic-dr-med"},"office":"Ob\u010dinski svetnik","office_code":"local_councillor","role_detail":"izvoljen z liste SLOVENSKA LJUDSKA STRANKA","organization":{"name":"La\u0161ko","slug":"lasko"},"since":"2022-11-20","since_precision":"inferred","until":null,"status":"elected","current":true,"sources":[{"authority":"Dr\u017eavna volilna komisija","url":"https:\/\/www.dvk-rs.si\/arhivi\/volitve2022\/lv2022\/data\/prvikrog\/obcine-data\/data_057.json"}]},{"person":{"name":"Marjan Ma\u010dko\u0161ek","slug":"marjan-mackosek"},"office":"Ob\u010dinski svetnik","office_code":"local_councillor","role_detail":"izvoljen z liste GIBANJE SVOBODA","organization":{"name":"La\u0161ko","slug":"lasko"},"since":"2022-11-20","since_precision":"inferred","until":null,"status":"elected","current":true,"sources":[{"authority":"Dr\u017eavna volilna komisija","url":"https:\/\/www.dvk-rs.si\/arhivi\/volitve2022\/lv2022\/data\/prvikrog\/obcine-data\/data_057.json"}]},{"person":{"name":"Bo\u0161tjan Vr\u0161\u010daj","slug":"bostjan-vrscaj"},"office":"Ob\u010dinski svetnik","office_code":"local_councillor","role_detail":"izvoljen z liste LISTA LJUDJE LJUDEM","organization":{"name":"La\u0161ko","slug":"lasko"},"since":"2022-11-20","since_precision":"inferred","until":null,"status":"elected","current":true,"sources":[{"authority":"Dr\u017eavna volilna komisija","url":"https:\/\/www.dvk-rs.si\/arhivi\/volitve2022\/lv2022\/data\/prvikrog\/obcine-data\/data_057.json"}]},{"person":{"name":"Robert Medved","slug":"robert-medved"},"office":"Ob\u010dinski svetnik","office_code":"local_councillor","role_detail":"izvoljen z liste SLOVENSKA DEMOKRATSKA STRANKA","organization":{"name":"La\u0161ko","slug":"lasko"},"since":"2022-11-20","since_precision":"inferred","until":null,"status":"elected","current":true,"sources":[{"authority":"Dr\u017eavna volilna komisija","url":"https:\/\/www.dvk-rs.si\/arhivi\/volitve2022\/lv2022\/data\/prvikrog\/obcine-data\/data_057.json"}]},{"person":{"name":"Marjan Kozmus","slug":"marjan-kozmus"},"office":"Ob\u010dinski svetnik","office_code":"local_councillor","role_detail":"izvoljen z liste SOCIALNI DEMOKRATI","organization":{"name":"La\u0161ko","slug":"lasko"},"since":"2022-11-20","since_precision":"inferred","until":null,"status":"elected","current":true,"sources":[{"authority":"Dr\u017eavna volilna komisija","url":"https:\/\/www.dvk-rs.si\/arhivi\/volitve2022\/lv2022\/data\/prvikrog\/obcine-data\/data_057.json"}]},{"person":{"name":"Toma\u017e Alja\u017e Vesenjak","slug":"tomaz-aljaz-vesenjak"},"office":"Ob\u010dinski svetnik","office_code":"local_councillor","role_detail":"izvoljen z liste MLADA MO\u010c OB\u010cINE LA\u0160KO","organization":{"name":"La\u0161ko","slug":"lasko"},"since":"2022-11-20","since_precision":"inferred","until":null,"status":"elected","current":true,"sources":[{"authority":"Dr\u017eavna volilna komisija","url":"https:\/\/www.dvk-rs.si\/arhivi\/volitve2022\/lv2022\/data\/prvikrog\/obcine-data\/data_057.json"}]},{"person":{"name":"Danijela Bevk Knez","slug":"danijela-bevk-knez"},"office":"Ob\u010dinski svetnik","office_code":"local_councillor","role_detail":"izvoljen z liste MLADA MO\u010c OB\u010cINE LA\u0160KO","organization":{"name":"La\u0161ko","slug":"lasko"},"since":"2022-11-20","since_precision":"inferred","until":null,"status":"elected","current":true,"sources":[{"authority":"Dr\u017eavna volilna komisija","url":"https:\/\/www.dvk-rs.si\/arhivi\/volitve2022\/lv2022\/data\/prvikrog\/obcine-data\/data_057.json"}]},{"person":{"name":"Marko \u0160antej mag. Farm.","slug":"marko-santej-mag-farm"},"office":"Ob\u010dinski svetnik","office_code":"local_councillor","role_detail":"izvoljen z liste MLADA MO\u010c OB\u010cINE LA\u0160KO","organization":{"name":"La\u0161ko","slug":"lasko"},"since":"2022-11-20","since_precision":"inferred","until":null,"status":"elected","current":true,"sources":[{"authority":"Dr\u017eavna volilna komisija","url":"https:\/\/www.dvk-rs.si\/arhivi\/volitve2022\/lv2022\/data\/prvikrog\/obcine-data\/data_057.json"}]},{"person":{"name":"Marko \u0160antej mag. Farm.","slug":"marko-santej-mag-farm"},"office":"\u017dupan","office_code":"mayor","role_detail":null,"organization":{"name":"La\u0161ko","slug":"lasko"},"since":"2022-12-04","since_precision":"inferred","until":null,"status":"elected","current":true,"sources":[{"authority":"Dr\u017eavna volilna komisija","url":"https:\/\/www.dvk-rs.si\/arhivi\/volitve2022\/lv2022\/data\/drugi_krog.json"}]}],"children":[{"slug":"center-za-sport-turizem-informiranje-in-kulturo-lasko","name":"Center Za \u0160port, Turizem, Informiranje In Kulturo La\u0161ko","type":"public_institute","body_type":null},{"slug":"javni-zavod-knjiznica-lasko","name":"Javni Zavod Knji\u017enica La\u0161ko","type":"public_institute","body_type":null},{"slug":"krajevna-skupnost-jurkloster","name":"Krajevna Skupnost Jurklo\u0161ter","type":"local_community","body_type":null},{"slug":"krajevna-skupnost-lasko","name":"Krajevna Skupnost La\u0161ko","type":"local_community","body_type":null},{"slug":"krajevna-skupnost-marija-gradec","name":"Krajevna Skupnost Marija Gradec","type":"local_community","body_type":null},{"slug":"krajevna-skupnost-rimske-toplice","name":"Krajevna Skupnost Rimske Toplice","type":"local_community","body_type":null},{"slug":"krajevna-skupnost-sedraz","name":"Krajevna Skupnost Sedra\u017e","type":"local_community","body_type":null},{"slug":"krajevna-skupnost-sentrupert","name":"Krajevna Skupnost \u0160entrupert","type":"local_community","body_type":null},{"slug":"krajevna-skupnost-vrh-nad-laskim","name":"Krajevna Skupnost Vrh Nad La\u0161kim","type":"local_community","body_type":null},{"slug":"krajevna-skupnost-zidani-most","name":"Krajevna Skupnost Zidani Most","type":"local_community","body_type":null},{"slug":"obcina-lasko-krajevna-skupnost-recica","name":"Ob\u010dina La\u0161ko, Krajevna Skupnost Re\u010dica","type":"local_community","body_type":null},{"slug":"osnovna-sola-antona-askerca-rimske-toplice","name":"Osnovna \u0160ola Antona A\u0161kerca Rimske Toplice","type":"public_institute","body_type":null},{"slug":"osnovna-sola-primoza-trubarja-lasko","name":"Osnovna \u0160ola Primo\u017ea Trubarja La\u0161ko","type":"public_institute","body_type":null},{"slug":"vrtec-lasko","name":"Vrtec La\u0161ko","type":"public_institute","body_type":null},{"slug":"zdravstveni-dom-lasko","name":"Zdravstveni Dom La\u0161ko","type":"public_institute","body_type":null}]}