{"data":{"slug":"lendava","name":"Lendava","type":"municipality","type_label":"Ob\u010dina","body_type":null,"parent":null,"website":null,"phone":null,"address":"Glavna ulica 020, 9220 LENDAVA-LENDVA","email":"obcina@lendava.si","leader":{"name":"Janez Magyar","person_slug":"janez-magyar","office":"\u017dupan","office_code":"mayor","since":"2022-12-04"},"image":{"url":"https:\/\/commons.wikimedia.org\/wiki\/Special:FilePath\/Grb_Ob%C4%8Dine_Lendava.png","attribution":"Wikimedia Commons","source":"https:\/\/commons.wikimedia.org\/wiki\/Special:FilePath\/Grb_Ob%C4%8Dine_Lendava.png","hosted":false},"sources":[],"url":"https:\/\/kdo-vodi.si\/organ\/lendava","api_url":"https:\/\/kdo-vodi.si\/api\/v1\/organizations\/lendava"},"office_holders":[{"person":{"name":"Alen Domini\u0107","slug":"alen-dominic"},"office":"Ob\u010dinski svetnik","office_code":"local_councillor","role_detail":"izvoljen z liste SOCIALNI DEMOKRATI","organization":{"name":"Lendava","slug":"lendava"},"since":"2022-11-20","since_precision":"inferred","until":null,"status":"elected","current":true,"sources":[{"authority":"Dr\u017eavna volilna komisija","url":"https:\/\/www.dvk-rs.si\/arhivi\/volitve2022\/lv2022\/data\/prvikrog\/obcine-data\/data_059.json"}]},{"person":{"name":"Marko Franko","slug":"marko-franko"},"office":"Ob\u010dinski svetnik","office_code":"local_councillor","role_detail":"izvoljen z liste GIBANJE SVOBODA","organization":{"name":"Lendava","slug":"lendava"},"since":"2022-11-20","since_precision":"inferred","until":null,"status":"elected","current":true,"sources":[{"authority":"Dr\u017eavna volilna komisija","url":"https:\/\/www.dvk-rs.si\/arhivi\/volitve2022\/lv2022\/data\/prvikrog\/obcine-data\/data_059.json"}]},{"person":{"name":"Helena Antolin Tibaut","slug":"helena-antolin-tibaut"},"office":"Ob\u010dinski svetnik","office_code":"local_councillor","role_detail":"izvoljen z liste GIBANJE SVOBODA","organization":{"name":"Lendava","slug":"lendava"},"since":"2022-11-20","since_precision":"inferred","until":null,"status":"elected","current":true,"sources":[{"authority":"Dr\u017eavna volilna komisija","url":"https:\/\/www.dvk-rs.si\/arhivi\/volitve2022\/lv2022\/data\/prvikrog\/obcine-data\/data_059.json"}]},{"person":{"name":"Sven Sarja\u0161","slug":"sven-sarjas"},"office":"Ob\u010dinski svetnik","office_code":"local_councillor","role_detail":"izvoljen z liste GIBANJE SVOBODA","organization":{"name":"Lendava","slug":"lendava"},"since":"2022-11-20","since_precision":"inferred","until":null,"status":"elected","current":true,"sources":[{"authority":"Dr\u017eavna volilna komisija","url":"https:\/\/www.dvk-rs.si\/arhivi\/volitve2022\/lv2022\/data\/prvikrog\/obcine-data\/data_059.json"}]},{"person":{"name":"Lidija Kreft","slug":"lidija-kreft"},"office":"Ob\u010dinski svetnik","office_code":"local_councillor","role_detail":"izvoljen z liste GIBANJE SVOBODA","organization":{"name":"Lendava","slug":"lendava"},"since":"2022-11-20","since_precision":"inferred","until":null,"status":"elected","current":true,"sources":[{"authority":"Dr\u017eavna volilna komisija","url":"https:\/\/www.dvk-rs.si\/arhivi\/volitve2022\/lv2022\/data\/prvikrog\/obcine-data\/data_059.json"}]},{"person":{"name":"Dejan S\u00fc\u010d","slug":"dejan-suc"},"office":"Ob\u010dinski svetnik","office_code":"local_councillor","role_detail":"izvoljen z liste GIBANJE SVOBODA","organization":{"name":"Lendava","slug":"lendava"},"since":"2022-11-20","since_precision":"inferred","until":null,"status":"elected","current":true,"sources":[{"authority":"Dr\u017eavna volilna komisija","url":"https:\/\/www.dvk-rs.si\/arhivi\/volitve2022\/lv2022\/data\/prvikrog\/obcine-data\/data_059.json"}]},{"person":{"name":"Romeo Gal","slug":"romeo-gal"},"office":"Ob\u010dinski svetnik","office_code":"local_councillor","role_detail":"izvoljen z liste LISTA GASILCEV ZA VARNOST OB\u010cANOV","organization":{"name":"Lendava","slug":"lendava"},"since":"2022-11-20","since_precision":"inferred","until":null,"status":"elected","current":true,"sources":[{"authority":"Dr\u017eavna volilna komisija","url":"https:\/\/www.dvk-rs.si\/arhivi\/volitve2022\/lv2022\/data\/prvikrog\/obcine-data\/data_059.json"}]},{"person":{"name":"Leon \u0160ajt","slug":"leon-sajt"},"office":"Ob\u010dinski svetnik","office_code":"local_councillor","role_detail":"izvoljen z liste SLOVENSKA DEMOKRATSKA STRANKA","organization":{"name":"Lendava","slug":"lendava"},"since":"2022-11-20","since_precision":"inferred","until":null,"status":"elected","current":true,"sources":[{"authority":"Dr\u017eavna volilna komisija","url":"https:\/\/www.dvk-rs.si\/arhivi\/volitve2022\/lv2022\/data\/prvikrog\/obcine-data\/data_059.json"}]},{"person":{"name":"Irena Jene\u0161","slug":"irena-jenes"},"office":"Ob\u010dinski svetnik","office_code":"local_councillor","role_detail":"izvoljen z liste SLOVENSKA DEMOKRATSKA STRANKA","organization":{"name":"Lendava","slug":"lendava"},"since":"2022-11-20","since_precision":"inferred","until":null,"status":"elected","current":true,"sources":[{"authority":"Dr\u017eavna volilna komisija","url":"https:\/\/www.dvk-rs.si\/arhivi\/volitve2022\/lv2022\/data\/prvikrog\/obcine-data\/data_059.json"}]},{"person":{"name":"Andrej Matja\u0161ec","slug":"andrej-matjasec"},"office":"Ob\u010dinski svetnik","office_code":"local_councillor","role_detail":"izvoljen z liste SLOVENSKA DEMOKRATSKA STRANKA","organization":{"name":"Lendava","slug":"lendava"},"since":"2022-11-20","since_precision":"inferred","until":null,"status":"elected","current":true,"sources":[{"authority":"Dr\u017eavna volilna komisija","url":"https:\/\/www.dvk-rs.si\/arhivi\/volitve2022\/lv2022\/data\/prvikrog\/obcine-data\/data_059.json"}]},{"person":{"name":"Eva \u0160abjan","slug":"eva-sabjan"},"office":"Ob\u010dinski svetnik","office_code":"local_councillor","role_detail":"izvoljen z liste SLOVENSKA DEMOKRATSKA STRANKA","organization":{"name":"Lendava","slug":"lendava"},"since":"2022-11-20","since_precision":"inferred","until":null,"status":"elected","current":true,"sources":[{"authority":"Dr\u017eavna volilna komisija","url":"https:\/\/www.dvk-rs.si\/arhivi\/volitve2022\/lv2022\/data\/prvikrog\/obcine-data\/data_059.json"}]},{"person":{"name":"Janez Magyar","slug":"janez-magyar"},"office":"Ob\u010dinski svetnik","office_code":"local_councillor","role_detail":"izvoljen z liste SLOVENSKA DEMOKRATSKA STRANKA","organization":{"name":"Lendava","slug":"lendava"},"since":"2022-11-20","since_precision":"inferred","until":null,"status":"elected","current":true,"sources":[{"authority":"Dr\u017eavna volilna komisija","url":"https:\/\/www.dvk-rs.si\/arhivi\/volitve2022\/lv2022\/data\/prvikrog\/obcine-data\/data_059.json"}]},{"person":{"name":"Patrik Kocet","slug":"patrik-kocet"},"office":"Ob\u010dinski svetnik","office_code":"local_councillor","role_detail":"izvoljen z liste LISTA ZA RAZVOJ IN \u010cISTO OKOLJE","organization":{"name":"Lendava","slug":"lendava"},"since":"2022-11-20","since_precision":"inferred","until":null,"status":"elected","current":true,"sources":[{"authority":"Dr\u017eavna volilna komisija","url":"https:\/\/www.dvk-rs.si\/arhivi\/volitve2022\/lv2022\/data\/prvikrog\/obcine-data\/data_059.json"}]},{"person":{"name":"Jo\u017eef Geren\u010der","slug":"jozef-gerencer"},"office":"Ob\u010dinski svetnik","office_code":"local_councillor","role_detail":"izvoljen z liste LISTA ZA RAZVOJ IN \u010cISTO OKOLJE","organization":{"name":"Lendava","slug":"lendava"},"since":"2022-11-20","since_precision":"inferred","until":null,"status":"elected","current":true,"sources":[{"authority":"Dr\u017eavna volilna komisija","url":"https:\/\/www.dvk-rs.si\/arhivi\/volitve2022\/lv2022\/data\/prvikrog\/obcine-data\/data_059.json"}]},{"person":{"name":"Sa\u0161o Kranjc","slug":"saso-kranjc"},"office":"Ob\u010dinski svetnik","office_code":"local_councillor","role_detail":"izvoljen z liste PRO LENDAVA","organization":{"name":"Lendava","slug":"lendava"},"since":"2022-11-20","since_precision":"inferred","until":null,"status":"elected","current":true,"sources":[{"authority":"Dr\u017eavna volilna komisija","url":"https:\/\/www.dvk-rs.si\/arhivi\/volitve2022\/lv2022\/data\/prvikrog\/obcine-data\/data_059.json"}]},{"person":{"name":"Robert Berki","slug":"robert-berki"},"office":"Ob\u010dinski svetnik","office_code":"local_councillor","role_detail":"izvoljen z liste DESUS - DEMOKRATI\u010cNA STRANKA UPOKOJENCEV SLOVENIJE","organization":{"name":"Lendava","slug":"lendava"},"since":"2022-11-20","since_precision":"inferred","until":null,"status":"elected","current":true,"sources":[{"authority":"Dr\u017eavna volilna komisija","url":"https:\/\/www.dvk-rs.si\/arhivi\/volitve2022\/lv2022\/data\/prvikrog\/obcine-data\/data_059.json"}]},{"person":{"name":"Janez Magyar","slug":"janez-magyar"},"office":"\u017dupan","office_code":"mayor","role_detail":null,"organization":{"name":"Lendava","slug":"lendava"},"since":"2022-12-04","since_precision":"inferred","until":null,"status":"elected","current":true,"sources":[{"authority":"Dr\u017eavna volilna komisija","url":"https:\/\/www.dvk-rs.si\/arhivi\/volitve2022\/lv2022\/data\/drugi_krog.json"}]}],"children":[{"slug":"demokratska-stranka-upokojencev-slovenije","name":"Demokratska stranka upokojencev Slovenije","type":"council_group","body_type":"council_group"},{"slug":"dvojezicna-osnovna-sola-genterovci-gonterhazi-ketnyelvu-altalanos-iskola","name":"DVOJEZI\u010cNA OSNOVNA \u0160OLA GENTEROVCI Gonterhazi Ketnyelvu Altalanos Iskola","type":"public_institute","body_type":null},{"slug":"dvojezicna-osnovna-sola-i-lendava-i-sz-lendvai-ketnyelvu-altalanos-iskola","name":"Dvojezi\u010dna Osnovna \u0160ola I Lendava I. Sz. Lendvai Ketnyelvu Altalanos Iskola","type":"public_institute","body_type":null},{"slug":"dvojezicna-osnovna-sola-ii-lendava-2-sz-lendvai-ketnyelvu-altalanos-iskola","name":"Dvojezi\u010dna Osnovna \u0160ola Ii Lendava - 2. Sz. Lendvai K\u00e9tnyelv\u0171 \u00c1ltal\u00e1nos Iskola","type":"public_institute","body_type":null},{"slug":"galerija-muzej-lendava-galeria-muzeum-lendva","name":"Galerija - Muzej Lendava Gal\u00e9ria - M\u00fazeum Lendva","type":"public_institute","body_type":null},{"slug":"glasbena-sola-lendava-zeneiskola-lendva","name":"Glasbena \u0160ola Lendava Zeneiskola Lendva","type":"public_institute","body_type":null},{"slug":"knjiznica-kulturni-center-lendava-lendvai-konyvtar-es-kulturalis-kozpont","name":"Knji\u017enica - Kulturni Center Lendava - Lendvai K\u00f6nyvtar \u00c9s Kultur\u00e1lis K\u00f6zpont","type":"public_institute","body_type":null},{"slug":"konkretno","name":"Konkretno","type":"council_group","body_type":"council_group"},{"slug":"krajevna-skupnost-centiba","name":"Krajevna Skupnost \u010centiba","type":"local_community","body_type":null},{"slug":"krajevna-skupnost-dolga-vas","name":"Krajevna Skupnost Dolga Vas","type":"local_community","body_type":null},{"slug":"krajevna-skupnost-dolina-pri-lendavi","name":"KRAJEVNA SKUPNOST DOLINA pri Lendavi","type":"local_community","body_type":null},{"slug":"krajevna-skupnost-dolnji-lakos","name":"Krajevna Skupnost Dolnji Lako\u0161","type":"local_community","body_type":null},{"slug":"krajevna-skupnost-genterovci","name":"Krajevna Skupnost Genterovci","type":"local_community","body_type":null},{"slug":"krajevna-skupnost-gorice-pri-lendavi","name":"Krajevna Skupnost Gorice Pri Lendavi","type":"local_community","body_type":null},{"slug":"krajevna-skupnost-gornji-lakos","name":"Krajevna Skupnost Gornji Lako\u0161","type":"local_community","body_type":null},{"slug":"krajevna-skupnost-hotiza","name":"Krajevna Skupnost Hotiza","type":"local_community","body_type":null},{"slug":"krajevna-skupnost-kapca","name":"Krajevna Skupnost Kapca","type":"local_community","body_type":null},{"slug":"krajevna-skupnost-kot","name":"Krajevna Skupnost Kot","type":"local_community","body_type":null},{"slug":"krajevna-skupnost-mostje-banuta","name":"Krajevna Skupnost Mostje-Banuta","type":"local_community","body_type":null},{"slug":"krajevna-skupnost-petisovci","name":"Krajevna Skupnost Peti\u0161ovci","type":"local_community","body_type":null},{"slug":"krajevna-skupnost-pince","name":"Krajevna Skupnost Pince","type":"local_community","body_type":null},{"slug":"krajevna-skupnost-pince-marof-benica","name":"Krajevna Skupnost Pince Marof Benica","type":"local_community","body_type":null},{"slug":"krajevna-skupnost-radmozanci","name":"Krajevna Skupnost Radmo\u017eanci","type":"local_community","body_type":null},{"slug":"krajevna-skupnost-trimlini","name":"Krajevna Skupnost Trimlini","type":"local_community","body_type":null},{"slug":"lendava-tudi-moja-obcina","name":"Lendava - Tudi moja ob\u010dina","type":"council_group","body_type":"council_group"},{"slug":"lista-dr-mihael-kasas","name":"Lista dr. Mihael Kasa\u0161","type":"council_group","body_type":"council_group"},{"slug":"lista-gasilcev-za-varnost-obcanov","name":"Lista gasilcev za varnost ob\u010danov","type":"council_group","body_type":"council_group"},{"slug":"lista-obcanov-za-razvoj","name":"Lista ob\u010danov za razvoj","type":"council_group","body_type":"council_group"},{"slug":"ljudska-univerza-zavod-za-izobrazevanje-odraslih-in-mladine-lendava-nepi-egyetem-felnottek-es-fiatalok-tovabbkepzointezete-lendva","name":"LJUDSKA UNIVERZA, Zavod za izobra\u017eevanje odraslih in mladine Lendava NEPI EGYETEM, Felnottek es Fiatalok Tovabbkepzointezete Lendva","type":"public_institute","body_type":null},{"slug":"magyar-regionalis-nemzetisegi-fejlesztesi-intezet-lendva-zavod-za-regionalni-razvoj-madzarske-narodnosti-lendava","name":"Magyar Region\u00e1lis Nemzetis\u00e9gi Fejleszt\u00e9si Int\u00e9zet Lendva - Zavod Za Regionalni Razvoj Mad\u017earske Narodnosti Lendava","type":"public_institute","body_type":null},{"slug":"mestna-skupnost-lendava","name":"Mestna Skupnost Lendava","type":"local_community","body_type":null},{"slug":"nova-slovenija-krscanski-demokrati-2","name":"Nova Slovenija \u2013 Kr\u0161\u010danski demokrati","type":"council_group","body_type":"council_group"},{"slug":"obcina-lendava-krajevna-skupnost-gaberje","name":"Ob\u010dina Lendava, Krajevna Skupnost Gaberje","type":"local_community","body_type":null},{"slug":"predstavnica-romske-skupnosti","name":"Predstavnica romske skupnosti","type":"council_group","body_type":"council_group"},{"slug":"predstavnik-madzarske-narodnosti","name":"Predstavnik mad\u017earske narodnosti","type":"council_group","body_type":"council_group"},{"slug":"slovenska-demokratska-stranka-3","name":"Slovenska demokratska stranka","type":"council_group","body_type":"council_group"},{"slug":"socialni-demokrati-3","name":"Socialni demokrati","type":"council_group","body_type":"council_group"},{"slug":"vrtec-lendava-lendvai-ovoda","name":"VRTEC LENDAVA Lendvai Ovoda","type":"public_institute","body_type":null},{"slug":"zavod-za-informativno-dejavnost-madzarske-narodnosti-magyar-nemzetisegi-tajekoztatasi-intezet","name":"Zavod Za Informativno Dejavnost Mad\u017earske Narodnosti Magyar Nemzetisegi Tajekoztatasi Intezet","type":"public_institute","body_type":null},{"slug":"zavod-za-kulturo-madzarske-narodnosti-lendava-magyar-nemzetisegi-muvelodesi-intezet-lendva","name":"Zavod Za Kulturo Mad\u017earske Narodnosti Lendava Magyar Nemzetis\u00e9gi M\u0171vel\u0151d\u00e9si Int\u00e9zet Lendva","type":"public_institute","body_type":null},{"slug":"zavod-za-turizem-in-razvoj-lendava-turisztikai-es-fejlesztesi-kozintezet-lendva","name":"Zavod za turizem in razvoj Lendava - Turisztikai \u00e9s Fejleszt\u00e9si K\u00f6zint\u00e9zet Lendva","type":"public_institute","body_type":null},{"slug":"zdravstveni-dom-lendava-egeszseghaz-lendva","name":"Zdravstveni Dom Lendava - Egeszseghaz Lendva","type":"public_institute","body_type":null},{"slug":"zmoremo-lista-dejana-suca","name":"ZMOREMO - Lista Dejana S\u00fc\u010da","type":"council_group","body_type":"council_group"}]}