{"data":{"slug":"ljubljana","name":"Ljubljana","type":"municipality","type_label":"Ob\u010dina","body_type":null,"parent":null,"website":null,"phone":null,"address":"Mestni trg 001, 1000 LJUBLJANA","email":"glavna.pisarna@ljubljana.si","leader":{"name":"Zoran Jankovi\u0107","person_slug":"zoran-jankovic","office":"\u017dupan","office_code":"mayor","since":"2022-11-20"},"image":{"url":"https:\/\/commons.wikimedia.org\/wiki\/Special:FilePath\/Blason_ville_si_Ljubljana_%28Slov%C3%A9nie%29.svg","attribution":"Wikimedia Commons","source":"https:\/\/commons.wikimedia.org\/wiki\/Special:FilePath\/Blason_ville_si_Ljubljana_%28Slov%C3%A9nie%29.svg","hosted":false},"sources":[],"url":"https:\/\/kdo-vodi.si\/organ\/ljubljana","api_url":"https:\/\/kdo-vodi.si\/api\/v1\/organizations\/ljubljana"},"office_holders":[{"person":{"name":"Nada Verbi\u010d","slug":"nada-verbic"},"office":"Ob\u010dinski svetnik","office_code":"local_councillor","role_detail":"izvoljen z liste LISTA ZORANA JANKOVI\u0106A","organization":{"name":"Ljubljana","slug":"ljubljana"},"since":"2022-11-20","since_precision":"inferred","until":null,"status":"elected","current":true,"sources":[{"authority":"Dr\u017eavna volilna komisija","url":"https:\/\/www.dvk-rs.si\/arhivi\/volitve2022\/lv2022\/data\/prvikrog\/obcine-data\/data_061.json"}]},{"person":{"name":"Bo\u0161tjan Koritnik","slug":"bostjan-koritnik"},"office":"Ob\u010dinski svetnik","office_code":"local_councillor","role_detail":"izvoljen z liste LISTA ZORANA JANKOVI\u0106A","organization":{"name":"Ljubljana","slug":"ljubljana"},"since":"2022-11-20","since_precision":"inferred","until":null,"status":"elected","current":true,"sources":[{"authority":"Dr\u017eavna volilna komisija","url":"https:\/\/www.dvk-rs.si\/arhivi\/volitve2022\/lv2022\/data\/prvikrog\/obcine-data\/data_061.json"}]},{"person":{"name":"Mojca Lozej","slug":"mojca-lozej"},"office":"Ob\u010dinski svetnik","office_code":"local_councillor","role_detail":"izvoljen z liste LISTA ZORANA JANKOVI\u0106A","organization":{"name":"Ljubljana","slug":"ljubljana"},"since":"2022-11-20","since_precision":"inferred","until":null,"status":"elected","current":true,"sources":[{"authority":"Dr\u017eavna volilna komisija","url":"https:\/\/www.dvk-rs.si\/arhivi\/volitve2022\/lv2022\/data\/prvikrog\/obcine-data\/data_061.json"}]},{"person":{"name":"Tone Podobnik","slug":"tone-podobnik"},"office":"Ob\u010dinski svetnik","office_code":"local_councillor","role_detail":"izvoljen z liste LISTA ZORANA JANKOVI\u0106A","organization":{"name":"Ljubljana","slug":"ljubljana"},"since":"2022-11-20","since_precision":"inferred","until":null,"status":"elected","current":true,"sources":[{"authority":"Dr\u017eavna volilna komisija","url":"https:\/\/www.dvk-rs.si\/arhivi\/volitve2022\/lv2022\/data\/prvikrog\/obcine-data\/data_061.json"}]},{"person":{"name":"Francka Trobec","slug":"francka-trobec"},"office":"Ob\u010dinski svetnik","office_code":"local_councillor","role_detail":"izvoljen z liste LISTA ZORANA JANKOVI\u0106A","organization":{"name":"Ljubljana","slug":"ljubljana"},"since":"2022-11-20","since_precision":"inferred","until":null,"status":"elected","current":true,"sources":[{"authority":"Dr\u017eavna volilna komisija","url":"https:\/\/www.dvk-rs.si\/arhivi\/volitve2022\/lv2022\/data\/prvikrog\/obcine-data\/data_061.json"}]},{"person":{"name":"Iztok Kordi\u0161","slug":"iztok-kordis"},"office":"Ob\u010dinski svetnik","office_code":"local_councillor","role_detail":"izvoljen z liste LISTA ZORANA JANKOVI\u0106A","organization":{"name":"Ljubljana","slug":"ljubljana"},"since":"2022-11-20","since_precision":"inferred","until":null,"status":"elected","current":true,"sources":[{"authority":"Dr\u017eavna volilna komisija","url":"https:\/\/www.dvk-rs.si\/arhivi\/volitve2022\/lv2022\/data\/prvikrog\/obcine-data\/data_061.json"}]},{"person":{"name":"Stanka Feren\u010dak Marin","slug":"stanka-ferencak-marin"},"office":"Ob\u010dinski svetnik","office_code":"local_councillor","role_detail":"izvoljen z liste LISTA ZORANA JANKOVI\u0106A","organization":{"name":"Ljubljana","slug":"ljubljana"},"since":"2022-11-20","since_precision":"inferred","until":null,"status":"elected","current":true,"sources":[{"authority":"Dr\u017eavna volilna komisija","url":"https:\/\/www.dvk-rs.si\/arhivi\/volitve2022\/lv2022\/data\/prvikrog\/obcine-data\/data_061.json"}]},{"person":{"name":"Rok \u017dnidar\u0161i\u010d","slug":"rok-znidarsic"},"office":"Ob\u010dinski svetnik","office_code":"local_councillor","role_detail":"izvoljen z liste LISTA ZORANA JANKOVI\u0106A","organization":{"name":"Ljubljana","slug":"ljubljana"},"since":"2022-11-20","since_precision":"inferred","until":null,"status":"elected","current":true,"sources":[{"authority":"Dr\u017eavna volilna komisija","url":"https:\/\/www.dvk-rs.si\/arhivi\/volitve2022\/lv2022\/data\/prvikrog\/obcine-data\/data_061.json"}]},{"person":{"name":"Julka \u017dibert","slug":"julka-zibert"},"office":"Ob\u010dinski svetnik","office_code":"local_councillor","role_detail":"izvoljen z liste LISTA ZORANA JANKOVI\u0106A","organization":{"name":"Ljubljana","slug":"ljubljana"},"since":"2022-11-20","since_precision":"inferred","until":null,"status":"elected","current":true,"sources":[{"authority":"Dr\u017eavna volilna komisija","url":"https:\/\/www.dvk-rs.si\/arhivi\/volitve2022\/lv2022\/data\/prvikrog\/obcine-data\/data_061.json"}]},{"person":{"name":"Marjan Sedmak","slug":"marjan-sedmak"},"office":"Ob\u010dinski svetnik","office_code":"local_councillor","role_detail":"izvoljen z liste LISTA ZORANA JANKOVI\u0106A","organization":{"name":"Ljubljana","slug":"ljubljana"},"since":"2022-11-20","since_precision":"inferred","until":null,"status":"elected","current":true,"sources":[{"authority":"Dr\u017eavna volilna komisija","url":"https:\/\/www.dvk-rs.si\/arhivi\/volitve2022\/lv2022\/data\/prvikrog\/obcine-data\/data_061.json"}]},{"person":{"name":"Marija Dunja Pi\u0161kur Kosma\u010d","slug":"marija-dunja-piskur-kosmac"},"office":"Ob\u010dinski svetnik","office_code":"local_councillor","role_detail":"izvoljen z liste LISTA ZORANA JANKOVI\u0106A","organization":{"name":"Ljubljana","slug":"ljubljana"},"since":"2022-11-20","since_precision":"inferred","until":null,"status":"elected","current":true,"sources":[{"authority":"Dr\u017eavna volilna komisija","url":"https:\/\/www.dvk-rs.si\/arhivi\/volitve2022\/lv2022\/data\/prvikrog\/obcine-data\/data_061.json"}]},{"person":{"name":"Dejan Crnek","slug":"dejan-crnek"},"office":"Ob\u010dinski svetnik","office_code":"local_councillor","role_detail":"izvoljen z liste LISTA ZORANA JANKOVI\u0106A","organization":{"name":"Ljubljana","slug":"ljubljana"},"since":"2022-11-20","since_precision":"inferred","until":null,"status":"elected","current":true,"sources":[{"authority":"Dr\u017eavna volilna komisija","url":"https:\/\/www.dvk-rs.si\/arhivi\/volitve2022\/lv2022\/data\/prvikrog\/obcine-data\/data_061.json"}]},{"person":{"name":"Marta Bon","slug":"marta-bon"},"office":"Ob\u010dinski svetnik","office_code":"local_councillor","role_detail":"izvoljen z liste LISTA ZORANA JANKOVI\u0106A","organization":{"name":"Ljubljana","slug":"ljubljana"},"since":"2022-11-20","since_precision":"inferred","until":null,"status":"elected","current":true,"sources":[{"authority":"Dr\u017eavna volilna komisija","url":"https:\/\/www.dvk-rs.si\/arhivi\/volitve2022\/lv2022\/data\/prvikrog\/obcine-data\/data_061.json"}]},{"person":{"name":"Ale\u0161 \u010cerin","slug":"ales-cerin"},"office":"Ob\u010dinski svetnik","office_code":"local_councillor","role_detail":"izvoljen z liste LISTA ZORANA JANKOVI\u0106A","organization":{"name":"Ljubljana","slug":"ljubljana"},"since":"2022-11-20","since_precision":"inferred","until":null,"status":"elected","current":true,"sources":[{"authority":"Dr\u017eavna volilna komisija","url":"https:\/\/www.dvk-rs.si\/arhivi\/volitve2022\/lv2022\/data\/prvikrog\/obcine-data\/data_061.json"}]},{"person":{"name":"Jelka \u017dekar","slug":"jelka-zekar"},"office":"Ob\u010dinski svetnik","office_code":"local_councillor","role_detail":"izvoljen z liste LISTA ZORANA JANKOVI\u0106A","organization":{"name":"Ljubljana","slug":"ljubljana"},"since":"2022-11-20","since_precision":"inferred","until":null,"status":"elected","current":true,"sources":[{"authority":"Dr\u017eavna volilna komisija","url":"https:\/\/www.dvk-rs.si\/arhivi\/volitve2022\/lv2022\/data\/prvikrog\/obcine-data\/data_061.json"}]},{"person":{"name":"Janez Ko\u017eelj","slug":"janez-kozelj"},"office":"Ob\u010dinski svetnik","office_code":"local_councillor","role_detail":"izvoljen z liste LISTA ZORANA JANKOVI\u0106A","organization":{"name":"Ljubljana","slug":"ljubljana"},"since":"2022-11-20","since_precision":"inferred","until":null,"status":"elected","current":true,"sources":[{"authority":"Dr\u017eavna volilna komisija","url":"https:\/\/www.dvk-rs.si\/arhivi\/volitve2022\/lv2022\/data\/prvikrog\/obcine-data\/data_061.json"}]},{"person":{"name":"Tja\u0161a Ficko","slug":"tjasa-ficko"},"office":"Ob\u010dinski svetnik","office_code":"local_councillor","role_detail":"izvoljen z liste LISTA ZORANA JANKOVI\u0106A","organization":{"name":"Ljubljana","slug":"ljubljana"},"since":"2022-11-20","since_precision":"inferred","until":null,"status":"elected","current":true,"sources":[{"authority":"Dr\u017eavna volilna komisija","url":"https:\/\/www.dvk-rs.si\/arhivi\/volitve2022\/lv2022\/data\/prvikrog\/obcine-data\/data_061.json"}]},{"person":{"name":"Zoran Jankovi\u0107","slug":"zoran-jankovic"},"office":"Ob\u010dinski svetnik","office_code":"local_councillor","role_detail":"izvoljen z liste LISTA ZORANA JANKOVI\u0106A","organization":{"name":"Ljubljana","slug":"ljubljana"},"since":"2022-11-20","since_precision":"inferred","until":null,"status":"elected","current":true,"sources":[{"authority":"Dr\u017eavna volilna komisija","url":"https:\/\/www.dvk-rs.si\/arhivi\/volitve2022\/lv2022\/data\/prvikrog\/obcine-data\/data_061.json"}]},{"person":{"name":"Katja Damij","slug":"katja-damij"},"office":"Ob\u010dinski svetnik","office_code":"local_councillor","role_detail":"izvoljen z liste GIBANJE SVOBODA","organization":{"name":"Ljubljana","slug":"ljubljana"},"since":"2022-11-20","since_precision":"inferred","until":null,"status":"elected","current":true,"sources":[{"authority":"Dr\u017eavna volilna komisija","url":"https:\/\/www.dvk-rs.si\/arhivi\/volitve2022\/lv2022\/data\/prvikrog\/obcine-data\/data_061.json"}]},{"person":{"name":"Ludvik Bagari","slug":"ludvik-bagari"},"office":"Ob\u010dinski svetnik","office_code":"local_councillor","role_detail":"izvoljen z liste GIBANJE SVOBODA","organization":{"name":"Ljubljana","slug":"ljubljana"},"since":"2022-11-20","since_precision":"inferred","until":null,"status":"elected","current":true,"sources":[{"authority":"Dr\u017eavna volilna komisija","url":"https:\/\/www.dvk-rs.si\/arhivi\/volitve2022\/lv2022\/data\/prvikrog\/obcine-data\/data_061.json"}]},{"person":{"name":"Ksenija Pi\u0161ljar","slug":"ksenija-pisljar"},"office":"Ob\u010dinski svetnik","office_code":"local_councillor","role_detail":"izvoljen z liste GIBANJE SVOBODA","organization":{"name":"Ljubljana","slug":"ljubljana"},"since":"2022-11-20","since_precision":"inferred","until":null,"status":"elected","current":true,"sources":[{"authority":"Dr\u017eavna volilna komisija","url":"https:\/\/www.dvk-rs.si\/arhivi\/volitve2022\/lv2022\/data\/prvikrog\/obcine-data\/data_061.json"}]},{"person":{"name":"Marko Maver","slug":"marko-maver"},"office":"Ob\u010dinski svetnik","office_code":"local_councillor","role_detail":"izvoljen z liste GIBANJE SVOBODA","organization":{"name":"Ljubljana","slug":"ljubljana"},"since":"2022-11-20","since_precision":"inferred","until":null,"status":"elected","current":true,"sources":[{"authority":"Dr\u017eavna volilna komisija","url":"https:\/\/www.dvk-rs.si\/arhivi\/volitve2022\/lv2022\/data\/prvikrog\/obcine-data\/data_061.json"}]},{"person":{"name":"Dunja Labovi\u0107 Begovi\u0107","slug":"dunja-labovic-begovic"},"office":"Ob\u010dinski svetnik","office_code":"local_councillor","role_detail":"izvoljen z liste GIBANJE SVOBODA","organization":{"name":"Ljubljana","slug":"ljubljana"},"since":"2022-11-20","since_precision":"inferred","until":null,"status":"elected","current":true,"sources":[{"authority":"Dr\u017eavna volilna komisija","url":"https:\/\/www.dvk-rs.si\/arhivi\/volitve2022\/lv2022\/data\/prvikrog\/obcine-data\/data_061.json"}]},{"person":{"name":"Kostja \u017didan","slug":"kostja-zidan"},"office":"Ob\u010dinski svetnik","office_code":"local_councillor","role_detail":"izvoljen z liste GIBANJE SVOBODA","organization":{"name":"Ljubljana","slug":"ljubljana"},"since":"2022-11-20","since_precision":"inferred","until":null,"status":"elected","current":true,"sources":[{"authority":"Dr\u017eavna volilna komisija","url":"https:\/\/www.dvk-rs.si\/arhivi\/volitve2022\/lv2022\/data\/prvikrog\/obcine-data\/data_061.json"}]},{"person":{"name":"Vesna Ugrinovski","slug":"vesna-ugrinovski"},"office":"Ob\u010dinski svetnik","office_code":"local_councillor","role_detail":"izvoljen z liste GIBANJE SVOBODA","organization":{"name":"Ljubljana","slug":"ljubljana"},"since":"2022-11-20","since_precision":"inferred","until":null,"status":"elected","current":true,"sources":[{"authority":"Dr\u017eavna volilna komisija","url":"https:\/\/www.dvk-rs.si\/arhivi\/volitve2022\/lv2022\/data\/prvikrog\/obcine-data\/data_061.json"}]},{"person":{"name":"Samo Logar","slug":"samo-logar"},"office":"Ob\u010dinski svetnik","office_code":"local_councillor","role_detail":"izvoljen z liste GIBANJE SVOBODA","organization":{"name":"Ljubljana","slug":"ljubljana"},"since":"2022-11-20","since_precision":"inferred","until":null,"status":"elected","current":true,"sources":[{"authority":"Dr\u017eavna volilna komisija","url":"https:\/\/www.dvk-rs.si\/arhivi\/volitve2022\/lv2022\/data\/prvikrog\/obcine-data\/data_061.json"}]},{"person":{"name":"Jo\u017eef Horvat","slug":"jozef-horvat"},"office":"Ob\u010dinski svetnik","office_code":"local_councillor","role_detail":"izvoljen z liste NOVA SLOVENIJA - KR\u0160\u010cANSKI DEMOKRATI","organization":{"name":"Ljubljana","slug":"ljubljana"},"since":"2022-11-20","since_precision":"inferred","until":null,"status":"elected","current":true,"sources":[{"authority":"Dr\u017eavna volilna komisija","url":"https:\/\/www.dvk-rs.si\/arhivi\/volitve2022\/lv2022\/data\/prvikrog\/obcine-data\/data_061.json"}]},{"person":{"name":"Mojca Sojar","slug":"mojca-sojar"},"office":"Ob\u010dinski svetnik","office_code":"local_councillor","role_detail":"izvoljen z liste NOVA SLOVENIJA - KR\u0160\u010cANSKI DEMOKRATI","organization":{"name":"Ljubljana","slug":"ljubljana"},"since":"2022-11-20","since_precision":"inferred","until":null,"status":"elected","current":true,"sources":[{"authority":"Dr\u017eavna volilna komisija","url":"https:\/\/www.dvk-rs.si\/arhivi\/volitve2022\/lv2022\/data\/prvikrog\/obcine-data\/data_061.json"}]},{"person":{"name":"Jasmin Feratovi\u0107","slug":"jasmin-feratovic"},"office":"Ob\u010dinski svetnik","office_code":"local_councillor","role_detail":"izvoljen z liste PIRATSKA STRANKA SLOVENIJE","organization":{"name":"Ljubljana","slug":"ljubljana"},"since":"2022-11-20","since_precision":"inferred","until":null,"status":"elected","current":true,"sources":[{"authority":"Dr\u017eavna volilna komisija","url":"https:\/\/www.dvk-rs.si\/arhivi\/volitve2022\/lv2022\/data\/prvikrog\/obcine-data\/data_061.json"}]},{"person":{"name":"I\u0161tvan I\u0161t Huzjan","slug":"istvan-ist-huzjan"},"office":"Ob\u010dinski svetnik","office_code":"local_councillor","role_detail":"izvoljen z liste LEVICA","organization":{"name":"Ljubljana","slug":"ljubljana"},"since":"2022-11-20","since_precision":"inferred","until":null,"status":"elected","current":true,"sources":[{"authority":"Dr\u017eavna volilna komisija","url":"https:\/\/www.dvk-rs.si\/arhivi\/volitve2022\/lv2022\/data\/prvikrog\/obcine-data\/data_061.json"}]},{"person":{"name":"Petra Blajhribar Kubo","slug":"petra-blajhribar-kubo"},"office":"Ob\u010dinski svetnik","office_code":"local_councillor","role_detail":"izvoljen z liste LEVICA","organization":{"name":"Ljubljana","slug":"ljubljana"},"since":"2022-11-20","since_precision":"inferred","until":null,"status":"elected","current":true,"sources":[{"authority":"Dr\u017eavna volilna komisija","url":"https:\/\/www.dvk-rs.si\/arhivi\/volitve2022\/lv2022\/data\/prvikrog\/obcine-data\/data_061.json"}]},{"person":{"name":"Arne Jakob Zakraj\u0161ek","slug":"arne-jakob-zakrajsek"},"office":"Ob\u010dinski svetnik","office_code":"local_councillor","role_detail":"izvoljen z liste LEVICA","organization":{"name":"Ljubljana","slug":"ljubljana"},"since":"2022-11-20","since_precision":"inferred","until":null,"status":"elected","current":true,"sources":[{"authority":"Dr\u017eavna volilna komisija","url":"https:\/\/www.dvk-rs.si\/arhivi\/volitve2022\/lv2022\/data\/prvikrog\/obcine-data\/data_061.json"}]},{"person":{"name":"Ur\u0161ka Honzak","slug":"urska-honzak"},"office":"Ob\u010dinski svetnik","office_code":"local_councillor","role_detail":"izvoljen z liste LEVICA","organization":{"name":"Ljubljana","slug":"ljubljana"},"since":"2022-11-20","since_precision":"inferred","until":null,"status":"elected","current":true,"sources":[{"authority":"Dr\u017eavna volilna komisija","url":"https:\/\/www.dvk-rs.si\/arhivi\/volitve2022\/lv2022\/data\/prvikrog\/obcine-data\/data_061.json"}]},{"person":{"name":"Ganimet Shala","slug":"ganimet-shala"},"office":"Ob\u010dinski svetnik","office_code":"local_councillor","role_detail":"izvoljen z liste SOCIALNI DEMOKRATI","organization":{"name":"Ljubljana","slug":"ljubljana"},"since":"2022-11-20","since_precision":"inferred","until":null,"status":"elected","current":true,"sources":[{"authority":"Dr\u017eavna volilna komisija","url":"https:\/\/www.dvk-rs.si\/arhivi\/volitve2022\/lv2022\/data\/prvikrog\/obcine-data\/data_061.json"}]},{"person":{"name":"Marko Koprivc","slug":"marko-koprivc"},"office":"Ob\u010dinski svetnik","office_code":"local_councillor","role_detail":"izvoljen z liste SOCIALNI DEMOKRATI","organization":{"name":"Ljubljana","slug":"ljubljana"},"since":"2022-11-20","since_precision":"inferred","until":null,"status":"elected","current":true,"sources":[{"authority":"Dr\u017eavna volilna komisija","url":"https:\/\/www.dvk-rs.si\/arhivi\/volitve2022\/lv2022\/data\/prvikrog\/obcine-data\/data_061.json"}]},{"person":{"name":"Ale\u0161 Primc","slug":"ales-primc"},"office":"Ob\u010dinski svetnik","office_code":"local_councillor","role_detail":"izvoljen z liste GLAS ZA OTROKE IN DRU\u017dINE","organization":{"name":"Ljubljana","slug":"ljubljana"},"since":"2022-11-20","since_precision":"inferred","until":null,"status":"elected","current":true,"sources":[{"authority":"Dr\u017eavna volilna komisija","url":"https:\/\/www.dvk-rs.si\/arhivi\/volitve2022\/lv2022\/data\/prvikrog\/obcine-data\/data_061.json"}]},{"person":{"name":"Jasminka Dedi\u0107","slug":"jasminka-dedic"},"office":"Ob\u010dinski svetnik","office_code":"local_councillor","role_detail":"izvoljen z liste VESNA - ZELENA STRANKA","organization":{"name":"Ljubljana","slug":"ljubljana"},"since":"2022-11-20","since_precision":"inferred","until":null,"status":"elected","current":true,"sources":[{"authority":"Dr\u017eavna volilna komisija","url":"https:\/\/www.dvk-rs.si\/arhivi\/volitve2022\/lv2022\/data\/prvikrog\/obcine-data\/data_061.json"}]},{"person":{"name":"Tina Bregant","slug":"tina-bregant"},"office":"Ob\u010dinski svetnik","office_code":"local_councillor","role_detail":"izvoljen z liste SLOVENSKA LJUDSKA STRANKA","organization":{"name":"Ljubljana","slug":"ljubljana"},"since":"2022-11-20","since_precision":"inferred","until":null,"status":"elected","current":true,"sources":[{"authority":"Dr\u017eavna volilna komisija","url":"https:\/\/www.dvk-rs.si\/arhivi\/volitve2022\/lv2022\/data\/prvikrog\/obcine-data\/data_061.json"}]},{"person":{"name":"Darinka Kova\u010di\u010d","slug":"darinka-kovacic"},"office":"Ob\u010dinski svetnik","office_code":"local_councillor","role_detail":"izvoljen z liste SLOVENSKA DEMOKRATSKA STRANKA - SDS","organization":{"name":"Ljubljana","slug":"ljubljana"},"since":"2022-11-20","since_precision":"inferred","until":null,"status":"elected","current":true,"sources":[{"authority":"Dr\u017eavna volilna komisija","url":"https:\/\/www.dvk-rs.si\/arhivi\/volitve2022\/lv2022\/data\/prvikrog\/obcine-data\/data_061.json"}]},{"person":{"name":"Matja\u017e Vede","slug":"matjaz-vede"},"office":"Ob\u010dinski svetnik","office_code":"local_councillor","role_detail":"izvoljen z liste SLOVENSKA DEMOKRATSKA STRANKA - SDS","organization":{"name":"Ljubljana","slug":"ljubljana"},"since":"2022-11-20","since_precision":"inferred","until":null,"status":"elected","current":true,"sources":[{"authority":"Dr\u017eavna volilna komisija","url":"https:\/\/www.dvk-rs.si\/arhivi\/volitve2022\/lv2022\/data\/prvikrog\/obcine-data\/data_061.json"}]},{"person":{"name":"Ksenija Sever","slug":"ksenija-sever"},"office":"Ob\u010dinski svetnik","office_code":"local_councillor","role_detail":"izvoljen z liste SLOVENSKA DEMOKRATSKA STRANKA - SDS","organization":{"name":"Ljubljana","slug":"ljubljana"},"since":"2022-11-20","since_precision":"inferred","until":null,"status":"elected","current":true,"sources":[{"authority":"Dr\u017eavna volilna komisija","url":"https:\/\/www.dvk-rs.si\/arhivi\/volitve2022\/lv2022\/data\/prvikrog\/obcine-data\/data_061.json"}]},{"person":{"name":"Anton Gro\u0161elj","slug":"anton-groselj"},"office":"Ob\u010dinski svetnik","office_code":"local_councillor","role_detail":"izvoljen z liste SLOVENSKA DEMOKRATSKA STRANKA - SDS","organization":{"name":"Ljubljana","slug":"ljubljana"},"since":"2022-11-20","since_precision":"inferred","until":null,"status":"elected","current":true,"sources":[{"authority":"Dr\u017eavna volilna komisija","url":"https:\/\/www.dvk-rs.si\/arhivi\/volitve2022\/lv2022\/data\/prvikrog\/obcine-data\/data_061.json"}]},{"person":{"name":"Maru\u0161a Babnik","slug":"marusa-babnik"},"office":"Ob\u010dinski svetnik","office_code":"local_councillor","role_detail":"izvoljen z liste SLOVENSKA DEMOKRATSKA STRANKA - SDS","organization":{"name":"Ljubljana","slug":"ljubljana"},"since":"2022-11-20","since_precision":"inferred","until":null,"status":"elected","current":true,"sources":[{"authority":"Dr\u017eavna volilna komisija","url":"https:\/\/www.dvk-rs.si\/arhivi\/volitve2022\/lv2022\/data\/prvikrog\/obcine-data\/data_061.json"}]},{"person":{"name":"Igor Horvat","slug":"igor-horvat"},"office":"Ob\u010dinski svetnik","office_code":"local_councillor","role_detail":"izvoljen z liste SLOVENSKA DEMOKRATSKA STRANKA - SDS","organization":{"name":"Ljubljana","slug":"ljubljana"},"since":"2022-11-20","since_precision":"inferred","until":null,"status":"elected","current":true,"sources":[{"authority":"Dr\u017eavna volilna komisija","url":"https:\/\/www.dvk-rs.si\/arhivi\/volitve2022\/lv2022\/data\/prvikrog\/obcine-data\/data_061.json"}]},{"person":{"name":"Ga\u0161per Kromar","slug":"gasper-kromar"},"office":"Ob\u010dinski svetnik","office_code":"local_councillor","role_detail":"izvoljen z liste LISTA \u0160PORT ZA ZDRAVJE","organization":{"name":"Ljubljana","slug":"ljubljana"},"since":"2022-11-20","since_precision":"inferred","until":null,"status":"elected","current":true,"sources":[{"authority":"Dr\u017eavna volilna komisija","url":"https:\/\/www.dvk-rs.si\/arhivi\/volitve2022\/lv2022\/data\/prvikrog\/obcine-data\/data_061.json"}]},{"person":{"name":"Zoran Jankovi\u0107","slug":"zoran-jankovic"},"office":"\u017dupan","office_code":"mayor","role_detail":null,"organization":{"name":"Ljubljana","slug":"ljubljana"},"since":"2022-11-20","since_precision":"inferred","until":null,"status":"elected","current":true,"sources":[{"authority":"Dr\u017eavna volilna komisija","url":"https:\/\/www.dvk-rs.si\/arhivi\/volitve2022\/lv2022\/data\/mestne_obcine.json"}]}],"children":[{"slug":"center-urbane-kulture-kino-siska","name":"Center urbane kulture Kino \u0160i\u0161ka","type":"public_institute","body_type":null},{"slug":"center-za-usposabljanje-vzgojo-in-izobrazevanje-janeza-levca-ljubljana","name":"Center za usposabljanje, vzgojo in izobra\u017eevanje Janeza Levca Ljubljana","type":"public_institute","body_type":null},{"slug":"demokrati-anzeta-logarja","name":"Demokrati. An\u017eeta Logarja","type":"council_group","body_type":"council_group"},{"slug":"festival-ljubljana","name":"Festival Ljubljana","type":"public_institute","body_type":null},{"slug":"gasilska-brigada-ljubljana","name":"Gasilska Brigada Ljubljana","type":"public_institute","body_type":null},{"slug":"gibanje-svoboda","name":"Gibanje Svoboda","type":"council_group","body_type":"council_group"},{"slug":"glasbena-sola-franca-sturma","name":"Glasbena \u0160ola Franca \u0160turma","type":"public_institute","body_type":null},{"slug":"glasbena-sola-ljubljana-moste-polje","name":"Glasbena \u0160ola Ljubljana Moste-Polje","type":"public_institute","body_type":null},{"slug":"glasbena-sola-ljubljana-vic-rudnik","name":"Glasbena \u0160ola Ljubljana Vi\u010d-Rudnik","type":"public_institute","body_type":null},{"slug":"javni-zavod-cene-stupar-center-za-izobrazevanje-ljubljana","name":"Javni Zavod Cene \u0160tupar - Center Za Izobra\u017eevanje Ljubljana","type":"public_institute","body_type":null},{"slug":"javni-zavod-kinodvor","name":"Javni zavod Kinodvor","type":"public_institute","body_type":null},{"slug":"javni-zavod-lekarna-ljubljana","name":"Javni Zavod Lekarna Ljubljana","type":"public_institute","body_type":null},{"slug":"javni-zavod-ljubljanski-grad","name":"Javni zavod Ljubljanski grad","type":"public_institute","body_type":null},{"slug":"javni-zavod-mala-ulica-center-za-otroke-in-druzine-v-ljubljani","name":"Javni zavod Mala ulica - Center za otroke in dru\u017eine v Ljubljani","type":"public_institute","body_type":null},{"slug":"javni-zavod-mladi-zmaji-center-za-kakovostno-prezivljanje-prostega-casa-mladih","name":"Javni zavod Mladi zmaji - Center za kakovostno pre\u017eivljanje prostega \u010dasa mladih","type":"public_institute","body_type":null},{"slug":"javni-zavod-sport-ljubljana","name":"Javni zavod \u0160PORT LJUBLJANA","type":"public_institute","body_type":null},{"slug":"kreativno-sredisce-center-rog","name":"Kreativno sredi\u0161\u010de Center Rog","type":"public_institute","body_type":null},{"slug":"levica","name":"Levica","type":"council_group","body_type":"council_group"},{"slug":"lista-sport-za-zdravje","name":"Lista \u0161port za zdravje","type":"council_group","body_type":"council_group"},{"slug":"lista-zorana-jankovica","name":"Lista Zorana Jankovi\u0107a","type":"council_group","body_type":"council_group"},{"slug":"lutkovno-gledalisce-ljubljana","name":"Lutkovno Gledali\u0161\u010de Ljubljana","type":"public_institute","body_type":null},{"slug":"mednarodni-graficni-likovni-center","name":"Mednarodni Grafi\u010dni Likovni Center","type":"public_institute","body_type":null},{"slug":"mestna-knjiznica-ljubljana","name":"Mestna Knji\u017enica Ljubljana","type":"public_institute","body_type":null},{"slug":"mestna-obcina-ljubljana-cetrtna-skupnost-bezigrad","name":"Mestna Ob\u010dina Ljubljana \u010cetrtna Skupnost Be\u017eigrad","type":"local_community","body_type":null},{"slug":"mestna-obcina-ljubljana-cetrtna-skupnost-center","name":"Mestna Ob\u010dina Ljubljana \u010cetrtna Skupnost Center","type":"local_community","body_type":null},{"slug":"mestna-obcina-ljubljana-cetrtna-skupnost-crnuce","name":"Mestna Ob\u010dina Ljubljana \u010cetrtna Skupnost \u010crnu\u010de","type":"local_community","body_type":null},{"slug":"mestna-obcina-ljubljana-cetrtna-skupnost-dravlje","name":"Mestna Ob\u010dina Ljubljana \u010cetrtna Skupnost Dravlje","type":"local_community","body_type":null},{"slug":"mestna-obcina-ljubljana-cetrtna-skupnost-golovec","name":"Mestna Ob\u010dina Ljubljana \u010cetrtna Skupnost Golovec","type":"local_community","body_type":null},{"slug":"mestna-obcina-ljubljana-cetrtna-skupnost-jarse","name":"Mestna Ob\u010dina Ljubljana \u010cetrtna Skupnost Jar\u0161e","type":"local_community","body_type":null},{"slug":"mestna-obcina-ljubljana-cetrtna-skupnost-moste","name":"Mestna Ob\u010dina Ljubljana \u010cetrtna Skupnost Moste","type":"local_community","body_type":null},{"slug":"mestna-obcina-ljubljana-cetrtna-skupnost-polje","name":"Mestna Ob\u010dina Ljubljana \u010cetrtna Skupnost Polje","type":"local_community","body_type":null},{"slug":"mestna-obcina-ljubljana-cetrtna-skupnost-posavje","name":"Mestna Ob\u010dina Ljubljana \u010cetrtna Skupnost Posavje","type":"local_community","body_type":null},{"slug":"mestna-obcina-ljubljana-cetrtna-skupnost-roznik","name":"Mestna Ob\u010dina Ljubljana \u010cetrtna Skupnost Ro\u017enik","type":"local_community","body_type":null},{"slug":"mestna-obcina-ljubljana-cetrtna-skupnost-rudnik","name":"Mestna Ob\u010dina Ljubljana, \u010cetrtna Skupnost Rudnik","type":"local_community","body_type":null},{"slug":"mestna-obcina-ljubljana-cetrtna-skupnost-sentvid","name":"Mestna Ob\u010dina Ljubljana \u010cetrtna Skupnost \u0160entvid","type":"local_community","body_type":null},{"slug":"mestna-obcina-ljubljana-cetrtna-skupnost-siska","name":"Mestna Ob\u010dina Ljubljana \u010cetrtna Skupnost \u0160i\u0161ka","type":"local_community","body_type":null},{"slug":"mestna-obcina-ljubljana-cetrtna-skupnost-smarna-gora","name":"Mestna Ob\u010dina Ljubljana \u010cetrtna Skupnost \u0160marna Gora","type":"local_community","body_type":null},{"slug":"mestna-obcina-ljubljana-cetrtna-skupnost-sostro","name":"Mestna Ob\u010dina Ljubljana \u010cetrtna Skupnost Sostro","type":"local_community","body_type":null},{"slug":"mestna-obcina-ljubljana-cetrtna-skupnost-trnovo","name":"Mestna Ob\u010dina Ljubljana \u010cetrtna Skupnost Trnovo","type":"local_community","body_type":null},{"slug":"mestna-obcina-ljubljana-cetrtna-skupnost-vic","name":"Mestna Ob\u010dina Ljubljana \u010cetrtna Skupnost Vi\u010d","type":"local_community","body_type":null},{"slug":"mestno-gledalisce-ljubljansko","name":"Mestno Gledali\u0161\u010de Ljubljansko","type":"public_institute","body_type":null},{"slug":"mi-socialisti","name":"Mi, socialisti!","type":"council_group","body_type":"council_group"},{"slug":"muzej-in-galerije-mesta-ljubljane","name":"Muzej in galerije mesta Ljubljane","type":"public_institute","body_type":null},{"slug":"nova-slovenija-krscanski-demokrati","name":"Nova Slovenija \u2013 Kr\u0161\u010danski demokrati","type":"council_group","body_type":"council_group"},{"slug":"os-nove-fuzine","name":"O\u0161 Nove Fu\u017eine","type":"public_institute","body_type":null},{"slug":"osnovna-sola-bezigrad","name":"Osnovna \u0160ola Be\u017eigrad","type":"public_institute","body_type":null},{"slug":"osnovna-sola-bozidarja-jakca","name":"Osnovna \u0160ola Bo\u017eidarja Jakca","type":"public_institute","body_type":null},{"slug":"osnovna-sola-danile-kumar","name":"Osnovna \u0160ola Danile Kumar","type":"public_institute","body_type":null},{"slug":"osnovna-sola-dr-vita-kraigherja","name":"Osnovna \u0160ola dr. Vita Kraigherja","type":"public_institute","body_type":null},{"slug":"osnovna-sola-dravlje","name":"Osnovna \u0160ola Dravlje","type":"public_institute","body_type":null},{"slug":"osnovna-sola-franca-rozmana-staneta","name":"Osnovna \u0160ola Franca Rozmana - Staneta","type":"public_institute","body_type":null},{"slug":"osnovna-sola-franceta-bevka","name":"Osnovna \u0160ola Franceta Bevka","type":"public_institute","body_type":null},{"slug":"osnovna-sola-hinka-smrekarja","name":"Osnovna \u0160ola Hinka Smrekarja","type":"public_institute","body_type":null},{"slug":"osnovna-sola-jozeta-moskrica","name":"Osnovna \u0160ola Jo\u017eeta Mo\u0161kri\u010da","type":"public_institute","body_type":null},{"slug":"osnovna-sola-karla-destovnika-kajuha","name":"Osnovna \u0160ola Karla Destovnika-Kajuha","type":"public_institute","body_type":null},{"slug":"osnovna-sola-kaselj","name":"Osnovna \u0161ola Ka\u0161elj","type":"public_institute","body_type":null},{"slug":"osnovna-sola-ketteja-in-murna","name":"Osnovna \u0160ola Ketteja In Murna","type":"public_institute","body_type":null},{"slug":"osnovna-sola-kolezija","name":"Osnovna \u0160ola Kolezija","type":"public_institute","body_type":null},{"slug":"osnovna-sola-koseze","name":"Osnovna \u0160ola Koseze","type":"public_institute","body_type":null},{"slug":"osnovna-sola-ledina","name":"Osnovna \u0160ola Ledina","type":"public_institute","body_type":null},{"slug":"osnovna-sola-livada","name":"Osnovna \u0160ola Livada","type":"public_institute","body_type":null},{"slug":"osnovna-sola-majde-vrhovnik","name":"Osnovna \u0160ola Majde Vrhovnik","type":"public_institute","body_type":null},{"slug":"osnovna-sola-martina-krpana","name":"Osnovna \u0160ola Martina Krpana","type":"public_institute","body_type":null},{"slug":"osnovna-sola-milana-sustarsica","name":"Osnovna \u0160ola Milana \u0160u\u0161tar\u0161i\u010da","type":"public_institute","body_type":null},{"slug":"osnovna-sola-mirana-jarca","name":"Osnovna \u0160ola Mirana Jarca","type":"public_institute","body_type":null},{"slug":"osnovna-sola-miska-kranjca","name":"Osnovna \u0160ola Mi\u0161ka Kranjca","type":"public_institute","body_type":null},{"slug":"osnovna-sola-n-h-maksa-pecarja","name":"Osnovna \u0161ola n. h. Maksa Pe\u010darja","type":"public_institute","body_type":null},{"slug":"osnovna-sola-nove-jarse","name":"Osnovna \u0160ola Nove Jar\u0161e","type":"public_institute","body_type":null},{"slug":"osnovna-sola-oskarja-kovacica","name":"Osnovna \u0160ola Oskarja Kova\u010di\u010da","type":"public_institute","body_type":null},{"slug":"osnovna-sola-poljane","name":"Osnovna \u0160ola Poljane","type":"public_institute","body_type":null},{"slug":"osnovna-sola-polje","name":"Osnovna \u0160ola Polje","type":"public_institute","body_type":null},{"slug":"osnovna-sola-prezihovega-voranca","name":"Osnovna \u0160ola Pre\u017eihovega Voranca","type":"public_institute","body_type":null},{"slug":"osnovna-sola-prule","name":"Osnovna \u0160ola Prule","type":"public_institute","body_type":null},{"slug":"osnovna-sola-riharda-jakopica","name":"Osnovna \u0160ola Riharda Jakopi\u010da","type":"public_institute","body_type":null},{"slug":"osnovna-sola-savsko-naselje","name":"Osnovna \u0160ola Savsko Naselje","type":"public_institute","body_type":null},{"slug":"osnovna-sola-sentvid","name":"Osnovna \u0160ola \u0160entvid","type":"public_institute","body_type":null},{"slug":"osnovna-sola-smartno-pod-smarno-goro","name":"Osnovna \u0160ola \u0160martno Pod \u0160marno Goro","type":"public_institute","body_type":null},{"slug":"osnovna-sola-sostro","name":"Osnovna \u0160ola Sostro","type":"public_institute","body_type":null},{"slug":"osnovna-sola-spodnja-siska","name":"Osnovna \u0160ola Spodnja \u0160i\u0161ka","type":"public_institute","body_type":null},{"slug":"osnovna-sola-toneta-cufarja","name":"Osnovna \u0160ola Toneta \u010cufarja","type":"public_institute","body_type":null},{"slug":"osnovna-sola-trnovo","name":"Osnovna \u0160ola Trnovo","type":"public_institute","body_type":null},{"slug":"osnovna-sola-valentina-vodnika","name":"Osnovna \u0160ola Valentina Vodnika","type":"public_institute","body_type":null},{"slug":"osnovna-sola-vic","name":"Osnovna \u0160ola Vi\u010d","type":"public_institute","body_type":null},{"slug":"osnovna-sola-vide-pregarc","name":"Osnovna \u0160ola Vide Pregarc","type":"public_institute","body_type":null},{"slug":"osnovna-sola-vizmarje-brod","name":"Osnovna \u0160ola Vi\u017emarje-Brod","type":"public_institute","body_type":null},{"slug":"osnovna-sola-vodmat","name":"Osnovna \u0160ola Vodmat","type":"public_institute","body_type":null},{"slug":"osnovna-sola-vrhovci","name":"Osnovna \u0160ola Vrhovci","type":"public_institute","body_type":null},{"slug":"osnovna-sola-zadobrova","name":"Osnovna \u0160ola Zadobrova","type":"public_institute","body_type":null},{"slug":"osnovna-sola-zalog","name":"Osnovna \u0160ola Zalog","type":"public_institute","body_type":null},{"slug":"pionirski-dom-center-za-kulturo-mladih","name":"PIONIRSKI DOM - Center za kulturo mladih","type":"public_institute","body_type":null},{"slug":"piratska-stranka-slovenije","name":"Piratska stranka Slovenije","type":"council_group","body_type":"council_group"},{"slug":"regionalna-razvojna-agencija-ljubljanske-urbane-regije","name":"Regionalna Razvojna Agencija - Ljubljanske Urbane Regije","type":"public_institute","body_type":null},{"slug":"slovenska-demokratska-stranka","name":"Slovenska demokratska stranka","type":"council_group","body_type":"council_group"},{"slug":"slovensko-mladinsko-gledalisce-ljubljana","name":"Slovensko Mladinsko Gledali\u0161\u010de Ljubljana","type":"public_institute","body_type":null},{"slug":"socialni-demokrati","name":"Socialni demokrati","type":"council_group","body_type":"council_group"},{"slug":"svetniski-klub-samostojnih-svetnikov","name":"Svetni\u0161ki klub samostojnih svetnikov","type":"council_group","body_type":"council_group"},{"slug":"svetovalni-center-za-otroke-mladostnike-in-starse-ljubljana","name":"SVETOVALNI CENTER ZA OTROKE, MLADOSTNIKE IN STAR\u0160E Ljubljana","type":"public_institute","body_type":null},{"slug":"turizem-ljubljana","name":"Turizem Ljubljana","type":"public_institute","body_type":null},{"slug":"vesna-zelena-stranka","name":"Vesna - zelena stranka","type":"council_group","body_type":"council_group"},{"slug":"viski-vrtci","name":"Vi\u0161ki Vrtci","type":"public_institute","body_type":null},{"slug":"vrtec-ciciban","name":"Vrtec Ciciban","type":"public_institute","body_type":null},{"slug":"vrtec-crnuce","name":"Vrtec \u010crnu\u010de","type":"public_institute","body_type":null},{"slug":"vrtec-dr-france-preseren","name":"Vrtec dr. France Pre\u0161eren","type":"public_institute","body_type":null},{"slug":"vrtec-galjevica","name":"Vrtec Galjevica","type":"public_institute","body_type":null},{"slug":"vrtec-hansa-christiana-andersena","name":"Vrtec Hansa Christiana Andersena","type":"public_institute","body_type":null},{"slug":"vrtec-jarse","name":"Vrtec Jar\u0161e","type":"public_institute","body_type":null},{"slug":"vrtec-jelka","name":"Vrtec Jelka","type":"public_institute","body_type":null},{"slug":"vrtec-kolezija","name":"Vrtec Kolezija","type":"public_institute","body_type":null},{"slug":"vrtec-ledina","name":"Vrtec Ledina","type":"public_institute","body_type":null},{"slug":"vrtec-miskolin","name":"Vrtec Mi\u0161kolin","type":"public_institute","body_type":null},{"slug":"vrtec-mladi-rod","name":"Vrtec Mladi Rod","type":"public_institute","body_type":null},{"slug":"vrtec-mojca","name":"Vrtec Mojca","type":"public_institute","body_type":null},{"slug":"vrtec-najdihojca","name":"Vrtec Najdihojca","type":"public_institute","body_type":null},{"slug":"vrtec-otona-zupancica","name":"Vrtec Otona \u017dupan\u010di\u010da","type":"public_institute","body_type":null},{"slug":"vrtec-pedenjped","name":"Vrtec Pedenjped","type":"public_institute","body_type":null},{"slug":"vrtec-pod-gradom","name":"Vrtec Pod Gradom","type":"public_institute","body_type":null},{"slug":"vrtec-sentvid","name":"Vrtec \u0160entvid","type":"public_institute","body_type":null},{"slug":"vrtec-trnovo","name":"Vrtec Trnovo","type":"public_institute","body_type":null},{"slug":"vrtec-viski-gaj","name":"Vrtec Vi\u0161ki Gaj","type":"public_institute","body_type":null},{"slug":"vrtec-vodmat","name":"Vrtec Vodmat","type":"public_institute","body_type":null},{"slug":"vrtec-vrhovci","name":"Vrtec Vrhovci","type":"public_institute","body_type":null},{"slug":"vrtec-zelena-jama","name":"Vrtec Zelena jama","type":"public_institute","body_type":null},{"slug":"zavod-za-oskrbo-na-domu-ljubljana","name":"Zavod Za Oskrbo Na Domu Ljubljana","type":"public_institute","body_type":null},{"slug":"zdravstveni-dom-ljubljana","name":"Zdravstveni Dom Ljubljana","type":"public_institute","body_type":null},{"slug":"zivalski-vrt-ljubljana","name":"\u017divalski Vrt Ljubljana","type":"public_institute","body_type":null}]}