{"data":{"slug":"logatec","name":"Logatec","type":"municipality","type_label":"Ob\u010dina","body_type":null,"parent":null,"website":null,"phone":null,"address":"Tr\u017ea\u0161ka cesta 050 A, 1370 LOGATEC","email":"obcina.logatec@logatec.si","leader":{"name":"Berto Menard","person_slug":"berto-menard","office":"\u017dupan","office_code":"mayor","since":"2022-12-04"},"image":{"url":"https:\/\/commons.wikimedia.org\/wiki\/Special:FilePath\/Grb_Ob%C4%8Dine_Logatec.png","attribution":"Wikimedia Commons","source":"https:\/\/commons.wikimedia.org\/wiki\/Special:FilePath\/Grb_Ob%C4%8Dine_Logatec.png","hosted":false},"sources":[],"url":"https:\/\/kdo-vodi.si\/organ\/logatec","api_url":"https:\/\/kdo-vodi.si\/api\/v1\/organizations\/logatec"},"office_holders":[{"person":{"name":"Klemen Trpin","slug":"klemen-trpin"},"office":"Ob\u010dinski svetnik","office_code":"local_councillor","role_detail":"izvoljen z liste NA\u0160A NOTRANJSKA","organization":{"name":"Logatec","slug":"logatec"},"since":"2022-11-20","since_precision":"inferred","until":null,"status":"elected","current":true,"sources":[{"authority":"Dr\u017eavna volilna komisija","url":"https:\/\/www.dvk-rs.si\/arhivi\/volitve2022\/lv2022\/data\/prvikrog\/obcine-data\/data_064.json"}]},{"person":{"name":"Davor Lo\u0161trek","slug":"davor-lostrek"},"office":"Ob\u010dinski svetnik","office_code":"local_councillor","role_detail":"izvoljen z liste OB\u010cANSKA LISTA LOGATEC 2030","organization":{"name":"Logatec","slug":"logatec"},"since":"2022-11-20","since_precision":"inferred","until":null,"status":"elected","current":true,"sources":[{"authority":"Dr\u017eavna volilna komisija","url":"https:\/\/www.dvk-rs.si\/arhivi\/volitve2022\/lv2022\/data\/prvikrog\/obcine-data\/data_064.json"}]},{"person":{"name":"Bogomir Jurca","slug":"bogomir-jurca"},"office":"Ob\u010dinski svetnik","office_code":"local_councillor","role_detail":"izvoljen z liste SLOVENSKA DEMOKRATSKA STRANKA","organization":{"name":"Logatec","slug":"logatec"},"since":"2022-11-20","since_precision":"inferred","until":null,"status":"elected","current":true,"sources":[{"authority":"Dr\u017eavna volilna komisija","url":"https:\/\/www.dvk-rs.si\/arhivi\/volitve2022\/lv2022\/data\/prvikrog\/obcine-data\/data_064.json"}]},{"person":{"name":"Rafael Cepi\u010d","slug":"rafael-cepic"},"office":"Ob\u010dinski svetnik","office_code":"local_councillor","role_detail":"izvoljen z liste NOVA SLOVENIJA - KR\u0160\u010cANSKI DEMOKRATI","organization":{"name":"Logatec","slug":"logatec"},"since":"2022-11-20","since_precision":"inferred","until":null,"status":"elected","current":true,"sources":[{"authority":"Dr\u017eavna volilna komisija","url":"https:\/\/www.dvk-rs.si\/arhivi\/volitve2022\/lv2022\/data\/prvikrog\/obcine-data\/data_064.json"}]},{"person":{"name":"Bo\u0161tjan Miv\u0161ek","slug":"bostjan-mivsek"},"office":"Ob\u010dinski svetnik","office_code":"local_councillor","role_detail":"izvoljen z liste NEODVISNA LISTA BERTO MENARD","organization":{"name":"Logatec","slug":"logatec"},"since":"2022-11-20","since_precision":"inferred","until":null,"status":"elected","current":true,"sources":[{"authority":"Dr\u017eavna volilna komisija","url":"https:\/\/www.dvk-rs.si\/arhivi\/volitve2022\/lv2022\/data\/prvikrog\/obcine-data\/data_064.json"}]},{"person":{"name":"Ana Kermavnar Marin\u0161ek","slug":"ana-kermavnar-marinsek"},"office":"Ob\u010dinski svetnik","office_code":"local_councillor","role_detail":"izvoljen z liste OB\u010cANSKA LISTA LOGATEC 2030","organization":{"name":"Logatec","slug":"logatec"},"since":"2022-11-20","since_precision":"inferred","until":null,"status":"elected","current":true,"sources":[{"authority":"Dr\u017eavna volilna komisija","url":"https:\/\/www.dvk-rs.si\/arhivi\/volitve2022\/lv2022\/data\/prvikrog\/obcine-data\/data_064.json"}]},{"person":{"name":"Bogdan Lipov\u0161ek","slug":"bogdan-lipovsek"},"office":"Ob\u010dinski svetnik","office_code":"local_councillor","role_detail":"izvoljen z liste OB\u010cANSKA LISTA LOGATEC 2030","organization":{"name":"Logatec","slug":"logatec"},"since":"2022-11-20","since_precision":"inferred","until":null,"status":"elected","current":true,"sources":[{"authority":"Dr\u017eavna volilna komisija","url":"https:\/\/www.dvk-rs.si\/arhivi\/volitve2022\/lv2022\/data\/prvikrog\/obcine-data\/data_064.json"}]},{"person":{"name":"Nevenka Kerezovi\u0107","slug":"nevenka-kerezovic"},"office":"Ob\u010dinski svetnik","office_code":"local_councillor","role_detail":"izvoljen z liste SLOVENSKA DEMOKRATSKA STRANKA","organization":{"name":"Logatec","slug":"logatec"},"since":"2022-11-20","since_precision":"inferred","until":null,"status":"elected","current":true,"sources":[{"authority":"Dr\u017eavna volilna komisija","url":"https:\/\/www.dvk-rs.si\/arhivi\/volitve2022\/lv2022\/data\/prvikrog\/obcine-data\/data_064.json"}]},{"person":{"name":"Ivan Pergovnik","slug":"ivan-pergovnik"},"office":"Ob\u010dinski svetnik","office_code":"local_councillor","role_detail":"izvoljen z liste GIBANJE SVOBODA","organization":{"name":"Logatec","slug":"logatec"},"since":"2022-11-20","since_precision":"inferred","until":null,"status":"elected","current":true,"sources":[{"authority":"Dr\u017eavna volilna komisija","url":"https:\/\/www.dvk-rs.si\/arhivi\/volitve2022\/lv2022\/data\/prvikrog\/obcine-data\/data_064.json"}]},{"person":{"name":"Florijan Masle","slug":"florijan-masle"},"office":"Ob\u010dinski svetnik","office_code":"local_councillor","role_detail":"izvoljen z liste NEODVISNA LISTA BERTO MENARD","organization":{"name":"Logatec","slug":"logatec"},"since":"2022-11-20","since_precision":"inferred","until":null,"status":"elected","current":true,"sources":[{"authority":"Dr\u017eavna volilna komisija","url":"https:\/\/www.dvk-rs.si\/arhivi\/volitve2022\/lv2022\/data\/prvikrog\/obcine-data\/data_064.json"}]},{"person":{"name":"Irena Vidic","slug":"irena-vidic"},"office":"Ob\u010dinski svetnik","office_code":"local_councillor","role_detail":"izvoljen z liste NA\u0160A NOTRANJSKA","organization":{"name":"Logatec","slug":"logatec"},"since":"2022-11-20","since_precision":"inferred","until":null,"status":"elected","current":true,"sources":[{"authority":"Dr\u017eavna volilna komisija","url":"https:\/\/www.dvk-rs.si\/arhivi\/volitve2022\/lv2022\/data\/prvikrog\/obcine-data\/data_064.json"}]},{"person":{"name":"Klemen Sto\u0161evski","slug":"klemen-stosevski"},"office":"Ob\u010dinski svetnik","office_code":"local_councillor","role_detail":"izvoljen z liste NA\u0160A NOTRANJSKA","organization":{"name":"Logatec","slug":"logatec"},"since":"2022-11-20","since_precision":"inferred","until":null,"status":"elected","current":true,"sources":[{"authority":"Dr\u017eavna volilna komisija","url":"https:\/\/www.dvk-rs.si\/arhivi\/volitve2022\/lv2022\/data\/prvikrog\/obcine-data\/data_064.json"}]},{"person":{"name":"Matev\u017e Podjed","slug":"matevz-podjed"},"office":"Ob\u010dinski svetnik","office_code":"local_councillor","role_detail":"izvoljen z liste OB\u010cANSKA LISTA LOGATEC 2030","organization":{"name":"Logatec","slug":"logatec"},"since":"2022-11-20","since_precision":"inferred","until":null,"status":"elected","current":true,"sources":[{"authority":"Dr\u017eavna volilna komisija","url":"https:\/\/www.dvk-rs.si\/arhivi\/volitve2022\/lv2022\/data\/prvikrog\/obcine-data\/data_064.json"}]},{"person":{"name":"Luka Lo\u0161trek","slug":"luka-lostrek"},"office":"Ob\u010dinski svetnik","office_code":"local_councillor","role_detail":"izvoljen z liste OB\u010cANSKA LISTA LOGATEC 2030","organization":{"name":"Logatec","slug":"logatec"},"since":"2022-11-20","since_precision":"inferred","until":null,"status":"elected","current":true,"sources":[{"authority":"Dr\u017eavna volilna komisija","url":"https:\/\/www.dvk-rs.si\/arhivi\/volitve2022\/lv2022\/data\/prvikrog\/obcine-data\/data_064.json"}]},{"person":{"name":"Katja Stra\u017ei\u0161\u010dar","slug":"katja-straziscar"},"office":"Ob\u010dinski svetnik","office_code":"local_councillor","role_detail":"izvoljen z liste OB\u010cANSKA LISTA LOGATEC 2030","organization":{"name":"Logatec","slug":"logatec"},"since":"2022-11-20","since_precision":"inferred","until":null,"status":"elected","current":true,"sources":[{"authority":"Dr\u017eavna volilna komisija","url":"https:\/\/www.dvk-rs.si\/arhivi\/volitve2022\/lv2022\/data\/prvikrog\/obcine-data\/data_064.json"}]},{"person":{"name":"Zoran Moj\u0161kerc","slug":"zoran-mojskerc"},"office":"Ob\u010dinski svetnik","office_code":"local_councillor","role_detail":"izvoljen z liste SLOVENSKA DEMOKRATSKA STRANKA","organization":{"name":"Logatec","slug":"logatec"},"since":"2022-11-20","since_precision":"inferred","until":null,"status":"elected","current":true,"sources":[{"authority":"Dr\u017eavna volilna komisija","url":"https:\/\/www.dvk-rs.si\/arhivi\/volitve2022\/lv2022\/data\/prvikrog\/obcine-data\/data_064.json"}]},{"person":{"name":"Angela Menart","slug":"angela-menart"},"office":"Ob\u010dinski svetnik","office_code":"local_councillor","role_detail":"izvoljen z liste GIBANJE SVOBODA","organization":{"name":"Logatec","slug":"logatec"},"since":"2022-11-20","since_precision":"inferred","until":null,"status":"elected","current":true,"sources":[{"authority":"Dr\u017eavna volilna komisija","url":"https:\/\/www.dvk-rs.si\/arhivi\/volitve2022\/lv2022\/data\/prvikrog\/obcine-data\/data_064.json"}]},{"person":{"name":"Primo\u017e Godina","slug":"primoz-godina"},"office":"Ob\u010dinski svetnik","office_code":"local_councillor","role_detail":"izvoljen z liste GIBANJE SVOBODA","organization":{"name":"Logatec","slug":"logatec"},"since":"2022-11-20","since_precision":"inferred","until":null,"status":"elected","current":true,"sources":[{"authority":"Dr\u017eavna volilna komisija","url":"https:\/\/www.dvk-rs.si\/arhivi\/volitve2022\/lv2022\/data\/prvikrog\/obcine-data\/data_064.json"}]},{"person":{"name":"Bojan Doljak","slug":"bojan-doljak"},"office":"Ob\u010dinski svetnik","office_code":"local_councillor","role_detail":"izvoljen z liste NOVA SLOVENIJA - KR\u0160\u010cANSKI DEMOKRATI","organization":{"name":"Logatec","slug":"logatec"},"since":"2022-11-20","since_precision":"inferred","until":null,"status":"elected","current":true,"sources":[{"authority":"Dr\u017eavna volilna komisija","url":"https:\/\/www.dvk-rs.si\/arhivi\/volitve2022\/lv2022\/data\/prvikrog\/obcine-data\/data_064.json"}]},{"person":{"name":"Sabina Kurent","slug":"sabina-kurent"},"office":"Ob\u010dinski svetnik","office_code":"local_councillor","role_detail":"izvoljen z liste NEODVISNA LISTA BERTO MENARD","organization":{"name":"Logatec","slug":"logatec"},"since":"2022-11-20","since_precision":"inferred","until":null,"status":"elected","current":true,"sources":[{"authority":"Dr\u017eavna volilna komisija","url":"https:\/\/www.dvk-rs.si\/arhivi\/volitve2022\/lv2022\/data\/prvikrog\/obcine-data\/data_064.json"}]},{"person":{"name":"Damjan Menard","slug":"damjan-menard"},"office":"Ob\u010dinski svetnik","office_code":"local_councillor","role_detail":"izvoljen z liste NEODVISNA LISTA BERTO MENARD","organization":{"name":"Logatec","slug":"logatec"},"since":"2022-11-20","since_precision":"inferred","until":null,"status":"elected","current":true,"sources":[{"authority":"Dr\u017eavna volilna komisija","url":"https:\/\/www.dvk-rs.si\/arhivi\/volitve2022\/lv2022\/data\/prvikrog\/obcine-data\/data_064.json"}]},{"person":{"name":"Berto Menard","slug":"berto-menard"},"office":"\u017dupan","office_code":"mayor","role_detail":null,"organization":{"name":"Logatec","slug":"logatec"},"since":"2022-12-04","since_precision":"inferred","until":null,"status":"elected","current":true,"sources":[{"authority":"Dr\u017eavna volilna komisija","url":"https:\/\/www.dvk-rs.si\/arhivi\/volitve2022\/lv2022\/data\/drugi_krog.json"}]}],"children":[{"slug":"glasbena-sola-logatec","name":"Glasbena \u0160ola Logatec","type":"public_institute","body_type":null},{"slug":"knjiznica-logatec","name":"Knji\u017enica Logatec","type":"public_institute","body_type":null},{"slug":"krajevna-skupnost-hotedrsica","name":"Krajevna Skupnost Hotedr\u0161ica","type":"local_community","body_type":null},{"slug":"krajevna-skupnost-laze-jakovica","name":"Krajevna Skupnost Laze - Jakovica","type":"local_community","body_type":null},{"slug":"krajevna-skupnost-log-zaplana","name":"Krajevna Skupnost Log-Zaplana","type":"local_community","body_type":null},{"slug":"krajevna-skupnost-naklo","name":"Krajevna Skupnost Naklo","type":"local_community","body_type":null},{"slug":"krajevna-skupnost-rovte","name":"Krajevna Skupnost Rovte","type":"local_community","body_type":null},{"slug":"krajevna-skupnost-tabor","name":"Krajevna Skupnost Tabor","type":"local_community","body_type":null},{"slug":"krajevna-skupnost-trate","name":"Krajevna Skupnost Trate","type":"local_community","body_type":null},{"slug":"krajevna-skupnost-vrh-sv-treh-kraljev","name":"Krajevna Skupnost Vrh Sv. Treh Kraljev","type":"local_community","body_type":null},{"slug":"osnovna-sola-8-talcev-logatec","name":"Osnovna \u0161ola 8 talcev Logatec","type":"public_institute","body_type":null},{"slug":"osnovna-sola-rovte","name":"Osnovna \u0160ola Rovte","type":"public_institute","body_type":null},{"slug":"osnovna-sola-tabor-logatec","name":"Osnovna \u0160ola Tabor Logatec","type":"public_institute","body_type":null},{"slug":"vzgojno-varstveni-zavod-vrtec-kurircek-logatec","name":"Vzgojno-Varstveni Zavod Vrtec Kurir\u010dek Logatec","type":"public_institute","body_type":null},{"slug":"zdravstveni-dom-logatec","name":"Zdravstveni Dom Logatec","type":"public_institute","body_type":null}]}