{"data":{"slug":"lukovica","name":"Lukovica","type":"municipality","type_label":"Ob\u010dina","body_type":null,"parent":null,"website":null,"phone":null,"address":"Stari trg 001, 1225 LUKOVICA","email":"obcina.lukovica@lukovica.si","leader":{"name":"Olga Vrankar","person_slug":"olga-vrankar","office":"\u017dupan","office_code":"mayor","since":"2022-11-20"},"image":{"url":"https:\/\/commons.wikimedia.org\/wiki\/Special:FilePath\/Grb_Ob%C4%8Dine_Lukovica.png","attribution":"Wikimedia Commons","source":"https:\/\/commons.wikimedia.org\/wiki\/Special:FilePath\/Grb_Ob%C4%8Dine_Lukovica.png","hosted":false},"sources":[],"url":"https:\/\/kdo-vodi.si\/organ\/lukovica","api_url":"https:\/\/kdo-vodi.si\/api\/v1\/organizations\/lukovica"},"office_holders":[{"person":{"name":"Natalija Kri\u017eman","slug":"natalija-krizman"},"office":"Ob\u010dinski svetnik","office_code":"local_councillor","role_detail":"izvoljen z liste LISTA MATEJA KOTNIKA","organization":{"name":"Lukovica","slug":"lukovica"},"since":"2022-11-20","since_precision":"inferred","until":null,"status":"elected","current":true,"sources":[{"authority":"Dr\u017eavna volilna komisija","url":"https:\/\/www.dvk-rs.si\/arhivi\/volitve2022\/lv2022\/data\/prvikrog\/obcine-data\/data_068.json"}]},{"person":{"name":"Tadej Praznik","slug":"tadej-praznik"},"office":"Ob\u010dinski svetnik","office_code":"local_councillor","role_detail":"izvoljen z liste LISTA MATEJA KOTNIKA","organization":{"name":"Lukovica","slug":"lukovica"},"since":"2022-11-20","since_precision":"inferred","until":null,"status":"elected","current":true,"sources":[{"authority":"Dr\u017eavna volilna komisija","url":"https:\/\/www.dvk-rs.si\/arhivi\/volitve2022\/lv2022\/data\/prvikrog\/obcine-data\/data_068.json"}]},{"person":{"name":"Jana Zupan","slug":"jana-zupan"},"office":"Ob\u010dinski svetnik","office_code":"local_councillor","role_detail":"izvoljen z liste LISTA MATEJA KOTNIKA","organization":{"name":"Lukovica","slug":"lukovica"},"since":"2022-11-20","since_precision":"inferred","until":null,"status":"elected","current":true,"sources":[{"authority":"Dr\u017eavna volilna komisija","url":"https:\/\/www.dvk-rs.si\/arhivi\/volitve2022\/lv2022\/data\/prvikrog\/obcine-data\/data_068.json"}]},{"person":{"name":"Roman Cerar","slug":"roman-cerar"},"office":"Ob\u010dinski svetnik","office_code":"local_councillor","role_detail":"izvoljen z liste LISTA MATEJA KOTNIKA","organization":{"name":"Lukovica","slug":"lukovica"},"since":"2022-11-20","since_precision":"inferred","until":null,"status":"elected","current":true,"sources":[{"authority":"Dr\u017eavna volilna komisija","url":"https:\/\/www.dvk-rs.si\/arhivi\/volitve2022\/lv2022\/data\/prvikrog\/obcine-data\/data_068.json"}]},{"person":{"name":"Jerneja Strm\u0161ek Turk","slug":"jerneja-strmsek-turk"},"office":"Ob\u010dinski svetnik","office_code":"local_councillor","role_detail":"izvoljen z liste ZA \u010cRNI GRABEN, NEODVISNA LISTA","organization":{"name":"Lukovica","slug":"lukovica"},"since":"2022-11-20","since_precision":"inferred","until":null,"status":"elected","current":true,"sources":[{"authority":"Dr\u017eavna volilna komisija","url":"https:\/\/www.dvk-rs.si\/arhivi\/volitve2022\/lv2022\/data\/prvikrog\/obcine-data\/data_068.json"}]},{"person":{"name":"Toma\u017e Andrejka","slug":"tomaz-andrejka"},"office":"Ob\u010dinski svetnik","office_code":"local_councillor","role_detail":"izvoljen z liste ZA \u010cRNI GRABEN, NEODVISNA LISTA","organization":{"name":"Lukovica","slug":"lukovica"},"since":"2022-11-20","since_precision":"inferred","until":null,"status":"elected","current":true,"sources":[{"authority":"Dr\u017eavna volilna komisija","url":"https:\/\/www.dvk-rs.si\/arhivi\/volitve2022\/lv2022\/data\/prvikrog\/obcine-data\/data_068.json"}]},{"person":{"name":"Olga Vrankar","slug":"olga-vrankar"},"office":"Ob\u010dinski svetnik","office_code":"local_councillor","role_detail":"izvoljen z liste ZA \u010cRNI GRABEN, NEODVISNA LISTA","organization":{"name":"Lukovica","slug":"lukovica"},"since":"2022-11-20","since_precision":"inferred","until":null,"status":"elected","current":true,"sources":[{"authority":"Dr\u017eavna volilna komisija","url":"https:\/\/www.dvk-rs.si\/arhivi\/volitve2022\/lv2022\/data\/prvikrog\/obcine-data\/data_068.json"}]},{"person":{"name":"Bojan Andrejka","slug":"bojan-andrejka"},"office":"Ob\u010dinski svetnik","office_code":"local_councillor","role_detail":"izvoljen z liste LISTA ZA KS PREVOJE, RAFOL\u010cE, LUKOVICA IN ZLATO POLJE","organization":{"name":"Lukovica","slug":"lukovica"},"since":"2022-11-20","since_precision":"inferred","until":null,"status":"elected","current":true,"sources":[{"authority":"Dr\u017eavna volilna komisija","url":"https:\/\/www.dvk-rs.si\/arhivi\/volitve2022\/lv2022\/data\/prvikrog\/obcine-data\/data_068.json"}]},{"person":{"name":"Matej Avbelj","slug":"matej-avbelj"},"office":"Ob\u010dinski svetnik","office_code":"local_councillor","role_detail":"izvoljen z liste NOVA SLOVENIJA - KR\u0160\u010cANSKI DEMOKRATI","organization":{"name":"Lukovica","slug":"lukovica"},"since":"2022-11-20","since_precision":"inferred","until":null,"status":"elected","current":true,"sources":[{"authority":"Dr\u017eavna volilna komisija","url":"https:\/\/www.dvk-rs.si\/arhivi\/volitve2022\/lv2022\/data\/prvikrog\/obcine-data\/data_068.json"}]},{"person":{"name":"Mojca Stoschitzky","slug":"mojca-stoschitzky"},"office":"Ob\u010dinski svetnik","office_code":"local_councillor","role_detail":"izvoljen z liste NOVA SLOVENIJA - KR\u0160\u010cANSKI DEMOKRATI","organization":{"name":"Lukovica","slug":"lukovica"},"since":"2022-11-20","since_precision":"inferred","until":null,"status":"elected","current":true,"sources":[{"authority":"Dr\u017eavna volilna komisija","url":"https:\/\/www.dvk-rs.si\/arhivi\/volitve2022\/lv2022\/data\/prvikrog\/obcine-data\/data_068.json"}]},{"person":{"name":"Marjetka Vrbnjak","slug":"marjetka-vrbnjak"},"office":"Ob\u010dinski svetnik","office_code":"local_councillor","role_detail":"izvoljen z liste SLOVENSKA DEMOKRATSKA STRANKA - SDS","organization":{"name":"Lukovica","slug":"lukovica"},"since":"2022-11-20","since_precision":"inferred","until":null,"status":"elected","current":true,"sources":[{"authority":"Dr\u017eavna volilna komisija","url":"https:\/\/www.dvk-rs.si\/arhivi\/volitve2022\/lv2022\/data\/prvikrog\/obcine-data\/data_068.json"}]},{"person":{"name":"Dario Vesel","slug":"dario-vesel"},"office":"Ob\u010dinski svetnik","office_code":"local_councillor","role_detail":"izvoljen z liste LISTA ZA \u0160PORT IN RAZVOJ OB\u010cINE","organization":{"name":"Lukovica","slug":"lukovica"},"since":"2022-11-20","since_precision":"inferred","until":null,"status":"elected","current":true,"sources":[{"authority":"Dr\u017eavna volilna komisija","url":"https:\/\/www.dvk-rs.si\/arhivi\/volitve2022\/lv2022\/data\/prvikrog\/obcine-data\/data_068.json"}]},{"person":{"name":"Vincenc Dragar","slug":"vincenc-dragar"},"office":"Ob\u010dinski svetnik","office_code":"local_councillor","role_detail":"izvoljen z liste LISTA ZA \u0160PORT IN RAZVOJ OB\u010cINE","organization":{"name":"Lukovica","slug":"lukovica"},"since":"2022-11-20","since_precision":"inferred","until":null,"status":"elected","current":true,"sources":[{"authority":"Dr\u017eavna volilna komisija","url":"https:\/\/www.dvk-rs.si\/arhivi\/volitve2022\/lv2022\/data\/prvikrog\/obcine-data\/data_068.json"}]},{"person":{"name":"Andra\u017e \u0160trukelj","slug":"andraz-strukelj"},"office":"Ob\u010dinski svetnik","office_code":"local_councillor","role_detail":"izvoljen z liste NEODVISNA LISTA ZA KS BLAGOVICA, KRA\u0160NJA, TROJANE, \u010cE\u0160NJICE","organization":{"name":"Lukovica","slug":"lukovica"},"since":"2022-11-20","since_precision":"inferred","until":null,"status":"elected","current":true,"sources":[{"authority":"Dr\u017eavna volilna komisija","url":"https:\/\/www.dvk-rs.si\/arhivi\/volitve2022\/lv2022\/data\/prvikrog\/obcine-data\/data_068.json"}]},{"person":{"name":"Zvone Poga\u010dar","slug":"zvone-pogacar"},"office":"Ob\u010dinski svetnik","office_code":"local_councillor","role_detail":"izvoljen z liste NEODVISNA LISTA ZA KS BLAGOVICA, KRA\u0160NJA, TROJANE, \u010cE\u0160NJICE","organization":{"name":"Lukovica","slug":"lukovica"},"since":"2022-11-20","since_precision":"inferred","until":null,"status":"elected","current":true,"sources":[{"authority":"Dr\u017eavna volilna komisija","url":"https:\/\/www.dvk-rs.si\/arhivi\/volitve2022\/lv2022\/data\/prvikrog\/obcine-data\/data_068.json"}]},{"person":{"name":"Olga Vrankar","slug":"olga-vrankar"},"office":"\u017dupan","office_code":"mayor","role_detail":null,"organization":{"name":"Lukovica","slug":"lukovica"},"since":"2022-11-20","since_precision":"inferred","until":null,"status":"elected","current":true,"sources":[{"authority":"Dr\u017eavna volilna komisija","url":"https:\/\/www.dvk-rs.si\/arhivi\/volitve2022\/lv2022\/data\/ostale_obcine.json"}]}],"children":[{"slug":"krajevna-skupnost-blagovica","name":"Krajevna Skupnost Blagovica","type":"local_community","body_type":null},{"slug":"krajevna-skupnost-cesnjice","name":"Krajevna Skupnost \u010ce\u0161njice","type":"local_community","body_type":null},{"slug":"krajevna-skupnost-krasnja","name":"Krajevna Skupnost Kra\u0161nja","type":"local_community","body_type":null},{"slug":"krajevna-skupnost-lukovica","name":"Krajevna Skupnost Lukovica","type":"local_community","body_type":null},{"slug":"krajevna-skupnost-prevoje","name":"Krajevna Skupnost Prevoje","type":"local_community","body_type":null},{"slug":"krajevna-skupnost-rafolce","name":"Krajevna Skupnost Rafol\u010de","type":"local_community","body_type":null},{"slug":"krajevna-skupnost-trojane","name":"Krajevna Skupnost Trojane","type":"local_community","body_type":null},{"slug":"obcina-lukovica-krajevna-skupnost-zlato-polje","name":"Ob\u010dina Lukovica, Krajevna Skupnost Zlato Polje","type":"local_community","body_type":null},{"slug":"osnovna-sola-janka-kersnika-brdo","name":"Osnovna \u0160ola Janka Kersnika Brdo","type":"public_institute","body_type":null}]}