{"data":{"slug":"maribor","name":"Maribor","type":"municipality","type_label":"Ob\u010dina","body_type":null,"parent":null,"website":null,"phone":null,"address":"Ulica heroja Staneta 001, 2000 MARIBOR","email":"mestna.obcina@maribor.si","leader":{"name":"Aleksander Sa\u0161a Arsenovi\u010d","person_slug":"aleksander-sasa-arsenovic","office":"\u017dupan","office_code":"mayor","since":"2022-12-04"},"image":{"url":"https:\/\/commons.wikimedia.org\/wiki\/Special:FilePath\/Coat_of_arms_of_Maribor_%282020%29.svg","attribution":"Wikimedia Commons","source":"https:\/\/commons.wikimedia.org\/wiki\/Special:FilePath\/Coat_of_arms_of_Maribor_%282020%29.svg","hosted":false},"sources":[],"url":"https:\/\/kdo-vodi.si\/organ\/maribor","api_url":"https:\/\/kdo-vodi.si\/api\/v1\/organizations\/maribor"},"office_holders":[{"person":{"name":"Ale\u0161 Ciringer","slug":"ales-ciringer"},"office":"Ob\u010dinski svetnik","office_code":"local_councillor","role_detail":"izvoljen z liste Gasilci Maribora neodvisna lista","organization":{"name":"Maribor","slug":"maribor"},"since":"2022-11-20","since_precision":"inferred","until":null,"status":"elected","current":true,"sources":[{"authority":"Dr\u017eavna volilna komisija","url":"https:\/\/www.dvk-rs.si\/arhivi\/volitve2022\/lv2022\/data\/prvikrog\/obcine-data\/data_070.json"}]},{"person":{"name":"Darka Pernek Arnu\u0161","slug":"darka-pernek-arnus"},"office":"Ob\u010dinski svetnik","office_code":"local_councillor","role_detail":"izvoljen z liste SLOVENSKA DEMOKRATSKA STRANKA - SDS","organization":{"name":"Maribor","slug":"maribor"},"since":"2022-11-20","since_precision":"inferred","until":null,"status":"elected","current":true,"sources":[{"authority":"Dr\u017eavna volilna komisija","url":"https:\/\/www.dvk-rs.si\/arhivi\/volitve2022\/lv2022\/data\/prvikrog\/obcine-data\/data_070.json"}]},{"person":{"name":"Alen Filipovi\u010d","slug":"alen-filipovic"},"office":"Ob\u010dinski svetnik","office_code":"local_councillor","role_detail":"izvoljen z liste SLOVENSKA DEMOKRATSKA STRANKA - SDS","organization":{"name":"Maribor","slug":"maribor"},"since":"2022-11-20","since_precision":"inferred","until":null,"status":"elected","current":true,"sources":[{"authority":"Dr\u017eavna volilna komisija","url":"https:\/\/www.dvk-rs.si\/arhivi\/volitve2022\/lv2022\/data\/prvikrog\/obcine-data\/data_070.json"}]},{"person":{"name":"Vladimira Cokoja","slug":"vladimira-cokoja"},"office":"Ob\u010dinski svetnik","office_code":"local_councillor","role_detail":"izvoljen z liste SLOVENSKA DEMOKRATSKA STRANKA - SDS","organization":{"name":"Maribor","slug":"maribor"},"since":"2022-11-20","since_precision":"inferred","until":null,"status":"elected","current":true,"sources":[{"authority":"Dr\u017eavna volilna komisija","url":"https:\/\/www.dvk-rs.si\/arhivi\/volitve2022\/lv2022\/data\/prvikrog\/obcine-data\/data_070.json"}]},{"person":{"name":"Dejan Kaloh","slug":"dejan-kaloh"},"office":"Ob\u010dinski svetnik","office_code":"local_councillor","role_detail":"izvoljen z liste SLOVENSKA DEMOKRATSKA STRANKA - SDS","organization":{"name":"Maribor","slug":"maribor"},"since":"2022-11-20","since_precision":"inferred","until":null,"status":"elected","current":true,"sources":[{"authority":"Dr\u017eavna volilna komisija","url":"https:\/\/www.dvk-rs.si\/arhivi\/volitve2022\/lv2022\/data\/prvikrog\/obcine-data\/data_070.json"}]},{"person":{"name":"Milan Luki\u0107","slug":"milan-lukic"},"office":"Ob\u010dinski svetnik","office_code":"local_councillor","role_detail":"izvoljen z liste GIBANJE SVOBODA","organization":{"name":"Maribor","slug":"maribor"},"since":"2022-11-20","since_precision":"inferred","until":null,"status":"elected","current":true,"sources":[{"authority":"Dr\u017eavna volilna komisija","url":"https:\/\/www.dvk-rs.si\/arhivi\/volitve2022\/lv2022\/data\/prvikrog\/obcine-data\/data_070.json"}]},{"person":{"name":"Ivana Grgi\u0107","slug":"ivana-grgic"},"office":"Ob\u010dinski svetnik","office_code":"local_councillor","role_detail":"izvoljen z liste GIBANJE SVOBODA","organization":{"name":"Maribor","slug":"maribor"},"since":"2022-11-20","since_precision":"inferred","until":null,"status":"elected","current":true,"sources":[{"authority":"Dr\u017eavna volilna komisija","url":"https:\/\/www.dvk-rs.si\/arhivi\/volitve2022\/lv2022\/data\/prvikrog\/obcine-data\/data_070.json"}]},{"person":{"name":"Dejan Stanko","slug":"dejan-stanko"},"office":"Ob\u010dinski svetnik","office_code":"local_councillor","role_detail":"izvoljen z liste GIBANJE SVOBODA","organization":{"name":"Maribor","slug":"maribor"},"since":"2022-11-20","since_precision":"inferred","until":null,"status":"elected","current":true,"sources":[{"authority":"Dr\u017eavna volilna komisija","url":"https:\/\/www.dvk-rs.si\/arhivi\/volitve2022\/lv2022\/data\/prvikrog\/obcine-data\/data_070.json"}]},{"person":{"name":"Simona Ko\u017eelj","slug":"simona-kozelj"},"office":"Ob\u010dinski svetnik","office_code":"local_councillor","role_detail":"izvoljen z liste GIBANJE SVOBODA","organization":{"name":"Maribor","slug":"maribor"},"since":"2022-11-20","since_precision":"inferred","until":null,"status":"elected","current":true,"sources":[{"authority":"Dr\u017eavna volilna komisija","url":"https:\/\/www.dvk-rs.si\/arhivi\/volitve2022\/lv2022\/data\/prvikrog\/obcine-data\/data_070.json"}]},{"person":{"name":"Edo Pavao Belak","slug":"edo-pavao-belak"},"office":"Ob\u010dinski svetnik","office_code":"local_councillor","role_detail":"izvoljen z liste GIBANJE SVOBODA","organization":{"name":"Maribor","slug":"maribor"},"since":"2022-11-20","since_precision":"inferred","until":null,"status":"elected","current":true,"sources":[{"authority":"Dr\u017eavna volilna komisija","url":"https:\/\/www.dvk-rs.si\/arhivi\/volitve2022\/lv2022\/data\/prvikrog\/obcine-data\/data_070.json"}]},{"person":{"name":"Davorka Pregl","slug":"davorka-pregl"},"office":"Ob\u010dinski svetnik","office_code":"local_councillor","role_detail":"izvoljen z liste GIBANJE SVOBODA","organization":{"name":"Maribor","slug":"maribor"},"since":"2022-11-20","since_precision":"inferred","until":null,"status":"elected","current":true,"sources":[{"authority":"Dr\u017eavna volilna komisija","url":"https:\/\/www.dvk-rs.si\/arhivi\/volitve2022\/lv2022\/data\/prvikrog\/obcine-data\/data_070.json"}]},{"person":{"name":"Andrej Rajh","slug":"andrej-rajh"},"office":"Ob\u010dinski svetnik","office_code":"local_councillor","role_detail":"izvoljen z liste GIBANJE SVOBODA","organization":{"name":"Maribor","slug":"maribor"},"since":"2022-11-20","since_precision":"inferred","until":null,"status":"elected","current":true,"sources":[{"authority":"Dr\u017eavna volilna komisija","url":"https:\/\/www.dvk-rs.si\/arhivi\/volitve2022\/lv2022\/data\/prvikrog\/obcine-data\/data_070.json"}]},{"person":{"name":"Leonida Polajnar","slug":"leonida-polajnar"},"office":"Ob\u010dinski svetnik","office_code":"local_councillor","role_detail":"izvoljen z liste GIBANJE SVOBODA","organization":{"name":"Maribor","slug":"maribor"},"since":"2022-11-20","since_precision":"inferred","until":null,"status":"elected","current":true,"sources":[{"authority":"Dr\u017eavna volilna komisija","url":"https:\/\/www.dvk-rs.si\/arhivi\/volitve2022\/lv2022\/data\/prvikrog\/obcine-data\/data_070.json"}]},{"person":{"name":"Marko Slavi\u010d","slug":"marko-slavic"},"office":"Ob\u010dinski svetnik","office_code":"local_councillor","role_detail":"izvoljen z liste GIBANJE SVOBODA","organization":{"name":"Maribor","slug":"maribor"},"since":"2022-11-20","since_precision":"inferred","until":null,"status":"elected","current":true,"sources":[{"authority":"Dr\u017eavna volilna komisija","url":"https:\/\/www.dvk-rs.si\/arhivi\/volitve2022\/lv2022\/data\/prvikrog\/obcine-data\/data_070.json"}]},{"person":{"name":"Karin Jur\u0161e","slug":"karin-jurse"},"office":"Ob\u010dinski svetnik","office_code":"local_councillor","role_detail":"izvoljen z liste GIBANJE SVOBODA","organization":{"name":"Maribor","slug":"maribor"},"since":"2022-11-20","since_precision":"inferred","until":null,"status":"elected","current":true,"sources":[{"authority":"Dr\u017eavna volilna komisija","url":"https:\/\/www.dvk-rs.si\/arhivi\/volitve2022\/lv2022\/data\/prvikrog\/obcine-data\/data_070.json"}]},{"person":{"name":"Vojko Flis","slug":"vojko-flis"},"office":"Ob\u010dinski svetnik","office_code":"local_councillor","role_detail":"izvoljen z liste GIBANJE SVOBODA","organization":{"name":"Maribor","slug":"maribor"},"since":"2022-11-20","since_precision":"inferred","until":null,"status":"elected","current":true,"sources":[{"authority":"Dr\u017eavna volilna komisija","url":"https:\/\/www.dvk-rs.si\/arhivi\/volitve2022\/lv2022\/data\/prvikrog\/obcine-data\/data_070.json"}]},{"person":{"name":"Tja\u0161a Gojkovi\u010d","slug":"tjasa-gojkovic"},"office":"Ob\u010dinski svetnik","office_code":"local_councillor","role_detail":"izvoljen z liste Lista kolesarjev in pe\u0161cev","organization":{"name":"Maribor","slug":"maribor"},"since":"2022-11-20","since_precision":"inferred","until":null,"status":"elected","current":true,"sources":[{"authority":"Dr\u017eavna volilna komisija","url":"https:\/\/www.dvk-rs.si\/arhivi\/volitve2022\/lv2022\/data\/prvikrog\/obcine-data\/data_070.json"}]},{"person":{"name":"Josip Rotar","slug":"josip-rotar"},"office":"Ob\u010dinski svetnik","office_code":"local_councillor","role_detail":"izvoljen z liste Lista kolesarjev in pe\u0161cev","organization":{"name":"Maribor","slug":"maribor"},"since":"2022-11-20","since_precision":"inferred","until":null,"status":"elected","current":true,"sources":[{"authority":"Dr\u017eavna volilna komisija","url":"https:\/\/www.dvk-rs.si\/arhivi\/volitve2022\/lv2022\/data\/prvikrog\/obcine-data\/data_070.json"}]},{"person":{"name":"Katarina Mejal","slug":"katarina-mejal"},"office":"Ob\u010dinski svetnik","office_code":"local_councillor","role_detail":"izvoljen z liste Lista Arsenovi\u010d za Maribor","organization":{"name":"Maribor","slug":"maribor"},"since":"2022-11-20","since_precision":"inferred","until":null,"status":"elected","current":true,"sources":[{"authority":"Dr\u017eavna volilna komisija","url":"https:\/\/www.dvk-rs.si\/arhivi\/volitve2022\/lv2022\/data\/prvikrog\/obcine-data\/data_070.json"}]},{"person":{"name":"Vid Le\u0161nik","slug":"vid-lesnik"},"office":"Ob\u010dinski svetnik","office_code":"local_councillor","role_detail":"izvoljen z liste Lista Arsenovi\u010d za Maribor","organization":{"name":"Maribor","slug":"maribor"},"since":"2022-11-20","since_precision":"inferred","until":null,"status":"elected","current":true,"sources":[{"authority":"Dr\u017eavna volilna komisija","url":"https:\/\/www.dvk-rs.si\/arhivi\/volitve2022\/lv2022\/data\/prvikrog\/obcine-data\/data_070.json"}]},{"person":{"name":"Eva Lozina","slug":"eva-lozina"},"office":"Ob\u010dinski svetnik","office_code":"local_councillor","role_detail":"izvoljen z liste Lista Arsenovi\u010d za Maribor","organization":{"name":"Maribor","slug":"maribor"},"since":"2022-11-20","since_precision":"inferred","until":null,"status":"elected","current":true,"sources":[{"authority":"Dr\u017eavna volilna komisija","url":"https:\/\/www.dvk-rs.si\/arhivi\/volitve2022\/lv2022\/data\/prvikrog\/obcine-data\/data_070.json"}]},{"person":{"name":"Andrej Bauman","slug":"andrej-bauman"},"office":"Ob\u010dinski svetnik","office_code":"local_councillor","role_detail":"izvoljen z liste Lista Arsenovi\u010d za Maribor","organization":{"name":"Maribor","slug":"maribor"},"since":"2022-11-20","since_precision":"inferred","until":null,"status":"elected","current":true,"sources":[{"authority":"Dr\u017eavna volilna komisija","url":"https:\/\/www.dvk-rs.si\/arhivi\/volitve2022\/lv2022\/data\/prvikrog\/obcine-data\/data_070.json"}]},{"person":{"name":"Metka Koler","slug":"metka-koler"},"office":"Ob\u010dinski svetnik","office_code":"local_councillor","role_detail":"izvoljen z liste Lista Arsenovi\u010d za Maribor","organization":{"name":"Maribor","slug":"maribor"},"since":"2022-11-20","since_precision":"inferred","until":null,"status":"elected","current":true,"sources":[{"authority":"Dr\u017eavna volilna komisija","url":"https:\/\/www.dvk-rs.si\/arhivi\/volitve2022\/lv2022\/data\/prvikrog\/obcine-data\/data_070.json"}]},{"person":{"name":"Alja\u017e Bratina","slug":"aljaz-bratina"},"office":"Ob\u010dinski svetnik","office_code":"local_councillor","role_detail":"izvoljen z liste Lista Arsenovi\u010d za Maribor","organization":{"name":"Maribor","slug":"maribor"},"since":"2022-11-20","since_precision":"inferred","until":null,"status":"elected","current":true,"sources":[{"authority":"Dr\u017eavna volilna komisija","url":"https:\/\/www.dvk-rs.si\/arhivi\/volitve2022\/lv2022\/data\/prvikrog\/obcine-data\/data_070.json"}]},{"person":{"name":"Tamara Kurnik","slug":"tamara-kurnik"},"office":"Ob\u010dinski svetnik","office_code":"local_councillor","role_detail":"izvoljen z liste Lista Arsenovi\u010d za Maribor","organization":{"name":"Maribor","slug":"maribor"},"since":"2022-11-20","since_precision":"inferred","until":null,"status":"elected","current":true,"sources":[{"authority":"Dr\u017eavna volilna komisija","url":"https:\/\/www.dvk-rs.si\/arhivi\/volitve2022\/lv2022\/data\/prvikrog\/obcine-data\/data_070.json"}]},{"person":{"name":"Gregor Reichenberg","slug":"gregor-reichenberg"},"office":"Ob\u010dinski svetnik","office_code":"local_councillor","role_detail":"izvoljen z liste Lista Arsenovi\u010d za Maribor","organization":{"name":"Maribor","slug":"maribor"},"since":"2022-11-20","since_precision":"inferred","until":null,"status":"elected","current":true,"sources":[{"authority":"Dr\u017eavna volilna komisija","url":"https:\/\/www.dvk-rs.si\/arhivi\/volitve2022\/lv2022\/data\/prvikrog\/obcine-data\/data_070.json"}]},{"person":{"name":"Jelka Kolmani\u010d","slug":"jelka-kolmanic"},"office":"Ob\u010dinski svetnik","office_code":"local_councillor","role_detail":"izvoljen z liste Lista Arsenovi\u010d za Maribor","organization":{"name":"Maribor","slug":"maribor"},"since":"2022-11-20","since_precision":"inferred","until":null,"status":"elected","current":true,"sources":[{"authority":"Dr\u017eavna volilna komisija","url":"https:\/\/www.dvk-rs.si\/arhivi\/volitve2022\/lv2022\/data\/prvikrog\/obcine-data\/data_070.json"}]},{"person":{"name":"Samo Peter Medved","slug":"samo-peter-medved"},"office":"Ob\u010dinski svetnik","office_code":"local_councillor","role_detail":"izvoljen z liste Lista Arsenovi\u010d za Maribor","organization":{"name":"Maribor","slug":"maribor"},"since":"2022-11-20","since_precision":"inferred","until":null,"status":"elected","current":true,"sources":[{"authority":"Dr\u017eavna volilna komisija","url":"https:\/\/www.dvk-rs.si\/arhivi\/volitve2022\/lv2022\/data\/prvikrog\/obcine-data\/data_070.json"}]},{"person":{"name":"Melita Petelin","slug":"melita-petelin"},"office":"Ob\u010dinski svetnik","office_code":"local_councillor","role_detail":"izvoljen z liste Lista Arsenovi\u010d za Maribor","organization":{"name":"Maribor","slug":"maribor"},"since":"2022-11-20","since_precision":"inferred","until":null,"status":"elected","current":true,"sources":[{"authority":"Dr\u017eavna volilna komisija","url":"https:\/\/www.dvk-rs.si\/arhivi\/volitve2022\/lv2022\/data\/prvikrog\/obcine-data\/data_070.json"}]},{"person":{"name":"Aleksander Sa\u0161a Arsenovi\u010d","slug":"aleksander-sasa-arsenovic"},"office":"Ob\u010dinski svetnik","office_code":"local_councillor","role_detail":"izvoljen z liste Lista Arsenovi\u010d za Maribor","organization":{"name":"Maribor","slug":"maribor"},"since":"2022-11-20","since_precision":"inferred","until":null,"status":"elected","current":true,"sources":[{"authority":"Dr\u017eavna volilna komisija","url":"https:\/\/www.dvk-rs.si\/arhivi\/volitve2022\/lv2022\/data\/prvikrog\/obcine-data\/data_070.json"}]},{"person":{"name":"Tatjana Frange\u017e","slug":"tatjana-frangez"},"office":"Ob\u010dinski svetnik","office_code":"local_councillor","role_detail":"izvoljen z liste LEVICA","organization":{"name":"Maribor","slug":"maribor"},"since":"2022-11-20","since_precision":"inferred","until":null,"status":"elected","current":true,"sources":[{"authority":"Dr\u017eavna volilna komisija","url":"https:\/\/www.dvk-rs.si\/arhivi\/volitve2022\/lv2022\/data\/prvikrog\/obcine-data\/data_070.json"}]},{"person":{"name":"Tatjana Fetahi","slug":"tatjana-fetahi"},"office":"Ob\u010dinski svetnik","office_code":"local_councillor","role_detail":"izvoljen z liste Lista Franca Kanglerja - Nova ljudska stranka Slovenije","organization":{"name":"Maribor","slug":"maribor"},"since":"2022-11-20","since_precision":"inferred","until":null,"status":"elected","current":true,"sources":[{"authority":"Dr\u017eavna volilna komisija","url":"https:\/\/www.dvk-rs.si\/arhivi\/volitve2022\/lv2022\/data\/prvikrog\/obcine-data\/data_070.json"}]},{"person":{"name":"Franc Slavinec","slug":"franc-slavinec"},"office":"Ob\u010dinski svetnik","office_code":"local_councillor","role_detail":"izvoljen z liste Lista Franca Kanglerja - Nova ljudska stranka Slovenije","organization":{"name":"Maribor","slug":"maribor"},"since":"2022-11-20","since_precision":"inferred","until":null,"status":"elected","current":true,"sources":[{"authority":"Dr\u017eavna volilna komisija","url":"https:\/\/www.dvk-rs.si\/arhivi\/volitve2022\/lv2022\/data\/prvikrog\/obcine-data\/data_070.json"}]},{"person":{"name":"Ljubica Jan\u010di\u010d","slug":"ljubica-jancic"},"office":"Ob\u010dinski svetnik","office_code":"local_councillor","role_detail":"izvoljen z liste Lista Franca Kanglerja - Nova ljudska stranka Slovenije","organization":{"name":"Maribor","slug":"maribor"},"since":"2022-11-20","since_precision":"inferred","until":null,"status":"elected","current":true,"sources":[{"authority":"Dr\u017eavna volilna komisija","url":"https:\/\/www.dvk-rs.si\/arhivi\/volitve2022\/lv2022\/data\/prvikrog\/obcine-data\/data_070.json"}]},{"person":{"name":"\u017deljko Vogrin","slug":"zeljko-vogrin"},"office":"Ob\u010dinski svetnik","office_code":"local_councillor","role_detail":"izvoljen z liste Lista Franca Kanglerja - Nova ljudska stranka Slovenije","organization":{"name":"Maribor","slug":"maribor"},"since":"2022-11-20","since_precision":"inferred","until":null,"status":"elected","current":true,"sources":[{"authority":"Dr\u017eavna volilna komisija","url":"https:\/\/www.dvk-rs.si\/arhivi\/volitve2022\/lv2022\/data\/prvikrog\/obcine-data\/data_070.json"}]},{"person":{"name":"Breda \u010cepe Vizjak","slug":"breda-cepe-vizjak"},"office":"Ob\u010dinski svetnik","office_code":"local_councillor","role_detail":"izvoljen z liste Lista Franca Kanglerja - Nova ljudska stranka Slovenije","organization":{"name":"Maribor","slug":"maribor"},"since":"2022-11-20","since_precision":"inferred","until":null,"status":"elected","current":true,"sources":[{"authority":"Dr\u017eavna volilna komisija","url":"https:\/\/www.dvk-rs.si\/arhivi\/volitve2022\/lv2022\/data\/prvikrog\/obcine-data\/data_070.json"}]},{"person":{"name":"Milan Mikl","slug":"milan-mikl"},"office":"Ob\u010dinski svetnik","office_code":"local_councillor","role_detail":"izvoljen z liste Lista Franca Kanglerja - Nova ljudska stranka Slovenije","organization":{"name":"Maribor","slug":"maribor"},"since":"2022-11-20","since_precision":"inferred","until":null,"status":"elected","current":true,"sources":[{"authority":"Dr\u017eavna volilna komisija","url":"https:\/\/www.dvk-rs.si\/arhivi\/volitve2022\/lv2022\/data\/prvikrog\/obcine-data\/data_070.json"}]},{"person":{"name":"Danijela \u0160erbinek","slug":"danijela-serbinek"},"office":"Ob\u010dinski svetnik","office_code":"local_councillor","role_detail":"izvoljen z liste Lista Franca Kanglerja - Nova ljudska stranka Slovenije","organization":{"name":"Maribor","slug":"maribor"},"since":"2022-11-20","since_precision":"inferred","until":null,"status":"elected","current":true,"sources":[{"authority":"Dr\u017eavna volilna komisija","url":"https:\/\/www.dvk-rs.si\/arhivi\/volitve2022\/lv2022\/data\/prvikrog\/obcine-data\/data_070.json"}]},{"person":{"name":"Franc Kangler","slug":"franc-kangler"},"office":"Ob\u010dinski svetnik","office_code":"local_councillor","role_detail":"izvoljen z liste Lista Franca Kanglerja - Nova ljudska stranka Slovenije","organization":{"name":"Maribor","slug":"maribor"},"since":"2022-11-20","since_precision":"inferred","until":null,"status":"elected","current":true,"sources":[{"authority":"Dr\u017eavna volilna komisija","url":"https:\/\/www.dvk-rs.si\/arhivi\/volitve2022\/lv2022\/data\/prvikrog\/obcine-data\/data_070.json"}]},{"person":{"name":"Zdravko Luketi\u010d","slug":"zdravko-luketic"},"office":"Ob\u010dinski svetnik","office_code":"local_councillor","role_detail":"izvoljen z liste NOVA SLOVENIJA - KR\u0160\u010cANSKI DEMOKRATI","organization":{"name":"Maribor","slug":"maribor"},"since":"2022-11-20","since_precision":"inferred","until":null,"status":"elected","current":true,"sources":[{"authority":"Dr\u017eavna volilna komisija","url":"https:\/\/www.dvk-rs.si\/arhivi\/volitve2022\/lv2022\/data\/prvikrog\/obcine-data\/data_070.json"}]},{"person":{"name":"Stojan Auer","slug":"stojan-auer"},"office":"Ob\u010dinski svetnik","office_code":"local_councillor","role_detail":"izvoljen z liste Lista za pravi\u010den razvoj mestnih \u010detrti in krajevnih skupnosti","organization":{"name":"Maribor","slug":"maribor"},"since":"2022-11-20","since_precision":"inferred","until":null,"status":"elected","current":true,"sources":[{"authority":"Dr\u017eavna volilna komisija","url":"https:\/\/www.dvk-rs.si\/arhivi\/volitve2022\/lv2022\/data\/prvikrog\/obcine-data\/data_070.json"}]},{"person":{"name":"Lidija Divjak Mirnik","slug":"lidija-divjak-mirnik"},"office":"Ob\u010dinski svetnik","office_code":"local_councillor","role_detail":"izvoljen z liste Lista za pravi\u010den razvoj mestnih \u010detrti in krajevnih skupnosti","organization":{"name":"Maribor","slug":"maribor"},"since":"2022-11-20","since_precision":"inferred","until":null,"status":"elected","current":true,"sources":[{"authority":"Dr\u017eavna volilna komisija","url":"https:\/\/www.dvk-rs.si\/arhivi\/volitve2022\/lv2022\/data\/prvikrog\/obcine-data\/data_070.json"}]},{"person":{"name":"Igor Juri\u0161i\u010d","slug":"igor-jurisic"},"office":"Ob\u010dinski svetnik","office_code":"local_councillor","role_detail":"izvoljen z liste STRANKA MLADIH - ZELENI EVROPE","organization":{"name":"Maribor","slug":"maribor"},"since":"2022-11-20","since_precision":"inferred","until":null,"status":"elected","current":true,"sources":[{"authority":"Dr\u017eavna volilna komisija","url":"https:\/\/www.dvk-rs.si\/arhivi\/volitve2022\/lv2022\/data\/prvikrog\/obcine-data\/data_070.json"}]},{"person":{"name":"Alenka Iskra","slug":"alenka-iskra"},"office":"Ob\u010dinski svetnik","office_code":"local_councillor","role_detail":"izvoljen z liste SOCIALNI DEMOKRATI","organization":{"name":"Maribor","slug":"maribor"},"since":"2022-11-20","since_precision":"inferred","until":null,"status":"elected","current":true,"sources":[{"authority":"Dr\u017eavna volilna komisija","url":"https:\/\/www.dvk-rs.si\/arhivi\/volitve2022\/lv2022\/data\/prvikrog\/obcine-data\/data_070.json"}]},{"person":{"name":"Bo\u0161tjan Klun","slug":"bostjan-klun"},"office":"Ob\u010dinski svetnik","office_code":"local_councillor","role_detail":"izvoljen z liste SOCIALNI DEMOKRATI","organization":{"name":"Maribor","slug":"maribor"},"since":"2022-11-20","since_precision":"inferred","until":null,"status":"elected","current":true,"sources":[{"authority":"Dr\u017eavna volilna komisija","url":"https:\/\/www.dvk-rs.si\/arhivi\/volitve2022\/lv2022\/data\/prvikrog\/obcine-data\/data_070.json"}]},{"person":{"name":"Aleksander Sa\u0161a Arsenovi\u010d","slug":"aleksander-sasa-arsenovic"},"office":"\u017dupan","office_code":"mayor","role_detail":null,"organization":{"name":"Maribor","slug":"maribor"},"since":"2022-12-04","since_precision":"inferred","until":null,"status":"elected","current":true,"sources":[{"authority":"Dr\u017eavna volilna komisija","url":"https:\/\/www.dvk-rs.si\/arhivi\/volitve2022\/lv2022\/data\/drugi_krog.json"}]}],"children":[{"slug":"andragoski-zavod-maribor-ljudska-univerza","name":"Andrago\u0161ki Zavod Maribor-Ljudska Univerza","type":"public_institute","body_type":null},{"slug":"center-judovske-kulturne-dediscine-sinagoga-maribor","name":"Center Judovske Kulturne Dedi\u0161\u010dine Sinagoga Maribor","type":"public_institute","body_type":null},{"slug":"center-za-pomoc-na-domu-maribor","name":"Center Za Pomo\u010d Na Domu Maribor","type":"public_institute","body_type":null},{"slug":"center-za-vzgojo-izobrazevanje-usposabljanje-in-svetovanje-gustava-siliha-maribor","name":"Center za vzgojo, izobra\u017eevanje, usposabljanje in svetovanje Gustava \u0160iliha Maribor","type":"public_institute","body_type":null},{"slug":"energetsko-podnebna-agencija-za-podravje","name":"Energetsko Podnebna Agencija Za Podravje","type":"public_institute","body_type":null},{"slug":"javni-lekarniski-zavod-mariborske-lekarne-maribor","name":"Javni lekarni\u0161ki zavod Mariborske lekarne Maribor","type":"public_institute","body_type":null},{"slug":"javni-zavod-gasilska-brigada-maribor","name":"Javni zavod Gasilska brigada Maribor","type":"public_institute","body_type":null},{"slug":"konservatorij-za-glasbo-in-balet-maribor","name":"Konservatorij Za Glasbo In Balet Maribor","type":"public_institute","body_type":null},{"slug":"kulturno-prireditveni-center-narodni-dom-maribor","name":"Kulturno Prireditveni Center Narodni Dom Maribor","type":"public_institute","body_type":null},{"slug":"lutkovno-gledalisce-maribor","name":"Lutkovno Gledali\u0161\u010de Maribor","type":"public_institute","body_type":null},{"slug":"mariborska-knjiznica-maribor-public-library","name":"MARIBORSKA KNJI\u017dNICA Maribor Public Library","type":"public_institute","body_type":null},{"slug":"mestna-obcina-maribor-krajevna-skupnost-bresternica-gaj","name":"Mestna Ob\u010dina Maribor Krajevna Skupnost Bresternica - Gaj","type":"local_community","body_type":null},{"slug":"mestna-obcina-maribor-krajevna-skupnost-kamnica","name":"Mestna Ob\u010dina Maribor, Krajevna Skupnost Kamnica","type":"local_community","body_type":null},{"slug":"mestna-obcina-maribor-krajevna-skupnost-limbus","name":"Mestna Ob\u010dina Maribor, Krajevna Skupnost Limbu\u0161","type":"local_community","body_type":null},{"slug":"mestna-obcina-maribor-krajevna-skupnost-malecnik-ruperce","name":"Mestna Ob\u010dina Maribor Krajevna Skupnost Male\u010dnik - Ruper\u010de","type":"local_community","body_type":null},{"slug":"mestna-obcina-maribor-krajevna-skupnost-pekre","name":"Mestna Ob\u010dina Maribor Krajevna Skupnost Pekre","type":"local_community","body_type":null},{"slug":"mestna-obcina-maribor-krajevna-skupnost-razvanje","name":"Mestna Ob\u010dina Maribor, Krajevna Skupnost Razvanje","type":"local_community","body_type":null},{"slug":"mestna-obcina-maribor-mestna-cetrt-brezje-dogose-zrkovci","name":"Mestna Ob\u010dina Maribor Mestna \u010cetrt Brezje - Dogo\u0161e - Zrkovci","type":"local_community","body_type":null},{"slug":"mestna-obcina-maribor-mestna-cetrt-center","name":"Mestna Ob\u010dina Maribor Mestna \u010cetrt Center","type":"local_community","body_type":null},{"slug":"mestna-obcina-maribor-mestna-cetrt-ivan-cankar","name":"Mestna Ob\u010dina Maribor Mestna \u010cetrt Ivan Cankar","type":"local_community","body_type":null},{"slug":"mestna-obcina-maribor-mestna-cetrt-koroska-vrata","name":"Mestna Ob\u010dina Maribor Mestna \u010cetrt Koro\u0161ka Vrata","type":"local_community","body_type":null},{"slug":"mestna-obcina-maribor-mestna-cetrt-magdalena","name":"Mestna Ob\u010dina Maribor Mestna \u010cetrt Magdalena","type":"local_community","body_type":null},{"slug":"mestna-obcina-maribor-mestna-cetrt-nova-vas","name":"Mestna Ob\u010dina Maribor Mestna \u010cetrt Nova Vas","type":"local_community","body_type":null},{"slug":"mestna-obcina-maribor-mestna-cetrt-pobrezje","name":"Mestna Ob\u010dina Maribor Mestna \u010cetrt Pobre\u017eje","type":"local_community","body_type":null},{"slug":"mestna-obcina-maribor-mestna-cetrt-radvanje","name":"Mestna Ob\u010dina Maribor Mestna \u010cetrt Radvanje","type":"local_community","body_type":null},{"slug":"mestna-obcina-maribor-mestna-cetrt-studenci","name":"Mestna Ob\u010dina Maribor Mestna \u010cetrt Studenci","type":"local_community","body_type":null},{"slug":"mestna-obcina-maribor-mestna-cetrt-tabor","name":"Mestna Ob\u010dina Maribor Mestna \u010cetrt Tabor","type":"local_community","body_type":null},{"slug":"mestna-obcina-maribor-mestna-cetrt-tezno","name":"Mestna Ob\u010dina Maribor Mestna \u010cetrt Tezno","type":"local_community","body_type":null},{"slug":"mladinski-kulturni-center-maribor-angleski-prevod-imena-zavoda-youth-cultural-centre-maribor","name":"MLADINSKI KULTURNI CENTER MARIBOR Angle\u0161ki prevod imena zavoda: YOUTH CULTURAL CENTRE MARIBOR","type":"public_institute","body_type":null},{"slug":"muzej-narodne-osvoboditve-maribor","name":"Muzej Narodne Osvoboditve Maribor","type":"public_institute","body_type":null},{"slug":"osnovna-sola-angela-besednjaka","name":"Osnovna \u0160ola Angela Besednjaka","type":"public_institute","body_type":null},{"slug":"osnovna-sola-bojana-ilicha-maribor","name":"Osnovna \u0160ola Bojana Ilicha Maribor","type":"public_institute","body_type":null},{"slug":"osnovna-sola-borcev-za-severno-mejo-maribor","name":"Osnovna \u0160ola Borcev Za Severno Mejo Maribor","type":"public_institute","body_type":null},{"slug":"osnovna-sola-bratov-polancicev-maribor","name":"Osnovna \u0160ola Bratov Polan\u010di\u010dev Maribor","type":"public_institute","body_type":null},{"slug":"osnovna-sola-draga-kobala-maribor","name":"Osnovna \u0160ola Draga Kobala Maribor","type":"public_institute","body_type":null},{"slug":"osnovna-sola-franca-rozmana-staneta-maribor","name":"Osnovna \u0160ola Franca Rozmana-Staneta Maribor","type":"public_institute","body_type":null},{"slug":"osnovna-sola-franceta-preserna-maribor","name":"Osnovna \u0160ola Franceta Pre\u0161erna Maribor","type":"public_institute","body_type":null},{"slug":"osnovna-sola-janka-padeznika-maribor","name":"Osnovna \u0160ola Janka Pade\u017enika Maribor","type":"public_institute","body_type":null},{"slug":"osnovna-sola-kamnica","name":"Osnovna \u0160ola Kamnica","type":"public_institute","body_type":null},{"slug":"osnovna-sola-leona-stuklja-maribor","name":"Osnovna \u0160ola Leona \u0160tuklja Maribor","type":"public_institute","body_type":null},{"slug":"osnovna-sola-ludvika-pliberska-maribor","name":"Osnovna \u0160ola Ludvika Pliber\u0161ka Maribor","type":"public_institute","body_type":null},{"slug":"osnovna-sola-maksa-durjave-maribor","name":"Osnovna \u0160ola Maksa Durjave Maribor","type":"public_institute","body_type":null},{"slug":"osnovna-sola-malecnik","name":"Osnovna \u0160ola Male\u010dnik","type":"public_institute","body_type":null},{"slug":"osnovna-sola-martina-konsaka-maribor","name":"Osnovna \u0160ola Martina Kon\u0161aka Maribor","type":"public_institute","body_type":null},{"slug":"osnovna-sola-prezihovega-voranca-maribor","name":"Osnovna \u0160ola Pre\u017eihovega Voranca Maribor","type":"public_institute","body_type":null},{"slug":"osnovna-sola-rada-robica-limbus","name":"Osnovna \u0160ola Rada Robi\u010da Limbu\u0161","type":"public_institute","body_type":null},{"slug":"osnovna-sola-slave-klavore-maribor","name":"Osnovna \u0160ola Slave Klavore Maribor","type":"public_institute","body_type":null},{"slug":"osnovna-sola-tabor-i-maribor","name":"Osnovna \u0160ola Tabor I Maribor","type":"public_institute","body_type":null},{"slug":"osnovna-sola-toneta-cufarja-maribor","name":"Osnovna \u0160ola Toneta \u010cufarja Maribor","type":"public_institute","body_type":null},{"slug":"pokrajinski-muzej-maribor","name":"Pokrajinski Muzej Maribor","type":"public_institute","body_type":null},{"slug":"regionalna-razvojna-agencija-za-podravje-maribor","name":"Regionalna razvojna agencija za Podravje - Maribor","type":"public_institute","body_type":null},{"slug":"svetovalni-center-za-otroke-mladostnike-in-starse-maribor","name":"Svetovalni Center Za Otroke, Mladostnike In Star\u0161e Maribor","type":"public_institute","body_type":null},{"slug":"umetnostna-galerija-maribor","name":"Umetnostna Galerija Maribor","type":"public_institute","body_type":null},{"slug":"vrtec-borisa-peceta-maribor","name":"Vrtec Borisa Pe\u010deta Maribor","type":"public_institute","body_type":null},{"slug":"vrtec-ivana-glinska-maribor","name":"Vrtec Ivana Glin\u0161ka Maribor","type":"public_institute","body_type":null},{"slug":"vrtec-jadvige-golez-maribor","name":"Vrtec Jadvige Gole\u017e Maribor","type":"public_institute","body_type":null},{"slug":"vrtec-jozice-flander-maribor","name":"Vrtec Jo\u017eice Flander Maribor","type":"public_institute","body_type":null},{"slug":"vrtec-otona-zupancica-maribor","name":"Vrtec Otona \u017dupan\u010di\u010da Maribor","type":"public_institute","body_type":null},{"slug":"vrtec-pobrezje-maribor","name":"Vrtec Pobre\u017eje Maribor","type":"public_institute","body_type":null},{"slug":"vrtec-studenci-maribor","name":"Vrtec Studenci Maribor","type":"public_institute","body_type":null},{"slug":"vrtec-tezno-maribor","name":"Vrtec Tezno Maribor","type":"public_institute","body_type":null},{"slug":"zavod-za-turizem-maribor-javni-zavod","name":"Zavod za turizem Maribor, javni zavod","type":"public_institute","body_type":null},{"slug":"zdravstveni-dom-dr-adolfa-drolca-maribor","name":"Zdravstveni Dom dr. Adolfa Drolca Maribor","type":"public_institute","body_type":null}]}