{"data":{"slug":"metlika","name":"Metlika","type":"municipality","type_label":"Ob\u010dina","body_type":null,"parent":null,"website":null,"phone":null,"address":"Mestni trg 024, 8330 METLIKA","email":"obcina.metlika@siol.net","leader":{"name":"Martina Legan Jan\u017eekovi\u010d","person_slug":"martina-legan-janzekovic","office":"\u017dupan","office_code":"mayor","since":"2022-11-20"},"image":{"url":"https:\/\/commons.wikimedia.org\/wiki\/Special:FilePath\/Grb_Ob%C4%8Dine_Metlika.jpg","attribution":"Wikimedia Commons","source":"https:\/\/commons.wikimedia.org\/wiki\/Special:FilePath\/Grb_Ob%C4%8Dine_Metlika.jpg","hosted":false},"sources":[],"url":"https:\/\/kdo-vodi.si\/organ\/metlika","api_url":"https:\/\/kdo-vodi.si\/api\/v1\/organizations\/metlika"},"office_holders":[{"person":{"name":"Andreja Draginc","slug":"andreja-draginc"},"office":"Ob\u010dinski svetnik","office_code":"local_councillor","role_detail":"izvoljen z liste SLOVENSKA DEMOKRATSKA STRANKA","organization":{"name":"Metlika","slug":"metlika"},"since":"2022-11-20","since_precision":"inferred","until":null,"status":"elected","current":true,"sources":[{"authority":"Dr\u017eavna volilna komisija","url":"https:\/\/www.dvk-rs.si\/arhivi\/volitve2022\/lv2022\/data\/prvikrog\/obcine-data\/data_073.json"}]},{"person":{"name":"Igor Vajda","slug":"igor-vajda"},"office":"Ob\u010dinski svetnik","office_code":"local_councillor","role_detail":"izvoljen z liste SLOVENSKA DEMOKRATSKA STRANKA","organization":{"name":"Metlika","slug":"metlika"},"since":"2022-11-20","since_precision":"inferred","until":null,"status":"elected","current":true,"sources":[{"authority":"Dr\u017eavna volilna komisija","url":"https:\/\/www.dvk-rs.si\/arhivi\/volitve2022\/lv2022\/data\/prvikrog\/obcine-data\/data_073.json"}]},{"person":{"name":"Izidor Vrani\u010dar","slug":"izidor-vranicar"},"office":"Ob\u010dinski svetnik","office_code":"local_councillor","role_detail":"izvoljen z liste MLADI ZA METLIKO","organization":{"name":"Metlika","slug":"metlika"},"since":"2022-11-20","since_precision":"inferred","until":null,"status":"elected","current":true,"sources":[{"authority":"Dr\u017eavna volilna komisija","url":"https:\/\/www.dvk-rs.si\/arhivi\/volitve2022\/lv2022\/data\/prvikrog\/obcine-data\/data_073.json"}]},{"person":{"name":"Nika Me\u017enar\u0161i\u010d","slug":"nika-meznarsic"},"office":"Ob\u010dinski svetnik","office_code":"local_councillor","role_detail":"izvoljen z liste MLADI ZA METLIKO","organization":{"name":"Metlika","slug":"metlika"},"since":"2022-11-20","since_precision":"inferred","until":null,"status":"elected","current":true,"sources":[{"authority":"Dr\u017eavna volilna komisija","url":"https:\/\/www.dvk-rs.si\/arhivi\/volitve2022\/lv2022\/data\/prvikrog\/obcine-data\/data_073.json"}]},{"person":{"name":"Alojz Malen\u0161ek","slug":"alojz-malensek"},"office":"Ob\u010dinski svetnik","office_code":"local_councillor","role_detail":"izvoljen z liste NOVA SLOVENIJA - KR\u0160\u010cANSKI DEMOKRATI","organization":{"name":"Metlika","slug":"metlika"},"since":"2022-11-20","since_precision":"inferred","until":null,"status":"elected","current":true,"sources":[{"authority":"Dr\u017eavna volilna komisija","url":"https:\/\/www.dvk-rs.si\/arhivi\/volitve2022\/lv2022\/data\/prvikrog\/obcine-data\/data_073.json"}]},{"person":{"name":"Ana Logar","slug":"ana-logar"},"office":"Ob\u010dinski svetnik","office_code":"local_councillor","role_detail":"izvoljen z liste GLAS NEODVISNIH","organization":{"name":"Metlika","slug":"metlika"},"since":"2022-11-20","since_precision":"inferred","until":null,"status":"elected","current":true,"sources":[{"authority":"Dr\u017eavna volilna komisija","url":"https:\/\/www.dvk-rs.si\/arhivi\/volitve2022\/lv2022\/data\/prvikrog\/obcine-data\/data_073.json"}]},{"person":{"name":"Sa\u0161o Jer\u0161in","slug":"saso-jersin"},"office":"Ob\u010dinski svetnik","office_code":"local_councillor","role_detail":"izvoljen z liste GLAS NEODVISNIH","organization":{"name":"Metlika","slug":"metlika"},"since":"2022-11-20","since_precision":"inferred","until":null,"status":"elected","current":true,"sources":[{"authority":"Dr\u017eavna volilna komisija","url":"https:\/\/www.dvk-rs.si\/arhivi\/volitve2022\/lv2022\/data\/prvikrog\/obcine-data\/data_073.json"}]},{"person":{"name":"Anton Gerk\u0161i\u010d","slug":"anton-gerksic"},"office":"Ob\u010dinski svetnik","office_code":"local_councillor","role_detail":"izvoljen z liste GIBANJE SVOBODA","organization":{"name":"Metlika","slug":"metlika"},"since":"2022-11-20","since_precision":"inferred","until":null,"status":"elected","current":true,"sources":[{"authority":"Dr\u017eavna volilna komisija","url":"https:\/\/www.dvk-rs.si\/arhivi\/volitve2022\/lv2022\/data\/prvikrog\/obcine-data\/data_073.json"}]},{"person":{"name":"Anica Kopini\u010d","slug":"anica-kopinic"},"office":"Ob\u010dinski svetnik","office_code":"local_councillor","role_detail":"izvoljen z liste GIBANJE SVOBODA","organization":{"name":"Metlika","slug":"metlika"},"since":"2022-11-20","since_precision":"inferred","until":null,"status":"elected","current":true,"sources":[{"authority":"Dr\u017eavna volilna komisija","url":"https:\/\/www.dvk-rs.si\/arhivi\/volitve2022\/lv2022\/data\/prvikrog\/obcine-data\/data_073.json"}]},{"person":{"name":"Andrej \u0160kof","slug":"andrej-skof"},"office":"Ob\u010dinski svetnik","office_code":"local_councillor","role_detail":"izvoljen z liste LISTA ZA POVEZOVANJE IN RAZVOJ","organization":{"name":"Metlika","slug":"metlika"},"since":"2022-11-20","since_precision":"inferred","until":null,"status":"elected","current":true,"sources":[{"authority":"Dr\u017eavna volilna komisija","url":"https:\/\/www.dvk-rs.si\/arhivi\/volitve2022\/lv2022\/data\/prvikrog\/obcine-data\/data_073.json"}]},{"person":{"name":"Mojca Me\u017enar\u0161i\u010d","slug":"mojca-meznarsic"},"office":"Ob\u010dinski svetnik","office_code":"local_councillor","role_detail":"izvoljen z liste LISTA ZA POVEZOVANJE IN RAZVOJ","organization":{"name":"Metlika","slug":"metlika"},"since":"2022-11-20","since_precision":"inferred","until":null,"status":"elected","current":true,"sources":[{"authority":"Dr\u017eavna volilna komisija","url":"https:\/\/www.dvk-rs.si\/arhivi\/volitve2022\/lv2022\/data\/prvikrog\/obcine-data\/data_073.json"}]},{"person":{"name":"Martin Pe\u010dari\u010d","slug":"martin-pecaric"},"office":"Ob\u010dinski svetnik","office_code":"local_councillor","role_detail":"izvoljen z liste LISTA ZA POVEZOVANJE IN RAZVOJ","organization":{"name":"Metlika","slug":"metlika"},"since":"2022-11-20","since_precision":"inferred","until":null,"status":"elected","current":true,"sources":[{"authority":"Dr\u017eavna volilna komisija","url":"https:\/\/www.dvk-rs.si\/arhivi\/volitve2022\/lv2022\/data\/prvikrog\/obcine-data\/data_073.json"}]},{"person":{"name":"Martina Legan Jan\u017eekovi\u010d","slug":"martina-legan-janzekovic"},"office":"Ob\u010dinski svetnik","office_code":"local_councillor","role_detail":"izvoljen z liste LISTA ZA POVEZOVANJE IN RAZVOJ","organization":{"name":"Metlika","slug":"metlika"},"since":"2022-11-20","since_precision":"inferred","until":null,"status":"elected","current":true,"sources":[{"authority":"Dr\u017eavna volilna komisija","url":"https:\/\/www.dvk-rs.si\/arhivi\/volitve2022\/lv2022\/data\/prvikrog\/obcine-data\/data_073.json"}]},{"person":{"name":"Bojan Kraja\u010di\u010d","slug":"bojan-krajacic"},"office":"Ob\u010dinski svetnik","office_code":"local_councillor","role_detail":"izvoljen z liste SD SOCIALNI DEMOKRATI","organization":{"name":"Metlika","slug":"metlika"},"since":"2022-11-20","since_precision":"inferred","until":null,"status":"elected","current":true,"sources":[{"authority":"Dr\u017eavna volilna komisija","url":"https:\/\/www.dvk-rs.si\/arhivi\/volitve2022\/lv2022\/data\/prvikrog\/obcine-data\/data_073.json"}]},{"person":{"name":"Elizabeta Prus","slug":"elizabeta-prus"},"office":"Ob\u010dinski svetnik","office_code":"local_councillor","role_detail":"izvoljen z liste SD SOCIALNI DEMOKRATI","organization":{"name":"Metlika","slug":"metlika"},"since":"2022-11-20","since_precision":"inferred","until":null,"status":"elected","current":true,"sources":[{"authority":"Dr\u017eavna volilna komisija","url":"https:\/\/www.dvk-rs.si\/arhivi\/volitve2022\/lv2022\/data\/prvikrog\/obcine-data\/data_073.json"}]},{"person":{"name":"Darko Zevnik","slug":"darko-zevnik"},"office":"Ob\u010dinski svetnik","office_code":"local_councillor","role_detail":"izvoljen z liste SD SOCIALNI DEMOKRATI","organization":{"name":"Metlika","slug":"metlika"},"since":"2022-11-20","since_precision":"inferred","until":null,"status":"elected","current":true,"sources":[{"authority":"Dr\u017eavna volilna komisija","url":"https:\/\/www.dvk-rs.si\/arhivi\/volitve2022\/lv2022\/data\/prvikrog\/obcine-data\/data_073.json"}]},{"person":{"name":"Milan Vidovi\u0107","slug":"milan-vidovic"},"office":"Ob\u010dinski svetnik","office_code":"local_councillor","role_detail":"izvoljen z liste MILAN VIDOVI\u0106 SAMOSTOJNI KANDIDAT","organization":{"name":"Metlika","slug":"metlika"},"since":"2022-11-20","since_precision":"inferred","until":null,"status":"elected","current":true,"sources":[{"authority":"Dr\u017eavna volilna komisija","url":"https:\/\/www.dvk-rs.si\/arhivi\/volitve2022\/lv2022\/data\/prvikrog\/obcine-data\/data_073.json"}]},{"person":{"name":"Anton Pezdirc","slug":"anton-pezdirc"},"office":"Ob\u010dinski svetnik","office_code":"local_councillor","role_detail":"izvoljen z liste ANTON PEZDIRC - SAMOSTOJNI KANDIDAT","organization":{"name":"Metlika","slug":"metlika"},"since":"2022-11-20","since_precision":"inferred","until":null,"status":"elected","current":true,"sources":[{"authority":"Dr\u017eavna volilna komisija","url":"https:\/\/www.dvk-rs.si\/arhivi\/volitve2022\/lv2022\/data\/prvikrog\/obcine-data\/data_073.json"}]},{"person":{"name":"Martina Legan Jan\u017eekovi\u010d","slug":"martina-legan-janzekovic"},"office":"\u017dupan","office_code":"mayor","role_detail":null,"organization":{"name":"Metlika","slug":"metlika"},"since":"2022-11-20","since_precision":"inferred","until":null,"status":"elected","current":true,"sources":[{"authority":"Dr\u017eavna volilna komisija","url":"https:\/\/www.dvk-rs.si\/arhivi\/volitve2022\/lv2022\/data\/ostale_obcine.json"}]}],"children":[{"slug":"belokranjski-muzej-metlika","name":"Belokranjski Muzej Metlika","type":"public_institute","body_type":null},{"slug":"krajevna-skupnost-bozakovo","name":"Krajevna Skupnost Bo\u017eakovo","type":"local_community","body_type":null},{"slug":"krajevna-skupnost-dobravice","name":"Krajevna Skupnost Dobravice","type":"local_community","body_type":null},{"slug":"krajevna-skupnost-drasici","name":"Krajevna Skupnost Dra\u0161i\u010di","type":"local_community","body_type":null},{"slug":"krajevna-skupnost-grabrovec","name":"Krajevna Skupnost Grabrovec","type":"local_community","body_type":null},{"slug":"krajevna-skupnost-gradac","name":"Krajevna Skupnost Gradac","type":"local_community","body_type":null},{"slug":"krajevna-skupnost-jugorje","name":"Krajevna Skupnost Jugorje","type":"local_community","body_type":null},{"slug":"krajevna-skupnost-krasinec","name":"Krajevna Skupnost Krasinec","type":"local_community","body_type":null},{"slug":"krajevna-skupnost-lokvica","name":"Krajevna Skupnost Lokvica","type":"local_community","body_type":null},{"slug":"krajevna-skupnost-podzemelj","name":"Krajevna Skupnost Podzemelj","type":"local_community","body_type":null},{"slug":"krajevna-skupnost-radovica","name":"Krajevna Skupnost Radovica","type":"local_community","body_type":null},{"slug":"krajevna-skupnost-rosalnice","name":"Krajevna Skupnost Rosalnice","type":"local_community","body_type":null},{"slug":"krajevna-skupnost-slamna-vas","name":"Krajevna Skupnost Slamna Vas","type":"local_community","body_type":null},{"slug":"krajevna-skupnost-suhor","name":"Krajevna Skupnost Suhor","type":"local_community","body_type":null},{"slug":"ljudska-knjiznica-metlika","name":"Ljudska Knji\u017enica Metlika","type":"public_institute","body_type":null},{"slug":"mestna-skupnost-metlika","name":"Mestna Skupnost Metlika","type":"local_community","body_type":null},{"slug":"osnovna-sola-metlika","name":"Osnovna \u0160ola Metlika","type":"public_institute","body_type":null},{"slug":"osnovna-sola-podzemelj","name":"Osnovna \u0160ola Podzemelj","type":"public_institute","body_type":null},{"slug":"otroski-vrtec-metlika","name":"Otro\u0161ki Vrtec Metlika","type":"public_institute","body_type":null},{"slug":"zavod-za-turizem-kulturo-sport-in-mladino-metlika","name":"Zavod za turizem, kulturo, \u0161port in mladino Metlika","type":"public_institute","body_type":null},{"slug":"zdravstveni-dom-metlika","name":"Zdravstveni Dom Metlika","type":"public_institute","body_type":null}]}