{"data":{"slug":"moravske-toplice","name":"Moravske Toplice","type":"municipality","type_label":"Ob\u010dina","body_type":null,"parent":null,"website":null,"phone":null,"address":"Kranj\u010deva ulica 003, 9226 MORAVSKE TOPLICE","email":"obcina@moravske-toplice.si","leader":{"name":"Alojz Glava\u010d","person_slug":"alojz-glavac","office":"\u017dupan","office_code":"mayor","since":"2022-11-20"},"image":null,"sources":[],"url":"https:\/\/kdo-vodi.si\/organ\/moravske-toplice","api_url":"https:\/\/kdo-vodi.si\/api\/v1\/organizations\/moravske-toplice"},"office_holders":[{"person":{"name":"Sebastjan Gornjec","slug":"sebastjan-gornjec"},"office":"Ob\u010dinski svetnik","office_code":"local_councillor","role_detail":"izvoljen z liste GIBANJE SVOBODA","organization":{"name":"Moravske Toplice","slug":"moravske-toplice"},"since":"2022-11-20","since_precision":"inferred","until":null,"status":"elected","current":true,"sources":[{"authority":"Dr\u017eavna volilna komisija","url":"https:\/\/www.dvk-rs.si\/arhivi\/volitve2022\/lv2022\/data\/prvikrog\/obcine-data\/data_078.json"}]},{"person":{"name":"Martina Bauman","slug":"martina-bauman"},"office":"Ob\u010dinski svetnik","office_code":"local_councillor","role_detail":"izvoljen z liste GIBANJE SVOBODA","organization":{"name":"Moravske Toplice","slug":"moravske-toplice"},"since":"2022-11-20","since_precision":"inferred","until":null,"status":"elected","current":true,"sources":[{"authority":"Dr\u017eavna volilna komisija","url":"https:\/\/www.dvk-rs.si\/arhivi\/volitve2022\/lv2022\/data\/prvikrog\/obcine-data\/data_078.json"}]},{"person":{"name":"Toma\u017e Gregorec","slug":"tomaz-gregorec"},"office":"Ob\u010dinski svetnik","office_code":"local_councillor","role_detail":"izvoljen z liste GIBANJE SVOBODA","organization":{"name":"Moravske Toplice","slug":"moravske-toplice"},"since":"2022-11-20","since_precision":"inferred","until":null,"status":"elected","current":true,"sources":[{"authority":"Dr\u017eavna volilna komisija","url":"https:\/\/www.dvk-rs.si\/arhivi\/volitve2022\/lv2022\/data\/prvikrog\/obcine-data\/data_078.json"}]},{"person":{"name":"Stanislav Gor\u010dan","slug":"stanislav-gorcan"},"office":"Ob\u010dinski svetnik","office_code":"local_councillor","role_detail":"izvoljen z liste GREMO NAPREJ - NEODVISNA LISTA FRANCA CIPOTA","organization":{"name":"Moravske Toplice","slug":"moravske-toplice"},"since":"2022-11-20","since_precision":"inferred","until":null,"status":"elected","current":true,"sources":[{"authority":"Dr\u017eavna volilna komisija","url":"https:\/\/www.dvk-rs.si\/arhivi\/volitve2022\/lv2022\/data\/prvikrog\/obcine-data\/data_078.json"}]},{"person":{"name":"Slavko \u0160kerlak","slug":"slavko-skerlak"},"office":"Ob\u010dinski svetnik","office_code":"local_councillor","role_detail":"izvoljen z liste SOCIALNI DEMOKRATI","organization":{"name":"Moravske Toplice","slug":"moravske-toplice"},"since":"2022-11-20","since_precision":"inferred","until":null,"status":"elected","current":true,"sources":[{"authority":"Dr\u017eavna volilna komisija","url":"https:\/\/www.dvk-rs.si\/arhivi\/volitve2022\/lv2022\/data\/prvikrog\/obcine-data\/data_078.json"}]},{"person":{"name":"Jo\u017ee Trajber","slug":"joze-trajber"},"office":"Ob\u010dinski svetnik","office_code":"local_councillor","role_detail":"izvoljen z liste SOCIALNI DEMOKRATI","organization":{"name":"Moravske Toplice","slug":"moravske-toplice"},"since":"2022-11-20","since_precision":"inferred","until":null,"status":"elected","current":true,"sources":[{"authority":"Dr\u017eavna volilna komisija","url":"https:\/\/www.dvk-rs.si\/arhivi\/volitve2022\/lv2022\/data\/prvikrog\/obcine-data\/data_078.json"}]},{"person":{"name":"Suzana Koltai","slug":"suzana-koltai"},"office":"Ob\u010dinski svetnik","office_code":"local_councillor","role_detail":"izvoljen z liste SOCIALNI DEMOKRATI","organization":{"name":"Moravske Toplice","slug":"moravske-toplice"},"since":"2022-11-20","since_precision":"inferred","until":null,"status":"elected","current":true,"sources":[{"authority":"Dr\u017eavna volilna komisija","url":"https:\/\/www.dvk-rs.si\/arhivi\/volitve2022\/lv2022\/data\/prvikrog\/obcine-data\/data_078.json"}]},{"person":{"name":"Sa\u0161o Koca","slug":"saso-koca"},"office":"Ob\u010dinski svetnik","office_code":"local_councillor","role_detail":"izvoljen z liste SOCIALNI DEMOKRATI","organization":{"name":"Moravske Toplice","slug":"moravske-toplice"},"since":"2022-11-20","since_precision":"inferred","until":null,"status":"elected","current":true,"sources":[{"authority":"Dr\u017eavna volilna komisija","url":"https:\/\/www.dvk-rs.si\/arhivi\/volitve2022\/lv2022\/data\/prvikrog\/obcine-data\/data_078.json"}]},{"person":{"name":"\u0160tefan Kodila","slug":"stefan-kodila"},"office":"Ob\u010dinski svetnik","office_code":"local_councillor","role_detail":"izvoljen z liste SLOVENSKA LJUDSKA STRANKA","organization":{"name":"Moravske Toplice","slug":"moravske-toplice"},"since":"2022-11-20","since_precision":"inferred","until":null,"status":"elected","current":true,"sources":[{"authority":"Dr\u017eavna volilna komisija","url":"https:\/\/www.dvk-rs.si\/arhivi\/volitve2022\/lv2022\/data\/prvikrog\/obcine-data\/data_078.json"}]},{"person":{"name":"Alojz Trplan","slug":"alojz-trplan"},"office":"Ob\u010dinski svetnik","office_code":"local_councillor","role_detail":"izvoljen z liste SLOVENSKA LJUDSKA STRANKA","organization":{"name":"Moravske Toplice","slug":"moravske-toplice"},"since":"2022-11-20","since_precision":"inferred","until":null,"status":"elected","current":true,"sources":[{"authority":"Dr\u017eavna volilna komisija","url":"https:\/\/www.dvk-rs.si\/arhivi\/volitve2022\/lv2022\/data\/prvikrog\/obcine-data\/data_078.json"}]},{"person":{"name":"\u0160tefan Hul","slug":"stefan-hul"},"office":"Ob\u010dinski svetnik","office_code":"local_councillor","role_detail":"izvoljen z liste SLOVENSKA DEMOKRATSKA STRANKA","organization":{"name":"Moravske Toplice","slug":"moravske-toplice"},"since":"2022-11-20","since_precision":"inferred","until":null,"status":"elected","current":true,"sources":[{"authority":"Dr\u017eavna volilna komisija","url":"https:\/\/www.dvk-rs.si\/arhivi\/volitve2022\/lv2022\/data\/prvikrog\/obcine-data\/data_078.json"}]},{"person":{"name":"Andrej Baliga\u010d","slug":"andrej-baligac"},"office":"Ob\u010dinski svetnik","office_code":"local_councillor","role_detail":"izvoljen z liste SLOVENSKA DEMOKRATSKA STRANKA","organization":{"name":"Moravske Toplice","slug":"moravske-toplice"},"since":"2022-11-20","since_precision":"inferred","until":null,"status":"elected","current":true,"sources":[{"authority":"Dr\u017eavna volilna komisija","url":"https:\/\/www.dvk-rs.si\/arhivi\/volitve2022\/lv2022\/data\/prvikrog\/obcine-data\/data_078.json"}]},{"person":{"name":"Mihael Horvat","slug":"mihael-horvat"},"office":"Ob\u010dinski svetnik","office_code":"local_councillor","role_detail":"izvoljen z liste SLOVENSKA DEMOKRATSKA STRANKA","organization":{"name":"Moravske Toplice","slug":"moravske-toplice"},"since":"2022-11-20","since_precision":"inferred","until":null,"status":"elected","current":true,"sources":[{"authority":"Dr\u017eavna volilna komisija","url":"https:\/\/www.dvk-rs.si\/arhivi\/volitve2022\/lv2022\/data\/prvikrog\/obcine-data\/data_078.json"}]},{"person":{"name":"Alojz Glava\u010d","slug":"alojz-glavac"},"office":"\u017dupan","office_code":"mayor","role_detail":null,"organization":{"name":"Moravske Toplice","slug":"moravske-toplice"},"since":"2022-11-20","since_precision":"inferred","until":null,"status":"elected","current":true,"sources":[{"authority":"Dr\u017eavna volilna komisija","url":"https:\/\/www.dvk-rs.si\/arhivi\/volitve2022\/lv2022\/data\/ostale_obcine.json"}]}],"children":[{"slug":"dvojezicna-osnovna-sola-prosenjakovci-ketnyelvu-altalanos-iskola-partosfalva","name":"Dvojezi\u010dna Osnovna \u0160ola Prosenjakovci - K\u00e9tnyelv\u00fc \u00c1ltal\u00e1nos Iskola, P\u00e1rtosfalva","type":"public_institute","body_type":null},{"slug":"krajevna-skupnost-andrejci","name":"Krajevna Skupnost Andrejci","type":"local_community","body_type":null},{"slug":"krajevna-skupnost-berkovci","name":"Krajevna Skupnost Berkovci","type":"local_community","body_type":null},{"slug":"krajevna-skupnost-bogojina","name":"Krajevna Skupnost Bogojina","type":"local_community","body_type":null},{"slug":"krajevna-skupnost-bukovnica","name":"Krajevna Skupnost Bukovnica","type":"local_community","body_type":null},{"slug":"krajevna-skupnost-cikecka-vas","name":"Krajevna Skupnost \u010cike\u010dka Vas","type":"local_community","body_type":null},{"slug":"krajevna-skupnost-filovci","name":"Krajevna Skupnost Filovci","type":"local_community","body_type":null},{"slug":"krajevna-skupnost-fokovci","name":"Krajevna Skupnost Fokovci","type":"local_community","body_type":null},{"slug":"krajevna-skupnost-ivanci","name":"Krajevna Skupnost Ivanci","type":"local_community","body_type":null},{"slug":"krajevna-skupnost-ivanjsevci","name":"Krajevna Skupnost Ivanj\u0161evci","type":"local_community","body_type":null},{"slug":"krajevna-skupnost-ivanovci","name":"Krajevna Skupnost Ivanovci","type":"local_community","body_type":null},{"slug":"krajevna-skupnost-kancevci","name":"Krajevna Skupnost Kan\u010devci","type":"local_community","body_type":null},{"slug":"krajevna-skupnost-krnci","name":"Krajevna Skupnost Krnci","type":"local_community","body_type":null},{"slug":"krajevna-skupnost-loncarovci","name":"Krajevna Skupnost Lon\u010darovci","type":"local_community","body_type":null},{"slug":"krajevna-skupnost-martjanci","name":"Krajevna Skupnost Martjanci","type":"local_community","body_type":null},{"slug":"krajevna-skupnost-mlajtinci-lukacevci","name":"Krajevna Skupnost Mlajtinci-Luka\u010devci","type":"local_community","body_type":null},{"slug":"krajevna-skupnost-moravske-toplice","name":"Krajevna Skupnost Moravske Toplice","type":"local_community","body_type":null},{"slug":"krajevna-skupnost-motvarjevci","name":"Krajevna Skupnost Motvarjevci","type":"local_community","body_type":null},{"slug":"krajevna-skupnost-norsinci","name":"Krajevna Skupnost Nor\u0161inci","type":"local_community","body_type":null},{"slug":"krajevna-skupnost-pordasinci","name":"Krajevna Skupnost Porda\u0161inci","type":"local_community","body_type":null},{"slug":"krajevna-skupnost-prosenjakovci","name":"Krajevna Skupnost Prosenjakovci","type":"local_community","body_type":null},{"slug":"krajevna-skupnost-ratkovci","name":"Krajevna Skupnost Ratkovci","type":"local_community","body_type":null},{"slug":"krajevna-skupnost-sebeborci","name":"Krajevna Skupnost Sebeborci","type":"local_community","body_type":null},{"slug":"krajevna-skupnost-sredisce","name":"Krajevna Skupnost Sredi\u0161\u010de","type":"local_community","body_type":null},{"slug":"krajevna-skupnost-suhi-vrh","name":"Krajevna Skupnost Suhi Vrh","type":"local_community","body_type":null},{"slug":"krajevna-skupnost-tesanovci","name":"Krajevna Skupnost Te\u0161anovci","type":"local_community","body_type":null},{"slug":"krajevna-skupnost-vucja-gomila","name":"Krajevna Skupnost Vu\u010dja Gomila","type":"local_community","body_type":null},{"slug":"obcina-moravske-toplice-krajevna-skupnost-selo","name":"Ob\u010dina Moravske Toplice, Krajevna Skupnost Selo","type":"local_community","body_type":null},{"slug":"osnovna-sola-bogojina","name":"Osnovna \u0160ola Bogojina","type":"public_institute","body_type":null},{"slug":"osnovna-sola-fokovci","name":"Osnovna \u0160ola Fokovci","type":"public_institute","body_type":null},{"slug":"turisticno-informativni-center-moravske-toplice","name":"Turisti\u010dno-Informativni Center Moravske Toplice","type":"public_institute","body_type":null},{"slug":"vrtci-obcine-moravske-toplice","name":"Vrtci Ob\u010dine Moravske Toplice","type":"public_institute","body_type":null}]}