{"data":{"slug":"murska-sobota","name":"Murska Sobota","type":"municipality","type_label":"Ob\u010dina","body_type":null,"parent":null,"website":null,"phone":null,"address":"Kardo\u0161eva ulica 002, 9000 MURSKA SOBOTA","email":"mestna.obcina@murska-sobota.si","leader":{"name":"Damjan An\u017eelj","person_slug":"damjan-anzelj","office":"\u017dupan","office_code":"mayor","since":"2022-12-04"},"image":null,"sources":[],"url":"https:\/\/kdo-vodi.si\/organ\/murska-sobota","api_url":"https:\/\/kdo-vodi.si\/api\/v1\/organizations\/murska-sobota"},"office_holders":[{"person":{"name":"Mitja Kova\u010di\u010d","slug":"mitja-kovacic"},"office":"Ob\u010dinski svetnik","office_code":"local_councillor","role_detail":"izvoljen z liste SOCIALNI DEMOKRATI","organization":{"name":"Murska Sobota","slug":"murska-sobota"},"since":"2022-11-20","since_precision":"inferred","until":null,"status":"elected","current":true,"sources":[{"authority":"Dr\u017eavna volilna komisija","url":"https:\/\/www.dvk-rs.si\/arhivi\/volitve2022\/lv2022\/data\/prvikrog\/obcine-data\/data_080.json"}]},{"person":{"name":"Bernardka Ru\u017ei\u010d","slug":"bernardka-ruzic"},"office":"Ob\u010dinski svetnik","office_code":"local_councillor","role_detail":"izvoljen z liste SOCIALNI DEMOKRATI","organization":{"name":"Murska Sobota","slug":"murska-sobota"},"since":"2022-11-20","since_precision":"inferred","until":null,"status":"elected","current":true,"sources":[{"authority":"Dr\u017eavna volilna komisija","url":"https:\/\/www.dvk-rs.si\/arhivi\/volitve2022\/lv2022\/data\/prvikrog\/obcine-data\/data_080.json"}]},{"person":{"name":"Damjan An\u017eelj","slug":"damjan-anzelj"},"office":"Ob\u010dinski svetnik","office_code":"local_councillor","role_detail":"izvoljen z liste SOCIALNI DEMOKRATI","organization":{"name":"Murska Sobota","slug":"murska-sobota"},"since":"2022-11-20","since_precision":"inferred","until":null,"status":"elected","current":true,"sources":[{"authority":"Dr\u017eavna volilna komisija","url":"https:\/\/www.dvk-rs.si\/arhivi\/volitve2022\/lv2022\/data\/prvikrog\/obcine-data\/data_080.json"}]},{"person":{"name":"Anton \u0160kraban","slug":"anton-skraban"},"office":"Ob\u010dinski svetnik","office_code":"local_councillor","role_detail":"izvoljen z liste NOVA SLOVENIJA - KR\u0160\u010cANSKI DEMOKRATI","organization":{"name":"Murska Sobota","slug":"murska-sobota"},"since":"2022-11-20","since_precision":"inferred","until":null,"status":"elected","current":true,"sources":[{"authority":"Dr\u017eavna volilna komisija","url":"https:\/\/www.dvk-rs.si\/arhivi\/volitve2022\/lv2022\/data\/prvikrog\/obcine-data\/data_080.json"}]},{"person":{"name":"Miran Forjani\u010d","slug":"miran-forjanic"},"office":"Ob\u010dinski svetnik","office_code":"local_councillor","role_detail":"izvoljen z liste LISTA ZA NA\u0160O SOBOTO","organization":{"name":"Murska Sobota","slug":"murska-sobota"},"since":"2022-11-20","since_precision":"inferred","until":null,"status":"elected","current":true,"sources":[{"authority":"Dr\u017eavna volilna komisija","url":"https:\/\/www.dvk-rs.si\/arhivi\/volitve2022\/lv2022\/data\/prvikrog\/obcine-data\/data_080.json"}]},{"person":{"name":"Drago Vigali","slug":"drago-vigali"},"office":"Ob\u010dinski svetnik","office_code":"local_councillor","role_detail":"izvoljen z liste SLOVENSKA DEMOKRATSKA STRANKA","organization":{"name":"Murska Sobota","slug":"murska-sobota"},"since":"2022-11-20","since_precision":"inferred","until":null,"status":"elected","current":true,"sources":[{"authority":"Dr\u017eavna volilna komisija","url":"https:\/\/www.dvk-rs.si\/arhivi\/volitve2022\/lv2022\/data\/prvikrog\/obcine-data\/data_080.json"}]},{"person":{"name":"Bojan Petrijan","slug":"bojan-petrijan"},"office":"Ob\u010dinski svetnik","office_code":"local_councillor","role_detail":"izvoljen z liste SLOVENSKA DEMOKRATSKA STRANKA","organization":{"name":"Murska Sobota","slug":"murska-sobota"},"since":"2022-11-20","since_precision":"inferred","until":null,"status":"elected","current":true,"sources":[{"authority":"Dr\u017eavna volilna komisija","url":"https:\/\/www.dvk-rs.si\/arhivi\/volitve2022\/lv2022\/data\/prvikrog\/obcine-data\/data_080.json"}]},{"person":{"name":"Nives Cajnko","slug":"nives-cajnko"},"office":"Ob\u010dinski svetnik","office_code":"local_councillor","role_detail":"izvoljen z liste GIBANJE SVOBODA","organization":{"name":"Murska Sobota","slug":"murska-sobota"},"since":"2022-11-20","since_precision":"inferred","until":null,"status":"elected","current":true,"sources":[{"authority":"Dr\u017eavna volilna komisija","url":"https:\/\/www.dvk-rs.si\/arhivi\/volitve2022\/lv2022\/data\/prvikrog\/obcine-data\/data_080.json"}]},{"person":{"name":"Matej Grah","slug":"matej-grah"},"office":"Ob\u010dinski svetnik","office_code":"local_councillor","role_detail":"izvoljen z liste GIBANJE SVOBODA","organization":{"name":"Murska Sobota","slug":"murska-sobota"},"since":"2022-11-20","since_precision":"inferred","until":null,"status":"elected","current":true,"sources":[{"authority":"Dr\u017eavna volilna komisija","url":"https:\/\/www.dvk-rs.si\/arhivi\/volitve2022\/lv2022\/data\/prvikrog\/obcine-data\/data_080.json"}]},{"person":{"name":"Timi Gomboc","slug":"timi-gomboc"},"office":"Ob\u010dinski svetnik","office_code":"local_councillor","role_detail":"izvoljen z liste SOCIALNI DEMOKRATI","organization":{"name":"Murska Sobota","slug":"murska-sobota"},"since":"2022-11-20","since_precision":"inferred","until":null,"status":"elected","current":true,"sources":[{"authority":"Dr\u017eavna volilna komisija","url":"https:\/\/www.dvk-rs.si\/arhivi\/volitve2022\/lv2022\/data\/prvikrog\/obcine-data\/data_080.json"}]},{"person":{"name":"Brigita Perhavec","slug":"brigita-perhavec"},"office":"Ob\u010dinski svetnik","office_code":"local_councillor","role_detail":"izvoljen z liste SOCIALNI DEMOKRATI","organization":{"name":"Murska Sobota","slug":"murska-sobota"},"since":"2022-11-20","since_precision":"inferred","until":null,"status":"elected","current":true,"sources":[{"authority":"Dr\u017eavna volilna komisija","url":"https:\/\/www.dvk-rs.si\/arhivi\/volitve2022\/lv2022\/data\/prvikrog\/obcine-data\/data_080.json"}]},{"person":{"name":"Zoran Hoblaj","slug":"zoran-hoblaj"},"office":"Ob\u010dinski svetnik","office_code":"local_councillor","role_detail":"izvoljen z liste SOCIALNI DEMOKRATI","organization":{"name":"Murska Sobota","slug":"murska-sobota"},"since":"2022-11-20","since_precision":"inferred","until":null,"status":"elected","current":true,"sources":[{"authority":"Dr\u017eavna volilna komisija","url":"https:\/\/www.dvk-rs.si\/arhivi\/volitve2022\/lv2022\/data\/prvikrog\/obcine-data\/data_080.json"}]},{"person":{"name":"Nada Kuhar","slug":"nada-kuhar"},"office":"Ob\u010dinski svetnik","office_code":"local_councillor","role_detail":"izvoljen z liste SLOVENSKA DEMOKRATSKA STRANKA","organization":{"name":"Murska Sobota","slug":"murska-sobota"},"since":"2022-11-20","since_precision":"inferred","until":null,"status":"elected","current":true,"sources":[{"authority":"Dr\u017eavna volilna komisija","url":"https:\/\/www.dvk-rs.si\/arhivi\/volitve2022\/lv2022\/data\/prvikrog\/obcine-data\/data_080.json"}]},{"person":{"name":"Andrej Me\u0161i\u010d","slug":"andrej-mesic"},"office":"Ob\u010dinski svetnik","office_code":"local_councillor","role_detail":"izvoljen z liste SLOVENSKA DEMOKRATSKA STRANKA","organization":{"name":"Murska Sobota","slug":"murska-sobota"},"since":"2022-11-20","since_precision":"inferred","until":null,"status":"elected","current":true,"sources":[{"authority":"Dr\u017eavna volilna komisija","url":"https:\/\/www.dvk-rs.si\/arhivi\/volitve2022\/lv2022\/data\/prvikrog\/obcine-data\/data_080.json"}]},{"person":{"name":"Sta\u0161a Horvat","slug":"stasa-horvat"},"office":"Ob\u010dinski svetnik","office_code":"local_councillor","role_detail":"izvoljen z liste GIBANJE SVOBODA","organization":{"name":"Murska Sobota","slug":"murska-sobota"},"since":"2022-11-20","since_precision":"inferred","until":null,"status":"elected","current":true,"sources":[{"authority":"Dr\u017eavna volilna komisija","url":"https:\/\/www.dvk-rs.si\/arhivi\/volitve2022\/lv2022\/data\/prvikrog\/obcine-data\/data_080.json"}]},{"person":{"name":"Gorazd Kerec","slug":"gorazd-kerec"},"office":"Ob\u010dinski svetnik","office_code":"local_councillor","role_detail":"izvoljen z liste GIBANJE SVOBODA","organization":{"name":"Murska Sobota","slug":"murska-sobota"},"since":"2022-11-20","since_precision":"inferred","until":null,"status":"elected","current":true,"sources":[{"authority":"Dr\u017eavna volilna komisija","url":"https:\/\/www.dvk-rs.si\/arhivi\/volitve2022\/lv2022\/data\/prvikrog\/obcine-data\/data_080.json"}]},{"person":{"name":"Iris Lan\u0161\u010dak","slug":"iris-lanscak"},"office":"Ob\u010dinski svetnik","office_code":"local_councillor","role_detail":"izvoljen z liste GIBANJE SVOBODA","organization":{"name":"Murska Sobota","slug":"murska-sobota"},"since":"2022-11-20","since_precision":"inferred","until":null,"status":"elected","current":true,"sources":[{"authority":"Dr\u017eavna volilna komisija","url":"https:\/\/www.dvk-rs.si\/arhivi\/volitve2022\/lv2022\/data\/prvikrog\/obcine-data\/data_080.json"}]},{"person":{"name":"Jure Lang","slug":"jure-lang"},"office":"Ob\u010dinski svetnik","office_code":"local_councillor","role_detail":"izvoljen z liste GIBANJE SVOBODA","organization":{"name":"Murska Sobota","slug":"murska-sobota"},"since":"2022-11-20","since_precision":"inferred","until":null,"status":"elected","current":true,"sources":[{"authority":"Dr\u017eavna volilna komisija","url":"https:\/\/www.dvk-rs.si\/arhivi\/volitve2022\/lv2022\/data\/prvikrog\/obcine-data\/data_080.json"}]},{"person":{"name":"Anton Slavic","slug":"anton-slavic"},"office":"Ob\u010dinski svetnik","office_code":"local_councillor","role_detail":"izvoljen z liste NEODVISNA STRANKA POMURJA","organization":{"name":"Murska Sobota","slug":"murska-sobota"},"since":"2022-11-20","since_precision":"inferred","until":null,"status":"elected","current":true,"sources":[{"authority":"Dr\u017eavna volilna komisija","url":"https:\/\/www.dvk-rs.si\/arhivi\/volitve2022\/lv2022\/data\/prvikrog\/obcine-data\/data_080.json"}]},{"person":{"name":"Daniela M\u00f6rec","slug":"daniela-morec"},"office":"Ob\u010dinski svetnik","office_code":"local_councillor","role_detail":"izvoljen z liste SOCIALNI DEMOKRATI","organization":{"name":"Murska Sobota","slug":"murska-sobota"},"since":"2022-11-20","since_precision":"inferred","until":null,"status":"elected","current":true,"sources":[{"authority":"Dr\u017eavna volilna komisija","url":"https:\/\/www.dvk-rs.si\/arhivi\/volitve2022\/lv2022\/data\/prvikrog\/obcine-data\/data_080.json"}]},{"person":{"name":"Goran Milo\u0161evi\u010d","slug":"goran-milosevic"},"office":"Ob\u010dinski svetnik","office_code":"local_councillor","role_detail":"izvoljen z liste SOCIALNI DEMOKRATI","organization":{"name":"Murska Sobota","slug":"murska-sobota"},"since":"2022-11-20","since_precision":"inferred","until":null,"status":"elected","current":true,"sources":[{"authority":"Dr\u017eavna volilna komisija","url":"https:\/\/www.dvk-rs.si\/arhivi\/volitve2022\/lv2022\/data\/prvikrog\/obcine-data\/data_080.json"}]},{"person":{"name":"Tamara Gradinski","slug":"tamara-gradinski"},"office":"Ob\u010dinski svetnik","office_code":"local_councillor","role_detail":"izvoljen z liste SLOVENSKA DEMOKRATSKA STRANKA","organization":{"name":"Murska Sobota","slug":"murska-sobota"},"since":"2022-11-20","since_precision":"inferred","until":null,"status":"elected","current":true,"sources":[{"authority":"Dr\u017eavna volilna komisija","url":"https:\/\/www.dvk-rs.si\/arhivi\/volitve2022\/lv2022\/data\/prvikrog\/obcine-data\/data_080.json"}]},{"person":{"name":"Ale\u0161 Kornik","slug":"ales-kornik"},"office":"Ob\u010dinski svetnik","office_code":"local_councillor","role_detail":"izvoljen z liste SLOVENSKA DEMOKRATSKA STRANKA","organization":{"name":"Murska Sobota","slug":"murska-sobota"},"since":"2022-11-20","since_precision":"inferred","until":null,"status":"elected","current":true,"sources":[{"authority":"Dr\u017eavna volilna komisija","url":"https:\/\/www.dvk-rs.si\/arhivi\/volitve2022\/lv2022\/data\/prvikrog\/obcine-data\/data_080.json"}]},{"person":{"name":"Mojca Bre\u0161\u010dak","slug":"mojca-brescak"},"office":"Ob\u010dinski svetnik","office_code":"local_councillor","role_detail":"izvoljen z liste GIBANJE SVOBODA","organization":{"name":"Murska Sobota","slug":"murska-sobota"},"since":"2022-11-20","since_precision":"inferred","until":null,"status":"elected","current":true,"sources":[{"authority":"Dr\u017eavna volilna komisija","url":"https:\/\/www.dvk-rs.si\/arhivi\/volitve2022\/lv2022\/data\/prvikrog\/obcine-data\/data_080.json"}]},{"person":{"name":"Mitja Horvat","slug":"mitja-horvat"},"office":"Ob\u010dinski svetnik","office_code":"local_councillor","role_detail":"izvoljen z liste GIBANJE SVOBODA","organization":{"name":"Murska Sobota","slug":"murska-sobota"},"since":"2022-11-20","since_precision":"inferred","until":null,"status":"elected","current":true,"sources":[{"authority":"Dr\u017eavna volilna komisija","url":"https:\/\/www.dvk-rs.si\/arhivi\/volitve2022\/lv2022\/data\/prvikrog\/obcine-data\/data_080.json"}]},{"person":{"name":"Damjan An\u017eelj","slug":"damjan-anzelj"},"office":"\u017dupan","office_code":"mayor","role_detail":null,"organization":{"name":"Murska Sobota","slug":"murska-sobota"},"since":"2022-12-04","since_precision":"inferred","until":null,"status":"elected","current":true,"sources":[{"authority":"Dr\u017eavna volilna komisija","url":"https:\/\/www.dvk-rs.si\/arhivi\/volitve2022\/lv2022\/data\/drugi_krog.json"}]}],"children":[{"slug":"galerija-murska-sobota","name":"GALERIJA Murska Sobota","type":"public_institute","body_type":null},{"slug":"glasbena-sola-murska-sobota","name":"Glasbena \u0160ola Murska Sobota","type":"public_institute","body_type":null},{"slug":"javni-zavod-za-opravljanje-spremljajocih-dejavnosti-vzgoje-in-izobrazevanja-murska-sobota","name":"Javni zavod za opravljanje spremljajo\u010dih dejavnosti vzgoje in izobra\u017eevanja Murska Sobota","type":"public_institute","body_type":null},{"slug":"krajevna-skupnost-bakovci","name":"Krajevna Skupnost Bakovci","type":"local_community","body_type":null},{"slug":"krajevna-skupnost-cernelavci","name":"Krajevna Skupnost \u010cernelavci","type":"local_community","body_type":null},{"slug":"krajevna-skupnost-krog","name":"Krajevna Skupnost Krog","type":"local_community","body_type":null},{"slug":"krajevna-skupnost-kupsinci","name":"Krajevna Skupnost Kup\u0161inci","type":"local_community","body_type":null},{"slug":"krajevna-skupnost-markisavci","name":"Krajevna Skupnost Marki\u0161avci","type":"local_community","body_type":null},{"slug":"krajevna-skupnost-nemcavci","name":"Krajevna Skupnost Nem\u010davci","type":"local_community","body_type":null},{"slug":"krajevna-skupnost-polana","name":"Krajevna Skupnost Polana","type":"local_community","body_type":null},{"slug":"krajevna-skupnost-pusca","name":"Krajevna Skupnost Pu\u0161\u010da","type":"local_community","body_type":null},{"slug":"krajevna-skupnost-rakican","name":"Krajevna Skupnost Raki\u010dan","type":"local_community","body_type":null},{"slug":"krajevna-skupnost-satahovci","name":"Krajevna Skupnost Satahovci","type":"local_community","body_type":null},{"slug":"krajevna-skupnost-vescica","name":"Krajevna Skupnost Ve\u0161\u010dica","type":"local_community","body_type":null},{"slug":"ljudska-univerza-murska-sobota-zavod-za-permanentno-izobrazevanje","name":"Ljudska Univerza Murska Sobota, Zavod Za Permanentno Izobra\u017eevanje","type":"public_institute","body_type":null},{"slug":"mestna-cetrt-center-murska-sobota","name":"Mestna \u010cetrt Center Murska Sobota","type":"local_community","body_type":null},{"slug":"mestna-cetrt-ledava-murska-sobota","name":"Mestna \u010cetrt Ledava Murska Sobota","type":"local_community","body_type":null},{"slug":"mestna-cetrt-park-murska-sobota","name":"Mestna \u010cetrt Park Murska Sobota","type":"local_community","body_type":null},{"slug":"mestna-cetrt-partizan-murska-sobota","name":"Mestna \u010cetrt Partizan Murska Sobota","type":"local_community","body_type":null},{"slug":"mestna-cetrt-turopolje-murska-sobota","name":"Mestna \u010cetrt Turopolje Murska Sobota","type":"local_community","body_type":null},{"slug":"mladinski-informativni-in-kulturni-klub-murska-sobota","name":"Mladinski Informativni In Kulturni Klub Murska Sobota","type":"public_institute","body_type":null},{"slug":"osnovna-sola-bakovci","name":"Osnovna \u0160ola Bakovci","type":"public_institute","body_type":null},{"slug":"osnovna-sola-i-murska-sobota","name":"Osnovna \u0160ola I Murska Sobota","type":"public_institute","body_type":null},{"slug":"osnovna-sola-ii-murska-sobota","name":"Osnovna \u0160ola Ii Murska Sobota","type":"public_institute","body_type":null},{"slug":"osnovna-sola-iii-murska-sobota","name":"Osnovna \u0160ola Iii Murska Sobota","type":"public_institute","body_type":null},{"slug":"osnovna-sola-iv-murska-sobota","name":"Osnovna \u0160ola Iv Murska Sobota","type":"public_institute","body_type":null},{"slug":"pokrajinska-in-studijska-knjiznica-murska-sobota","name":"Pokrajinska In \u0160tudijska Knji\u017enica Murska Sobota","type":"public_institute","body_type":null},{"slug":"pomurske-lekarne-murska-sobota","name":"POMURSKE LEKARNE Murska Sobota","type":"public_institute","body_type":null},{"slug":"pomurski-muzej-murska-sobota","name":"Pomurski Muzej Murska Sobota","type":"public_institute","body_type":null},{"slug":"razvojni-center-murska-sobota-development-centre-murska-sobota","name":"Razvojni Center Murska Sobota Development Centre Murska Sobota","type":"public_institute","body_type":null},{"slug":"ris-raziskovalno-izobrazevalno-sredisce-dvorec-rakican-v-stecaju","name":"RIS, Raziskovalno izobra\u017eevalno sredi\u0161\u010de Dvorec Raki\u010dan- v ste\u010daju","type":"public_institute","body_type":null},{"slug":"vrtec-murska-sobota","name":"Vrtec Murska Sobota","type":"public_institute","body_type":null},{"slug":"zavod-za-kulturo-turizem-in-sport-murska-sobota","name":"Zavod za kulturo, turizem in \u0161port Murska Sobota","type":"public_institute","body_type":null},{"slug":"zdravstveni-dom-murska-sobota","name":"Zdravstveni Dom Murska Sobota","type":"public_institute","body_type":null}]}