{"data":{"slug":"postojna","name":"Postojna","type":"municipality","type_label":"Ob\u010dina","body_type":null,"parent":null,"website":null,"phone":null,"address":"Ljubljanska cesta 004, 6230 POSTOJNA","email":"obcina@postojna.si, obcinapostojna@poslovna.posta.si","leader":{"name":"Igor Marenti\u010d","person_slug":"igor-marentic","office":"\u017dupan","office_code":"mayor","since":"2022-11-20"},"image":{"url":"https:\/\/commons.wikimedia.org\/wiki\/Special:FilePath\/COA-Postojna.gif","attribution":"Wikimedia Commons","source":"https:\/\/commons.wikimedia.org\/wiki\/Special:FilePath\/COA-Postojna.gif","hosted":false},"sources":[],"url":"https:\/\/kdo-vodi.si\/organ\/postojna","api_url":"https:\/\/kdo-vodi.si\/api\/v1\/organizations\/postojna"},"office_holders":[{"person":{"name":"Nata\u0161a Re\u017eek Donev","slug":"natasa-rezek-donev"},"office":"Ob\u010dinski svetnik","office_code":"local_councillor","role_detail":"izvoljen z liste Lista MI ZNAMO","organization":{"name":"Postojna","slug":"postojna"},"since":"2022-11-20","since_precision":"inferred","until":null,"status":"elected","current":true,"sources":[{"authority":"Dr\u017eavna volilna komisija","url":"https:\/\/www.dvk-rs.si\/arhivi\/volitve2022\/lv2022\/data\/prvikrog\/obcine-data\/data_094.json"}]},{"person":{"name":"Andrej Berginc","slug":"andrej-berginc"},"office":"Ob\u010dinski svetnik","office_code":"local_councillor","role_detail":"izvoljen z liste Lista MI ZNAMO","organization":{"name":"Postojna","slug":"postojna"},"since":"2022-11-20","since_precision":"inferred","until":null,"status":"elected","current":true,"sources":[{"authority":"Dr\u017eavna volilna komisija","url":"https:\/\/www.dvk-rs.si\/arhivi\/volitve2022\/lv2022\/data\/prvikrog\/obcine-data\/data_094.json"}]},{"person":{"name":"Tanja Dekleva","slug":"tanja-dekleva"},"office":"Ob\u010dinski svetnik","office_code":"local_councillor","role_detail":"izvoljen z liste Lista MI ZNAMO","organization":{"name":"Postojna","slug":"postojna"},"since":"2022-11-20","since_precision":"inferred","until":null,"status":"elected","current":true,"sources":[{"authority":"Dr\u017eavna volilna komisija","url":"https:\/\/www.dvk-rs.si\/arhivi\/volitve2022\/lv2022\/data\/prvikrog\/obcine-data\/data_094.json"}]},{"person":{"name":"Igor Marenti\u010d","slug":"igor-marentic"},"office":"Ob\u010dinski svetnik","office_code":"local_councillor","role_detail":"izvoljen z liste Lista MI ZNAMO","organization":{"name":"Postojna","slug":"postojna"},"since":"2022-11-20","since_precision":"inferred","until":null,"status":"elected","current":true,"sources":[{"authority":"Dr\u017eavna volilna komisija","url":"https:\/\/www.dvk-rs.si\/arhivi\/volitve2022\/lv2022\/data\/prvikrog\/obcine-data\/data_094.json"}]},{"person":{"name":"Denis Smiljani\u0107","slug":"denis-smiljanic"},"office":"Ob\u010dinski svetnik","office_code":"local_councillor","role_detail":"izvoljen z liste TeK za NAPREDEK - Tea Konrad","organization":{"name":"Postojna","slug":"postojna"},"since":"2022-11-20","since_precision":"inferred","until":null,"status":"elected","current":true,"sources":[{"authority":"Dr\u017eavna volilna komisija","url":"https:\/\/www.dvk-rs.si\/arhivi\/volitve2022\/lv2022\/data\/prvikrog\/obcine-data\/data_094.json"}]},{"person":{"name":"Anita Knez","slug":"anita-knez"},"office":"Ob\u010dinski svetnik","office_code":"local_councillor","role_detail":"izvoljen z liste TeK za NAPREDEK - Tea Konrad","organization":{"name":"Postojna","slug":"postojna"},"since":"2022-11-20","since_precision":"inferred","until":null,"status":"elected","current":true,"sources":[{"authority":"Dr\u017eavna volilna komisija","url":"https:\/\/www.dvk-rs.si\/arhivi\/volitve2022\/lv2022\/data\/prvikrog\/obcine-data\/data_094.json"}]},{"person":{"name":"Tea Konrad","slug":"tea-konrad"},"office":"Ob\u010dinski svetnik","office_code":"local_councillor","role_detail":"izvoljen z liste TeK za NAPREDEK - Tea Konrad","organization":{"name":"Postojna","slug":"postojna"},"since":"2022-11-20","since_precision":"inferred","until":null,"status":"elected","current":true,"sources":[{"authority":"Dr\u017eavna volilna komisija","url":"https:\/\/www.dvk-rs.si\/arhivi\/volitve2022\/lv2022\/data\/prvikrog\/obcine-data\/data_094.json"}]},{"person":{"name":"Tadej Smrdel","slug":"tadej-smrdel"},"office":"Ob\u010dinski svetnik","office_code":"local_councillor","role_detail":"izvoljen z liste LISTA KRAJEVNIH SKUPNOSTI POPER, ZA PODE\u017dELJE IN MESTO","organization":{"name":"Postojna","slug":"postojna"},"since":"2022-11-20","since_precision":"inferred","until":null,"status":"elected","current":true,"sources":[{"authority":"Dr\u017eavna volilna komisija","url":"https:\/\/www.dvk-rs.si\/arhivi\/volitve2022\/lv2022\/data\/prvikrog\/obcine-data\/data_094.json"}]},{"person":{"name":"Maja Koro\u0161ec","slug":"maja-korosec"},"office":"Ob\u010dinski svetnik","office_code":"local_councillor","role_detail":"izvoljen z liste LISTA KRAJEVNIH SKUPNOSTI POPER, ZA PODE\u017dELJE IN MESTO","organization":{"name":"Postojna","slug":"postojna"},"since":"2022-11-20","since_precision":"inferred","until":null,"status":"elected","current":true,"sources":[{"authority":"Dr\u017eavna volilna komisija","url":"https:\/\/www.dvk-rs.si\/arhivi\/volitve2022\/lv2022\/data\/prvikrog\/obcine-data\/data_094.json"}]},{"person":{"name":"Andrej Polj\u0161ak","slug":"andrej-poljsak"},"office":"Ob\u010dinski svetnik","office_code":"local_councillor","role_detail":"izvoljen z liste LISTA KRAJEVNIH SKUPNOSTI POPER, ZA PODE\u017dELJE IN MESTO","organization":{"name":"Postojna","slug":"postojna"},"since":"2022-11-20","since_precision":"inferred","until":null,"status":"elected","current":true,"sources":[{"authority":"Dr\u017eavna volilna komisija","url":"https:\/\/www.dvk-rs.si\/arhivi\/volitve2022\/lv2022\/data\/prvikrog\/obcine-data\/data_094.json"}]},{"person":{"name":"Tina Klanj\u0161ek","slug":"tina-klanjsek"},"office":"Ob\u010dinski svetnik","office_code":"local_councillor","role_detail":"izvoljen z liste LISTA KRAJEVNIH SKUPNOSTI POPER, ZA PODE\u017dELJE IN MESTO","organization":{"name":"Postojna","slug":"postojna"},"since":"2022-11-20","since_precision":"inferred","until":null,"status":"elected","current":true,"sources":[{"authority":"Dr\u017eavna volilna komisija","url":"https:\/\/www.dvk-rs.si\/arhivi\/volitve2022\/lv2022\/data\/prvikrog\/obcine-data\/data_094.json"}]},{"person":{"name":"Alja\u017e Mer\u0161e Vi\u010di\u010d","slug":"aljaz-merse-vicic"},"office":"Ob\u010dinski svetnik","office_code":"local_councillor","role_detail":"izvoljen z liste GIBANJE SVOBODA","organization":{"name":"Postojna","slug":"postojna"},"since":"2022-11-20","since_precision":"inferred","until":null,"status":"elected","current":true,"sources":[{"authority":"Dr\u017eavna volilna komisija","url":"https:\/\/www.dvk-rs.si\/arhivi\/volitve2022\/lv2022\/data\/prvikrog\/obcine-data\/data_094.json"}]},{"person":{"name":"Katja \u010cehovin","slug":"katja-cehovin"},"office":"Ob\u010dinski svetnik","office_code":"local_councillor","role_detail":"izvoljen z liste GIBANJE SVOBODA","organization":{"name":"Postojna","slug":"postojna"},"since":"2022-11-20","since_precision":"inferred","until":null,"status":"elected","current":true,"sources":[{"authority":"Dr\u017eavna volilna komisija","url":"https:\/\/www.dvk-rs.si\/arhivi\/volitve2022\/lv2022\/data\/prvikrog\/obcine-data\/data_094.json"}]},{"person":{"name":"Robert Pav\u0161i\u010d","slug":"robert-pavsic"},"office":"Ob\u010dinski svetnik","office_code":"local_councillor","role_detail":"izvoljen z liste GIBANJE SVOBODA","organization":{"name":"Postojna","slug":"postojna"},"since":"2022-11-20","since_precision":"inferred","until":null,"status":"elected","current":true,"sources":[{"authority":"Dr\u017eavna volilna komisija","url":"https:\/\/www.dvk-rs.si\/arhivi\/volitve2022\/lv2022\/data\/prvikrog\/obcine-data\/data_094.json"}]},{"person":{"name":"Viktorja Kukanja","slug":"viktorja-kukanja"},"office":"Ob\u010dinski svetnik","office_code":"local_councillor","role_detail":"izvoljen z liste SLOVENSKA DEMOKRATSKA STRANKA - SDS","organization":{"name":"Postojna","slug":"postojna"},"since":"2022-11-20","since_precision":"inferred","until":null,"status":"elected","current":true,"sources":[{"authority":"Dr\u017eavna volilna komisija","url":"https:\/\/www.dvk-rs.si\/arhivi\/volitve2022\/lv2022\/data\/prvikrog\/obcine-data\/data_094.json"}]},{"person":{"name":"Bo\u0161tjan Vilhar","slug":"bostjan-vilhar"},"office":"Ob\u010dinski svetnik","office_code":"local_councillor","role_detail":"izvoljen z liste SLOVENSKA DEMOKRATSKA STRANKA - SDS","organization":{"name":"Postojna","slug":"postojna"},"since":"2022-11-20","since_precision":"inferred","until":null,"status":"elected","current":true,"sources":[{"authority":"Dr\u017eavna volilna komisija","url":"https:\/\/www.dvk-rs.si\/arhivi\/volitve2022\/lv2022\/data\/prvikrog\/obcine-data\/data_094.json"}]},{"person":{"name":"Tamara Bizjak","slug":"tamara-bizjak"},"office":"Ob\u010dinski svetnik","office_code":"local_councillor","role_detail":"izvoljen z liste SLOVENSKA DEMOKRATSKA STRANKA - SDS","organization":{"name":"Postojna","slug":"postojna"},"since":"2022-11-20","since_precision":"inferred","until":null,"status":"elected","current":true,"sources":[{"authority":"Dr\u017eavna volilna komisija","url":"https:\/\/www.dvk-rs.si\/arhivi\/volitve2022\/lv2022\/data\/prvikrog\/obcine-data\/data_094.json"}]},{"person":{"name":"Zvonko \u010cerna\u010d","slug":"zvonko-cernac"},"office":"Ob\u010dinski svetnik","office_code":"local_councillor","role_detail":"izvoljen z liste SLOVENSKA DEMOKRATSKA STRANKA - SDS","organization":{"name":"Postojna","slug":"postojna"},"since":"2022-11-20","since_precision":"inferred","until":null,"status":"elected","current":true,"sources":[{"authority":"Dr\u017eavna volilna komisija","url":"https:\/\/www.dvk-rs.si\/arhivi\/volitve2022\/lv2022\/data\/prvikrog\/obcine-data\/data_094.json"}]},{"person":{"name":"Andrej Smerdu","slug":"andrej-smerdu"},"office":"Ob\u010dinski svetnik","office_code":"local_councillor","role_detail":"izvoljen z liste NOVA SLOVENIJA - KR\u0160\u010cANSKI DEMOKRATI","organization":{"name":"Postojna","slug":"postojna"},"since":"2022-11-20","since_precision":"inferred","until":null,"status":"elected","current":true,"sources":[{"authority":"Dr\u017eavna volilna komisija","url":"https:\/\/www.dvk-rs.si\/arhivi\/volitve2022\/lv2022\/data\/prvikrog\/obcine-data\/data_094.json"}]},{"person":{"name":"Tanita \u010camd\u017ei\u0107","slug":"tanita-camdzic"},"office":"Ob\u010dinski svetnik","office_code":"local_councillor","role_detail":"izvoljen z liste Lista za mlade","organization":{"name":"Postojna","slug":"postojna"},"since":"2022-11-20","since_precision":"inferred","until":null,"status":"elected","current":true,"sources":[{"authority":"Dr\u017eavna volilna komisija","url":"https:\/\/www.dvk-rs.si\/arhivi\/volitve2022\/lv2022\/data\/prvikrog\/obcine-data\/data_094.json"}]},{"person":{"name":"Samo Vesel","slug":"samo-vesel"},"office":"Ob\u010dinski svetnik","office_code":"local_councillor","role_detail":"izvoljen z liste Lista za mlade","organization":{"name":"Postojna","slug":"postojna"},"since":"2022-11-20","since_precision":"inferred","until":null,"status":"elected","current":true,"sources":[{"authority":"Dr\u017eavna volilna komisija","url":"https:\/\/www.dvk-rs.si\/arhivi\/volitve2022\/lv2022\/data\/prvikrog\/obcine-data\/data_094.json"}]},{"person":{"name":"Ula Tomaduz","slug":"ula-tomaduz"},"office":"Ob\u010dinski svetnik","office_code":"local_councillor","role_detail":"izvoljen z liste Lista za mlade","organization":{"name":"Postojna","slug":"postojna"},"since":"2022-11-20","since_precision":"inferred","until":null,"status":"elected","current":true,"sources":[{"authority":"Dr\u017eavna volilna komisija","url":"https:\/\/www.dvk-rs.si\/arhivi\/volitve2022\/lv2022\/data\/prvikrog\/obcine-data\/data_094.json"}]},{"person":{"name":"Patrik Bole","slug":"patrik-bole"},"office":"Ob\u010dinski svetnik","office_code":"local_councillor","role_detail":"izvoljen z liste SD - SOCIALNI DEMOKRATI","organization":{"name":"Postojna","slug":"postojna"},"since":"2022-11-20","since_precision":"inferred","until":null,"status":"elected","current":true,"sources":[{"authority":"Dr\u017eavna volilna komisija","url":"https:\/\/www.dvk-rs.si\/arhivi\/volitve2022\/lv2022\/data\/prvikrog\/obcine-data\/data_094.json"}]},{"person":{"name":"Igor Marenti\u010d","slug":"igor-marentic"},"office":"\u017dupan","office_code":"mayor","role_detail":null,"organization":{"name":"Postojna","slug":"postojna"},"since":"2022-11-20","since_precision":"inferred","until":null,"status":"elected","current":true,"sources":[{"authority":"Dr\u017eavna volilna komisija","url":"https:\/\/www.dvk-rs.si\/arhivi\/volitve2022\/lv2022\/data\/ostale_obcine.json"}]}],"children":[{"slug":"glasbena-sola-postojna","name":"Glasbena \u0160ola Postojna","type":"public_institute","body_type":null},{"slug":"krajevna-skupnost-bukovje","name":"Krajevna Skupnost Bukovje","type":"local_community","body_type":null},{"slug":"krajevna-skupnost-hrasce","name":"Krajevna Skupnost Hra\u0161\u010de","type":"local_community","body_type":null},{"slug":"krajevna-skupnost-hrenovice","name":"Krajevna Skupnost Hrenovice","type":"local_community","body_type":null},{"slug":"krajevna-skupnost-hrusevje","name":"Krajevna Skupnost Hru\u0161evje","type":"local_community","body_type":null},{"slug":"krajevna-skupnost-landol","name":"Krajevna Skupnost Landol","type":"local_community","body_type":null},{"slug":"krajevna-skupnost-orehek","name":"Krajevna Skupnost Orehek","type":"local_community","body_type":null},{"slug":"krajevna-skupnost-postojna","name":"Krajevna Skupnost Postojna","type":"local_community","body_type":null},{"slug":"krajevna-skupnost-prestranek","name":"Krajevna Skupnost Prestranek","type":"local_community","body_type":null},{"slug":"krajevna-skupnost-razdrto","name":"Krajevna Skupnost Razdrto","type":"local_community","body_type":null},{"slug":"krajevna-skupnost-slavina","name":"Krajevna Skupnost Slavina","type":"local_community","body_type":null},{"slug":"krajevna-skupnost-smihel-pod-nanosom","name":"Krajevna Skupnost \u0160mihel Pod Nanosom","type":"local_community","body_type":null},{"slug":"krajevna-skupnost-stivan","name":"Krajevna Skupnost \u0160tivan","type":"local_community","body_type":null},{"slug":"krajevna-skupnost-studeno","name":"Krajevna Skupnost Studeno","type":"local_community","body_type":null},{"slug":"krajevna-skupnost-veliko-ubeljsko","name":"Krajevna Skupnost Veliko Ubeljsko","type":"local_community","body_type":null},{"slug":"mestna-knjiznica-postojna","name":"Mestna knji\u017enica Postojna","type":"public_institute","body_type":null},{"slug":"obcina-postojna-krajevna-skupnost-planina","name":"Ob\u010dina Postojna, Krajevna Skupnost Planina","type":"local_community","body_type":null},{"slug":"osnovna-sola-antona-globocnika-postojna","name":"Osnovna \u0160ola Antona Globo\u010dnika Postojna","type":"public_institute","body_type":null},{"slug":"osnovna-sola-miroslava-vilharja-postojna","name":"Osnovna \u0160ola Miroslava Vilharja Postojna","type":"public_institute","body_type":null},{"slug":"osnovna-sola-prestranek","name":"Osnovna \u0160ola Prestranek","type":"public_institute","body_type":null},{"slug":"vrtec-postojna","name":"Vrtec Postojna","type":"public_institute","body_type":null},{"slug":"zavod-znanje-postojna-javni-zavod-za-muzejsko-dejavnost-kulturo-izobrazevanje-in-ostale-dejavnosti","name":"ZAVOD ZNANJE POSTOJNA, javni zavod za muzejsko dejavnost, kulturo, izobra\u017eevanje in ostale dejavnosti","type":"public_institute","body_type":null},{"slug":"zdravstveni-dom-dr-franca-ambrozica-postojna","name":"ZDRAVSTVENI DOM DR. FRANCA AMBRO\u017dI\u010cA, Postojna","type":"public_institute","body_type":null}]}