{"data":{"slug":"ptuj","name":"Ptuj","type":"municipality","type_label":"Ob\u010dina","body_type":null,"parent":null,"website":null,"phone":null,"address":"Mestni trg 001, 2250 PTUJ","email":"finance@ptuj.si","leader":{"name":"Nu\u0161ka Gaj\u0161ek","person_slug":"nuska-gajsek","office":"\u017dupan","office_code":"mayor","since":"2022-11-20"},"image":null,"sources":[],"url":"https:\/\/kdo-vodi.si\/organ\/ptuj","api_url":"https:\/\/kdo-vodi.si\/api\/v1\/organizations\/ptuj"},"office_holders":[{"person":{"name":"Alen Iljevec","slug":"alen-iljevec"},"office":"Ob\u010dinski svetnik","office_code":"local_councillor","role_detail":"izvoljen z liste LISTA PTUJ JE NA\u0160","organization":{"name":"Ptuj","slug":"ptuj"},"since":"2022-11-20","since_precision":"inferred","until":null,"status":"elected","current":true,"sources":[{"authority":"Dr\u017eavna volilna komisija","url":"https:\/\/www.dvk-rs.si\/arhivi\/volitve2022\/lv2022\/data\/prvikrog\/obcine-data\/data_096.json"}]},{"person":{"name":"Miha Dami\u0161","slug":"miha-damis"},"office":"Ob\u010dinski svetnik","office_code":"local_councillor","role_detail":"izvoljen z liste SOCIALNI DEMOKRATI","organization":{"name":"Ptuj","slug":"ptuj"},"since":"2022-11-20","since_precision":"inferred","until":null,"status":"elected","current":true,"sources":[{"authority":"Dr\u017eavna volilna komisija","url":"https:\/\/www.dvk-rs.si\/arhivi\/volitve2022\/lv2022\/data\/prvikrog\/obcine-data\/data_096.json"}]},{"person":{"name":"Sandra Pjani\u0107","slug":"sandra-pjanic"},"office":"Ob\u010dinski svetnik","office_code":"local_councillor","role_detail":"izvoljen z liste SOCIALNI DEMOKRATI","organization":{"name":"Ptuj","slug":"ptuj"},"since":"2022-11-20","since_precision":"inferred","until":null,"status":"elected","current":true,"sources":[{"authority":"Dr\u017eavna volilna komisija","url":"https:\/\/www.dvk-rs.si\/arhivi\/volitve2022\/lv2022\/data\/prvikrog\/obcine-data\/data_096.json"}]},{"person":{"name":"Luka \u017di\u017eek","slug":"luka-zizek"},"office":"Ob\u010dinski svetnik","office_code":"local_councillor","role_detail":"izvoljen z liste SOCIALNI DEMOKRATI","organization":{"name":"Ptuj","slug":"ptuj"},"since":"2022-11-20","since_precision":"inferred","until":null,"status":"elected","current":true,"sources":[{"authority":"Dr\u017eavna volilna komisija","url":"https:\/\/www.dvk-rs.si\/arhivi\/volitve2022\/lv2022\/data\/prvikrog\/obcine-data\/data_096.json"}]},{"person":{"name":"Eva Zorko","slug":"eva-zorko"},"office":"Ob\u010dinski svetnik","office_code":"local_councillor","role_detail":"izvoljen z liste SOCIALNI DEMOKRATI","organization":{"name":"Ptuj","slug":"ptuj"},"since":"2022-11-20","since_precision":"inferred","until":null,"status":"elected","current":true,"sources":[{"authority":"Dr\u017eavna volilna komisija","url":"https:\/\/www.dvk-rs.si\/arhivi\/volitve2022\/lv2022\/data\/prvikrog\/obcine-data\/data_096.json"}]},{"person":{"name":"Vladimir Koritnik","slug":"vladimir-koritnik"},"office":"Ob\u010dinski svetnik","office_code":"local_councillor","role_detail":"izvoljen z liste SOCIALNI DEMOKRATI","organization":{"name":"Ptuj","slug":"ptuj"},"since":"2022-11-20","since_precision":"inferred","until":null,"status":"elected","current":true,"sources":[{"authority":"Dr\u017eavna volilna komisija","url":"https:\/\/www.dvk-rs.si\/arhivi\/volitve2022\/lv2022\/data\/prvikrog\/obcine-data\/data_096.json"}]},{"person":{"name":"Vlasta Stojak","slug":"vlasta-stojak"},"office":"Ob\u010dinski svetnik","office_code":"local_councillor","role_detail":"izvoljen z liste SOCIALNI DEMOKRATI","organization":{"name":"Ptuj","slug":"ptuj"},"since":"2022-11-20","since_precision":"inferred","until":null,"status":"elected","current":true,"sources":[{"authority":"Dr\u017eavna volilna komisija","url":"https:\/\/www.dvk-rs.si\/arhivi\/volitve2022\/lv2022\/data\/prvikrog\/obcine-data\/data_096.json"}]},{"person":{"name":"Bo\u0161tjan \u0160eruga","slug":"bostjan-seruga"},"office":"Ob\u010dinski svetnik","office_code":"local_councillor","role_detail":"izvoljen z liste SOCIALNI DEMOKRATI","organization":{"name":"Ptuj","slug":"ptuj"},"since":"2022-11-20","since_precision":"inferred","until":null,"status":"elected","current":true,"sources":[{"authority":"Dr\u017eavna volilna komisija","url":"https:\/\/www.dvk-rs.si\/arhivi\/volitve2022\/lv2022\/data\/prvikrog\/obcine-data\/data_096.json"}]},{"person":{"name":"Sonja \u017dibrat","slug":"sonja-zibrat"},"office":"Ob\u010dinski svetnik","office_code":"local_councillor","role_detail":"izvoljen z liste SOCIALNI DEMOKRATI","organization":{"name":"Ptuj","slug":"ptuj"},"since":"2022-11-20","since_precision":"inferred","until":null,"status":"elected","current":true,"sources":[{"authority":"Dr\u017eavna volilna komisija","url":"https:\/\/www.dvk-rs.si\/arhivi\/volitve2022\/lv2022\/data\/prvikrog\/obcine-data\/data_096.json"}]},{"person":{"name":"Andrej Lazar dr. Med.","slug":"andrej-lazar-dr-med"},"office":"Ob\u010dinski svetnik","office_code":"local_councillor","role_detail":"izvoljen z liste SOCIALNI DEMOKRATI","organization":{"name":"Ptuj","slug":"ptuj"},"since":"2022-11-20","since_precision":"inferred","until":null,"status":"elected","current":true,"sources":[{"authority":"Dr\u017eavna volilna komisija","url":"https:\/\/www.dvk-rs.si\/arhivi\/volitve2022\/lv2022\/data\/prvikrog\/obcine-data\/data_096.json"}]},{"person":{"name":"Nu\u0161ka Gaj\u0161ek","slug":"nuska-gajsek"},"office":"Ob\u010dinski svetnik","office_code":"local_councillor","role_detail":"izvoljen z liste SOCIALNI DEMOKRATI","organization":{"name":"Ptuj","slug":"ptuj"},"since":"2022-11-20","since_precision":"inferred","until":null,"status":"elected","current":true,"sources":[{"authority":"Dr\u017eavna volilna komisija","url":"https:\/\/www.dvk-rs.si\/arhivi\/volitve2022\/lv2022\/data\/prvikrog\/obcine-data\/data_096.json"}]},{"person":{"name":"Bla\u017e Prelog","slug":"blaz-prelog"},"office":"Ob\u010dinski svetnik","office_code":"local_councillor","role_detail":"izvoljen z liste SLOVENSKA DEMOKRATSKA STRANKA","organization":{"name":"Ptuj","slug":"ptuj"},"since":"2022-11-20","since_precision":"inferred","until":null,"status":"elected","current":true,"sources":[{"authority":"Dr\u017eavna volilna komisija","url":"https:\/\/www.dvk-rs.si\/arhivi\/volitve2022\/lv2022\/data\/prvikrog\/obcine-data\/data_096.json"}]},{"person":{"name":"Ma\u0161a Gori\u010dan","slug":"masa-gorican"},"office":"Ob\u010dinski svetnik","office_code":"local_councillor","role_detail":"izvoljen z liste SLOVENSKA DEMOKRATSKA STRANKA","organization":{"name":"Ptuj","slug":"ptuj"},"since":"2022-11-20","since_precision":"inferred","until":null,"status":"elected","current":true,"sources":[{"authority":"Dr\u017eavna volilna komisija","url":"https:\/\/www.dvk-rs.si\/arhivi\/volitve2022\/lv2022\/data\/prvikrog\/obcine-data\/data_096.json"}]},{"person":{"name":"Du\u0161an Fric","slug":"dusan-fric"},"office":"Ob\u010dinski svetnik","office_code":"local_councillor","role_detail":"izvoljen z liste SLOVENSKA DEMOKRATSKA STRANKA","organization":{"name":"Ptuj","slug":"ptuj"},"since":"2022-11-20","since_precision":"inferred","until":null,"status":"elected","current":true,"sources":[{"authority":"Dr\u017eavna volilna komisija","url":"https:\/\/www.dvk-rs.si\/arhivi\/volitve2022\/lv2022\/data\/prvikrog\/obcine-data\/data_096.json"}]},{"person":{"name":"Nu\u0161a Vrabl Feren\u010di\u010d","slug":"nusa-vrabl-ferencic"},"office":"Ob\u010dinski svetnik","office_code":"local_councillor","role_detail":"izvoljen z liste SLOVENSKA DEMOKRATSKA STRANKA","organization":{"name":"Ptuj","slug":"ptuj"},"since":"2022-11-20","since_precision":"inferred","until":null,"status":"elected","current":true,"sources":[{"authority":"Dr\u017eavna volilna komisija","url":"https:\/\/www.dvk-rs.si\/arhivi\/volitve2022\/lv2022\/data\/prvikrog\/obcine-data\/data_096.json"}]},{"person":{"name":"Franjo Rozman","slug":"franjo-rozman"},"office":"Ob\u010dinski svetnik","office_code":"local_councillor","role_detail":"izvoljen z liste SLOVENSKA DEMOKRATSKA STRANKA","organization":{"name":"Ptuj","slug":"ptuj"},"since":"2022-11-20","since_precision":"inferred","until":null,"status":"elected","current":true,"sources":[{"authority":"Dr\u017eavna volilna komisija","url":"https:\/\/www.dvk-rs.si\/arhivi\/volitve2022\/lv2022\/data\/prvikrog\/obcine-data\/data_096.json"}]},{"person":{"name":"Ljudmila Grabar","slug":"ljudmila-grabar"},"office":"Ob\u010dinski svetnik","office_code":"local_councillor","role_detail":"izvoljen z liste GIBANJE SVOBODA","organization":{"name":"Ptuj","slug":"ptuj"},"since":"2022-11-20","since_precision":"inferred","until":null,"status":"elected","current":true,"sources":[{"authority":"Dr\u017eavna volilna komisija","url":"https:\/\/www.dvk-rs.si\/arhivi\/volitve2022\/lv2022\/data\/prvikrog\/obcine-data\/data_096.json"}]},{"person":{"name":"Alen Hli\u0161","slug":"alen-hlis"},"office":"Ob\u010dinski svetnik","office_code":"local_councillor","role_detail":"izvoljen z liste GIBANJE SVOBODA","organization":{"name":"Ptuj","slug":"ptuj"},"since":"2022-11-20","since_precision":"inferred","until":null,"status":"elected","current":true,"sources":[{"authority":"Dr\u017eavna volilna komisija","url":"https:\/\/www.dvk-rs.si\/arhivi\/volitve2022\/lv2022\/data\/prvikrog\/obcine-data\/data_096.json"}]},{"person":{"name":"Metka Petek Uhan dr. Med.","slug":"metka-petek-uhan-dr-med"},"office":"Ob\u010dinski svetnik","office_code":"local_councillor","role_detail":"izvoljen z liste GIBANJE SVOBODA","organization":{"name":"Ptuj","slug":"ptuj"},"since":"2022-11-20","since_precision":"inferred","until":null,"status":"elected","current":true,"sources":[{"authority":"Dr\u017eavna volilna komisija","url":"https:\/\/www.dvk-rs.si\/arhivi\/volitve2022\/lv2022\/data\/prvikrog\/obcine-data\/data_096.json"}]},{"person":{"name":"\u0160tefan Petek","slug":"stefan-petek"},"office":"Ob\u010dinski svetnik","office_code":"local_councillor","role_detail":"izvoljen z liste GIBANJE SVOBODA","organization":{"name":"Ptuj","slug":"ptuj"},"since":"2022-11-20","since_precision":"inferred","until":null,"status":"elected","current":true,"sources":[{"authority":"Dr\u017eavna volilna komisija","url":"https:\/\/www.dvk-rs.si\/arhivi\/volitve2022\/lv2022\/data\/prvikrog\/obcine-data\/data_096.json"}]},{"person":{"name":"Jernej \u010cu\u0161","slug":"jernej-cus"},"office":"Ob\u010dinski svetnik","office_code":"local_councillor","role_detail":"izvoljen z liste LISTA ANDREJA \u010cU\u0160A - MI & \u010cU\u0160","organization":{"name":"Ptuj","slug":"ptuj"},"since":"2022-11-20","since_precision":"inferred","until":null,"status":"elected","current":true,"sources":[{"authority":"Dr\u017eavna volilna komisija","url":"https:\/\/www.dvk-rs.si\/arhivi\/volitve2022\/lv2022\/data\/prvikrog\/obcine-data\/data_096.json"}]},{"person":{"name":"Renata Debeljak","slug":"renata-debeljak"},"office":"Ob\u010dinski svetnik","office_code":"local_councillor","role_detail":"izvoljen z liste LISTA ANDREJA \u010cU\u0160A - MI & \u010cU\u0160","organization":{"name":"Ptuj","slug":"ptuj"},"since":"2022-11-20","since_precision":"inferred","until":null,"status":"elected","current":true,"sources":[{"authority":"Dr\u017eavna volilna komisija","url":"https:\/\/www.dvk-rs.si\/arhivi\/volitve2022\/lv2022\/data\/prvikrog\/obcine-data\/data_096.json"}]},{"person":{"name":"Milan Klemenc","slug":"milan-klemenc"},"office":"Ob\u010dinski svetnik","office_code":"local_councillor","role_detail":"izvoljen z liste LISTA ANDREJA \u010cU\u0160A - MI & \u010cU\u0160","organization":{"name":"Ptuj","slug":"ptuj"},"since":"2022-11-20","since_precision":"inferred","until":null,"status":"elected","current":true,"sources":[{"authority":"Dr\u017eavna volilna komisija","url":"https:\/\/www.dvk-rs.si\/arhivi\/volitve2022\/lv2022\/data\/prvikrog\/obcine-data\/data_096.json"}]},{"person":{"name":"Sergeja Puppis Freebairn","slug":"sergeja-puppis-freebairn"},"office":"Ob\u010dinski svetnik","office_code":"local_councillor","role_detail":"izvoljen z liste LISTA ANDREJA \u010cU\u0160A - MI & \u010cU\u0160","organization":{"name":"Ptuj","slug":"ptuj"},"since":"2022-11-20","since_precision":"inferred","until":null,"status":"elected","current":true,"sources":[{"authority":"Dr\u017eavna volilna komisija","url":"https:\/\/www.dvk-rs.si\/arhivi\/volitve2022\/lv2022\/data\/prvikrog\/obcine-data\/data_096.json"}]},{"person":{"name":"Andrej \u010cu\u0161","slug":"andrej-cus"},"office":"Ob\u010dinski svetnik","office_code":"local_councillor","role_detail":"izvoljen z liste LISTA ANDREJA \u010cU\u0160A - MI & \u010cU\u0160","organization":{"name":"Ptuj","slug":"ptuj"},"since":"2022-11-20","since_precision":"inferred","until":null,"status":"elected","current":true,"sources":[{"authority":"Dr\u017eavna volilna komisija","url":"https:\/\/www.dvk-rs.si\/arhivi\/volitve2022\/lv2022\/data\/prvikrog\/obcine-data\/data_096.json"}]},{"person":{"name":"Dejan Ro\u017emarin","slug":"dejan-rozmarin"},"office":"Ob\u010dinski svetnik","office_code":"local_councillor","role_detail":"izvoljen z liste NOVA SLOVENIJA - KR\u0160\u010cANSKI DEMOKRATI","organization":{"name":"Ptuj","slug":"ptuj"},"since":"2022-11-20","since_precision":"inferred","until":null,"status":"elected","current":true,"sources":[{"authority":"Dr\u017eavna volilna komisija","url":"https:\/\/www.dvk-rs.si\/arhivi\/volitve2022\/lv2022\/data\/prvikrog\/obcine-data\/data_096.json"}]},{"person":{"name":"Lina Habjani\u010d","slug":"lina-habjanic"},"office":"Ob\u010dinski svetnik","office_code":"local_councillor","role_detail":"izvoljen z liste LEVICA","organization":{"name":"Ptuj","slug":"ptuj"},"since":"2022-11-20","since_precision":"inferred","until":null,"status":"elected","current":true,"sources":[{"authority":"Dr\u017eavna volilna komisija","url":"https:\/\/www.dvk-rs.si\/arhivi\/volitve2022\/lv2022\/data\/prvikrog\/obcine-data\/data_096.json"}]},{"person":{"name":"Uro\u0161 Vek","slug":"uros-vek"},"office":"Ob\u010dinski svetnik","office_code":"local_councillor","role_detail":"izvoljen z liste SLOVENSKA LJUDSKA STRANKA","organization":{"name":"Ptuj","slug":"ptuj"},"since":"2022-11-20","since_precision":"inferred","until":null,"status":"elected","current":true,"sources":[{"authority":"Dr\u017eavna volilna komisija","url":"https:\/\/www.dvk-rs.si\/arhivi\/volitve2022\/lv2022\/data\/prvikrog\/obcine-data\/data_096.json"}]},{"person":{"name":"Sergej Ivanu\u0161a","slug":"sergej-ivanusa"},"office":"Ob\u010dinski svetnik","office_code":"local_councillor","role_detail":"izvoljen z liste DR\u017dAVLJANSKO GIBANJE RESNI.CA","organization":{"name":"Ptuj","slug":"ptuj"},"since":"2022-11-20","since_precision":"inferred","until":null,"status":"elected","current":true,"sources":[{"authority":"Dr\u017eavna volilna komisija","url":"https:\/\/www.dvk-rs.si\/arhivi\/volitve2022\/lv2022\/data\/prvikrog\/obcine-data\/data_096.json"}]},{"person":{"name":"Nu\u0161ka Gaj\u0161ek","slug":"nuska-gajsek"},"office":"\u017dupan","office_code":"mayor","role_detail":null,"organization":{"name":"Ptuj","slug":"ptuj"},"since":"2022-11-20","since_precision":"inferred","until":null,"status":"elected","current":true,"sources":[{"authority":"Dr\u017eavna volilna komisija","url":"https:\/\/www.dvk-rs.si\/arhivi\/volitve2022\/lv2022\/data\/mestne_obcine.json"}]}],"children":[{"slug":"glasbena-in-baletna-sola-karola-pahorja-ptuj","name":"Glasbena in baletna \u0161ola Karola Pahorja Ptuj","type":"public_institute","body_type":null},{"slug":"javni-zavod-za-mladino-sport-in-turizem-ptuj","name":"Javni zavod za mladino, \u0161port in turizem Ptuj","type":"public_institute","body_type":null},{"slug":"javni-zavod-zdravstveni-dom-ptuj","name":"Javni Zavod Zdravstveni Dom Ptuj","type":"public_institute","body_type":null},{"slug":"knjiznica-ivana-potrca-ptuj","name":"Knji\u017enica Ivana Potr\u010da Ptuj","type":"public_institute","body_type":null},{"slug":"lekarne-ptuj","name":"Lekarne Ptuj","type":"public_institute","body_type":null},{"slug":"ljudska-univerza-ptuj","name":"Ljudska Univerza Ptuj","type":"public_institute","body_type":null},{"slug":"mestno-gledalisce-ptuj","name":"Mestno Gledali\u0161\u010de Ptuj","type":"public_institute","body_type":null},{"slug":"osnovna-sola-breg","name":"Osnovna \u0160ola Breg","type":"public_institute","body_type":null},{"slug":"osnovna-sola-dr-ljudevita-pivka","name":"Osnovna \u0160ola dr. Ljudevita Pivka","type":"public_institute","body_type":null},{"slug":"osnovna-sola-ljudski-vrt","name":"Osnovna \u0160ola Ljudski Vrt","type":"public_institute","body_type":null},{"slug":"osnovna-sola-mladika","name":"Osnovna \u0160ola Mladika","type":"public_institute","body_type":null},{"slug":"osnovna-sola-olge-meglic","name":"Osnovna \u0160ola Olge Megli\u010d","type":"public_institute","body_type":null},{"slug":"pokrajinski-muzej-ptuj-ormoz","name":"Pokrajinski Muzej Ptuj - Ormo\u017e","type":"public_institute","body_type":null},{"slug":"vrtec-ptuj","name":"Vrtec Ptuj","type":"public_institute","body_type":null},{"slug":"znanstveno-raziskovalno-sredisce-bistra-ptuj","name":"Znanstveno-raziskovalno sredi\u0161\u010de Bistra Ptuj","type":"public_institute","body_type":null}]}