{"data":{"slug":"puconci","name":"Puconci","type":"municipality","type_label":"Ob\u010dina","body_type":null,"parent":null,"website":null,"phone":null,"address":"Puconci 080, 9201 PUCONCI","email":"obcina.puconci@puconci.si","leader":{"name":"Uro\u0161 Kamen\u0161ek","person_slug":"uros-kamensek","office":"\u017dupan","office_code":"mayor","since":"2022-12-04"},"image":{"url":"https:\/\/commons.wikimedia.org\/wiki\/Special:FilePath\/Coat_of_arms_of_Puconci.png","attribution":"Wikimedia Commons","source":"https:\/\/commons.wikimedia.org\/wiki\/Special:FilePath\/Coat_of_arms_of_Puconci.png","hosted":false},"sources":[],"url":"https:\/\/kdo-vodi.si\/organ\/puconci","api_url":"https:\/\/kdo-vodi.si\/api\/v1\/organizations\/puconci"},"office_holders":[{"person":{"name":"Majda Cipot","slug":"majda-cipot"},"office":"Ob\u010dinski svetnik","office_code":"local_councillor","role_detail":"izvoljen z liste SOCIALNI DEMOKRATI","organization":{"name":"Puconci","slug":"puconci"},"since":"2022-11-20","since_precision":"inferred","until":null,"status":"elected","current":true,"sources":[{"authority":"Dr\u017eavna volilna komisija","url":"https:\/\/www.dvk-rs.si\/arhivi\/volitve2022\/lv2022\/data\/prvikrog\/obcine-data\/data_097.json"}]},{"person":{"name":"Drago Franko","slug":"drago-franko"},"office":"Ob\u010dinski svetnik","office_code":"local_councillor","role_detail":"izvoljen z liste SOCIALNI DEMOKRATI","organization":{"name":"Puconci","slug":"puconci"},"since":"2022-11-20","since_precision":"inferred","until":null,"status":"elected","current":true,"sources":[{"authority":"Dr\u017eavna volilna komisija","url":"https:\/\/www.dvk-rs.si\/arhivi\/volitve2022\/lv2022\/data\/prvikrog\/obcine-data\/data_097.json"}]},{"person":{"name":"Danica Kardo\u0161","slug":"danica-kardos"},"office":"Ob\u010dinski svetnik","office_code":"local_councillor","role_detail":"izvoljen z liste SOCIALNI DEMOKRATI","organization":{"name":"Puconci","slug":"puconci"},"since":"2022-11-20","since_precision":"inferred","until":null,"status":"elected","current":true,"sources":[{"authority":"Dr\u017eavna volilna komisija","url":"https:\/\/www.dvk-rs.si\/arhivi\/volitve2022\/lv2022\/data\/prvikrog\/obcine-data\/data_097.json"}]},{"person":{"name":"Branko Ritlop","slug":"branko-ritlop"},"office":"Ob\u010dinski svetnik","office_code":"local_councillor","role_detail":"izvoljen z liste SOCIALNI DEMOKRATI","organization":{"name":"Puconci","slug":"puconci"},"since":"2022-11-20","since_precision":"inferred","until":null,"status":"elected","current":true,"sources":[{"authority":"Dr\u017eavna volilna komisija","url":"https:\/\/www.dvk-rs.si\/arhivi\/volitve2022\/lv2022\/data\/prvikrog\/obcine-data\/data_097.json"}]},{"person":{"name":"Melita Bokan","slug":"melita-bokan"},"office":"Ob\u010dinski svetnik","office_code":"local_councillor","role_detail":"izvoljen z liste SLOVENSKA DEMOKRATSKA STRANKA","organization":{"name":"Puconci","slug":"puconci"},"since":"2022-11-20","since_precision":"inferred","until":null,"status":"elected","current":true,"sources":[{"authority":"Dr\u017eavna volilna komisija","url":"https:\/\/www.dvk-rs.si\/arhivi\/volitve2022\/lv2022\/data\/prvikrog\/obcine-data\/data_097.json"}]},{"person":{"name":"Jo\u017eef Ficko","slug":"jozef-ficko"},"office":"Ob\u010dinski svetnik","office_code":"local_councillor","role_detail":"izvoljen z liste SLOVENSKA DEMOKRATSKA STRANKA","organization":{"name":"Puconci","slug":"puconci"},"since":"2022-11-20","since_precision":"inferred","until":null,"status":"elected","current":true,"sources":[{"authority":"Dr\u017eavna volilna komisija","url":"https:\/\/www.dvk-rs.si\/arhivi\/volitve2022\/lv2022\/data\/prvikrog\/obcine-data\/data_097.json"}]},{"person":{"name":"Jo\u017eef Rituper","slug":"jozef-rituper"},"office":"Ob\u010dinski svetnik","office_code":"local_councillor","role_detail":"izvoljen z liste DESUS - DEMOKRATI\u010cNA STRANKA UPOKOJENCEV SLOVENIJE","organization":{"name":"Puconci","slug":"puconci"},"since":"2022-11-20","since_precision":"inferred","until":null,"status":"elected","current":true,"sources":[{"authority":"Dr\u017eavna volilna komisija","url":"https:\/\/www.dvk-rs.si\/arhivi\/volitve2022\/lv2022\/data\/prvikrog\/obcine-data\/data_097.json"}]},{"person":{"name":"Sanja Zelko","slug":"sanja-zelko"},"office":"Ob\u010dinski svetnik","office_code":"local_councillor","role_detail":"izvoljen z liste SR\u010cNI PUCONCI","organization":{"name":"Puconci","slug":"puconci"},"since":"2022-11-20","since_precision":"inferred","until":null,"status":"elected","current":true,"sources":[{"authority":"Dr\u017eavna volilna komisija","url":"https:\/\/www.dvk-rs.si\/arhivi\/volitve2022\/lv2022\/data\/prvikrog\/obcine-data\/data_097.json"}]},{"person":{"name":"\u0160tefan So\u010di\u010d","slug":"stefan-socic"},"office":"Ob\u010dinski svetnik","office_code":"local_councillor","role_detail":"izvoljen z liste LISTA ZA SPREMEMBE","organization":{"name":"Puconci","slug":"puconci"},"since":"2022-11-20","since_precision":"inferred","until":null,"status":"elected","current":true,"sources":[{"authority":"Dr\u017eavna volilna komisija","url":"https:\/\/www.dvk-rs.si\/arhivi\/volitve2022\/lv2022\/data\/prvikrog\/obcine-data\/data_097.json"}]},{"person":{"name":"Ludvik Novak","slug":"ludvik-novak"},"office":"Ob\u010dinski svetnik","office_code":"local_councillor","role_detail":"izvoljen z liste SLOVENSKA LJUDSKA STRANKA","organization":{"name":"Puconci","slug":"puconci"},"since":"2022-11-20","since_precision":"inferred","until":null,"status":"elected","current":true,"sources":[{"authority":"Dr\u017eavna volilna komisija","url":"https:\/\/www.dvk-rs.si\/arhivi\/volitve2022\/lv2022\/data\/prvikrog\/obcine-data\/data_097.json"}]},{"person":{"name":"Tanja Mari\u010d","slug":"tanja-maric"},"office":"Ob\u010dinski svetnik","office_code":"local_councillor","role_detail":"izvoljen z liste SLOVENSKA LJUDSKA STRANKA","organization":{"name":"Puconci","slug":"puconci"},"since":"2022-11-20","since_precision":"inferred","until":null,"status":"elected","current":true,"sources":[{"authority":"Dr\u017eavna volilna komisija","url":"https:\/\/www.dvk-rs.si\/arhivi\/volitve2022\/lv2022\/data\/prvikrog\/obcine-data\/data_097.json"}]},{"person":{"name":"Uro\u0161 Kamen\u0161ek","slug":"uros-kamensek"},"office":"Ob\u010dinski svetnik","office_code":"local_councillor","role_detail":"izvoljen z liste SLOVENSKA LJUDSKA STRANKA","organization":{"name":"Puconci","slug":"puconci"},"since":"2022-11-20","since_precision":"inferred","until":null,"status":"elected","current":true,"sources":[{"authority":"Dr\u017eavna volilna komisija","url":"https:\/\/www.dvk-rs.si\/arhivi\/volitve2022\/lv2022\/data\/prvikrog\/obcine-data\/data_097.json"}]},{"person":{"name":"Denis Vre\u010di\u010d","slug":"denis-vrecic"},"office":"Ob\u010dinski svetnik","office_code":"local_councillor","role_detail":"izvoljen z liste GIBANJE SVOBODA","organization":{"name":"Puconci","slug":"puconci"},"since":"2022-11-20","since_precision":"inferred","until":null,"status":"elected","current":true,"sources":[{"authority":"Dr\u017eavna volilna komisija","url":"https:\/\/www.dvk-rs.si\/arhivi\/volitve2022\/lv2022\/data\/prvikrog\/obcine-data\/data_097.json"}]},{"person":{"name":"Mihael \u0160lihthuber","slug":"mihael-slihthuber"},"office":"Ob\u010dinski svetnik","office_code":"local_councillor","role_detail":"izvoljen z liste GIBANJE SVOBODA","organization":{"name":"Puconci","slug":"puconci"},"since":"2022-11-20","since_precision":"inferred","until":null,"status":"elected","current":true,"sources":[{"authority":"Dr\u017eavna volilna komisija","url":"https:\/\/www.dvk-rs.si\/arhivi\/volitve2022\/lv2022\/data\/prvikrog\/obcine-data\/data_097.json"}]},{"person":{"name":"Martina \u010cerni","slug":"martina-cerni"},"office":"Ob\u010dinski svetnik","office_code":"local_councillor","role_detail":"izvoljen z liste GIBANJE SVOBODA","organization":{"name":"Puconci","slug":"puconci"},"since":"2022-11-20","since_precision":"inferred","until":null,"status":"elected","current":true,"sources":[{"authority":"Dr\u017eavna volilna komisija","url":"https:\/\/www.dvk-rs.si\/arhivi\/volitve2022\/lv2022\/data\/prvikrog\/obcine-data\/data_097.json"}]},{"person":{"name":"Uro\u0161 Kamen\u0161ek","slug":"uros-kamensek"},"office":"\u017dupan","office_code":"mayor","role_detail":null,"organization":{"name":"Puconci","slug":"puconci"},"since":"2022-12-04","since_precision":"inferred","until":null,"status":"elected","current":true,"sources":[{"authority":"Dr\u017eavna volilna komisija","url":"https:\/\/www.dvk-rs.si\/arhivi\/volitve2022\/lv2022\/data\/drugi_krog.json"}]}],"children":[{"slug":"krajevna-skupnost-bodonci","name":"Krajevna Skupnost Bodonci","type":"local_community","body_type":null},{"slug":"krajevna-skupnost-bokraci","name":"Krajevna Skupnost Bokra\u010di","type":"local_community","body_type":null},{"slug":"krajevna-skupnost-brezovci","name":"Krajevna Skupnost Brezovci","type":"local_community","body_type":null},{"slug":"krajevna-skupnost-dolina","name":"Krajevna Skupnost Dolina","type":"local_community","body_type":null},{"slug":"krajevna-skupnost-mackovci","name":"Krajevna Skupnost Ma\u010dkovci","type":"local_community","body_type":null},{"slug":"krajevna-skupnost-puconci","name":"Krajevna Skupnost Puconci","type":"local_community","body_type":null},{"slug":"krajevna-skupnost-salamenci","name":"Krajevna Skupnost \u0160alamenci","type":"local_community","body_type":null},{"slug":"krajevna-skupnost-vaneca","name":"Krajevna Skupnost Vane\u010da","type":"local_community","body_type":null},{"slug":"krajevna-skupnost-zenkovci","name":"Krajevna Skupnost Zenkovci","type":"local_community","body_type":null},{"slug":"obcina-puconci-krajevna-skupnost-gorica","name":"Ob\u010dina Puconci, Krajevna Skupnost Gorica","type":"local_community","body_type":null},{"slug":"osnovna-sola-puconci","name":"Osnovna \u0160ola Puconci","type":"public_institute","body_type":null},{"slug":"razvojni-zavod-obcine-puconci","name":"Razvojni Zavod Ob\u010dine Puconci","type":"public_institute","body_type":null}]}