{"data":{"slug":"race-fram","name":"Ra\u010de-Fram","type":"municipality","type_label":"Ob\u010dina","body_type":null,"parent":null,"website":null,"phone":null,"address":"Grajski trg 014, 2327 RA\u010cE","email":"info@race-fram.si","leader":{"name":"Branko Ledinek","person_slug":"branko-ledinek","office":"\u017dupan","office_code":"mayor","since":"2022-11-20"},"image":null,"sources":[],"url":"https:\/\/kdo-vodi.si\/organ\/race-fram","api_url":"https:\/\/kdo-vodi.si\/api\/v1\/organizations\/race-fram"},"office_holders":[{"person":{"name":"Sre\u010dko Trglec","slug":"srecko-trglec"},"office":"Ob\u010dinski svetnik","office_code":"local_councillor","role_detail":"izvoljen z liste Neodvisna lista upokojencev Fram","organization":{"name":"Ra\u010de-Fram","slug":"race-fram"},"since":"2022-11-20","since_precision":"inferred","until":null,"status":"elected","current":true,"sources":[{"authority":"Dr\u017eavna volilna komisija","url":"https:\/\/www.dvk-rs.si\/arhivi\/volitve2022\/lv2022\/data\/prvikrog\/obcine-data\/data_098.json"}]},{"person":{"name":"Ale\u0161 Greif","slug":"ales-greif"},"office":"Ob\u010dinski svetnik","office_code":"local_councillor","role_detail":"izvoljen z liste SLOVENSKA LJUDSKA STRANKA","organization":{"name":"Ra\u010de-Fram","slug":"race-fram"},"since":"2022-11-20","since_precision":"inferred","until":null,"status":"elected","current":true,"sources":[{"authority":"Dr\u017eavna volilna komisija","url":"https:\/\/www.dvk-rs.si\/arhivi\/volitve2022\/lv2022\/data\/prvikrog\/obcine-data\/data_098.json"}]},{"person":{"name":"Milojka Dreo","slug":"milojka-dreo"},"office":"Ob\u010dinski svetnik","office_code":"local_councillor","role_detail":"izvoljen z liste SLOVENSKA LJUDSKA STRANKA","organization":{"name":"Ra\u010de-Fram","slug":"race-fram"},"since":"2022-11-20","since_precision":"inferred","until":null,"status":"elected","current":true,"sources":[{"authority":"Dr\u017eavna volilna komisija","url":"https:\/\/www.dvk-rs.si\/arhivi\/volitve2022\/lv2022\/data\/prvikrog\/obcine-data\/data_098.json"}]},{"person":{"name":"Bo\u0161tjan Le\u0161nik","slug":"bostjan-lesnik"},"office":"Ob\u010dinski svetnik","office_code":"local_councillor","role_detail":"izvoljen z liste SLOVENSKA LJUDSKA STRANKA","organization":{"name":"Ra\u010de-Fram","slug":"race-fram"},"since":"2022-11-20","since_precision":"inferred","until":null,"status":"elected","current":true,"sources":[{"authority":"Dr\u017eavna volilna komisija","url":"https:\/\/www.dvk-rs.si\/arhivi\/volitve2022\/lv2022\/data\/prvikrog\/obcine-data\/data_098.json"}]},{"person":{"name":"Simona Sternad Vogrin","slug":"simona-sternad-vogrin"},"office":"Ob\u010dinski svetnik","office_code":"local_councillor","role_detail":"izvoljen z liste SLOVENSKA LJUDSKA STRANKA","organization":{"name":"Ra\u010de-Fram","slug":"race-fram"},"since":"2022-11-20","since_precision":"inferred","until":null,"status":"elected","current":true,"sources":[{"authority":"Dr\u017eavna volilna komisija","url":"https:\/\/www.dvk-rs.si\/arhivi\/volitve2022\/lv2022\/data\/prvikrog\/obcine-data\/data_098.json"}]},{"person":{"name":"Branko Ledinek","slug":"branko-ledinek"},"office":"Ob\u010dinski svetnik","office_code":"local_councillor","role_detail":"izvoljen z liste SLOVENSKA LJUDSKA STRANKA","organization":{"name":"Ra\u010de-Fram","slug":"race-fram"},"since":"2022-11-20","since_precision":"inferred","until":null,"status":"elected","current":true,"sources":[{"authority":"Dr\u017eavna volilna komisija","url":"https:\/\/www.dvk-rs.si\/arhivi\/volitve2022\/lv2022\/data\/prvikrog\/obcine-data\/data_098.json"}]},{"person":{"name":"Laura Pukl","slug":"laura-pukl"},"office":"Ob\u010dinski svetnik","office_code":"local_councillor","role_detail":"izvoljen z liste GIBANJE SVOBODA","organization":{"name":"Ra\u010de-Fram","slug":"race-fram"},"since":"2022-11-20","since_precision":"inferred","until":null,"status":"elected","current":true,"sources":[{"authority":"Dr\u017eavna volilna komisija","url":"https:\/\/www.dvk-rs.si\/arhivi\/volitve2022\/lv2022\/data\/prvikrog\/obcine-data\/data_098.json"}]},{"person":{"name":"Sa\u0161o Novak","slug":"saso-novak"},"office":"Ob\u010dinski svetnik","office_code":"local_councillor","role_detail":"izvoljen z liste GIBANJE SVOBODA","organization":{"name":"Ra\u010de-Fram","slug":"race-fram"},"since":"2022-11-20","since_precision":"inferred","until":null,"status":"elected","current":true,"sources":[{"authority":"Dr\u017eavna volilna komisija","url":"https:\/\/www.dvk-rs.si\/arhivi\/volitve2022\/lv2022\/data\/prvikrog\/obcine-data\/data_098.json"}]},{"person":{"name":"Irena \u0160paninger","slug":"irena-spaninger"},"office":"Ob\u010dinski svetnik","office_code":"local_councillor","role_detail":"izvoljen z liste GIBANJE SVOBODA","organization":{"name":"Ra\u010de-Fram","slug":"race-fram"},"since":"2022-11-20","since_precision":"inferred","until":null,"status":"elected","current":true,"sources":[{"authority":"Dr\u017eavna volilna komisija","url":"https:\/\/www.dvk-rs.si\/arhivi\/volitve2022\/lv2022\/data\/prvikrog\/obcine-data\/data_098.json"}]},{"person":{"name":"Miran Predikaka","slug":"miran-predikaka"},"office":"Ob\u010dinski svetnik","office_code":"local_councillor","role_detail":"izvoljen z liste NEODVISNA GASILSKA LISTA","organization":{"name":"Ra\u010de-Fram","slug":"race-fram"},"since":"2022-11-20","since_precision":"inferred","until":null,"status":"elected","current":true,"sources":[{"authority":"Dr\u017eavna volilna komisija","url":"https:\/\/www.dvk-rs.si\/arhivi\/volitve2022\/lv2022\/data\/prvikrog\/obcine-data\/data_098.json"}]},{"person":{"name":"Mateja Berani\u010d","slug":"mateja-beranic"},"office":"Ob\u010dinski svetnik","office_code":"local_councillor","role_detail":"izvoljen z liste NEODVISNA GASILSKA LISTA","organization":{"name":"Ra\u010de-Fram","slug":"race-fram"},"since":"2022-11-20","since_precision":"inferred","until":null,"status":"elected","current":true,"sources":[{"authority":"Dr\u017eavna volilna komisija","url":"https:\/\/www.dvk-rs.si\/arhivi\/volitve2022\/lv2022\/data\/prvikrog\/obcine-data\/data_098.json"}]},{"person":{"name":"Sebastijan Sor\u0161ak","slug":"sebastijan-sorsak"},"office":"Ob\u010dinski svetnik","office_code":"local_councillor","role_detail":"izvoljen z liste NEODVISNA GASILSKA LISTA","organization":{"name":"Ra\u010de-Fram","slug":"race-fram"},"since":"2022-11-20","since_precision":"inferred","until":null,"status":"elected","current":true,"sources":[{"authority":"Dr\u017eavna volilna komisija","url":"https:\/\/www.dvk-rs.si\/arhivi\/volitve2022\/lv2022\/data\/prvikrog\/obcine-data\/data_098.json"}]},{"person":{"name":"Klemen Hamer\u0161ak","slug":"klemen-hamersak"},"office":"Ob\u010dinski svetnik","office_code":"local_councillor","role_detail":"izvoljen z liste NOVA SLOVENIJA","organization":{"name":"Ra\u010de-Fram","slug":"race-fram"},"since":"2022-11-20","since_precision":"inferred","until":null,"status":"elected","current":true,"sources":[{"authority":"Dr\u017eavna volilna komisija","url":"https:\/\/www.dvk-rs.si\/arhivi\/volitve2022\/lv2022\/data\/prvikrog\/obcine-data\/data_098.json"}]},{"person":{"name":"Zdravko Jel\u0161ek","slug":"zdravko-jelsek"},"office":"Ob\u010dinski svetnik","office_code":"local_councillor","role_detail":"izvoljen z liste SLOVENSKA DEMOKRATSKA STRANKA","organization":{"name":"Ra\u010de-Fram","slug":"race-fram"},"since":"2022-11-20","since_precision":"inferred","until":null,"status":"elected","current":true,"sources":[{"authority":"Dr\u017eavna volilna komisija","url":"https:\/\/www.dvk-rs.si\/arhivi\/volitve2022\/lv2022\/data\/prvikrog\/obcine-data\/data_098.json"}]},{"person":{"name":"Simona Murko","slug":"simona-murko"},"office":"Ob\u010dinski svetnik","office_code":"local_councillor","role_detail":"izvoljen z liste SLOVENSKA DEMOKRATSKA STRANKA","organization":{"name":"Ra\u010de-Fram","slug":"race-fram"},"since":"2022-11-20","since_precision":"inferred","until":null,"status":"elected","current":true,"sources":[{"authority":"Dr\u017eavna volilna komisija","url":"https:\/\/www.dvk-rs.si\/arhivi\/volitve2022\/lv2022\/data\/prvikrog\/obcine-data\/data_098.json"}]},{"person":{"name":"Ivan Kova\u010di\u010d","slug":"ivan-kovacic"},"office":"Ob\u010dinski svetnik","office_code":"local_councillor","role_detail":"izvoljen z liste SLOVENSKA DEMOKRATSKA STRANKA","organization":{"name":"Ra\u010de-Fram","slug":"race-fram"},"since":"2022-11-20","since_precision":"inferred","until":null,"status":"elected","current":true,"sources":[{"authority":"Dr\u017eavna volilna komisija","url":"https:\/\/www.dvk-rs.si\/arhivi\/volitve2022\/lv2022\/data\/prvikrog\/obcine-data\/data_098.json"}]},{"person":{"name":"Branko Ledinek","slug":"branko-ledinek"},"office":"\u017dupan","office_code":"mayor","role_detail":null,"organization":{"name":"Ra\u010de-Fram","slug":"race-fram"},"since":"2022-11-20","since_precision":"inferred","until":null,"status":"elected","current":true,"sources":[{"authority":"Dr\u017eavna volilna komisija","url":"https:\/\/www.dvk-rs.si\/arhivi\/volitve2022\/lv2022\/data\/ostale_obcine.json"}]}],"children":[{"slug":"krajevna-skupnost-fram","name":"Krajevna Skupnost Fram","type":"local_community","body_type":null},{"slug":"krajevna-skupnost-race","name":"Krajevna Skupnost Ra\u010de","type":"local_community","body_type":null},{"slug":"osnovna-sola-fram","name":"Osnovna \u0160ola Fram","type":"public_institute","body_type":null},{"slug":"osnovna-sola-race","name":"Osnovna \u0160ola Ra\u010de","type":"public_institute","body_type":null}]}