{"data":{"slug":"radovljica","name":"Radovljica","type":"municipality","type_label":"Ob\u010dina","body_type":null,"parent":null,"website":null,"phone":null,"address":"Gorenjska cesta 019, 4240 RADOVLJICA","email":"obcina.radovljica@radovljica.si","leader":{"name":"Ciril Globo\u010dnik","person_slug":"ciril-globocnik","office":"\u017dupan","office_code":"mayor","since":"2022-11-20"},"image":{"url":"https:\/\/commons.wikimedia.org\/wiki\/Special:FilePath\/Grb_Ob%C4%8Dine_Radovljica.png","attribution":"Wikimedia Commons","source":"https:\/\/commons.wikimedia.org\/wiki\/Special:FilePath\/Grb_Ob%C4%8Dine_Radovljica.png","hosted":false},"sources":[],"url":"https:\/\/kdo-vodi.si\/organ\/radovljica","api_url":"https:\/\/kdo-vodi.si\/api\/v1\/organizations\/radovljica"},"office_holders":[{"person":{"name":"Danijel Ka\u0161ca","slug":"danijel-kasca"},"office":"Ob\u010dinski svetnik","office_code":"local_councillor","role_detail":"izvoljen z liste LISTA CIRILA GLOBO\u010cNIKA","organization":{"name":"Radovljica","slug":"radovljica"},"since":"2022-11-20","since_precision":"inferred","until":null,"status":"elected","current":true,"sources":[{"authority":"Dr\u017eavna volilna komisija","url":"https:\/\/www.dvk-rs.si\/arhivi\/volitve2022\/lv2022\/data\/prvikrog\/obcine-data\/data_102.json"}]},{"person":{"name":"Sabina Felc","slug":"sabina-felc"},"office":"Ob\u010dinski svetnik","office_code":"local_councillor","role_detail":"izvoljen z liste LISTA CIRILA GLOBO\u010cNIKA","organization":{"name":"Radovljica","slug":"radovljica"},"since":"2022-11-20","since_precision":"inferred","until":null,"status":"elected","current":true,"sources":[{"authority":"Dr\u017eavna volilna komisija","url":"https:\/\/www.dvk-rs.si\/arhivi\/volitve2022\/lv2022\/data\/prvikrog\/obcine-data\/data_102.json"}]},{"person":{"name":"Vilko Praprotnik","slug":"vilko-praprotnik"},"office":"Ob\u010dinski svetnik","office_code":"local_councillor","role_detail":"izvoljen z liste LISTA CIRILA GLOBO\u010cNIKA","organization":{"name":"Radovljica","slug":"radovljica"},"since":"2022-11-20","since_precision":"inferred","until":null,"status":"elected","current":true,"sources":[{"authority":"Dr\u017eavna volilna komisija","url":"https:\/\/www.dvk-rs.si\/arhivi\/volitve2022\/lv2022\/data\/prvikrog\/obcine-data\/data_102.json"}]},{"person":{"name":"Teodora Beton","slug":"teodora-beton"},"office":"Ob\u010dinski svetnik","office_code":"local_councillor","role_detail":"izvoljen z liste LISTA CIRILA GLOBO\u010cNIKA","organization":{"name":"Radovljica","slug":"radovljica"},"since":"2022-11-20","since_precision":"inferred","until":null,"status":"elected","current":true,"sources":[{"authority":"Dr\u017eavna volilna komisija","url":"https:\/\/www.dvk-rs.si\/arhivi\/volitve2022\/lv2022\/data\/prvikrog\/obcine-data\/data_102.json"}]},{"person":{"name":"Miroslav Poga\u010dar","slug":"miroslav-pogacar"},"office":"Ob\u010dinski svetnik","office_code":"local_councillor","role_detail":"izvoljen z liste LISTA CIRILA GLOBO\u010cNIKA","organization":{"name":"Radovljica","slug":"radovljica"},"since":"2022-11-20","since_precision":"inferred","until":null,"status":"elected","current":true,"sources":[{"authority":"Dr\u017eavna volilna komisija","url":"https:\/\/www.dvk-rs.si\/arhivi\/volitve2022\/lv2022\/data\/prvikrog\/obcine-data\/data_102.json"}]},{"person":{"name":"Monika A\u017eman","slug":"monika-azman"},"office":"Ob\u010dinski svetnik","office_code":"local_councillor","role_detail":"izvoljen z liste LISTA CIRILA GLOBO\u010cNIKA","organization":{"name":"Radovljica","slug":"radovljica"},"since":"2022-11-20","since_precision":"inferred","until":null,"status":"elected","current":true,"sources":[{"authority":"Dr\u017eavna volilna komisija","url":"https:\/\/www.dvk-rs.si\/arhivi\/volitve2022\/lv2022\/data\/prvikrog\/obcine-data\/data_102.json"}]},{"person":{"name":"Miran Rems","slug":"miran-rems"},"office":"Ob\u010dinski svetnik","office_code":"local_councillor","role_detail":"izvoljen z liste LISTA CIRILA GLOBO\u010cNIKA","organization":{"name":"Radovljica","slug":"radovljica"},"since":"2022-11-20","since_precision":"inferred","until":null,"status":"elected","current":true,"sources":[{"authority":"Dr\u017eavna volilna komisija","url":"https:\/\/www.dvk-rs.si\/arhivi\/volitve2022\/lv2022\/data\/prvikrog\/obcine-data\/data_102.json"}]},{"person":{"name":"Maru\u0161a \u0160olar \u010cuden","slug":"marusa-solar-cuden"},"office":"Ob\u010dinski svetnik","office_code":"local_councillor","role_detail":"izvoljen z liste GLAS MLADIH RADOVLJICA","organization":{"name":"Radovljica","slug":"radovljica"},"since":"2022-11-20","since_precision":"inferred","until":null,"status":"elected","current":true,"sources":[{"authority":"Dr\u017eavna volilna komisija","url":"https:\/\/www.dvk-rs.si\/arhivi\/volitve2022\/lv2022\/data\/prvikrog\/obcine-data\/data_102.json"}]},{"person":{"name":"Gorazd Fajfar","slug":"gorazd-fajfar"},"office":"Ob\u010dinski svetnik","office_code":"local_councillor","role_detail":"izvoljen z liste GLAS MLADIH RADOVLJICA","organization":{"name":"Radovljica","slug":"radovljica"},"since":"2022-11-20","since_precision":"inferred","until":null,"status":"elected","current":true,"sources":[{"authority":"Dr\u017eavna volilna komisija","url":"https:\/\/www.dvk-rs.si\/arhivi\/volitve2022\/lv2022\/data\/prvikrog\/obcine-data\/data_102.json"}]},{"person":{"name":"Renata Zadnikar","slug":"renata-zadnikar"},"office":"Ob\u010dinski svetnik","office_code":"local_councillor","role_detail":"izvoljen z liste SOCIALNI DEMOKRATI (SD)","organization":{"name":"Radovljica","slug":"radovljica"},"since":"2022-11-20","since_precision":"inferred","until":null,"status":"elected","current":true,"sources":[{"authority":"Dr\u017eavna volilna komisija","url":"https:\/\/www.dvk-rs.si\/arhivi\/volitve2022\/lv2022\/data\/prvikrog\/obcine-data\/data_102.json"}]},{"person":{"name":"Ines Jelenec","slug":"ines-jelenec"},"office":"Ob\u010dinski svetnik","office_code":"local_councillor","role_detail":"izvoljen z liste NOVA SLOVENIJA - KR\u0160\u010cANSKI DEMOKRATI","organization":{"name":"Radovljica","slug":"radovljica"},"since":"2022-11-20","since_precision":"inferred","until":null,"status":"elected","current":true,"sources":[{"authority":"Dr\u017eavna volilna komisija","url":"https:\/\/www.dvk-rs.si\/arhivi\/volitve2022\/lv2022\/data\/prvikrog\/obcine-data\/data_102.json"}]},{"person":{"name":"Simon Resman","slug":"simon-resman"},"office":"Ob\u010dinski svetnik","office_code":"local_councillor","role_detail":"izvoljen z liste NOVA SLOVENIJA - KR\u0160\u010cANSKI DEMOKRATI","organization":{"name":"Radovljica","slug":"radovljica"},"since":"2022-11-20","since_precision":"inferred","until":null,"status":"elected","current":true,"sources":[{"authority":"Dr\u017eavna volilna komisija","url":"https:\/\/www.dvk-rs.si\/arhivi\/volitve2022\/lv2022\/data\/prvikrog\/obcine-data\/data_102.json"}]},{"person":{"name":"Barbara Sitar","slug":"barbara-sitar"},"office":"Ob\u010dinski svetnik","office_code":"local_councillor","role_detail":"izvoljen z liste LISTA ZA \u0160PORT IN PROSTOVOLJSTVO","organization":{"name":"Radovljica","slug":"radovljica"},"since":"2022-11-20","since_precision":"inferred","until":null,"status":"elected","current":true,"sources":[{"authority":"Dr\u017eavna volilna komisija","url":"https:\/\/www.dvk-rs.si\/arhivi\/volitve2022\/lv2022\/data\/prvikrog\/obcine-data\/data_102.json"}]},{"person":{"name":"Darko Marolt","slug":"darko-marolt"},"office":"Ob\u010dinski svetnik","office_code":"local_councillor","role_detail":"izvoljen z liste LISTA ZA \u0160PORT IN PROSTOVOLJSTVO","organization":{"name":"Radovljica","slug":"radovljica"},"since":"2022-11-20","since_precision":"inferred","until":null,"status":"elected","current":true,"sources":[{"authority":"Dr\u017eavna volilna komisija","url":"https:\/\/www.dvk-rs.si\/arhivi\/volitve2022\/lv2022\/data\/prvikrog\/obcine-data\/data_102.json"}]},{"person":{"name":"Vojka Jesenko","slug":"vojka-jesenko"},"office":"Ob\u010dinski svetnik","office_code":"local_councillor","role_detail":"izvoljen z liste LISTA VOJKE JESENKO","organization":{"name":"Radovljica","slug":"radovljica"},"since":"2022-11-20","since_precision":"inferred","until":null,"status":"elected","current":true,"sources":[{"authority":"Dr\u017eavna volilna komisija","url":"https:\/\/www.dvk-rs.si\/arhivi\/volitve2022\/lv2022\/data\/prvikrog\/obcine-data\/data_102.json"}]},{"person":{"name":"Peter Podlesnik","slug":"peter-podlesnik"},"office":"Ob\u010dinski svetnik","office_code":"local_councillor","role_detail":"izvoljen z liste LISTA VOJKE JESENKO","organization":{"name":"Radovljica","slug":"radovljica"},"since":"2022-11-20","since_precision":"inferred","until":null,"status":"elected","current":true,"sources":[{"authority":"Dr\u017eavna volilna komisija","url":"https:\/\/www.dvk-rs.si\/arhivi\/volitve2022\/lv2022\/data\/prvikrog\/obcine-data\/data_102.json"}]},{"person":{"name":"Klemen Erman","slug":"klemen-erman"},"office":"Ob\u010dinski svetnik","office_code":"local_councillor","role_detail":"izvoljen z liste LEVICA","organization":{"name":"Radovljica","slug":"radovljica"},"since":"2022-11-20","since_precision":"inferred","until":null,"status":"elected","current":true,"sources":[{"authority":"Dr\u017eavna volilna komisija","url":"https:\/\/www.dvk-rs.si\/arhivi\/volitve2022\/lv2022\/data\/prvikrog\/obcine-data\/data_102.json"}]},{"person":{"name":"Domen Torkar","slug":"domen-torkar"},"office":"Ob\u010dinski svetnik","office_code":"local_councillor","role_detail":"izvoljen z liste GIBANJE SVOBODA","organization":{"name":"Radovljica","slug":"radovljica"},"since":"2022-11-20","since_precision":"inferred","until":null,"status":"elected","current":true,"sources":[{"authority":"Dr\u017eavna volilna komisija","url":"https:\/\/www.dvk-rs.si\/arhivi\/volitve2022\/lv2022\/data\/prvikrog\/obcine-data\/data_102.json"}]},{"person":{"name":"Petra Logar","slug":"petra-logar"},"office":"Ob\u010dinski svetnik","office_code":"local_councillor","role_detail":"izvoljen z liste GIBANJE SVOBODA","organization":{"name":"Radovljica","slug":"radovljica"},"since":"2022-11-20","since_precision":"inferred","until":null,"status":"elected","current":true,"sources":[{"authority":"Dr\u017eavna volilna komisija","url":"https:\/\/www.dvk-rs.si\/arhivi\/volitve2022\/lv2022\/data\/prvikrog\/obcine-data\/data_102.json"}]},{"person":{"name":"Gregor Remec","slug":"gregor-remec"},"office":"Ob\u010dinski svetnik","office_code":"local_councillor","role_detail":"izvoljen z liste GIBANJE SVOBODA","organization":{"name":"Radovljica","slug":"radovljica"},"since":"2022-11-20","since_precision":"inferred","until":null,"status":"elected","current":true,"sources":[{"authority":"Dr\u017eavna volilna komisija","url":"https:\/\/www.dvk-rs.si\/arhivi\/volitve2022\/lv2022\/data\/prvikrog\/obcine-data\/data_102.json"}]},{"person":{"name":"Nejc Vobovnik","slug":"nejc-vobovnik"},"office":"Ob\u010dinski svetnik","office_code":"local_councillor","role_detail":"izvoljen z liste SLOVENSKA DEMOKRATSKA STRANKA - SDS","organization":{"name":"Radovljica","slug":"radovljica"},"since":"2022-11-20","since_precision":"inferred","until":null,"status":"elected","current":true,"sources":[{"authority":"Dr\u017eavna volilna komisija","url":"https:\/\/www.dvk-rs.si\/arhivi\/volitve2022\/lv2022\/data\/prvikrog\/obcine-data\/data_102.json"}]},{"person":{"name":"Ale\u0161a Mu\u0161i\u010d","slug":"alesa-music"},"office":"Ob\u010dinski svetnik","office_code":"local_councillor","role_detail":"izvoljen z liste SLOVENSKA DEMOKRATSKA STRANKA - SDS","organization":{"name":"Radovljica","slug":"radovljica"},"since":"2022-11-20","since_precision":"inferred","until":null,"status":"elected","current":true,"sources":[{"authority":"Dr\u017eavna volilna komisija","url":"https:\/\/www.dvk-rs.si\/arhivi\/volitve2022\/lv2022\/data\/prvikrog\/obcine-data\/data_102.json"}]},{"person":{"name":"Bogomir Vnu\u010dec","slug":"bogomir-vnucec"},"office":"Ob\u010dinski svetnik","office_code":"local_councillor","role_detail":"izvoljen z liste SLOVENSKA DEMOKRATSKA STRANKA - SDS","organization":{"name":"Radovljica","slug":"radovljica"},"since":"2022-11-20","since_precision":"inferred","until":null,"status":"elected","current":true,"sources":[{"authority":"Dr\u017eavna volilna komisija","url":"https:\/\/www.dvk-rs.si\/arhivi\/volitve2022\/lv2022\/data\/prvikrog\/obcine-data\/data_102.json"}]},{"person":{"name":"Matja\u017e Planin\u0161ek","slug":"matjaz-planinsek"},"office":"Ob\u010dinski svetnik","office_code":"local_councillor","role_detail":"izvoljen z liste LISTA KRAJEVNIH SKUPNOSTI - LKS","organization":{"name":"Radovljica","slug":"radovljica"},"since":"2022-11-20","since_precision":"inferred","until":null,"status":"elected","current":true,"sources":[{"authority":"Dr\u017eavna volilna komisija","url":"https:\/\/www.dvk-rs.si\/arhivi\/volitve2022\/lv2022\/data\/prvikrog\/obcine-data\/data_102.json"}]},{"person":{"name":"Nana Jauk","slug":"nana-jauk"},"office":"Ob\u010dinski svetnik","office_code":"local_councillor","role_detail":"izvoljen z liste LISTA KRAJEVNIH SKUPNOSTI - LKS","organization":{"name":"Radovljica","slug":"radovljica"},"since":"2022-11-20","since_precision":"inferred","until":null,"status":"elected","current":true,"sources":[{"authority":"Dr\u017eavna volilna komisija","url":"https:\/\/www.dvk-rs.si\/arhivi\/volitve2022\/lv2022\/data\/prvikrog\/obcine-data\/data_102.json"}]},{"person":{"name":"Branko Fajfar","slug":"branko-fajfar"},"office":"Ob\u010dinski svetnik","office_code":"local_councillor","role_detail":"izvoljen z liste LISTA KRAJEVNIH SKUPNOSTI - LKS","organization":{"name":"Radovljica","slug":"radovljica"},"since":"2022-11-20","since_precision":"inferred","until":null,"status":"elected","current":true,"sources":[{"authority":"Dr\u017eavna volilna komisija","url":"https:\/\/www.dvk-rs.si\/arhivi\/volitve2022\/lv2022\/data\/prvikrog\/obcine-data\/data_102.json"}]},{"person":{"name":"Ciril Globo\u010dnik","slug":"ciril-globocnik"},"office":"\u017dupan","office_code":"mayor","role_detail":null,"organization":{"name":"Radovljica","slug":"radovljica"},"since":"2022-11-20","since_precision":"inferred","until":null,"status":"elected","current":true,"sources":[{"authority":"Dr\u017eavna volilna komisija","url":"https:\/\/www.dvk-rs.si\/arhivi\/volitve2022\/lv2022\/data\/ostale_obcine.json"}]}],"children":[{"slug":"glasbena-sola-radovljica","name":"Glasbena \u0160ola Radovljica","type":"public_institute","body_type":null},{"slug":"javni-zavod-turizem-in-kultura-radovljica","name":"Javni zavod Turizem in kultura Radovljica","type":"public_institute","body_type":null},{"slug":"knjiznica-antona-tomaza-linharta-radovljica","name":"Knji\u017enica Antona Toma\u017ea Linharta Radovljica","type":"public_institute","body_type":null},{"slug":"krajevna-skupnost-begunje-na-gorenjskem","name":"Krajevna Skupnost Begunje Na Gorenjskem","type":"local_community","body_type":null},{"slug":"krajevna-skupnost-brezje","name":"Krajevna Skupnost Brezje","type":"local_community","body_type":null},{"slug":"krajevna-skupnost-kamna-gorica","name":"Krajevna Skupnost Kamna Gorica","type":"local_community","body_type":null},{"slug":"krajevna-skupnost-kropa","name":"Krajevna Skupnost Kropa","type":"local_community","body_type":null},{"slug":"krajevna-skupnost-lancovo","name":"Krajevna Skupnost Lancovo","type":"local_community","body_type":null},{"slug":"krajevna-skupnost-lesce","name":"Krajevna Skupnost Lesce","type":"local_community","body_type":null},{"slug":"krajevna-skupnost-ljubno","name":"Krajevna Skupnost Ljubno","type":"local_community","body_type":null},{"slug":"krajevna-skupnost-mosnje","name":"Krajevna Skupnost Mo\u0161nje","type":"local_community","body_type":null},{"slug":"krajevna-skupnost-otok","name":"Krajevna Skupnost Otok","type":"local_community","body_type":null},{"slug":"krajevna-skupnost-podnart","name":"Krajevna Skupnost Podnart","type":"local_community","body_type":null},{"slug":"krajevna-skupnost-radovljica","name":"Krajevna Skupnost Radovljica","type":"local_community","body_type":null},{"slug":"krajevna-skupnost-srednja-dobrava","name":"Krajevna Skupnost Srednja Dobrava","type":"local_community","body_type":null},{"slug":"ljudska-univerza-radovljica","name":"Ljudska Univerza Radovljica","type":"public_institute","body_type":null},{"slug":"muzeji-radovljiske-obcine","name":"Muzeji Radovlji\u0161ke Ob\u010dine","type":"public_institute","body_type":null},{"slug":"osnovna-sola-antona-janse-radovljica","name":"Osnovna \u0160ola Antona Jan\u0161e Radovljica","type":"public_institute","body_type":null},{"slug":"osnovna-sola-antona-tomaza-linharta-radovljica","name":"Osnovna \u0160ola Antona Toma\u017ea Linharta Radovljica","type":"public_institute","body_type":null},{"slug":"osnovna-sola-fs-finzgarja-lesce","name":"Osnovna \u0160ola F.s. Fin\u017egarja Lesce","type":"public_institute","body_type":null},{"slug":"osnovna-sola-staneta-zagarja-lipnica","name":"Osnovna \u0160ola Staneta \u017dagarja Lipnica","type":"public_institute","body_type":null},{"slug":"vrtec-radovljica","name":"Vrtec Radovljica","type":"public_institute","body_type":null}]}