{"data":{"slug":"ravne-na-koroskem","name":"Ravne na Koro\u0161kem","type":"municipality","type_label":"Ob\u010dina","body_type":null,"parent":null,"website":null,"phone":null,"address":"Ga\u010dnikova pot 005, 2390 RAVNE NA KORO\u0160KEM","email":"obcina@ravne.si","leader":{"name":"Toma\u017e Ro\u017een","person_slug":"tomaz-rozen","office":"\u017dupan","office_code":"mayor","since":"2022-11-20"},"image":null,"sources":[],"url":"https:\/\/kdo-vodi.si\/organ\/ravne-na-koroskem","api_url":"https:\/\/kdo-vodi.si\/api\/v1\/organizations\/ravne-na-koroskem"},"office_holders":[{"person":{"name":"Boris Kaj\u017eer","slug":"boris-kajzer"},"office":"Ob\u010dinski svetnik","office_code":"local_councillor","role_detail":"izvoljen z liste SLOVENSKA DEMOKRATSKA STRANKA","organization":{"name":"Ravne na Koro\u0161kem","slug":"ravne-na-koroskem"},"since":"2022-11-20","since_precision":"inferred","until":null,"status":"elected","current":true,"sources":[{"authority":"Dr\u017eavna volilna komisija","url":"https:\/\/www.dvk-rs.si\/arhivi\/volitve2022\/lv2022\/data\/prvikrog\/obcine-data\/data_103.json"}]},{"person":{"name":"Darja Javornik","slug":"darja-javornik"},"office":"Ob\u010dinski svetnik","office_code":"local_councillor","role_detail":"izvoljen z liste SLOVENSKA DEMOKRATSKA STRANKA","organization":{"name":"Ravne na Koro\u0161kem","slug":"ravne-na-koroskem"},"since":"2022-11-20","since_precision":"inferred","until":null,"status":"elected","current":true,"sources":[{"authority":"Dr\u017eavna volilna komisija","url":"https:\/\/www.dvk-rs.si\/arhivi\/volitve2022\/lv2022\/data\/prvikrog\/obcine-data\/data_103.json"}]},{"person":{"name":"Toma\u017e Sedar","slug":"tomaz-sedar"},"office":"Ob\u010dinski svetnik","office_code":"local_councillor","role_detail":"izvoljen z liste SLOVENSKA DEMOKRATSKA STRANKA","organization":{"name":"Ravne na Koro\u0161kem","slug":"ravne-na-koroskem"},"since":"2022-11-20","since_precision":"inferred","until":null,"status":"elected","current":true,"sources":[{"authority":"Dr\u017eavna volilna komisija","url":"https:\/\/www.dvk-rs.si\/arhivi\/volitve2022\/lv2022\/data\/prvikrog\/obcine-data\/data_103.json"}]},{"person":{"name":"Sabina Ranc","slug":"sabina-ranc"},"office":"Ob\u010dinski svetnik","office_code":"local_councillor","role_detail":"izvoljen z liste SLOVENSKA DEMOKRATSKA STRANKA","organization":{"name":"Ravne na Koro\u0161kem","slug":"ravne-na-koroskem"},"since":"2022-11-20","since_precision":"inferred","until":null,"status":"elected","current":true,"sources":[{"authority":"Dr\u017eavna volilna komisija","url":"https:\/\/www.dvk-rs.si\/arhivi\/volitve2022\/lv2022\/data\/prvikrog\/obcine-data\/data_103.json"}]},{"person":{"name":"Ale\u0161 Logar","slug":"ales-logar"},"office":"Ob\u010dinski svetnik","office_code":"local_councillor","role_detail":"izvoljen z liste SLOVENSKA DEMOKRATSKA STRANKA","organization":{"name":"Ravne na Koro\u0161kem","slug":"ravne-na-koroskem"},"since":"2022-11-20","since_precision":"inferred","until":null,"status":"elected","current":true,"sources":[{"authority":"Dr\u017eavna volilna komisija","url":"https:\/\/www.dvk-rs.si\/arhivi\/volitve2022\/lv2022\/data\/prvikrog\/obcine-data\/data_103.json"}]},{"person":{"name":"Mojca Erjavec","slug":"mojca-erjavec"},"office":"Ob\u010dinski svetnik","office_code":"local_councillor","role_detail":"izvoljen z liste NOVA SLOVENIJA - KR\u0160\u010cANSKI DEMOKRATI","organization":{"name":"Ravne na Koro\u0161kem","slug":"ravne-na-koroskem"},"since":"2022-11-20","since_precision":"inferred","until":null,"status":"elected","current":true,"sources":[{"authority":"Dr\u017eavna volilna komisija","url":"https:\/\/www.dvk-rs.si\/arhivi\/volitve2022\/lv2022\/data\/prvikrog\/obcine-data\/data_103.json"}]},{"person":{"name":"Franc Breznik","slug":"franc-breznik"},"office":"Ob\u010dinski svetnik","office_code":"local_councillor","role_detail":"izvoljen z liste SOCIALNI DEMOKRATI","organization":{"name":"Ravne na Koro\u0161kem","slug":"ravne-na-koroskem"},"since":"2022-11-20","since_precision":"inferred","until":null,"status":"elected","current":true,"sources":[{"authority":"Dr\u017eavna volilna komisija","url":"https:\/\/www.dvk-rs.si\/arhivi\/volitve2022\/lv2022\/data\/prvikrog\/obcine-data\/data_103.json"}]},{"person":{"name":"Damjan Zih","slug":"damjan-zih"},"office":"Ob\u010dinski svetnik","office_code":"local_councillor","role_detail":"izvoljen z liste SOCIALNI DEMOKRATI","organization":{"name":"Ravne na Koro\u0161kem","slug":"ravne-na-koroskem"},"since":"2022-11-20","since_precision":"inferred","until":null,"status":"elected","current":true,"sources":[{"authority":"Dr\u017eavna volilna komisija","url":"https:\/\/www.dvk-rs.si\/arhivi\/volitve2022\/lv2022\/data\/prvikrog\/obcine-data\/data_103.json"}]},{"person":{"name":"Nevenka \u0160imenc","slug":"nevenka-simenc"},"office":"Ob\u010dinski svetnik","office_code":"local_councillor","role_detail":"izvoljen z liste SOCIALNI DEMOKRATI","organization":{"name":"Ravne na Koro\u0161kem","slug":"ravne-na-koroskem"},"since":"2022-11-20","since_precision":"inferred","until":null,"status":"elected","current":true,"sources":[{"authority":"Dr\u017eavna volilna komisija","url":"https:\/\/www.dvk-rs.si\/arhivi\/volitve2022\/lv2022\/data\/prvikrog\/obcine-data\/data_103.json"}]},{"person":{"name":"Boris \u0160triker","slug":"boris-striker"},"office":"Ob\u010dinski svetnik","office_code":"local_councillor","role_detail":"izvoljen z liste SOCIALNI DEMOKRATI","organization":{"name":"Ravne na Koro\u0161kem","slug":"ravne-na-koroskem"},"since":"2022-11-20","since_precision":"inferred","until":null,"status":"elected","current":true,"sources":[{"authority":"Dr\u017eavna volilna komisija","url":"https:\/\/www.dvk-rs.si\/arhivi\/volitve2022\/lv2022\/data\/prvikrog\/obcine-data\/data_103.json"}]},{"person":{"name":"Bojana Verdinek","slug":"bojana-verdinek"},"office":"Ob\u010dinski svetnik","office_code":"local_councillor","role_detail":"izvoljen z liste SOCIALNI DEMOKRATI","organization":{"name":"Ravne na Koro\u0161kem","slug":"ravne-na-koroskem"},"since":"2022-11-20","since_precision":"inferred","until":null,"status":"elected","current":true,"sources":[{"authority":"Dr\u017eavna volilna komisija","url":"https:\/\/www.dvk-rs.si\/arhivi\/volitve2022\/lv2022\/data\/prvikrog\/obcine-data\/data_103.json"}]},{"person":{"name":"Andrej Erjavec","slug":"andrej-erjavec"},"office":"Ob\u010dinski svetnik","office_code":"local_councillor","role_detail":"izvoljen z liste SOCIALNI DEMOKRATI","organization":{"name":"Ravne na Koro\u0161kem","slug":"ravne-na-koroskem"},"since":"2022-11-20","since_precision":"inferred","until":null,"status":"elected","current":true,"sources":[{"authority":"Dr\u017eavna volilna komisija","url":"https:\/\/www.dvk-rs.si\/arhivi\/volitve2022\/lv2022\/data\/prvikrog\/obcine-data\/data_103.json"}]},{"person":{"name":"Peter Priker\u017enik","slug":"peter-prikerznik"},"office":"Ob\u010dinski svetnik","office_code":"local_councillor","role_detail":"izvoljen z liste LISTA RO\u017dEN","organization":{"name":"Ravne na Koro\u0161kem","slug":"ravne-na-koroskem"},"since":"2022-11-20","since_precision":"inferred","until":null,"status":"elected","current":true,"sources":[{"authority":"Dr\u017eavna volilna komisija","url":"https:\/\/www.dvk-rs.si\/arhivi\/volitve2022\/lv2022\/data\/prvikrog\/obcine-data\/data_103.json"}]},{"person":{"name":"Darja Krevzelj","slug":"darja-krevzelj"},"office":"Ob\u010dinski svetnik","office_code":"local_councillor","role_detail":"izvoljen z liste LISTA RO\u017dEN","organization":{"name":"Ravne na Koro\u0161kem","slug":"ravne-na-koroskem"},"since":"2022-11-20","since_precision":"inferred","until":null,"status":"elected","current":true,"sources":[{"authority":"Dr\u017eavna volilna komisija","url":"https:\/\/www.dvk-rs.si\/arhivi\/volitve2022\/lv2022\/data\/prvikrog\/obcine-data\/data_103.json"}]},{"person":{"name":"Alja\u017e Verhovnik","slug":"aljaz-verhovnik"},"office":"Ob\u010dinski svetnik","office_code":"local_councillor","role_detail":"izvoljen z liste LISTA RO\u017dEN","organization":{"name":"Ravne na Koro\u0161kem","slug":"ravne-na-koroskem"},"since":"2022-11-20","since_precision":"inferred","until":null,"status":"elected","current":true,"sources":[{"authority":"Dr\u017eavna volilna komisija","url":"https:\/\/www.dvk-rs.si\/arhivi\/volitve2022\/lv2022\/data\/prvikrog\/obcine-data\/data_103.json"}]},{"person":{"name":"Mateja Hovnik","slug":"mateja-hovnik"},"office":"Ob\u010dinski svetnik","office_code":"local_councillor","role_detail":"izvoljen z liste LISTA RO\u017dEN","organization":{"name":"Ravne na Koro\u0161kem","slug":"ravne-na-koroskem"},"since":"2022-11-20","since_precision":"inferred","until":null,"status":"elected","current":true,"sources":[{"authority":"Dr\u017eavna volilna komisija","url":"https:\/\/www.dvk-rs.si\/arhivi\/volitve2022\/lv2022\/data\/prvikrog\/obcine-data\/data_103.json"}]},{"person":{"name":"Peter Sto\u010dko","slug":"peter-stocko"},"office":"Ob\u010dinski svetnik","office_code":"local_councillor","role_detail":"izvoljen z liste LISTA RO\u017dEN","organization":{"name":"Ravne na Koro\u0161kem","slug":"ravne-na-koroskem"},"since":"2022-11-20","since_precision":"inferred","until":null,"status":"elected","current":true,"sources":[{"authority":"Dr\u017eavna volilna komisija","url":"https:\/\/www.dvk-rs.si\/arhivi\/volitve2022\/lv2022\/data\/prvikrog\/obcine-data\/data_103.json"}]},{"person":{"name":"Marjana Kamnik","slug":"marjana-kamnik"},"office":"Ob\u010dinski svetnik","office_code":"local_councillor","role_detail":"izvoljen z liste LISTA RO\u017dEN","organization":{"name":"Ravne na Koro\u0161kem","slug":"ravne-na-koroskem"},"since":"2022-11-20","since_precision":"inferred","until":null,"status":"elected","current":true,"sources":[{"authority":"Dr\u017eavna volilna komisija","url":"https:\/\/www.dvk-rs.si\/arhivi\/volitve2022\/lv2022\/data\/prvikrog\/obcine-data\/data_103.json"}]},{"person":{"name":"Toma\u017e Ro\u017een","slug":"tomaz-rozen"},"office":"Ob\u010dinski svetnik","office_code":"local_councillor","role_detail":"izvoljen z liste LISTA RO\u017dEN","organization":{"name":"Ravne na Koro\u0161kem","slug":"ravne-na-koroskem"},"since":"2022-11-20","since_precision":"inferred","until":null,"status":"elected","current":true,"sources":[{"authority":"Dr\u017eavna volilna komisija","url":"https:\/\/www.dvk-rs.si\/arhivi\/volitve2022\/lv2022\/data\/prvikrog\/obcine-data\/data_103.json"}]},{"person":{"name":"Metka Pe\u0161l \u0160ater","slug":"metka-pesl-sater"},"office":"Ob\u010dinski svetnik","office_code":"local_councillor","role_detail":"izvoljen z liste GIBANJE SVOBODA","organization":{"name":"Ravne na Koro\u0161kem","slug":"ravne-na-koroskem"},"since":"2022-11-20","since_precision":"inferred","until":null,"status":"elected","current":true,"sources":[{"authority":"Dr\u017eavna volilna komisija","url":"https:\/\/www.dvk-rs.si\/arhivi\/volitve2022\/lv2022\/data\/prvikrog\/obcine-data\/data_103.json"}]},{"person":{"name":"Ivan \u0160kratek","slug":"ivan-skratek"},"office":"Ob\u010dinski svetnik","office_code":"local_councillor","role_detail":"izvoljen z liste GIBANJE SVOBODA","organization":{"name":"Ravne na Koro\u0161kem","slug":"ravne-na-koroskem"},"since":"2022-11-20","since_precision":"inferred","until":null,"status":"elected","current":true,"sources":[{"authority":"Dr\u017eavna volilna komisija","url":"https:\/\/www.dvk-rs.si\/arhivi\/volitve2022\/lv2022\/data\/prvikrog\/obcine-data\/data_103.json"}]},{"person":{"name":"Katja Vravnik","slug":"katja-vravnik"},"office":"Ob\u010dinski svetnik","office_code":"local_councillor","role_detail":"izvoljen z liste GIBANJE SVOBODA","organization":{"name":"Ravne na Koro\u0161kem","slug":"ravne-na-koroskem"},"since":"2022-11-20","since_precision":"inferred","until":null,"status":"elected","current":true,"sources":[{"authority":"Dr\u017eavna volilna komisija","url":"https:\/\/www.dvk-rs.si\/arhivi\/volitve2022\/lv2022\/data\/prvikrog\/obcine-data\/data_103.json"}]},{"person":{"name":"Toma\u017e Ro\u017een","slug":"tomaz-rozen"},"office":"\u017dupan","office_code":"mayor","role_detail":null,"organization":{"name":"Ravne na Koro\u0161kem","slug":"ravne-na-koroskem"},"since":"2022-11-20","since_precision":"inferred","until":null,"status":"elected","current":true,"sources":[{"authority":"Dr\u017eavna volilna komisija","url":"https:\/\/www.dvk-rs.si\/arhivi\/volitve2022\/lv2022\/data\/ostale_obcine.json"}]}],"children":[{"slug":"glasbena-sola-ravne-na-koroskem","name":"Glasbena \u0160ola Ravne Na Koro\u0161kem","type":"public_institute","body_type":null},{"slug":"koroska-lekarna","name":"Koro\u0161ka Lekarna","type":"public_institute","body_type":null},{"slug":"koroska-osrednja-knjiznica-dr-franca-susnika-ravne-na-koroskem","name":"Koro\u0161ka Osrednja Knji\u017enica dr. Franca Su\u0161nika Ravne Na Koro\u0161kem","type":"public_institute","body_type":null},{"slug":"koroski-gasilski-zavod","name":"Koro\u0161ki Gasilski Zavod","type":"public_institute","body_type":null},{"slug":"ljudska-univerza-ravne-na-koroskem","name":"Ljudska Univerza Ravne Na Koro\u0161kem","type":"public_institute","body_type":null},{"slug":"osnovna-sola-juricevega-drejcka-ravne-na-koroskem","name":"Osnovna \u0160ola Juri\u010devega Drej\u010dka Ravne Na Koro\u0161kem","type":"public_institute","body_type":null},{"slug":"osnovna-sola-koroski-jeklarji-ravne-na-koroskem","name":"Osnovna \u0160ola Koro\u0161ki Jeklarji Ravne Na Koro\u0161kem","type":"public_institute","body_type":null},{"slug":"osnovna-sola-prezihovega-voranca-ravne-na-koroskem","name":"Osnovna \u0160ola Pre\u017eihovega Voranca Ravne Na Koro\u0161kem","type":"public_institute","body_type":null},{"slug":"vrtec-ravne-na-koroskem","name":"Vrtec Ravne Na Koro\u0161kem","type":"public_institute","body_type":null},{"slug":"zavod-za-kulturo-sport-turizem-in-mladinske-dejavnosti-ravne-na-koroskem","name":"Zavod Za Kulturo, \u0160port, Turizem In Mladinske Dejavnosti Ravne Na Koro\u0161kem","type":"public_institute","body_type":null},{"slug":"zdravstveni-dom-ravne-na-koroskem","name":"Zdravstveni Dom Ravne Na Koro\u0161kem","type":"public_institute","body_type":null},{"slug":"zdravstveno-resevalni-center-koroske","name":"Zdravstveno re\u0161evalni center Koro\u0161ke","type":"public_institute","body_type":null}]}