{"data":{"slug":"sevnica","name":"Sevnica","type":"municipality","type_label":"Ob\u010dina","body_type":null,"parent":null,"website":null,"phone":null,"address":"Glavni trg 019 A, 8290 SEVNICA","email":"uprava@obcina-sevnica.si","leader":{"name":"Sre\u010dko Ocvirk","person_slug":"srecko-ocvirk","office":"\u017dupan","office_code":"mayor","since":"2022-11-20"},"image":{"url":"https:\/\/commons.wikimedia.org\/wiki\/Special:FilePath\/Grb_logotip_obcina_sevnica.png","attribution":"Wikimedia Commons","source":"https:\/\/commons.wikimedia.org\/wiki\/Special:FilePath\/Grb_logotip_obcina_sevnica.png","hosted":false},"sources":[],"url":"https:\/\/kdo-vodi.si\/organ\/sevnica","api_url":"https:\/\/kdo-vodi.si\/api\/v1\/organizations\/sevnica"},"office_holders":[{"person":{"name":"Rado Kostrevc","slug":"rado-kostrevc"},"office":"Ob\u010dinski svetnik","office_code":"local_councillor","role_detail":"izvoljen z liste GIBANJE SVOBODA","organization":{"name":"Sevnica","slug":"sevnica"},"since":"2022-11-20","since_precision":"inferred","until":null,"status":"elected","current":true,"sources":[{"authority":"Dr\u017eavna volilna komisija","url":"https:\/\/www.dvk-rs.si\/arhivi\/volitve2022\/lv2022\/data\/prvikrog\/obcine-data\/data_110.json"}]},{"person":{"name":"Edvard Turk","slug":"edvard-turk"},"office":"Ob\u010dinski svetnik","office_code":"local_councillor","role_detail":"izvoljen z liste NOVA SLOVENIJA - KR\u0160\u010cANSKI DEMOKRATI","organization":{"name":"Sevnica","slug":"sevnica"},"since":"2022-11-20","since_precision":"inferred","until":null,"status":"elected","current":true,"sources":[{"authority":"Dr\u017eavna volilna komisija","url":"https:\/\/www.dvk-rs.si\/arhivi\/volitve2022\/lv2022\/data\/prvikrog\/obcine-data\/data_110.json"}]},{"person":{"name":"Bo\u0161tjan Repov\u017e","slug":"bostjan-repovz"},"office":"Ob\u010dinski svetnik","office_code":"local_councillor","role_detail":"izvoljen z liste SLOVENSKA LJUDSKA STRANKA","organization":{"name":"Sevnica","slug":"sevnica"},"since":"2022-11-20","since_precision":"inferred","until":null,"status":"elected","current":true,"sources":[{"authority":"Dr\u017eavna volilna komisija","url":"https:\/\/www.dvk-rs.si\/arhivi\/volitve2022\/lv2022\/data\/prvikrog\/obcine-data\/data_110.json"}]},{"person":{"name":"Janez Kukec","slug":"janez-kukec"},"office":"Ob\u010dinski svetnik","office_code":"local_councillor","role_detail":"izvoljen z liste SLOVENSKA LJUDSKA STRANKA","organization":{"name":"Sevnica","slug":"sevnica"},"since":"2022-11-20","since_precision":"inferred","until":null,"status":"elected","current":true,"sources":[{"authority":"Dr\u017eavna volilna komisija","url":"https:\/\/www.dvk-rs.si\/arhivi\/volitve2022\/lv2022\/data\/prvikrog\/obcine-data\/data_110.json"}]},{"person":{"name":"Miro Juntez","slug":"miro-juntez"},"office":"Ob\u010dinski svetnik","office_code":"local_councillor","role_detail":"izvoljen z liste SLOVENSKA DEMOKRATSKA STRANKA","organization":{"name":"Sevnica","slug":"sevnica"},"since":"2022-11-20","since_precision":"inferred","until":null,"status":"elected","current":true,"sources":[{"authority":"Dr\u017eavna volilna komisija","url":"https:\/\/www.dvk-rs.si\/arhivi\/volitve2022\/lv2022\/data\/prvikrog\/obcine-data\/data_110.json"}]},{"person":{"name":"Ivan Ore\u0161nik","slug":"ivan-oresnik"},"office":"Ob\u010dinski svetnik","office_code":"local_councillor","role_detail":"izvoljen z liste SLOVENSKA DEMOKRATSKA STRANKA","organization":{"name":"Sevnica","slug":"sevnica"},"since":"2022-11-20","since_precision":"inferred","until":null,"status":"elected","current":true,"sources":[{"authority":"Dr\u017eavna volilna komisija","url":"https:\/\/www.dvk-rs.si\/arhivi\/volitve2022\/lv2022\/data\/prvikrog\/obcine-data\/data_110.json"}]},{"person":{"name":"Jernej \u017dnidar\u0161i\u010d","slug":"jernej-znidarsic"},"office":"Ob\u010dinski svetnik","office_code":"local_councillor","role_detail":"izvoljen z liste GIBANJE SVOBODA","organization":{"name":"Sevnica","slug":"sevnica"},"since":"2022-11-20","since_precision":"inferred","until":null,"status":"elected","current":true,"sources":[{"authority":"Dr\u017eavna volilna komisija","url":"https:\/\/www.dvk-rs.si\/arhivi\/volitve2022\/lv2022\/data\/prvikrog\/obcine-data\/data_110.json"}]},{"person":{"name":"Jano\u0161 Janc","slug":"janos-janc"},"office":"Ob\u010dinski svetnik","office_code":"local_councillor","role_detail":"izvoljen z liste SLOVENSKA LJUDSKA STRANKA","organization":{"name":"Sevnica","slug":"sevnica"},"since":"2022-11-20","since_precision":"inferred","until":null,"status":"elected","current":true,"sources":[{"authority":"Dr\u017eavna volilna komisija","url":"https:\/\/www.dvk-rs.si\/arhivi\/volitve2022\/lv2022\/data\/prvikrog\/obcine-data\/data_110.json"}]},{"person":{"name":"Vincenc Knez","slug":"vincenc-knez"},"office":"Ob\u010dinski svetnik","office_code":"local_councillor","role_detail":"izvoljen z liste SLOVENSKA LJUDSKA STRANKA","organization":{"name":"Sevnica","slug":"sevnica"},"since":"2022-11-20","since_precision":"inferred","until":null,"status":"elected","current":true,"sources":[{"authority":"Dr\u017eavna volilna komisija","url":"https:\/\/www.dvk-rs.si\/arhivi\/volitve2022\/lv2022\/data\/prvikrog\/obcine-data\/data_110.json"}]},{"person":{"name":"Brigita Karlov\u0161ek","slug":"brigita-karlovsek"},"office":"Ob\u010dinski svetnik","office_code":"local_councillor","role_detail":"izvoljen z liste SLOVENSKA DEMOKRATSKA STRANKA","organization":{"name":"Sevnica","slug":"sevnica"},"since":"2022-11-20","since_precision":"inferred","until":null,"status":"elected","current":true,"sources":[{"authority":"Dr\u017eavna volilna komisija","url":"https:\/\/www.dvk-rs.si\/arhivi\/volitve2022\/lv2022\/data\/prvikrog\/obcine-data\/data_110.json"}]},{"person":{"name":"Toma\u017e Lisec","slug":"tomaz-lisec"},"office":"Ob\u010dinski svetnik","office_code":"local_councillor","role_detail":"izvoljen z liste SLOVENSKA DEMOKRATSKA STRANKA","organization":{"name":"Sevnica","slug":"sevnica"},"since":"2022-11-20","since_precision":"inferred","until":null,"status":"elected","current":true,"sources":[{"authority":"Dr\u017eavna volilna komisija","url":"https:\/\/www.dvk-rs.si\/arhivi\/volitve2022\/lv2022\/data\/prvikrog\/obcine-data\/data_110.json"}]},{"person":{"name":"Biljana Bahat Vovk","slug":"biljana-bahat-vovk"},"office":"Ob\u010dinski svetnik","office_code":"local_councillor","role_detail":"izvoljen z liste GIBANJE SVOBODA","organization":{"name":"Sevnica","slug":"sevnica"},"since":"2022-11-20","since_precision":"inferred","until":null,"status":"elected","current":true,"sources":[{"authority":"Dr\u017eavna volilna komisija","url":"https:\/\/www.dvk-rs.si\/arhivi\/volitve2022\/lv2022\/data\/prvikrog\/obcine-data\/data_110.json"}]},{"person":{"name":"Rok Petan\u010di\u010d","slug":"rok-petancic"},"office":"Ob\u010dinski svetnik","office_code":"local_councillor","role_detail":"izvoljen z liste GIBANJE SVOBODA","organization":{"name":"Sevnica","slug":"sevnica"},"since":"2022-11-20","since_precision":"inferred","until":null,"status":"elected","current":true,"sources":[{"authority":"Dr\u017eavna volilna komisija","url":"https:\/\/www.dvk-rs.si\/arhivi\/volitve2022\/lv2022\/data\/prvikrog\/obcine-data\/data_110.json"}]},{"person":{"name":"Stanislava \u017di\u010dkar","slug":"stanislava-zickar"},"office":"Ob\u010dinski svetnik","office_code":"local_councillor","role_detail":"izvoljen z liste Neodvisna lista za razvoj krajevnih skupnosti v Ob\u010dini Sevnica","organization":{"name":"Sevnica","slug":"sevnica"},"since":"2022-11-20","since_precision":"inferred","until":null,"status":"elected","current":true,"sources":[{"authority":"Dr\u017eavna volilna komisija","url":"https:\/\/www.dvk-rs.si\/arhivi\/volitve2022\/lv2022\/data\/prvikrog\/obcine-data\/data_110.json"}]},{"person":{"name":"Ana Jelan\u010di\u0107","slug":"ana-jelancic"},"office":"Ob\u010dinski svetnik","office_code":"local_councillor","role_detail":"izvoljen z liste SOCIALNI DEMOKRATI","organization":{"name":"Sevnica","slug":"sevnica"},"since":"2022-11-20","since_precision":"inferred","until":null,"status":"elected","current":true,"sources":[{"authority":"Dr\u017eavna volilna komisija","url":"https:\/\/www.dvk-rs.si\/arhivi\/volitve2022\/lv2022\/data\/prvikrog\/obcine-data\/data_110.json"}]},{"person":{"name":"Bo\u017eidar Grobolj\u0161ek","slug":"bozidar-groboljsek"},"office":"Ob\u010dinski svetnik","office_code":"local_councillor","role_detail":"izvoljen z liste SLOVENSKA LJUDSKA STRANKA","organization":{"name":"Sevnica","slug":"sevnica"},"since":"2022-11-20","since_precision":"inferred","until":null,"status":"elected","current":true,"sources":[{"authority":"Dr\u017eavna volilna komisija","url":"https:\/\/www.dvk-rs.si\/arhivi\/volitve2022\/lv2022\/data\/prvikrog\/obcine-data\/data_110.json"}]},{"person":{"name":"Marko Kotar","slug":"marko-kotar"},"office":"Ob\u010dinski svetnik","office_code":"local_councillor","role_detail":"izvoljen z liste SLOVENSKA DEMOKRATSKA STRANKA","organization":{"name":"Sevnica","slug":"sevnica"},"since":"2022-11-20","since_precision":"inferred","until":null,"status":"elected","current":true,"sources":[{"authority":"Dr\u017eavna volilna komisija","url":"https:\/\/www.dvk-rs.si\/arhivi\/volitve2022\/lv2022\/data\/prvikrog\/obcine-data\/data_110.json"}]},{"person":{"name":"Tanja Nov\u0161ak","slug":"tanja-novsak"},"office":"Ob\u010dinski svetnik","office_code":"local_councillor","role_detail":"izvoljen z liste SLOVENSKA DEMOKRATSKA STRANKA","organization":{"name":"Sevnica","slug":"sevnica"},"since":"2022-11-20","since_precision":"inferred","until":null,"status":"elected","current":true,"sources":[{"authority":"Dr\u017eavna volilna komisija","url":"https:\/\/www.dvk-rs.si\/arhivi\/volitve2022\/lv2022\/data\/prvikrog\/obcine-data\/data_110.json"}]},{"person":{"name":"Anita \u017duli\u010d","slug":"anita-zulic"},"office":"Ob\u010dinski svetnik","office_code":"local_councillor","role_detail":"izvoljen z liste GIBANJE SVOBODA","organization":{"name":"Sevnica","slug":"sevnica"},"since":"2022-11-20","since_precision":"inferred","until":null,"status":"elected","current":true,"sources":[{"authority":"Dr\u017eavna volilna komisija","url":"https:\/\/www.dvk-rs.si\/arhivi\/volitve2022\/lv2022\/data\/prvikrog\/obcine-data\/data_110.json"}]},{"person":{"name":"Gorazd Zupanc","slug":"gorazd-zupanc"},"office":"Ob\u010dinski svetnik","office_code":"local_councillor","role_detail":"izvoljen z liste GIBANJE SVOBODA","organization":{"name":"Sevnica","slug":"sevnica"},"since":"2022-11-20","since_precision":"inferred","until":null,"status":"elected","current":true,"sources":[{"authority":"Dr\u017eavna volilna komisija","url":"https:\/\/www.dvk-rs.si\/arhivi\/volitve2022\/lv2022\/data\/prvikrog\/obcine-data\/data_110.json"}]},{"person":{"name":"Damjan \u017dibert","slug":"damjan-zibert"},"office":"Ob\u010dinski svetnik","office_code":"local_councillor","role_detail":"izvoljen z liste Neodvisna lista za razvoj krajevnih skupnosti v Ob\u010dini Sevnica","organization":{"name":"Sevnica","slug":"sevnica"},"since":"2022-11-20","since_precision":"inferred","until":null,"status":"elected","current":true,"sources":[{"authority":"Dr\u017eavna volilna komisija","url":"https:\/\/www.dvk-rs.si\/arhivi\/volitve2022\/lv2022\/data\/prvikrog\/obcine-data\/data_110.json"}]},{"person":{"name":"Majda Jazbec","slug":"majda-jazbec"},"office":"Ob\u010dinski svetnik","office_code":"local_councillor","role_detail":"izvoljen z liste SLOVENSKA LJUDSKA STRANKA","organization":{"name":"Sevnica","slug":"sevnica"},"since":"2022-11-20","since_precision":"inferred","until":null,"status":"elected","current":true,"sources":[{"authority":"Dr\u017eavna volilna komisija","url":"https:\/\/www.dvk-rs.si\/arhivi\/volitve2022\/lv2022\/data\/prvikrog\/obcine-data\/data_110.json"}]},{"person":{"name":"Sre\u010dko Ocvirk","slug":"srecko-ocvirk"},"office":"Ob\u010dinski svetnik","office_code":"local_councillor","role_detail":"izvoljen z liste SLOVENSKA LJUDSKA STRANKA","organization":{"name":"Sevnica","slug":"sevnica"},"since":"2022-11-20","since_precision":"inferred","until":null,"status":"elected","current":true,"sources":[{"authority":"Dr\u017eavna volilna komisija","url":"https:\/\/www.dvk-rs.si\/arhivi\/volitve2022\/lv2022\/data\/prvikrog\/obcine-data\/data_110.json"}]},{"person":{"name":"Marjan Lo\u010di\u010dnik","slug":"marjan-locicnik"},"office":"Ob\u010dinski svetnik","office_code":"local_councillor","role_detail":"izvoljen z liste SLOVENSKA DEMOKRATSKA STRANKA","organization":{"name":"Sevnica","slug":"sevnica"},"since":"2022-11-20","since_precision":"inferred","until":null,"status":"elected","current":true,"sources":[{"authority":"Dr\u017eavna volilna komisija","url":"https:\/\/www.dvk-rs.si\/arhivi\/volitve2022\/lv2022\/data\/prvikrog\/obcine-data\/data_110.json"}]},{"person":{"name":"Gregor Korene","slug":"gregor-korene"},"office":"Ob\u010dinski svetnik","office_code":"local_councillor","role_detail":"izvoljen z liste SLOVENSKA DEMOKRATSKA STRANKA","organization":{"name":"Sevnica","slug":"sevnica"},"since":"2022-11-20","since_precision":"inferred","until":null,"status":"elected","current":true,"sources":[{"authority":"Dr\u017eavna volilna komisija","url":"https:\/\/www.dvk-rs.si\/arhivi\/volitve2022\/lv2022\/data\/prvikrog\/obcine-data\/data_110.json"}]},{"person":{"name":"Sre\u010dko Ocvirk","slug":"srecko-ocvirk"},"office":"\u017dupan","office_code":"mayor","role_detail":null,"organization":{"name":"Sevnica","slug":"sevnica"},"since":"2022-11-20","since_precision":"inferred","until":null,"status":"elected","current":true,"sources":[{"authority":"Dr\u017eavna volilna komisija","url":"https:\/\/www.dvk-rs.si\/arhivi\/volitve2022\/lv2022\/data\/ostale_obcine.json"}]}],"children":[{"slug":"glasbena-sola-sevnica","name":"Glasbena \u0160ola Sevnica","type":"public_institute","body_type":null},{"slug":"javni-zavod-za-kulturo-sport-turizem-in-mladinske-dejavnosti-sevnica","name":"Javni Zavod Za Kulturo, \u0160port, Turizem In Mladinske Dejavnosti Sevnica","type":"public_institute","body_type":null},{"slug":"knjiznica-sevnica","name":"Knji\u017enica Sevnica","type":"public_institute","body_type":null},{"slug":"krajevna-skupnost-blanca","name":"Krajevna Skupnost Blanca","type":"local_community","body_type":null},{"slug":"krajevna-skupnost-bostanj","name":"Krajevna Skupnost Bo\u0161tanj","type":"local_community","body_type":null},{"slug":"krajevna-skupnost-dolnje-brezovo","name":"Krajevna Skupnost Dolnje Brezovo","type":"local_community","body_type":null},{"slug":"krajevna-skupnost-krmelj","name":"Krajevna Skupnost Krmelj","type":"local_community","body_type":null},{"slug":"krajevna-skupnost-loka-pri-zidanem-mostu","name":"Krajevna Skupnost Loka Pri Zidanem Mostu","type":"local_community","body_type":null},{"slug":"krajevna-skupnost-primoz","name":"Krajevna Skupnost Primo\u017e","type":"local_community","body_type":null},{"slug":"krajevna-skupnost-sentjanz","name":"Krajevna Skupnost \u0160entjan\u017e","type":"local_community","body_type":null},{"slug":"krajevna-skupnost-sevnica","name":"Krajevna Skupnost Sevnica","type":"local_community","body_type":null},{"slug":"krajevna-skupnost-studenec","name":"Krajevna Skupnost Studenec","type":"local_community","body_type":null},{"slug":"krajevna-skupnost-trzisce","name":"Krajevna Skupnost Tr\u017ei\u0161\u010de","type":"local_community","body_type":null},{"slug":"krajevna-skupnost-zabukovje","name":"Krajevna Skupnost Zabukovje","type":"local_community","body_type":null},{"slug":"lekarna-sevnica","name":"Lekarna Sevnica","type":"public_institute","body_type":null},{"slug":"osnovna-sola-ane-gale-sevnica","name":"Osnovna \u0160ola Ane Gale Sevnica","type":"public_institute","body_type":null},{"slug":"osnovna-sola-blanca","name":"Osnovna \u0160ola Blanca","type":"public_institute","body_type":null},{"slug":"osnovna-sola-bostanj","name":"Osnovna \u0160ola Bo\u0161tanj","type":"public_institute","body_type":null},{"slug":"osnovna-sola-krmelj","name":"Osnovna \u0160ola Krmelj","type":"public_institute","body_type":null},{"slug":"osnovna-sola-milana-majcna-sentjanz","name":"Osnovna \u0160ola Milana Majcna \u0160entjan\u017e","type":"public_institute","body_type":null},{"slug":"osnovna-sola-sava-kladnika-sevnica","name":"Osnovna \u0160ola Sava Kladnika Sevnica","type":"public_institute","body_type":null},{"slug":"osnovna-sola-trzisce","name":"Osnovna \u0160ola Tr\u017ei\u0161\u010de","type":"public_institute","body_type":null},{"slug":"vrtec-ciciban-sevnica","name":"Vrtec Ciciban Sevnica","type":"public_institute","body_type":null},{"slug":"zdravstveni-dom-sevnica","name":"Zdravstveni Dom Sevnica","type":"public_institute","body_type":null}]}