{"data":{"slug":"sezana","name":"Se\u017eana","type":"municipality","type_label":"Ob\u010dina","body_type":null,"parent":null,"website":null,"phone":null,"address":"Partizanska cesta 004, 6210 SE\u017dANA","email":"obcina@sezana.si","leader":{"name":"Andrej Sila","person_slug":"andrej-sila","office":"\u017dupan","office_code":"mayor","since":"2022-12-04"},"image":null,"sources":[],"url":"https:\/\/kdo-vodi.si\/organ\/sezana","api_url":"https:\/\/kdo-vodi.si\/api\/v1\/organizations\/sezana"},"office_holders":[{"person":{"name":"David Kocjan","slug":"david-kocjan"},"office":"Ob\u010dinski svetnik","office_code":"local_councillor","role_detail":"izvoljen z liste KRAS BO - ZA GOSPODARSTVO KRASA","organization":{"name":"Se\u017eana","slug":"sezana"},"since":"2022-11-20","since_precision":"inferred","until":null,"status":"elected","current":true,"sources":[{"authority":"Dr\u017eavna volilna komisija","url":"https:\/\/www.dvk-rs.si\/arhivi\/volitve2022\/lv2022\/data\/prvikrog\/obcine-data\/data_111.json"}]},{"person":{"name":"Klementina Kri\u017eman","slug":"klementina-krizman"},"office":"Ob\u010dinski svetnik","office_code":"local_councillor","role_detail":"izvoljen z liste KRAS BO - ZA GOSPODARSTVO KRASA","organization":{"name":"Se\u017eana","slug":"sezana"},"since":"2022-11-20","since_precision":"inferred","until":null,"status":"elected","current":true,"sources":[{"authority":"Dr\u017eavna volilna komisija","url":"https:\/\/www.dvk-rs.si\/arhivi\/volitve2022\/lv2022\/data\/prvikrog\/obcine-data\/data_111.json"}]},{"person":{"name":"Jernej Bortolato","slug":"jernej-bortolato"},"office":"Ob\u010dinski svetnik","office_code":"local_councillor","role_detail":"izvoljen z liste KRAS BO - ZA GOSPODARSTVO KRASA","organization":{"name":"Se\u017eana","slug":"sezana"},"since":"2022-11-20","since_precision":"inferred","until":null,"status":"elected","current":true,"sources":[{"authority":"Dr\u017eavna volilna komisija","url":"https:\/\/www.dvk-rs.si\/arhivi\/volitve2022\/lv2022\/data\/prvikrog\/obcine-data\/data_111.json"}]},{"person":{"name":"Drago Pirec","slug":"drago-pirec"},"office":"Ob\u010dinski svetnik","office_code":"local_councillor","role_detail":"izvoljen z liste SLOVENSKA DEMOKRATSKA STRANKA - SDS","organization":{"name":"Se\u017eana","slug":"sezana"},"since":"2022-11-20","since_precision":"inferred","until":null,"status":"elected","current":true,"sources":[{"authority":"Dr\u017eavna volilna komisija","url":"https:\/\/www.dvk-rs.si\/arhivi\/volitve2022\/lv2022\/data\/prvikrog\/obcine-data\/data_111.json"}]},{"person":{"name":"Barbara Orel","slug":"barbara-orel"},"office":"Ob\u010dinski svetnik","office_code":"local_councillor","role_detail":"izvoljen z liste LISTA DAVORIN TER\u010cON","organization":{"name":"Se\u017eana","slug":"sezana"},"since":"2022-11-20","since_precision":"inferred","until":null,"status":"elected","current":true,"sources":[{"authority":"Dr\u017eavna volilna komisija","url":"https:\/\/www.dvk-rs.si\/arhivi\/volitve2022\/lv2022\/data\/prvikrog\/obcine-data\/data_111.json"}]},{"person":{"name":"Davorin Ter\u010don","slug":"davorin-tercon"},"office":"Ob\u010dinski svetnik","office_code":"local_councillor","role_detail":"izvoljen z liste LISTA DAVORIN TER\u010cON","organization":{"name":"Se\u017eana","slug":"sezana"},"since":"2022-11-20","since_precision":"inferred","until":null,"status":"elected","current":true,"sources":[{"authority":"Dr\u017eavna volilna komisija","url":"https:\/\/www.dvk-rs.si\/arhivi\/volitve2022\/lv2022\/data\/prvikrog\/obcine-data\/data_111.json"}]},{"person":{"name":"Matja\u017e Mo\u017ee","slug":"matjaz-moze"},"office":"Ob\u010dinski svetnik","office_code":"local_councillor","role_detail":"izvoljen z liste MATJA\u017d MO\u017dE","organization":{"name":"Se\u017eana","slug":"sezana"},"since":"2022-11-20","since_precision":"inferred","until":null,"status":"elected","current":true,"sources":[{"authority":"Dr\u017eavna volilna komisija","url":"https:\/\/www.dvk-rs.si\/arhivi\/volitve2022\/lv2022\/data\/prvikrog\/obcine-data\/data_111.json"}]},{"person":{"name":"Dejan Gmajner","slug":"dejan-gmajner"},"office":"Ob\u010dinski svetnik","office_code":"local_councillor","role_detail":"izvoljen z liste SOCIALNI DEMOKRATI","organization":{"name":"Se\u017eana","slug":"sezana"},"since":"2022-11-20","since_precision":"inferred","until":null,"status":"elected","current":true,"sources":[{"authority":"Dr\u017eavna volilna komisija","url":"https:\/\/www.dvk-rs.si\/arhivi\/volitve2022\/lv2022\/data\/prvikrog\/obcine-data\/data_111.json"}]},{"person":{"name":"Ljubica Jelu\u0161i\u010d","slug":"ljubica-jelusic"},"office":"Ob\u010dinski svetnik","office_code":"local_councillor","role_detail":"izvoljen z liste SOCIALNI DEMOKRATI","organization":{"name":"Se\u017eana","slug":"sezana"},"since":"2022-11-20","since_precision":"inferred","until":null,"status":"elected","current":true,"sources":[{"authority":"Dr\u017eavna volilna komisija","url":"https:\/\/www.dvk-rs.si\/arhivi\/volitve2022\/lv2022\/data\/prvikrog\/obcine-data\/data_111.json"}]},{"person":{"name":"Deni Ristovski","slug":"deni-ristovski"},"office":"Ob\u010dinski svetnik","office_code":"local_councillor","role_detail":"izvoljen z liste DAVID \u0160KABAR - PRAVA POT","organization":{"name":"Se\u017eana","slug":"sezana"},"since":"2022-11-20","since_precision":"inferred","until":null,"status":"elected","current":true,"sources":[{"authority":"Dr\u017eavna volilna komisija","url":"https:\/\/www.dvk-rs.si\/arhivi\/volitve2022\/lv2022\/data\/prvikrog\/obcine-data\/data_111.json"}]},{"person":{"name":"Alenka Miklavec","slug":"alenka-miklavec"},"office":"Ob\u010dinski svetnik","office_code":"local_councillor","role_detail":"izvoljen z liste LEVICA","organization":{"name":"Se\u017eana","slug":"sezana"},"since":"2022-11-20","since_precision":"inferred","until":null,"status":"elected","current":true,"sources":[{"authority":"Dr\u017eavna volilna komisija","url":"https:\/\/www.dvk-rs.si\/arhivi\/volitve2022\/lv2022\/data\/prvikrog\/obcine-data\/data_111.json"}]},{"person":{"name":"Tadej Maru\u0161i\u010d","slug":"tadej-marusic"},"office":"Ob\u010dinski svetnik","office_code":"local_councillor","role_detail":"izvoljen z liste GIBANJE SVOBODA","organization":{"name":"Se\u017eana","slug":"sezana"},"since":"2022-11-20","since_precision":"inferred","until":null,"status":"elected","current":true,"sources":[{"authority":"Dr\u017eavna volilna komisija","url":"https:\/\/www.dvk-rs.si\/arhivi\/volitve2022\/lv2022\/data\/prvikrog\/obcine-data\/data_111.json"}]},{"person":{"name":"Vanja Jelen","slug":"vanja-jelen"},"office":"Ob\u010dinski svetnik","office_code":"local_councillor","role_detail":"izvoljen z liste GIBANJE SVOBODA","organization":{"name":"Se\u017eana","slug":"sezana"},"since":"2022-11-20","since_precision":"inferred","until":null,"status":"elected","current":true,"sources":[{"authority":"Dr\u017eavna volilna komisija","url":"https:\/\/www.dvk-rs.si\/arhivi\/volitve2022\/lv2022\/data\/prvikrog\/obcine-data\/data_111.json"}]},{"person":{"name":"Milan \u0160kapin","slug":"milan-skapin"},"office":"Ob\u010dinski svetnik","office_code":"local_councillor","role_detail":"izvoljen z liste GIBANJE SVOBODA","organization":{"name":"Se\u017eana","slug":"sezana"},"since":"2022-11-20","since_precision":"inferred","until":null,"status":"elected","current":true,"sources":[{"authority":"Dr\u017eavna volilna komisija","url":"https:\/\/www.dvk-rs.si\/arhivi\/volitve2022\/lv2022\/data\/prvikrog\/obcine-data\/data_111.json"}]},{"person":{"name":"Katja Simunich Kne\u017eevi\u0107","slug":"katja-simunich-knezevic"},"office":"Ob\u010dinski svetnik","office_code":"local_councillor","role_detail":"izvoljen z liste LISTA ANDREJ SILA IN PREVETRIMO KRAS #MLADIZMOREMO","organization":{"name":"Se\u017eana","slug":"sezana"},"since":"2022-11-20","since_precision":"inferred","until":null,"status":"elected","current":true,"sources":[{"authority":"Dr\u017eavna volilna komisija","url":"https:\/\/www.dvk-rs.si\/arhivi\/volitve2022\/lv2022\/data\/prvikrog\/obcine-data\/data_111.json"}]},{"person":{"name":"Sa\u0161a Guli\u010d","slug":"sasa-gulic"},"office":"Ob\u010dinski svetnik","office_code":"local_councillor","role_detail":"izvoljen z liste LISTA ANDREJ SILA IN PREVETRIMO KRAS #MLADIZMOREMO","organization":{"name":"Se\u017eana","slug":"sezana"},"since":"2022-11-20","since_precision":"inferred","until":null,"status":"elected","current":true,"sources":[{"authority":"Dr\u017eavna volilna komisija","url":"https:\/\/www.dvk-rs.si\/arhivi\/volitve2022\/lv2022\/data\/prvikrog\/obcine-data\/data_111.json"}]},{"person":{"name":"Lara Gorjan Mijatovi\u0107","slug":"lara-gorjan-mijatovic"},"office":"Ob\u010dinski svetnik","office_code":"local_councillor","role_detail":"izvoljen z liste LISTA ANDREJ SILA IN PREVETRIMO KRAS #MLADIZMOREMO","organization":{"name":"Se\u017eana","slug":"sezana"},"since":"2022-11-20","since_precision":"inferred","until":null,"status":"elected","current":true,"sources":[{"authority":"Dr\u017eavna volilna komisija","url":"https:\/\/www.dvk-rs.si\/arhivi\/volitve2022\/lv2022\/data\/prvikrog\/obcine-data\/data_111.json"}]},{"person":{"name":"Matej Glavina","slug":"matej-glavina"},"office":"Ob\u010dinski svetnik","office_code":"local_councillor","role_detail":"izvoljen z liste LISTA ANDREJ SILA IN PREVETRIMO KRAS #MLADIZMOREMO","organization":{"name":"Se\u017eana","slug":"sezana"},"since":"2022-11-20","since_precision":"inferred","until":null,"status":"elected","current":true,"sources":[{"authority":"Dr\u017eavna volilna komisija","url":"https:\/\/www.dvk-rs.si\/arhivi\/volitve2022\/lv2022\/data\/prvikrog\/obcine-data\/data_111.json"}]},{"person":{"name":"Radica Slavkovi\u0107","slug":"radica-slavkovic"},"office":"Ob\u010dinski svetnik","office_code":"local_councillor","role_detail":"izvoljen z liste LISTA ANDREJ SILA IN PREVETRIMO KRAS #MLADIZMOREMO","organization":{"name":"Se\u017eana","slug":"sezana"},"since":"2022-11-20","since_precision":"inferred","until":null,"status":"elected","current":true,"sources":[{"authority":"Dr\u017eavna volilna komisija","url":"https:\/\/www.dvk-rs.si\/arhivi\/volitve2022\/lv2022\/data\/prvikrog\/obcine-data\/data_111.json"}]},{"person":{"name":"Andrej Sila","slug":"andrej-sila"},"office":"Ob\u010dinski svetnik","office_code":"local_councillor","role_detail":"izvoljen z liste LISTA ANDREJ SILA IN PREVETRIMO KRAS #MLADIZMOREMO","organization":{"name":"Se\u017eana","slug":"sezana"},"since":"2022-11-20","since_precision":"inferred","until":null,"status":"elected","current":true,"sources":[{"authority":"Dr\u017eavna volilna komisija","url":"https:\/\/www.dvk-rs.si\/arhivi\/volitve2022\/lv2022\/data\/prvikrog\/obcine-data\/data_111.json"}]},{"person":{"name":"Andrej Sila","slug":"andrej-sila"},"office":"\u017dupan","office_code":"mayor","role_detail":null,"organization":{"name":"Se\u017eana","slug":"sezana"},"since":"2022-12-04","since_precision":"inferred","until":null,"status":"elected","current":true,"sources":[{"authority":"Dr\u017eavna volilna komisija","url":"https:\/\/www.dvk-rs.si\/arhivi\/volitve2022\/lv2022\/data\/drugi_krog.json"}]}],"children":[{"slug":"glasbena-sola-sezana","name":"Glasbena \u0160ola Se\u017eana","type":"public_institute","body_type":null},{"slug":"kosovelov-dom-sezana-kulturni-center-krasa","name":"KOSOVELOV DOM SE\u017dANA - kulturni center Krasa","type":"public_institute","body_type":null},{"slug":"kosovelova-knjiznica-sezana","name":"Kosovelova Knji\u017enica Se\u017eana","type":"public_institute","body_type":null},{"slug":"krajevna-skupnost-avber","name":"Krajevna Skupnost Avber","type":"local_community","body_type":null},{"slug":"krajevna-skupnost-dane-pri-sezani","name":"Krajevna Skupnost Dane Pri Se\u017eani","type":"local_community","body_type":null},{"slug":"krajevna-skupnost-dutovlje","name":"Krajevna Skupnost Dutovlje","type":"local_community","body_type":null},{"slug":"krajevna-skupnost-kazlje","name":"Krajevna Skupnost Kazlje","type":"local_community","body_type":null},{"slug":"krajevna-skupnost-kriz","name":"Krajevna Skupnost Kri\u017e","type":"local_community","body_type":null},{"slug":"krajevna-skupnost-lokev","name":"Krajevna Skupnost Lokev","type":"local_community","body_type":null},{"slug":"krajevna-skupnost-pliskovica","name":"Krajevna Skupnost Pliskovica","type":"local_community","body_type":null},{"slug":"krajevna-skupnost-povir","name":"Krajevna Skupnost Povir","type":"local_community","body_type":null},{"slug":"krajevna-skupnost-sezana","name":"Krajevna Skupnost Se\u017eana","type":"local_community","body_type":null},{"slug":"krajevna-skupnost-stjak","name":"Krajevna Skupnost \u0160tjak","type":"local_community","body_type":null},{"slug":"krajevna-skupnost-storje","name":"Krajevna Skupnost \u0160torje","type":"local_community","body_type":null},{"slug":"krajevna-skupnost-tomaj","name":"Krajevna Skupnost Tomaj","type":"local_community","body_type":null},{"slug":"krajevna-skupnost-vrabce","name":"Krajevna Skupnost Vrab\u010de","type":"local_community","body_type":null},{"slug":"ljudska-univerza-sezana","name":"Ljudska Univerza Se\u017eana","type":"public_institute","body_type":null},{"slug":"osnovna-sola-dutovlje","name":"Osnovna \u0160ola Dutovlje","type":"public_institute","body_type":null},{"slug":"osnovna-sola-srecka-kosovela","name":"Osnovna \u0160ola Sre\u010dka Kosovela","type":"public_institute","body_type":null},{"slug":"vrtec-sezana","name":"Vrtec Se\u017eana","type":"public_institute","body_type":null},{"slug":"zavod-za-gasilno-in-resevalno-sluzbo-sezana","name":"Zavod Za Gasilno In Re\u0161evalno Slu\u017ebo Se\u017eana","type":"public_institute","body_type":null},{"slug":"zavod-za-sport-turizem-in-prosti-cas-sezana","name":"Zavod Za \u0160port, Turizem In Prosti \u010cas Se\u017eana","type":"public_institute","body_type":null},{"slug":"zdravstveni-dom-sezana","name":"Zdravstveni Dom Se\u017eana","type":"public_institute","body_type":null}]}