{"data":{"slug":"slovenj-gradec","name":"Slovenj Gradec","type":"municipality","type_label":"Ob\u010dina","body_type":null,"parent":null,"website":null,"phone":null,"address":"\u0160olska ulica 005, 2380 SLOVENJ GRADEC","email":"gp@slovenjgradec.si","leader":{"name":"Tilen Klugler","person_slug":"tilen-klugler","office":"\u017dupan","office_code":"mayor","since":"2022-11-20"},"image":{"url":"https:\/\/commons.wikimedia.org\/wiki\/Special:FilePath\/Grb_Mestne_ob%C4%8Dine_Slovenj_Gradec.png","attribution":"Wikimedia Commons","source":"https:\/\/commons.wikimedia.org\/wiki\/Special:FilePath\/Grb_Mestne_ob%C4%8Dine_Slovenj_Gradec.png","hosted":false},"sources":[],"url":"https:\/\/kdo-vodi.si\/organ\/slovenj-gradec","api_url":"https:\/\/kdo-vodi.si\/api\/v1\/organizations\/slovenj-gradec"},"office_holders":[{"person":{"name":"Marija Popi\u010d","slug":"marija-popic"},"office":"Ob\u010dinski svetnik","office_code":"local_councillor","role_detail":"izvoljen z liste SLOVENSKA DEMOKRATSKA STRANKA","organization":{"name":"Slovenj Gradec","slug":"slovenj-gradec"},"since":"2022-11-20","since_precision":"inferred","until":null,"status":"elected","current":true,"sources":[{"authority":"Dr\u017eavna volilna komisija","url":"https:\/\/www.dvk-rs.si\/arhivi\/volitve2022\/lv2022\/data\/prvikrog\/obcine-data\/data_112.json"}]},{"person":{"name":"Vinko Vr\u010dkovnik","slug":"vinko-vrckovnik"},"office":"Ob\u010dinski svetnik","office_code":"local_councillor","role_detail":"izvoljen z liste GIBANJE SVOBODA","organization":{"name":"Slovenj Gradec","slug":"slovenj-gradec"},"since":"2022-11-20","since_precision":"inferred","until":null,"status":"elected","current":true,"sources":[{"authority":"Dr\u017eavna volilna komisija","url":"https:\/\/www.dvk-rs.si\/arhivi\/volitve2022\/lv2022\/data\/prvikrog\/obcine-data\/data_112.json"}]},{"person":{"name":"Robert Jeromel","slug":"robert-jeromel"},"office":"Ob\u010dinski svetnik","office_code":"local_councillor","role_detail":"izvoljen z liste LISTA \u017dUPANA TILNA KLUGLERJA","organization":{"name":"Slovenj Gradec","slug":"slovenj-gradec"},"since":"2022-11-20","since_precision":"inferred","until":null,"status":"elected","current":true,"sources":[{"authority":"Dr\u017eavna volilna komisija","url":"https:\/\/www.dvk-rs.si\/arhivi\/volitve2022\/lv2022\/data\/prvikrog\/obcine-data\/data_112.json"}]},{"person":{"name":"Vili Ka\u0161nik","slug":"vili-kasnik"},"office":"Ob\u010dinski svetnik","office_code":"local_councillor","role_detail":"izvoljen z liste LISTA \u017dUPANA TILNA KLUGLERJA","organization":{"name":"Slovenj Gradec","slug":"slovenj-gradec"},"since":"2022-11-20","since_precision":"inferred","until":null,"status":"elected","current":true,"sources":[{"authority":"Dr\u017eavna volilna komisija","url":"https:\/\/www.dvk-rs.si\/arhivi\/volitve2022\/lv2022\/data\/prvikrog\/obcine-data\/data_112.json"}]},{"person":{"name":"Zvonka Marhat","slug":"zvonka-marhat"},"office":"Ob\u010dinski svetnik","office_code":"local_councillor","role_detail":"izvoljen z liste NOVA SLOVENIJA - KR\u0160\u010cANSKI DEMOKRATI","organization":{"name":"Slovenj Gradec","slug":"slovenj-gradec"},"since":"2022-11-20","since_precision":"inferred","until":null,"status":"elected","current":true,"sources":[{"authority":"Dr\u017eavna volilna komisija","url":"https:\/\/www.dvk-rs.si\/arhivi\/volitve2022\/lv2022\/data\/prvikrog\/obcine-data\/data_112.json"}]},{"person":{"name":"Ale\u0161 \u0160truc","slug":"ales-struc"},"office":"Ob\u010dinski svetnik","office_code":"local_councillor","role_detail":"izvoljen z liste SOCIALNI DEMOKRATI","organization":{"name":"Slovenj Gradec","slug":"slovenj-gradec"},"since":"2022-11-20","since_precision":"inferred","until":null,"status":"elected","current":true,"sources":[{"authority":"Dr\u017eavna volilna komisija","url":"https:\/\/www.dvk-rs.si\/arhivi\/volitve2022\/lv2022\/data\/prvikrog\/obcine-data\/data_112.json"}]},{"person":{"name":"Bla\u017e Kamnik","slug":"blaz-kamnik"},"office":"Ob\u010dinski svetnik","office_code":"local_councillor","role_detail":"izvoljen z liste SOCIALNI DEMOKRATI","organization":{"name":"Slovenj Gradec","slug":"slovenj-gradec"},"since":"2022-11-20","since_precision":"inferred","until":null,"status":"elected","current":true,"sources":[{"authority":"Dr\u017eavna volilna komisija","url":"https:\/\/www.dvk-rs.si\/arhivi\/volitve2022\/lv2022\/data\/prvikrog\/obcine-data\/data_112.json"}]},{"person":{"name":"Simon Smolar","slug":"simon-smolar"},"office":"Ob\u010dinski svetnik","office_code":"local_councillor","role_detail":"izvoljen z liste SLOVENJEGRA\u0160KA LISTA ZA MESTO IN VAS","organization":{"name":"Slovenj Gradec","slug":"slovenj-gradec"},"since":"2022-11-20","since_precision":"inferred","until":null,"status":"elected","current":true,"sources":[{"authority":"Dr\u017eavna volilna komisija","url":"https:\/\/www.dvk-rs.si\/arhivi\/volitve2022\/lv2022\/data\/prvikrog\/obcine-data\/data_112.json"}]},{"person":{"name":"Jo\u017ee Lenart","slug":"joze-lenart"},"office":"Ob\u010dinski svetnik","office_code":"local_councillor","role_detail":"izvoljen z liste GIBANJE SVOBODA","organization":{"name":"Slovenj Gradec","slug":"slovenj-gradec"},"since":"2022-11-20","since_precision":"inferred","until":null,"status":"elected","current":true,"sources":[{"authority":"Dr\u017eavna volilna komisija","url":"https:\/\/www.dvk-rs.si\/arhivi\/volitve2022\/lv2022\/data\/prvikrog\/obcine-data\/data_112.json"}]},{"person":{"name":"Miha Breznik","slug":"miha-breznik"},"office":"Ob\u010dinski svetnik","office_code":"local_councillor","role_detail":"izvoljen z liste LISTA \u017dUPANA TILNA KLUGLERJA","organization":{"name":"Slovenj Gradec","slug":"slovenj-gradec"},"since":"2022-11-20","since_precision":"inferred","until":null,"status":"elected","current":true,"sources":[{"authority":"Dr\u017eavna volilna komisija","url":"https:\/\/www.dvk-rs.si\/arhivi\/volitve2022\/lv2022\/data\/prvikrog\/obcine-data\/data_112.json"}]},{"person":{"name":"Peter Pungartnik","slug":"peter-pungartnik"},"office":"Ob\u010dinski svetnik","office_code":"local_councillor","role_detail":"izvoljen z liste LISTA \u017dUPANA TILNA KLUGLERJA","organization":{"name":"Slovenj Gradec","slug":"slovenj-gradec"},"since":"2022-11-20","since_precision":"inferred","until":null,"status":"elected","current":true,"sources":[{"authority":"Dr\u017eavna volilna komisija","url":"https:\/\/www.dvk-rs.si\/arhivi\/volitve2022\/lv2022\/data\/prvikrog\/obcine-data\/data_112.json"}]},{"person":{"name":"Denis Krajnc","slug":"denis-krajnc"},"office":"Ob\u010dinski svetnik","office_code":"local_councillor","role_detail":"izvoljen z liste SOCIALNI DEMOKRATI","organization":{"name":"Slovenj Gradec","slug":"slovenj-gradec"},"since":"2022-11-20","since_precision":"inferred","until":null,"status":"elected","current":true,"sources":[{"authority":"Dr\u017eavna volilna komisija","url":"https:\/\/www.dvk-rs.si\/arhivi\/volitve2022\/lv2022\/data\/prvikrog\/obcine-data\/data_112.json"}]},{"person":{"name":"Janez Poto\u010dnik","slug":"janez-potocnik"},"office":"Ob\u010dinski svetnik","office_code":"local_councillor","role_detail":"izvoljen z liste SLOVENJEGRA\u0160KA LISTA ZA MESTO IN VAS","organization":{"name":"Slovenj Gradec","slug":"slovenj-gradec"},"since":"2022-11-20","since_precision":"inferred","until":null,"status":"elected","current":true,"sources":[{"authority":"Dr\u017eavna volilna komisija","url":"https:\/\/www.dvk-rs.si\/arhivi\/volitve2022\/lv2022\/data\/prvikrog\/obcine-data\/data_112.json"}]},{"person":{"name":"Sonja Stradovnik","slug":"sonja-stradovnik"},"office":"Ob\u010dinski svetnik","office_code":"local_councillor","role_detail":"izvoljen z liste SLOVENSKA DEMOKRATSKA STRANKA","organization":{"name":"Slovenj Gradec","slug":"slovenj-gradec"},"since":"2022-11-20","since_precision":"inferred","until":null,"status":"elected","current":true,"sources":[{"authority":"Dr\u017eavna volilna komisija","url":"https:\/\/www.dvk-rs.si\/arhivi\/volitve2022\/lv2022\/data\/prvikrog\/obcine-data\/data_112.json"}]},{"person":{"name":"Anton Garb","slug":"anton-garb"},"office":"Ob\u010dinski svetnik","office_code":"local_councillor","role_detail":"izvoljen z liste SLOVENJEGRA\u0160KA LISTA ZA MESTO IN VAS","organization":{"name":"Slovenj Gradec","slug":"slovenj-gradec"},"since":"2022-11-20","since_precision":"inferred","until":null,"status":"elected","current":true,"sources":[{"authority":"Dr\u017eavna volilna komisija","url":"https:\/\/www.dvk-rs.si\/arhivi\/volitve2022\/lv2022\/data\/prvikrog\/obcine-data\/data_112.json"}]},{"person":{"name":"Bo\u0161tjan Rigelnik","slug":"bostjan-rigelnik"},"office":"Ob\u010dinski svetnik","office_code":"local_councillor","role_detail":"izvoljen z liste SLOVENJEGRA\u0160KA LISTA ZA MESTO IN VAS","organization":{"name":"Slovenj Gradec","slug":"slovenj-gradec"},"since":"2022-11-20","since_precision":"inferred","until":null,"status":"elected","current":true,"sources":[{"authority":"Dr\u017eavna volilna komisija","url":"https:\/\/www.dvk-rs.si\/arhivi\/volitve2022\/lv2022\/data\/prvikrog\/obcine-data\/data_112.json"}]},{"person":{"name":"Jerneja Bo\u0161nik","slug":"jerneja-bosnik"},"office":"Ob\u010dinski svetnik","office_code":"local_councillor","role_detail":"izvoljen z liste SOCIALNI DEMOKRATI","organization":{"name":"Slovenj Gradec","slug":"slovenj-gradec"},"since":"2022-11-20","since_precision":"inferred","until":null,"status":"elected","current":true,"sources":[{"authority":"Dr\u017eavna volilna komisija","url":"https:\/\/www.dvk-rs.si\/arhivi\/volitve2022\/lv2022\/data\/prvikrog\/obcine-data\/data_112.json"}]},{"person":{"name":"Martina \u0160isernik","slug":"martina-sisernik"},"office":"Ob\u010dinski svetnik","office_code":"local_councillor","role_detail":"izvoljen z liste SOCIALNI DEMOKRATI","organization":{"name":"Slovenj Gradec","slug":"slovenj-gradec"},"since":"2022-11-20","since_precision":"inferred","until":null,"status":"elected","current":true,"sources":[{"authority":"Dr\u017eavna volilna komisija","url":"https:\/\/www.dvk-rs.si\/arhivi\/volitve2022\/lv2022\/data\/prvikrog\/obcine-data\/data_112.json"}]},{"person":{"name":"Boris Raj","slug":"boris-raj"},"office":"Ob\u010dinski svetnik","office_code":"local_councillor","role_detail":"izvoljen z liste GIBANJE SVOBODA","organization":{"name":"Slovenj Gradec","slug":"slovenj-gradec"},"since":"2022-11-20","since_precision":"inferred","until":null,"status":"elected","current":true,"sources":[{"authority":"Dr\u017eavna volilna komisija","url":"https:\/\/www.dvk-rs.si\/arhivi\/volitve2022\/lv2022\/data\/prvikrog\/obcine-data\/data_112.json"}]},{"person":{"name":"Mojca Verhovnik","slug":"mojca-verhovnik"},"office":"Ob\u010dinski svetnik","office_code":"local_councillor","role_detail":"izvoljen z liste GIBANJE SVOBODA","organization":{"name":"Slovenj Gradec","slug":"slovenj-gradec"},"since":"2022-11-20","since_precision":"inferred","until":null,"status":"elected","current":true,"sources":[{"authority":"Dr\u017eavna volilna komisija","url":"https:\/\/www.dvk-rs.si\/arhivi\/volitve2022\/lv2022\/data\/prvikrog\/obcine-data\/data_112.json"}]},{"person":{"name":"Gregor Raj","slug":"gregor-raj"},"office":"Ob\u010dinski svetnik","office_code":"local_councillor","role_detail":"izvoljen z liste GIBANJE SVOBODA","organization":{"name":"Slovenj Gradec","slug":"slovenj-gradec"},"since":"2022-11-20","since_precision":"inferred","until":null,"status":"elected","current":true,"sources":[{"authority":"Dr\u017eavna volilna komisija","url":"https:\/\/www.dvk-rs.si\/arhivi\/volitve2022\/lv2022\/data\/prvikrog\/obcine-data\/data_112.json"}]},{"person":{"name":"Marjeta Vaupot","slug":"marjeta-vaupot"},"office":"Ob\u010dinski svetnik","office_code":"local_councillor","role_detail":"izvoljen z liste LISTA \u017dUPANA TILNA KLUGLERJA","organization":{"name":"Slovenj Gradec","slug":"slovenj-gradec"},"since":"2022-11-20","since_precision":"inferred","until":null,"status":"elected","current":true,"sources":[{"authority":"Dr\u017eavna volilna komisija","url":"https:\/\/www.dvk-rs.si\/arhivi\/volitve2022\/lv2022\/data\/prvikrog\/obcine-data\/data_112.json"}]},{"person":{"name":"Toma\u017e Bricman","slug":"tomaz-bricman"},"office":"Ob\u010dinski svetnik","office_code":"local_councillor","role_detail":"izvoljen z liste LISTA \u017dUPANA TILNA KLUGLERJA","organization":{"name":"Slovenj Gradec","slug":"slovenj-gradec"},"since":"2022-11-20","since_precision":"inferred","until":null,"status":"elected","current":true,"sources":[{"authority":"Dr\u017eavna volilna komisija","url":"https:\/\/www.dvk-rs.si\/arhivi\/volitve2022\/lv2022\/data\/prvikrog\/obcine-data\/data_112.json"}]},{"person":{"name":"Sonja Lakov\u0161ek","slug":"sonja-lakovsek"},"office":"Ob\u010dinski svetnik","office_code":"local_councillor","role_detail":"izvoljen z liste LISTA \u017dUPANA TILNA KLUGLERJA","organization":{"name":"Slovenj Gradec","slug":"slovenj-gradec"},"since":"2022-11-20","since_precision":"inferred","until":null,"status":"elected","current":true,"sources":[{"authority":"Dr\u017eavna volilna komisija","url":"https:\/\/www.dvk-rs.si\/arhivi\/volitve2022\/lv2022\/data\/prvikrog\/obcine-data\/data_112.json"}]},{"person":{"name":"Franjo Murko","slug":"franjo-murko"},"office":"Ob\u010dinski svetnik","office_code":"local_councillor","role_detail":"izvoljen z liste LISTA \u017dUPANA TILNA KLUGLERJA","organization":{"name":"Slovenj Gradec","slug":"slovenj-gradec"},"since":"2022-11-20","since_precision":"inferred","until":null,"status":"elected","current":true,"sources":[{"authority":"Dr\u017eavna volilna komisija","url":"https:\/\/www.dvk-rs.si\/arhivi\/volitve2022\/lv2022\/data\/prvikrog\/obcine-data\/data_112.json"}]},{"person":{"name":"Tilen Klugler","slug":"tilen-klugler"},"office":"\u017dupan","office_code":"mayor","role_detail":null,"organization":{"name":"Slovenj Gradec","slug":"slovenj-gradec"},"since":"2022-11-20","since_precision":"inferred","until":null,"status":"elected","current":true,"sources":[{"authority":"Dr\u017eavna volilna komisija","url":"https:\/\/www.dvk-rs.si\/arhivi\/volitve2022\/lv2022\/data\/mestne_obcine.json"}]}],"children":[{"slug":"druga-osnovna-sola-slovenj-gradec","name":"Druga Osnovna \u0160ola Slovenj Gradec","type":"public_institute","body_type":null},{"slug":"glasbena-sola-slovenj-gradec","name":"Glasbena \u0160ola Slovenj Gradec","type":"public_institute","body_type":null},{"slug":"javni-zavod-za-turizem-sport-mladinske-in-socialne-programe-spotur-slovenj-gradec","name":"Javni Zavod Za Turizem, \u0160port, Mladinske In Socialne Programe Spotur Slovenj Gradec","type":"public_institute","body_type":null},{"slug":"knjiznica-ksaverja-meska-slovenj-gradec","name":"Knji\u017enica Ksaverja Me\u0161ka Slovenj Gradec","type":"public_institute","body_type":null},{"slug":"koroska-galerija-likovnih-umetnosti","name":"Koro\u0161ka Galerija Likovnih Umetnosti","type":"public_institute","body_type":null},{"slug":"koroski-pokrajinski-muzej","name":"Koro\u0161ki Pokrajinski Muzej","type":"public_institute","body_type":null},{"slug":"kulturni-dom-slovenj-gradec","name":"Kulturni Dom Slovenj Gradec","type":"public_institute","body_type":null},{"slug":"mocis-center-za-izobrazevanje-odraslih","name":"MOCIS center za izobra\u017eevanje odraslih","type":"public_institute","body_type":null},{"slug":"osnovna-sola-podgorje-pri-slovenj-gradcu","name":"Osnovna \u0160ola Podgorje Pri Slovenj Gradcu","type":"public_institute","body_type":null},{"slug":"osnovna-sola-smartno-pri-slovenj-gradcu","name":"Osnovna \u0160ola \u0160martno Pri Slovenj Gradcu","type":"public_institute","body_type":null},{"slug":"prva-osnovna-sola-slovenj-gradec","name":"Prva Osnovna \u0160ola Slovenj Gradec","type":"public_institute","body_type":null},{"slug":"tretja-osnovna-sola-slovenj-gradec","name":"Tretja Osnovna \u0160ola Slovenj Gradec","type":"public_institute","body_type":null},{"slug":"vzgojno-varstveni-zavod-slovenj-gradec","name":"Vzgojno Varstveni Zavod Slovenj Gradec","type":"public_institute","body_type":null},{"slug":"zdravstveni-dom-slovenj-gradec","name":"Zdravstveni Dom Slovenj Gradec","type":"public_institute","body_type":null}]}