{"data":{"slug":"slovenske-konjice","name":"Slovenske Konjice","type":"municipality","type_label":"Ob\u010dina","body_type":null,"parent":null,"website":null,"phone":null,"address":"Stari trg 029, 3210 SLOVENSKE KONJICE","email":"info@slovenskekonjice.si","leader":{"name":"Darko Ratajc","person_slug":"darko-ratajc","office":"\u017dupan","office_code":"mayor","since":"2022-11-20"},"image":{"url":"https:\/\/commons.wikimedia.org\/wiki\/Special:FilePath\/Slovenske_Konjice_grb.gif","attribution":"Wikimedia Commons","source":"https:\/\/commons.wikimedia.org\/wiki\/Special:FilePath\/Slovenske_Konjice_grb.gif","hosted":false},"sources":[],"url":"https:\/\/kdo-vodi.si\/organ\/slovenske-konjice","api_url":"https:\/\/kdo-vodi.si\/api\/v1\/organizations\/slovenske-konjice"},"office_holders":[{"person":{"name":"Toma\u017e Pahole","slug":"tomaz-pahole"},"office":"Ob\u010dinski svetnik","office_code":"local_councillor","role_detail":"izvoljen z liste SLOVENSKA LJUDSKA STRANKA","organization":{"name":"Slovenske Konjice","slug":"slovenske-konjice"},"since":"2022-11-20","since_precision":"inferred","until":null,"status":"elected","current":true,"sources":[{"authority":"Dr\u017eavna volilna komisija","url":"https:\/\/www.dvk-rs.si\/arhivi\/volitve2022\/lv2022\/data\/prvikrog\/obcine-data\/data_114.json"}]},{"person":{"name":"Vasja Ivan\u010di\u010d","slug":"vasja-ivancic"},"office":"Ob\u010dinski svetnik","office_code":"local_councillor","role_detail":"izvoljen z liste GIBANJE SVOBODA","organization":{"name":"Slovenske Konjice","slug":"slovenske-konjice"},"since":"2022-11-20","since_precision":"inferred","until":null,"status":"elected","current":true,"sources":[{"authority":"Dr\u017eavna volilna komisija","url":"https:\/\/www.dvk-rs.si\/arhivi\/volitve2022\/lv2022\/data\/prvikrog\/obcine-data\/data_114.json"}]},{"person":{"name":"Andrej Gumzej","slug":"andrej-gumzej"},"office":"Ob\u010dinski svetnik","office_code":"local_councillor","role_detail":"izvoljen z liste SOCIALNI DEMOKRATI","organization":{"name":"Slovenske Konjice","slug":"slovenske-konjice"},"since":"2022-11-20","since_precision":"inferred","until":null,"status":"elected","current":true,"sources":[{"authority":"Dr\u017eavna volilna komisija","url":"https:\/\/www.dvk-rs.si\/arhivi\/volitve2022\/lv2022\/data\/prvikrog\/obcine-data\/data_114.json"}]},{"person":{"name":"Nina Petelinek","slug":"nina-petelinek"},"office":"Ob\u010dinski svetnik","office_code":"local_councillor","role_detail":"izvoljen z liste SLOVENSKA DEMOKRATSKA STRANKA","organization":{"name":"Slovenske Konjice","slug":"slovenske-konjice"},"since":"2022-11-20","since_precision":"inferred","until":null,"status":"elected","current":true,"sources":[{"authority":"Dr\u017eavna volilna komisija","url":"https:\/\/www.dvk-rs.si\/arhivi\/volitve2022\/lv2022\/data\/prvikrog\/obcine-data\/data_114.json"}]},{"person":{"name":"Jo\u017eef Satler","slug":"jozef-satler"},"office":"Ob\u010dinski svetnik","office_code":"local_councillor","role_detail":"izvoljen z liste SLOVENSKA DEMOKRATSKA STRANKA","organization":{"name":"Slovenske Konjice","slug":"slovenske-konjice"},"since":"2022-11-20","since_precision":"inferred","until":null,"status":"elected","current":true,"sources":[{"authority":"Dr\u017eavna volilna komisija","url":"https:\/\/www.dvk-rs.si\/arhivi\/volitve2022\/lv2022\/data\/prvikrog\/obcine-data\/data_114.json"}]},{"person":{"name":"Franja Falnoga","slug":"franja-falnoga"},"office":"Ob\u010dinski svetnik","office_code":"local_councillor","role_detail":"izvoljen z liste SLOVENSKA DEMOKRATSKA STRANKA","organization":{"name":"Slovenske Konjice","slug":"slovenske-konjice"},"since":"2022-11-20","since_precision":"inferred","until":null,"status":"elected","current":true,"sources":[{"authority":"Dr\u017eavna volilna komisija","url":"https:\/\/www.dvk-rs.si\/arhivi\/volitve2022\/lv2022\/data\/prvikrog\/obcine-data\/data_114.json"}]},{"person":{"name":"Peter Koren","slug":"peter-koren"},"office":"Ob\u010dinski svetnik","office_code":"local_councillor","role_detail":"izvoljen z liste SLOVENSKA DEMOKRATSKA STRANKA","organization":{"name":"Slovenske Konjice","slug":"slovenske-konjice"},"since":"2022-11-20","since_precision":"inferred","until":null,"status":"elected","current":true,"sources":[{"authority":"Dr\u017eavna volilna komisija","url":"https:\/\/www.dvk-rs.si\/arhivi\/volitve2022\/lv2022\/data\/prvikrog\/obcine-data\/data_114.json"}]},{"person":{"name":"Ne\u017eika Pavli\u010d Bre\u010dko","slug":"nezika-pavlic-brecko"},"office":"Ob\u010dinski svetnik","office_code":"local_councillor","role_detail":"izvoljen z liste SLOVENSKA LJUDSKA STRANKA","organization":{"name":"Slovenske Konjice","slug":"slovenske-konjice"},"since":"2022-11-20","since_precision":"inferred","until":null,"status":"elected","current":true,"sources":[{"authority":"Dr\u017eavna volilna komisija","url":"https:\/\/www.dvk-rs.si\/arhivi\/volitve2022\/lv2022\/data\/prvikrog\/obcine-data\/data_114.json"}]},{"person":{"name":"Slavko Hren","slug":"slavko-hren"},"office":"Ob\u010dinski svetnik","office_code":"local_councillor","role_detail":"izvoljen z liste SLOVENSKA LJUDSKA STRANKA","organization":{"name":"Slovenske Konjice","slug":"slovenske-konjice"},"since":"2022-11-20","since_precision":"inferred","until":null,"status":"elected","current":true,"sources":[{"authority":"Dr\u017eavna volilna komisija","url":"https:\/\/www.dvk-rs.si\/arhivi\/volitve2022\/lv2022\/data\/prvikrog\/obcine-data\/data_114.json"}]},{"person":{"name":"Drago Ratajc","slug":"drago-ratajc"},"office":"Ob\u010dinski svetnik","office_code":"local_councillor","role_detail":"izvoljen z liste NEODVISNA LISTA ODLO\u010cNIH OB\u010cANOV","organization":{"name":"Slovenske Konjice","slug":"slovenske-konjice"},"since":"2022-11-20","since_precision":"inferred","until":null,"status":"elected","current":true,"sources":[{"authority":"Dr\u017eavna volilna komisija","url":"https:\/\/www.dvk-rs.si\/arhivi\/volitve2022\/lv2022\/data\/prvikrog\/obcine-data\/data_114.json"}]},{"person":{"name":"Barbara Ajdnik","slug":"barbara-ajdnik"},"office":"Ob\u010dinski svetnik","office_code":"local_councillor","role_detail":"izvoljen z liste GIBANJE SVOBODA","organization":{"name":"Slovenske Konjice","slug":"slovenske-konjice"},"since":"2022-11-20","since_precision":"inferred","until":null,"status":"elected","current":true,"sources":[{"authority":"Dr\u017eavna volilna komisija","url":"https:\/\/www.dvk-rs.si\/arhivi\/volitve2022\/lv2022\/data\/prvikrog\/obcine-data\/data_114.json"}]},{"person":{"name":"Zlatko Ratej","slug":"zlatko-ratej"},"office":"Ob\u010dinski svetnik","office_code":"local_councillor","role_detail":"izvoljen z liste GIBANJE SVOBODA","organization":{"name":"Slovenske Konjice","slug":"slovenske-konjice"},"since":"2022-11-20","since_precision":"inferred","until":null,"status":"elected","current":true,"sources":[{"authority":"Dr\u017eavna volilna komisija","url":"https:\/\/www.dvk-rs.si\/arhivi\/volitve2022\/lv2022\/data\/prvikrog\/obcine-data\/data_114.json"}]},{"person":{"name":"Mateja Arti\u010d Slemen\u0161ek","slug":"mateja-artic-slemensek"},"office":"Ob\u010dinski svetnik","office_code":"local_councillor","role_detail":"izvoljen z liste GIBANJE SVOBODA","organization":{"name":"Slovenske Konjice","slug":"slovenske-konjice"},"since":"2022-11-20","since_precision":"inferred","until":null,"status":"elected","current":true,"sources":[{"authority":"Dr\u017eavna volilna komisija","url":"https:\/\/www.dvk-rs.si\/arhivi\/volitve2022\/lv2022\/data\/prvikrog\/obcine-data\/data_114.json"}]},{"person":{"name":"Irena \u0160vab Kav\u010di\u010d","slug":"irena-svab-kavcic"},"office":"Ob\u010dinski svetnik","office_code":"local_councillor","role_detail":"izvoljen z liste NOVA SLOVENIJA - KR\u0160\u010cANSKI DEMOKRATI","organization":{"name":"Slovenske Konjice","slug":"slovenske-konjice"},"since":"2022-11-20","since_precision":"inferred","until":null,"status":"elected","current":true,"sources":[{"authority":"Dr\u017eavna volilna komisija","url":"https:\/\/www.dvk-rs.si\/arhivi\/volitve2022\/lv2022\/data\/prvikrog\/obcine-data\/data_114.json"}]},{"person":{"name":"Jure Levart","slug":"jure-levart"},"office":"Ob\u010dinski svetnik","office_code":"local_councillor","role_detail":"izvoljen z liste NOVA SLOVENIJA - KR\u0160\u010cANSKI DEMOKRATI","organization":{"name":"Slovenske Konjice","slug":"slovenske-konjice"},"since":"2022-11-20","since_precision":"inferred","until":null,"status":"elected","current":true,"sources":[{"authority":"Dr\u017eavna volilna komisija","url":"https:\/\/www.dvk-rs.si\/arhivi\/volitve2022\/lv2022\/data\/prvikrog\/obcine-data\/data_114.json"}]},{"person":{"name":"Primo\u017e Pokli\u010d","slug":"primoz-poklic"},"office":"Ob\u010dinski svetnik","office_code":"local_councillor","role_detail":"izvoljen z liste SOCIALNI DEMOKRATI","organization":{"name":"Slovenske Konjice","slug":"slovenske-konjice"},"since":"2022-11-20","since_precision":"inferred","until":null,"status":"elected","current":true,"sources":[{"authority":"Dr\u017eavna volilna komisija","url":"https:\/\/www.dvk-rs.si\/arhivi\/volitve2022\/lv2022\/data\/prvikrog\/obcine-data\/data_114.json"}]},{"person":{"name":"Monika Ir\u0161i\u010d","slug":"monika-irsic"},"office":"Ob\u010dinski svetnik","office_code":"local_councillor","role_detail":"izvoljen z liste SOCIALNI DEMOKRATI","organization":{"name":"Slovenske Konjice","slug":"slovenske-konjice"},"since":"2022-11-20","since_precision":"inferred","until":null,"status":"elected","current":true,"sources":[{"authority":"Dr\u017eavna volilna komisija","url":"https:\/\/www.dvk-rs.si\/arhivi\/volitve2022\/lv2022\/data\/prvikrog\/obcine-data\/data_114.json"}]},{"person":{"name":"Jernej \u0160tromajer","slug":"jernej-stromajer"},"office":"Ob\u010dinski svetnik","office_code":"local_councillor","role_detail":"izvoljen z liste SOCIALNI DEMOKRATI","organization":{"name":"Slovenske Konjice","slug":"slovenske-konjice"},"since":"2022-11-20","since_precision":"inferred","until":null,"status":"elected","current":true,"sources":[{"authority":"Dr\u017eavna volilna komisija","url":"https:\/\/www.dvk-rs.si\/arhivi\/volitve2022\/lv2022\/data\/prvikrog\/obcine-data\/data_114.json"}]},{"person":{"name":"Martin Zidan\u0161ek","slug":"martin-zidansek"},"office":"Ob\u010dinski svetnik","office_code":"local_councillor","role_detail":"izvoljen z liste SLOVENSKA DEMOKRATSKA STRANKA","organization":{"name":"Slovenske Konjice","slug":"slovenske-konjice"},"since":"2022-11-20","since_precision":"inferred","until":null,"status":"elected","current":true,"sources":[{"authority":"Dr\u017eavna volilna komisija","url":"https:\/\/www.dvk-rs.si\/arhivi\/volitve2022\/lv2022\/data\/prvikrog\/obcine-data\/data_114.json"}]},{"person":{"name":"Nadja Pun\u010duh","slug":"nadja-puncuh"},"office":"Ob\u010dinski svetnik","office_code":"local_councillor","role_detail":"izvoljen z liste SLOVENSKA DEMOKRATSKA STRANKA","organization":{"name":"Slovenske Konjice","slug":"slovenske-konjice"},"since":"2022-11-20","since_precision":"inferred","until":null,"status":"elected","current":true,"sources":[{"authority":"Dr\u017eavna volilna komisija","url":"https:\/\/www.dvk-rs.si\/arhivi\/volitve2022\/lv2022\/data\/prvikrog\/obcine-data\/data_114.json"}]},{"person":{"name":"Bojan Podkraj\u0161ek","slug":"bojan-podkrajsek"},"office":"Ob\u010dinski svetnik","office_code":"local_councillor","role_detail":"izvoljen z liste SLOVENSKA DEMOKRATSKA STRANKA","organization":{"name":"Slovenske Konjice","slug":"slovenske-konjice"},"since":"2022-11-20","since_precision":"inferred","until":null,"status":"elected","current":true,"sources":[{"authority":"Dr\u017eavna volilna komisija","url":"https:\/\/www.dvk-rs.si\/arhivi\/volitve2022\/lv2022\/data\/prvikrog\/obcine-data\/data_114.json"}]},{"person":{"name":"Irena Vozli\u010d Stjep\u010devi\u0107","slug":"irena-vozlic-stjepcevic"},"office":"Ob\u010dinski svetnik","office_code":"local_councillor","role_detail":"izvoljen z liste SLOVENSKA DEMOKRATSKA STRANKA","organization":{"name":"Slovenske Konjice","slug":"slovenske-konjice"},"since":"2022-11-20","since_precision":"inferred","until":null,"status":"elected","current":true,"sources":[{"authority":"Dr\u017eavna volilna komisija","url":"https:\/\/www.dvk-rs.si\/arhivi\/volitve2022\/lv2022\/data\/prvikrog\/obcine-data\/data_114.json"}]},{"person":{"name":"Matej Senica","slug":"matej-senica"},"office":"Ob\u010dinski svetnik","office_code":"local_councillor","role_detail":"izvoljen z liste SLOVENSKA DEMOKRATSKA STRANKA","organization":{"name":"Slovenske Konjice","slug":"slovenske-konjice"},"since":"2022-11-20","since_precision":"inferred","until":null,"status":"elected","current":true,"sources":[{"authority":"Dr\u017eavna volilna komisija","url":"https:\/\/www.dvk-rs.si\/arhivi\/volitve2022\/lv2022\/data\/prvikrog\/obcine-data\/data_114.json"}]},{"person":{"name":"Darko Ratajc","slug":"darko-ratajc"},"office":"\u017dupan","office_code":"mayor","role_detail":null,"organization":{"name":"Slovenske Konjice","slug":"slovenske-konjice"},"since":"2022-11-20","since_precision":"inferred","until":null,"status":"elected","current":true,"sources":[{"authority":"Dr\u017eavna volilna komisija","url":"https:\/\/www.dvk-rs.si\/arhivi\/volitve2022\/lv2022\/data\/ostale_obcine.json"}]}],"children":[{"slug":"glasbena-sola-slovenske-konjice","name":"Glasbena \u0160ola Slovenske Konjice","type":"public_institute","body_type":null},{"slug":"krajevna-skupnost-bezina","name":"Krajevna Skupnost Bezina","type":"local_community","body_type":null},{"slug":"krajevna-skupnost-dobrava-gabrovlje","name":"Krajevna Skupnost Dobrava - Gabrovlje","type":"local_community","body_type":null},{"slug":"krajevna-skupnost-draza-vas","name":"Krajevna Skupnost Dra\u017ea Vas","type":"local_community","body_type":null},{"slug":"krajevna-skupnost-konjiska-vas","name":"Krajevna Skupnost Konji\u0161ka Vas","type":"local_community","body_type":null},{"slug":"krajevna-skupnost-loce","name":"Krajevna Skupnost Lo\u010de","type":"local_community","body_type":null},{"slug":"krajevna-skupnost-polene","name":"Krajevna Skupnost Polene","type":"local_community","body_type":null},{"slug":"krajevna-skupnost-slovenske-konjice","name":"Krajevna Skupnost Slovenske Konjice","type":"local_community","body_type":null},{"slug":"krajevna-skupnost-sojek-kamna-gora","name":"Krajevna Skupnost Sojek-Kamna Gora","type":"local_community","body_type":null},{"slug":"krajevna-skupnost-spodnje-grusovje","name":"Krajevna Skupnost Spodnje Gru\u0161ovje","type":"local_community","body_type":null},{"slug":"krajevna-skupnost-sveti-jernej","name":"Krajevna Skupnost Sveti Jernej","type":"local_community","body_type":null},{"slug":"krajevna-skupnost-tepanje","name":"Krajevna Skupnost Tepanje","type":"local_community","body_type":null},{"slug":"krajevna-skupnost-vesenik-brdo","name":"Krajevna Skupnost Ve\u0161enik - Brdo","type":"local_community","body_type":null},{"slug":"krajevna-skupnost-zbelovo","name":"Krajevna Skupnost Zbelovo","type":"local_community","body_type":null},{"slug":"krajevna-skupnost-zece","name":"Krajevna Skupnost Ze\u010de","type":"local_community","body_type":null},{"slug":"krajevna-skupnost-zice","name":"Krajevna Skupnost \u017di\u010de","type":"local_community","body_type":null},{"slug":"obcina-slovenske-konjice-krajevna-skupnost-spitalic","name":"Ob\u010dina Slovenske Konjice, Krajevna Skupnost \u0160pitali\u010d","type":"local_community","body_type":null},{"slug":"osnovna-sola-loce","name":"Osnovna \u0160ola Lo\u010de","type":"public_institute","body_type":null},{"slug":"osnovna-sola-ob-dravinji","name":"Osnovna \u0160ola Ob Dravinji","type":"public_institute","body_type":null},{"slug":"osnovna-sola-pod-goro","name":"Osnovna \u0160ola Pod Goro","type":"public_institute","body_type":null},{"slug":"splosna-knjiznica-slovenske-konjice","name":"Splo\u0161na Knji\u017enica Slovenske Konjice","type":"public_institute","body_type":null},{"slug":"vrtec-slov-konjice","name":"Vrtec Slov. Konjice","type":"public_institute","body_type":null},{"slug":"zavod-za-sport-slovenske-konjice","name":"Zavod Za \u0160port Slovenske Konjice","type":"public_institute","body_type":null},{"slug":"zdravstveni-dom-slovenske-konjice","name":"Zdravstveni Dom Slovenske Konjice","type":"public_institute","body_type":null}]}