{"data":{"slug":"store","name":"\u0160tore","type":"municipality","type_label":"Ob\u010dina","body_type":null,"parent":null,"website":null,"phone":null,"address":"Udarni\u0161ka ulica 003, 3220 \u0160TORE","email":"obcina@store.si, finance@store.si","leader":{"name":"Miran Jurko\u0161ek","person_slug":"miran-jurkosek","office":"\u017dupan","office_code":"mayor","since":"2022-11-20"},"image":{"url":"https:\/\/commons.wikimedia.org\/wiki\/Special:FilePath\/Grb_Ob%C4%8Dine_%C5%A0tore.png","attribution":"Wikimedia Commons","source":"https:\/\/commons.wikimedia.org\/wiki\/Special:FilePath\/Grb_Ob%C4%8Dine_%C5%A0tore.png","hosted":false},"sources":[],"url":"https:\/\/kdo-vodi.si\/organ\/store","api_url":"https:\/\/kdo-vodi.si\/api\/v1\/organizations\/store"},"office_holders":[{"person":{"name":"Bo\u0161tjan Senica","slug":"bostjan-senica"},"office":"Ob\u010dinski svetnik","office_code":"local_councillor","role_detail":"izvoljen z liste \u017dUPANOVA NEODVISNA LISTA ZA RAZVOJ","organization":{"name":"\u0160tore","slug":"store"},"since":"2022-11-20","since_precision":"inferred","until":null,"status":"elected","current":true,"sources":[{"authority":"Dr\u017eavna volilna komisija","url":"https:\/\/www.dvk-rs.si\/arhivi\/volitve2022\/lv2022\/data\/prvikrog\/obcine-data\/data_127.json"}]},{"person":{"name":"Rosvita Jager","slug":"rosvita-jager"},"office":"Ob\u010dinski svetnik","office_code":"local_councillor","role_detail":"izvoljen z liste \u017dUPANOVA NEODVISNA LISTA ZA RAZVOJ","organization":{"name":"\u0160tore","slug":"store"},"since":"2022-11-20","since_precision":"inferred","until":null,"status":"elected","current":true,"sources":[{"authority":"Dr\u017eavna volilna komisija","url":"https:\/\/www.dvk-rs.si\/arhivi\/volitve2022\/lv2022\/data\/prvikrog\/obcine-data\/data_127.json"}]},{"person":{"name":"Primo\u017e Kalu\u017ea","slug":"primoz-kaluza"},"office":"Ob\u010dinski svetnik","office_code":"local_councillor","role_detail":"izvoljen z liste \u017dUPANOVA NEODVISNA LISTA ZA RAZVOJ","organization":{"name":"\u0160tore","slug":"store"},"since":"2022-11-20","since_precision":"inferred","until":null,"status":"elected","current":true,"sources":[{"authority":"Dr\u017eavna volilna komisija","url":"https:\/\/www.dvk-rs.si\/arhivi\/volitve2022\/lv2022\/data\/prvikrog\/obcine-data\/data_127.json"}]},{"person":{"name":"Mojca Ro\u017eman","slug":"mojca-rozman"},"office":"Ob\u010dinski svetnik","office_code":"local_councillor","role_detail":"izvoljen z liste \u017dUPANOVA NEODVISNA LISTA ZA RAZVOJ","organization":{"name":"\u0160tore","slug":"store"},"since":"2022-11-20","since_precision":"inferred","until":null,"status":"elected","current":true,"sources":[{"authority":"Dr\u017eavna volilna komisija","url":"https:\/\/www.dvk-rs.si\/arhivi\/volitve2022\/lv2022\/data\/prvikrog\/obcine-data\/data_127.json"}]},{"person":{"name":"Jani Jurko\u0161ek","slug":"jani-jurkosek"},"office":"Ob\u010dinski svetnik","office_code":"local_councillor","role_detail":"izvoljen z liste \u017dUPANOVA NEODVISNA LISTA ZA RAZVOJ","organization":{"name":"\u0160tore","slug":"store"},"since":"2022-11-20","since_precision":"inferred","until":null,"status":"elected","current":true,"sources":[{"authority":"Dr\u017eavna volilna komisija","url":"https:\/\/www.dvk-rs.si\/arhivi\/volitve2022\/lv2022\/data\/prvikrog\/obcine-data\/data_127.json"}]},{"person":{"name":"Leonida Cmok Ka\u010di\u010dnik","slug":"leonida-cmok-kacicnik"},"office":"Ob\u010dinski svetnik","office_code":"local_councillor","role_detail":"izvoljen z liste \u017dUPANOVA NEODVISNA LISTA ZA RAZVOJ","organization":{"name":"\u0160tore","slug":"store"},"since":"2022-11-20","since_precision":"inferred","until":null,"status":"elected","current":true,"sources":[{"authority":"Dr\u017eavna volilna komisija","url":"https:\/\/www.dvk-rs.si\/arhivi\/volitve2022\/lv2022\/data\/prvikrog\/obcine-data\/data_127.json"}]},{"person":{"name":"Miran Jurko\u0161ek","slug":"miran-jurkosek"},"office":"Ob\u010dinski svetnik","office_code":"local_councillor","role_detail":"izvoljen z liste \u017dUPANOVA NEODVISNA LISTA ZA RAZVOJ","organization":{"name":"\u0160tore","slug":"store"},"since":"2022-11-20","since_precision":"inferred","until":null,"status":"elected","current":true,"sources":[{"authority":"Dr\u017eavna volilna komisija","url":"https:\/\/www.dvk-rs.si\/arhivi\/volitve2022\/lv2022\/data\/prvikrog\/obcine-data\/data_127.json"}]},{"person":{"name":"Jani Glava\u010d","slug":"jani-glavac"},"office":"Ob\u010dinski svetnik","office_code":"local_councillor","role_detail":"izvoljen z liste SLOVENSKA DEMOKRATSKA STRANKA","organization":{"name":"\u0160tore","slug":"store"},"since":"2022-11-20","since_precision":"inferred","until":null,"status":"elected","current":true,"sources":[{"authority":"Dr\u017eavna volilna komisija","url":"https:\/\/www.dvk-rs.si\/arhivi\/volitve2022\/lv2022\/data\/prvikrog\/obcine-data\/data_127.json"}]},{"person":{"name":"Marija Sirk Naraks","slug":"marija-sirk-naraks"},"office":"Ob\u010dinski svetnik","office_code":"local_councillor","role_detail":"izvoljen z liste SLOVENSKA DEMOKRATSKA STRANKA","organization":{"name":"\u0160tore","slug":"store"},"since":"2022-11-20","since_precision":"inferred","until":null,"status":"elected","current":true,"sources":[{"authority":"Dr\u017eavna volilna komisija","url":"https:\/\/www.dvk-rs.si\/arhivi\/volitve2022\/lv2022\/data\/prvikrog\/obcine-data\/data_127.json"}]},{"person":{"name":"Marjan Dober\u0161ek","slug":"marjan-dobersek"},"office":"Ob\u010dinski svetnik","office_code":"local_councillor","role_detail":"izvoljen z liste SLOVENSKA DEMOKRATSKA STRANKA","organization":{"name":"\u0160tore","slug":"store"},"since":"2022-11-20","since_precision":"inferred","until":null,"status":"elected","current":true,"sources":[{"authority":"Dr\u017eavna volilna komisija","url":"https:\/\/www.dvk-rs.si\/arhivi\/volitve2022\/lv2022\/data\/prvikrog\/obcine-data\/data_127.json"}]},{"person":{"name":"Verica \u0160tante","slug":"verica-stante"},"office":"Ob\u010dinski svetnik","office_code":"local_councillor","role_detail":"izvoljen z liste SLOVENSKA DEMOKRATSKA STRANKA","organization":{"name":"\u0160tore","slug":"store"},"since":"2022-11-20","since_precision":"inferred","until":null,"status":"elected","current":true,"sources":[{"authority":"Dr\u017eavna volilna komisija","url":"https:\/\/www.dvk-rs.si\/arhivi\/volitve2022\/lv2022\/data\/prvikrog\/obcine-data\/data_127.json"}]},{"person":{"name":"Simon Krofli\u010d","slug":"simon-kroflic"},"office":"Ob\u010dinski svetnik","office_code":"local_councillor","role_detail":"izvoljen z liste SLOVENSKA DEMOKRATSKA STRANKA","organization":{"name":"\u0160tore","slug":"store"},"since":"2022-11-20","since_precision":"inferred","until":null,"status":"elected","current":true,"sources":[{"authority":"Dr\u017eavna volilna komisija","url":"https:\/\/www.dvk-rs.si\/arhivi\/volitve2022\/lv2022\/data\/prvikrog\/obcine-data\/data_127.json"}]},{"person":{"name":"Uro\u0161 Kragelj","slug":"uros-kragelj"},"office":"Ob\u010dinski svetnik","office_code":"local_councillor","role_detail":"izvoljen z liste SOCIALNI DEMOKRATI","organization":{"name":"\u0160tore","slug":"store"},"since":"2022-11-20","since_precision":"inferred","until":null,"status":"elected","current":true,"sources":[{"authority":"Dr\u017eavna volilna komisija","url":"https:\/\/www.dvk-rs.si\/arhivi\/volitve2022\/lv2022\/data\/prvikrog\/obcine-data\/data_127.json"}]},{"person":{"name":"Miran Jurko\u0161ek","slug":"miran-jurkosek"},"office":"\u017dupan","office_code":"mayor","role_detail":null,"organization":{"name":"\u0160tore","slug":"store"},"since":"2022-11-20","since_precision":"inferred","until":null,"status":"elected","current":true,"sources":[{"authority":"Dr\u017eavna volilna komisija","url":"https:\/\/www.dvk-rs.si\/arhivi\/volitve2022\/lv2022\/data\/ostale_obcine.json"}]}],"children":[{"slug":"krajevna-skupnost-svetina","name":"Krajevna Skupnost Svetina","type":"local_community","body_type":null},{"slug":"osnovna-sola-store","name":"Osnovna \u0160ola \u0160tore","type":"public_institute","body_type":null}]}