{"data":{"slug":"trbovlje","name":"Trbovlje","type":"municipality","type_label":"Ob\u010dina","body_type":null,"parent":null,"website":null,"phone":null,"address":"Mestni trg 004, 1420 TRBOVLJE","email":"obcina.trbovlje@trbovlje.si","leader":{"name":"Zoran Pozni\u010d","person_slug":"zoran-poznic","office":"\u017dupan","office_code":"mayor","since":"2022-11-20"},"image":{"url":"https:\/\/commons.wikimedia.org\/wiki\/Special:FilePath\/Trbovlje.svg","attribution":"Wikimedia Commons","source":"https:\/\/commons.wikimedia.org\/wiki\/Special:FilePath\/Trbovlje.svg","hosted":false},"sources":[],"url":"https:\/\/kdo-vodi.si\/organ\/trbovlje","api_url":"https:\/\/kdo-vodi.si\/api\/v1\/organizations\/trbovlje"},"office_holders":[{"person":{"name":"Matja\u017e Popotnik","slug":"matjaz-popotnik"},"office":"Ob\u010dinski svetnik","office_code":"local_councillor","role_detail":"izvoljen z liste SLOVENSKA DEMOKRATSKA STRANKA","organization":{"name":"Trbovlje","slug":"trbovlje"},"since":"2022-11-20","since_precision":"inferred","until":null,"status":"elected","current":true,"sources":[{"authority":"Dr\u017eavna volilna komisija","url":"https:\/\/www.dvk-rs.si\/arhivi\/volitve2022\/lv2022\/data\/prvikrog\/obcine-data\/data_129.json"}]},{"person":{"name":"Sara Sotlar","slug":"sara-sotlar"},"office":"Ob\u010dinski svetnik","office_code":"local_councillor","role_detail":"izvoljen z liste SLOVENSKA DEMOKRATSKA STRANKA","organization":{"name":"Trbovlje","slug":"trbovlje"},"since":"2022-11-20","since_precision":"inferred","until":null,"status":"elected","current":true,"sources":[{"authority":"Dr\u017eavna volilna komisija","url":"https:\/\/www.dvk-rs.si\/arhivi\/volitve2022\/lv2022\/data\/prvikrog\/obcine-data\/data_129.json"}]},{"person":{"name":"Borut Dolanc","slug":"borut-dolanc"},"office":"Ob\u010dinski svetnik","office_code":"local_councillor","role_detail":"izvoljen z liste SLOVENSKA DEMOKRATSKA STRANKA","organization":{"name":"Trbovlje","slug":"trbovlje"},"since":"2022-11-20","since_precision":"inferred","until":null,"status":"elected","current":true,"sources":[{"authority":"Dr\u017eavna volilna komisija","url":"https:\/\/www.dvk-rs.si\/arhivi\/volitve2022\/lv2022\/data\/prvikrog\/obcine-data\/data_129.json"}]},{"person":{"name":"Primo\u017e Siter","slug":"primoz-siter"},"office":"Ob\u010dinski svetnik","office_code":"local_councillor","role_detail":"izvoljen z liste LEVICA","organization":{"name":"Trbovlje","slug":"trbovlje"},"since":"2022-11-20","since_precision":"inferred","until":null,"status":"elected","current":true,"sources":[{"authority":"Dr\u017eavna volilna komisija","url":"https:\/\/www.dvk-rs.si\/arhivi\/volitve2022\/lv2022\/data\/prvikrog\/obcine-data\/data_129.json"}]},{"person":{"name":"Jo\u017ee Pustoslem\u0161ek","slug":"joze-pustoslemsek"},"office":"Ob\u010dinski svetnik","office_code":"local_councillor","role_detail":"izvoljen z liste LISTA DNK TRBOVELJ","organization":{"name":"Trbovlje","slug":"trbovlje"},"since":"2022-11-20","since_precision":"inferred","until":null,"status":"elected","current":true,"sources":[{"authority":"Dr\u017eavna volilna komisija","url":"https:\/\/www.dvk-rs.si\/arhivi\/volitve2022\/lv2022\/data\/prvikrog\/obcine-data\/data_129.json"}]},{"person":{"name":"Petra \u010cede","slug":"petra-cede"},"office":"Ob\u010dinski svetnik","office_code":"local_councillor","role_detail":"izvoljen z liste GIBANJE SVOBODA","organization":{"name":"Trbovlje","slug":"trbovlje"},"since":"2022-11-20","since_precision":"inferred","until":null,"status":"elected","current":true,"sources":[{"authority":"Dr\u017eavna volilna komisija","url":"https:\/\/www.dvk-rs.si\/arhivi\/volitve2022\/lv2022\/data\/prvikrog\/obcine-data\/data_129.json"}]},{"person":{"name":"Robert Jerman","slug":"robert-jerman"},"office":"Ob\u010dinski svetnik","office_code":"local_councillor","role_detail":"izvoljen z liste GIBANJE SVOBODA","organization":{"name":"Trbovlje","slug":"trbovlje"},"since":"2022-11-20","since_precision":"inferred","until":null,"status":"elected","current":true,"sources":[{"authority":"Dr\u017eavna volilna komisija","url":"https:\/\/www.dvk-rs.si\/arhivi\/volitve2022\/lv2022\/data\/prvikrog\/obcine-data\/data_129.json"}]},{"person":{"name":"Valentina Radi\u0107","slug":"valentina-radic"},"office":"Ob\u010dinski svetnik","office_code":"local_councillor","role_detail":"izvoljen z liste GIBANJE SVOBODA","organization":{"name":"Trbovlje","slug":"trbovlje"},"since":"2022-11-20","since_precision":"inferred","until":null,"status":"elected","current":true,"sources":[{"authority":"Dr\u017eavna volilna komisija","url":"https:\/\/www.dvk-rs.si\/arhivi\/volitve2022\/lv2022\/data\/prvikrog\/obcine-data\/data_129.json"}]},{"person":{"name":"Dejan Debeli\u0107","slug":"dejan-debelic"},"office":"Ob\u010dinski svetnik","office_code":"local_councillor","role_detail":"izvoljen z liste GIBANJE SVOBODA","organization":{"name":"Trbovlje","slug":"trbovlje"},"since":"2022-11-20","since_precision":"inferred","until":null,"status":"elected","current":true,"sources":[{"authority":"Dr\u017eavna volilna komisija","url":"https:\/\/www.dvk-rs.si\/arhivi\/volitve2022\/lv2022\/data\/prvikrog\/obcine-data\/data_129.json"}]},{"person":{"name":"Drago Ko\u010dar","slug":"drago-kocar"},"office":"Ob\u010dinski svetnik","office_code":"local_councillor","role_detail":"izvoljen z liste NOVA SLOVENIJA - KR\u0160\u010cANSKI DEMOKRATI","organization":{"name":"Trbovlje","slug":"trbovlje"},"since":"2022-11-20","since_precision":"inferred","until":null,"status":"elected","current":true,"sources":[{"authority":"Dr\u017eavna volilna komisija","url":"https:\/\/www.dvk-rs.si\/arhivi\/volitve2022\/lv2022\/data\/prvikrog\/obcine-data\/data_129.json"}]},{"person":{"name":"Maja Krajnik","slug":"maja-krajnik"},"office":"Ob\u010dinski svetnik","office_code":"local_councillor","role_detail":"izvoljen z liste Lista Jasne Gabri\u010d za Trbovlje","organization":{"name":"Trbovlje","slug":"trbovlje"},"since":"2022-11-20","since_precision":"inferred","until":null,"status":"elected","current":true,"sources":[{"authority":"Dr\u017eavna volilna komisija","url":"https:\/\/www.dvk-rs.si\/arhivi\/volitve2022\/lv2022\/data\/prvikrog\/obcine-data\/data_129.json"}]},{"person":{"name":"Jo\u017ee Weingartner","slug":"joze-weingartner"},"office":"Ob\u010dinski svetnik","office_code":"local_councillor","role_detail":"izvoljen z liste Lista Jasne Gabri\u010d za Trbovlje","organization":{"name":"Trbovlje","slug":"trbovlje"},"since":"2022-11-20","since_precision":"inferred","until":null,"status":"elected","current":true,"sources":[{"authority":"Dr\u017eavna volilna komisija","url":"https:\/\/www.dvk-rs.si\/arhivi\/volitve2022\/lv2022\/data\/prvikrog\/obcine-data\/data_129.json"}]},{"person":{"name":"Jasna Gabri\u010d","slug":"jasna-gabric"},"office":"Ob\u010dinski svetnik","office_code":"local_councillor","role_detail":"izvoljen z liste Lista Jasne Gabri\u010d za Trbovlje","organization":{"name":"Trbovlje","slug":"trbovlje"},"since":"2022-11-20","since_precision":"inferred","until":null,"status":"elected","current":true,"sources":[{"authority":"Dr\u017eavna volilna komisija","url":"https:\/\/www.dvk-rs.si\/arhivi\/volitve2022\/lv2022\/data\/prvikrog\/obcine-data\/data_129.json"}]},{"person":{"name":"Nata\u0161a Pavlovi\u010d","slug":"natasa-pavlovic"},"office":"Ob\u010dinski svetnik","office_code":"local_councillor","role_detail":"izvoljen z liste SOCIALNI DEMOKRATI","organization":{"name":"Trbovlje","slug":"trbovlje"},"since":"2022-11-20","since_precision":"inferred","until":null,"status":"elected","current":true,"sources":[{"authority":"Dr\u017eavna volilna komisija","url":"https:\/\/www.dvk-rs.si\/arhivi\/volitve2022\/lv2022\/data\/prvikrog\/obcine-data\/data_129.json"}]},{"person":{"name":"Milan \u017dnidar\u0161i\u010d","slug":"milan-znidarsic"},"office":"Ob\u010dinski svetnik","office_code":"local_councillor","role_detail":"izvoljen z liste SOCIALNI DEMOKRATI","organization":{"name":"Trbovlje","slug":"trbovlje"},"since":"2022-11-20","since_precision":"inferred","until":null,"status":"elected","current":true,"sources":[{"authority":"Dr\u017eavna volilna komisija","url":"https:\/\/www.dvk-rs.si\/arhivi\/volitve2022\/lv2022\/data\/prvikrog\/obcine-data\/data_129.json"}]},{"person":{"name":"Sibila Lo\u017eina","slug":"sibila-lozina"},"office":"Ob\u010dinski svetnik","office_code":"local_councillor","role_detail":"izvoljen z liste SOCIALNI DEMOKRATI","organization":{"name":"Trbovlje","slug":"trbovlje"},"since":"2022-11-20","since_precision":"inferred","until":null,"status":"elected","current":true,"sources":[{"authority":"Dr\u017eavna volilna komisija","url":"https:\/\/www.dvk-rs.si\/arhivi\/volitve2022\/lv2022\/data\/prvikrog\/obcine-data\/data_129.json"}]},{"person":{"name":"Samo Fakin","slug":"samo-fakin"},"office":"Ob\u010dinski svetnik","office_code":"local_councillor","role_detail":"izvoljen z liste SOCIALNI DEMOKRATI","organization":{"name":"Trbovlje","slug":"trbovlje"},"since":"2022-11-20","since_precision":"inferred","until":null,"status":"elected","current":true,"sources":[{"authority":"Dr\u017eavna volilna komisija","url":"https:\/\/www.dvk-rs.si\/arhivi\/volitve2022\/lv2022\/data\/prvikrog\/obcine-data\/data_129.json"}]},{"person":{"name":"Vesna Jesih","slug":"vesna-jesih"},"office":"Ob\u010dinski svetnik","office_code":"local_councillor","role_detail":"izvoljen z liste SOCIALNI DEMOKRATI","organization":{"name":"Trbovlje","slug":"trbovlje"},"since":"2022-11-20","since_precision":"inferred","until":null,"status":"elected","current":true,"sources":[{"authority":"Dr\u017eavna volilna komisija","url":"https:\/\/www.dvk-rs.si\/arhivi\/volitve2022\/lv2022\/data\/prvikrog\/obcine-data\/data_129.json"}]},{"person":{"name":"Rok Koprivc","slug":"rok-koprivc"},"office":"Ob\u010dinski svetnik","office_code":"local_councillor","role_detail":"izvoljen z liste SOCIALNI DEMOKRATI","organization":{"name":"Trbovlje","slug":"trbovlje"},"since":"2022-11-20","since_precision":"inferred","until":null,"status":"elected","current":true,"sources":[{"authority":"Dr\u017eavna volilna komisija","url":"https:\/\/www.dvk-rs.si\/arhivi\/volitve2022\/lv2022\/data\/prvikrog\/obcine-data\/data_129.json"}]},{"person":{"name":"Marjetka Bizjak","slug":"marjetka-bizjak"},"office":"Ob\u010dinski svetnik","office_code":"local_councillor","role_detail":"izvoljen z liste SOCIALNI DEMOKRATI","organization":{"name":"Trbovlje","slug":"trbovlje"},"since":"2022-11-20","since_precision":"inferred","until":null,"status":"elected","current":true,"sources":[{"authority":"Dr\u017eavna volilna komisija","url":"https:\/\/www.dvk-rs.si\/arhivi\/volitve2022\/lv2022\/data\/prvikrog\/obcine-data\/data_129.json"}]},{"person":{"name":"Zoran Pozni\u010d","slug":"zoran-poznic"},"office":"Ob\u010dinski svetnik","office_code":"local_councillor","role_detail":"izvoljen z liste SOCIALNI DEMOKRATI","organization":{"name":"Trbovlje","slug":"trbovlje"},"since":"2022-11-20","since_precision":"inferred","until":null,"status":"elected","current":true,"sources":[{"authority":"Dr\u017eavna volilna komisija","url":"https:\/\/www.dvk-rs.si\/arhivi\/volitve2022\/lv2022\/data\/prvikrog\/obcine-data\/data_129.json"}]},{"person":{"name":"Zoran Pozni\u010d","slug":"zoran-poznic"},"office":"\u017dupan","office_code":"mayor","role_detail":null,"organization":{"name":"Trbovlje","slug":"trbovlje"},"since":"2022-11-20","since_precision":"inferred","until":null,"status":"elected","current":true,"sources":[{"authority":"Dr\u017eavna volilna komisija","url":"https:\/\/www.dvk-rs.si\/arhivi\/volitve2022\/lv2022\/data\/ostale_obcine.json"}]}],"children":[{"slug":"gibanje-svoboda-3","name":"Gibanje Svoboda","type":"council_group","body_type":"council_group"},{"slug":"glasbena-sola-trbovlje","name":"Glasbena \u0161ola Trbovlje","type":"public_institute","body_type":null},{"slug":"knjiznica-toneta-seliskarja-trbovlje","name":"Knji\u017enica Toneta Seli\u0161karja Trbovlje","type":"public_institute","body_type":null},{"slug":"krajevna-skupnost-dobovec","name":"Krajevna Skupnost Dobovec","type":"local_community","body_type":null},{"slug":"levica-2","name":"Levica","type":"council_group","body_type":"council_group"},{"slug":"lista-dnk-trbovelj","name":"Lista DNK Trbovelj","type":"council_group","body_type":"council_group"},{"slug":"lista-zate-za-vse","name":"Lista zate, za vse","type":"council_group","body_type":"council_group"},{"slug":"nova-slovenija-3","name":"Nova Slovenija","type":"council_group","body_type":"council_group"},{"slug":"osnovna-sola-ivana-cankarja-trbovlje","name":"Osnovna \u0160ola Ivana Cankarja Trbovlje","type":"public_institute","body_type":null},{"slug":"osnovna-sola-toncke-cec","name":"Osnovna \u0161ola Ton\u010dke \u010ce\u010d","type":"public_institute","body_type":null},{"slug":"osnovna-sola-trbovlje","name":"Osnovna \u0160ola Trbovlje","type":"public_institute","body_type":null},{"slug":"sds","name":"SDS","type":"council_group","body_type":"council_group"},{"slug":"socialni-demokrati-4","name":"Socialni demokrati","type":"council_group","body_type":"council_group"},{"slug":"vrtec-trbovlje","name":"Vrtec Trbovlje","type":"public_institute","body_type":null},{"slug":"zasavska-ljudska-univerza","name":"Zasavska ljudska univerza","type":"public_institute","body_type":null},{"slug":"zasavske-lekarne-trbovlje","name":"Zasavske lekarne Trbovlje","type":"public_institute","body_type":null},{"slug":"zasavski-muzej-trbovlje","name":"Zasavski Muzej Trbovlje","type":"public_institute","body_type":null},{"slug":"zavod-za-kulturo-delavski-dom-trbovlje","name":"Zavod Za Kulturo Delavski Dom Trbovlje","type":"public_institute","body_type":null},{"slug":"zavod-za-mladino-sport-in-turizem-trbovlje","name":"Zavod za mladino, \u0161port in turizem Trbovlje","type":"public_institute","body_type":null},{"slug":"zdravstveni-dom-trbovlje","name":"Zdravstveni dom Trbovlje","type":"public_institute","body_type":null}]}