{"data":{"slug":"trebnje","name":"Trebnje","type":"municipality","type_label":"Ob\u010dina","body_type":null,"parent":null,"website":null,"phone":null,"address":"Goliev trg 005, 8210 TREBNJE","email":"obcina.trebnje@trebnje.si","leader":{"name":"Mateja Povhe","person_slug":"mateja-povhe","office":"\u017dupan","office_code":"mayor","since":"2022-12-04"},"image":null,"sources":[],"url":"https:\/\/kdo-vodi.si\/organ\/trebnje","api_url":"https:\/\/kdo-vodi.si\/api\/v1\/organizations\/trebnje"},"office_holders":[{"person":{"name":"Franci Kepa","slug":"franci-kepa"},"office":"Ob\u010dinski svetnik","office_code":"local_councillor","role_detail":"izvoljen z liste SLOVENSKA DEMOKRATSKA STRANKA","organization":{"name":"Trebnje","slug":"trebnje"},"since":"2022-11-20","since_precision":"inferred","until":null,"status":"elected","current":true,"sources":[{"authority":"Dr\u017eavna volilna komisija","url":"https:\/\/www.dvk-rs.si\/arhivi\/volitve2022\/lv2022\/data\/prvikrog\/obcine-data\/data_130.json"}]},{"person":{"name":"Vanja Jakopin","slug":"vanja-jakopin"},"office":"Ob\u010dinski svetnik","office_code":"local_councillor","role_detail":"izvoljen z liste DROT - ZA RAZVOJ","organization":{"name":"Trebnje","slug":"trebnje"},"since":"2022-11-20","since_precision":"inferred","until":null,"status":"elected","current":true,"sources":[{"authority":"Dr\u017eavna volilna komisija","url":"https:\/\/www.dvk-rs.si\/arhivi\/volitve2022\/lv2022\/data\/prvikrog\/obcine-data\/data_130.json"}]},{"person":{"name":"Dean Verbi\u010d","slug":"dean-verbic"},"office":"Ob\u010dinski svetnik","office_code":"local_councillor","role_detail":"izvoljen z liste DROT - ZA RAZVOJ","organization":{"name":"Trebnje","slug":"trebnje"},"since":"2022-11-20","since_precision":"inferred","until":null,"status":"elected","current":true,"sources":[{"authority":"Dr\u017eavna volilna komisija","url":"https:\/\/www.dvk-rs.si\/arhivi\/volitve2022\/lv2022\/data\/prvikrog\/obcine-data\/data_130.json"}]},{"person":{"name":"\u0160pela Smuk","slug":"spela-smuk"},"office":"Ob\u010dinski svetnik","office_code":"local_councillor","role_detail":"izvoljen z liste DROT - ZA RAZVOJ","organization":{"name":"Trebnje","slug":"trebnje"},"since":"2022-11-20","since_precision":"inferred","until":null,"status":"elected","current":true,"sources":[{"authority":"Dr\u017eavna volilna komisija","url":"https:\/\/www.dvk-rs.si\/arhivi\/volitve2022\/lv2022\/data\/prvikrog\/obcine-data\/data_130.json"}]},{"person":{"name":"Leon Lobe","slug":"leon-lobe"},"office":"Ob\u010dinski svetnik","office_code":"local_councillor","role_detail":"izvoljen z liste DROT - ZA RAZVOJ","organization":{"name":"Trebnje","slug":"trebnje"},"since":"2022-11-20","since_precision":"inferred","until":null,"status":"elected","current":true,"sources":[{"authority":"Dr\u017eavna volilna komisija","url":"https:\/\/www.dvk-rs.si\/arhivi\/volitve2022\/lv2022\/data\/prvikrog\/obcine-data\/data_130.json"}]},{"person":{"name":"Mateja Povhe","slug":"mateja-povhe"},"office":"Ob\u010dinski svetnik","office_code":"local_councillor","role_detail":"izvoljen z liste DROT - ZA RAZVOJ","organization":{"name":"Trebnje","slug":"trebnje"},"since":"2022-11-20","since_precision":"inferred","until":null,"status":"elected","current":true,"sources":[{"authority":"Dr\u017eavna volilna komisija","url":"https:\/\/www.dvk-rs.si\/arhivi\/volitve2022\/lv2022\/data\/prvikrog\/obcine-data\/data_130.json"}]},{"person":{"name":"Marija Prosenik","slug":"marija-prosenik"},"office":"Ob\u010dinski svetnik","office_code":"local_councillor","role_detail":"izvoljen z liste Nestrankarska \u017eupanova lista","organization":{"name":"Trebnje","slug":"trebnje"},"since":"2022-11-20","since_precision":"inferred","until":null,"status":"elected","current":true,"sources":[{"authority":"Dr\u017eavna volilna komisija","url":"https:\/\/www.dvk-rs.si\/arhivi\/volitve2022\/lv2022\/data\/prvikrog\/obcine-data\/data_130.json"}]},{"person":{"name":"Gregor Kaplan","slug":"gregor-kaplan"},"office":"Ob\u010dinski svetnik","office_code":"local_councillor","role_detail":"izvoljen z liste GIBANJE SVOBODA","organization":{"name":"Trebnje","slug":"trebnje"},"since":"2022-11-20","since_precision":"inferred","until":null,"status":"elected","current":true,"sources":[{"authority":"Dr\u017eavna volilna komisija","url":"https:\/\/www.dvk-rs.si\/arhivi\/volitve2022\/lv2022\/data\/prvikrog\/obcine-data\/data_130.json"}]},{"person":{"name":"Bla\u017e Pavlin","slug":"blaz-pavlin"},"office":"Ob\u010dinski svetnik","office_code":"local_councillor","role_detail":"izvoljen z liste NOVA SLOVENIJA - KR\u0160\u010cANSKI DEMOKRATI","organization":{"name":"Trebnje","slug":"trebnje"},"since":"2022-11-20","since_precision":"inferred","until":null,"status":"elected","current":true,"sources":[{"authority":"Dr\u017eavna volilna komisija","url":"https:\/\/www.dvk-rs.si\/arhivi\/volitve2022\/lv2022\/data\/prvikrog\/obcine-data\/data_130.json"}]},{"person":{"name":"Jo\u017ee Avgu\u0161tin\u010di\u010d","slug":"joze-avgustincic"},"office":"Ob\u010dinski svetnik","office_code":"local_councillor","role_detail":"izvoljen z liste SLOVENSKA DEMOKRATSKA STRANKA","organization":{"name":"Trebnje","slug":"trebnje"},"since":"2022-11-20","since_precision":"inferred","until":null,"status":"elected","current":true,"sources":[{"authority":"Dr\u017eavna volilna komisija","url":"https:\/\/www.dvk-rs.si\/arhivi\/volitve2022\/lv2022\/data\/prvikrog\/obcine-data\/data_130.json"}]},{"person":{"name":"Miha Sever","slug":"miha-sever"},"office":"Ob\u010dinski svetnik","office_code":"local_councillor","role_detail":"izvoljen z liste DROT - ZA RAZVOJ","organization":{"name":"Trebnje","slug":"trebnje"},"since":"2022-11-20","since_precision":"inferred","until":null,"status":"elected","current":true,"sources":[{"authority":"Dr\u017eavna volilna komisija","url":"https:\/\/www.dvk-rs.si\/arhivi\/volitve2022\/lv2022\/data\/prvikrog\/obcine-data\/data_130.json"}]},{"person":{"name":"Milan Kastelic","slug":"milan-kastelic"},"office":"Ob\u010dinski svetnik","office_code":"local_councillor","role_detail":"izvoljen z liste Nestrankarska \u017eupanova lista","organization":{"name":"Trebnje","slug":"trebnje"},"since":"2022-11-20","since_precision":"inferred","until":null,"status":"elected","current":true,"sources":[{"authority":"Dr\u017eavna volilna komisija","url":"https:\/\/www.dvk-rs.si\/arhivi\/volitve2022\/lv2022\/data\/prvikrog\/obcine-data\/data_130.json"}]},{"person":{"name":"Ana Moder","slug":"ana-moder"},"office":"Ob\u010dinski svetnik","office_code":"local_councillor","role_detail":"izvoljen z liste SLOVENSKA LJUDSKA STRANKA","organization":{"name":"Trebnje","slug":"trebnje"},"since":"2022-11-20","since_precision":"inferred","until":null,"status":"elected","current":true,"sources":[{"authority":"Dr\u017eavna volilna komisija","url":"https:\/\/www.dvk-rs.si\/arhivi\/volitve2022\/lv2022\/data\/prvikrog\/obcine-data\/data_130.json"}]},{"person":{"name":"Andreja Gorenc","slug":"andreja-gorenc"},"office":"Ob\u010dinski svetnik","office_code":"local_councillor","role_detail":"izvoljen z liste GIBANJE SVOBODA","organization":{"name":"Trebnje","slug":"trebnje"},"since":"2022-11-20","since_precision":"inferred","until":null,"status":"elected","current":true,"sources":[{"authority":"Dr\u017eavna volilna komisija","url":"https:\/\/www.dvk-rs.si\/arhivi\/volitve2022\/lv2022\/data\/prvikrog\/obcine-data\/data_130.json"}]},{"person":{"name":"Franci Ostanek","slug":"franci-ostanek"},"office":"Ob\u010dinski svetnik","office_code":"local_councillor","role_detail":"izvoljen z liste SLOVENSKA DEMOKRATSKA STRANKA","organization":{"name":"Trebnje","slug":"trebnje"},"since":"2022-11-20","since_precision":"inferred","until":null,"status":"elected","current":true,"sources":[{"authority":"Dr\u017eavna volilna komisija","url":"https:\/\/www.dvk-rs.si\/arhivi\/volitve2022\/lv2022\/data\/prvikrog\/obcine-data\/data_130.json"}]},{"person":{"name":"Andreja Zupan\u010di\u010d","slug":"andreja-zupancic"},"office":"Ob\u010dinski svetnik","office_code":"local_councillor","role_detail":"izvoljen z liste DROT - ZA RAZVOJ","organization":{"name":"Trebnje","slug":"trebnje"},"since":"2022-11-20","since_precision":"inferred","until":null,"status":"elected","current":true,"sources":[{"authority":"Dr\u017eavna volilna komisija","url":"https:\/\/www.dvk-rs.si\/arhivi\/volitve2022\/lv2022\/data\/prvikrog\/obcine-data\/data_130.json"}]},{"person":{"name":"Bla\u017e Ovnik","slug":"blaz-ovnik"},"office":"Ob\u010dinski svetnik","office_code":"local_councillor","role_detail":"izvoljen z liste DROT - ZA RAZVOJ","organization":{"name":"Trebnje","slug":"trebnje"},"since":"2022-11-20","since_precision":"inferred","until":null,"status":"elected","current":true,"sources":[{"authority":"Dr\u017eavna volilna komisija","url":"https:\/\/www.dvk-rs.si\/arhivi\/volitve2022\/lv2022\/data\/prvikrog\/obcine-data\/data_130.json"}]},{"person":{"name":"Dejan Kastelic","slug":"dejan-kastelic"},"office":"Ob\u010dinski svetnik","office_code":"local_councillor","role_detail":"izvoljen z liste SLOVENSKA LJUDSKA STRANKA","organization":{"name":"Trebnje","slug":"trebnje"},"since":"2022-11-20","since_precision":"inferred","until":null,"status":"elected","current":true,"sources":[{"authority":"Dr\u017eavna volilna komisija","url":"https:\/\/www.dvk-rs.si\/arhivi\/volitve2022\/lv2022\/data\/prvikrog\/obcine-data\/data_130.json"}]},{"person":{"name":"Franc Brane Praznik","slug":"franc-brane-praznik"},"office":"Ob\u010dinski svetnik","office_code":"local_councillor","role_detail":"izvoljen z liste GIBANJE SVOBODA","organization":{"name":"Trebnje","slug":"trebnje"},"since":"2022-11-20","since_precision":"inferred","until":null,"status":"elected","current":true,"sources":[{"authority":"Dr\u017eavna volilna komisija","url":"https:\/\/www.dvk-rs.si\/arhivi\/volitve2022\/lv2022\/data\/prvikrog\/obcine-data\/data_130.json"}]},{"person":{"name":"Branko Longar","slug":"branko-longar"},"office":"Ob\u010dinski svetnik","office_code":"local_councillor","role_detail":"izvoljen z liste NOVA SLOVENIJA - KR\u0160\u010cANSKI DEMOKRATI","organization":{"name":"Trebnje","slug":"trebnje"},"since":"2022-11-20","since_precision":"inferred","until":null,"status":"elected","current":true,"sources":[{"authority":"Dr\u017eavna volilna komisija","url":"https:\/\/www.dvk-rs.si\/arhivi\/volitve2022\/lv2022\/data\/prvikrog\/obcine-data\/data_130.json"}]},{"person":{"name":"Mateja Povhe","slug":"mateja-povhe"},"office":"\u017dupan","office_code":"mayor","role_detail":null,"organization":{"name":"Trebnje","slug":"trebnje"},"since":"2022-12-04","since_precision":"inferred","until":null,"status":"elected","current":true,"sources":[{"authority":"Dr\u017eavna volilna komisija","url":"https:\/\/www.dvk-rs.si\/arhivi\/volitve2022\/lv2022\/data\/drugi_krog.json"}]}],"children":[{"slug":"center-za-izobrazevanje-in-kulturo-trebnje","name":"Center Za Izobra\u017eevanje In Kulturo Trebnje","type":"public_institute","body_type":null},{"slug":"glasbena-sola-trebnje","name":"Glasbena \u0160ola Trebnje","type":"public_institute","body_type":null},{"slug":"knjiznica-pavla-golie-trebnje","name":"Knji\u017enica Pavla Golie Trebnje","type":"public_institute","body_type":null},{"slug":"krajevna-skupnost-catez","name":"Krajevna Skupnost \u010cate\u017e","type":"local_community","body_type":null},{"slug":"krajevna-skupnost-dobrnic","name":"Krajevna Skupnost Dobrni\u010d","type":"local_community","body_type":null},{"slug":"krajevna-skupnost-dolenja-nemska-vas","name":"Krajevna Skupnost Dolenja Nem\u0161ka Vas","type":"local_community","body_type":null},{"slug":"krajevna-skupnost-knezja-vas","name":"Krajevna Skupnost Kne\u017eja Vas","type":"local_community","body_type":null},{"slug":"krajevna-skupnost-racje-selo","name":"Krajevna Skupnost Ra\u010dje Selo","type":"local_community","body_type":null},{"slug":"krajevna-skupnost-sela-pri-sumberku","name":"Krajevna Skupnost Sela Pri \u0160umberku","type":"local_community","body_type":null},{"slug":"krajevna-skupnost-sentlovrenc","name":"Krajevna Skupnost \u0160entlovrenc","type":"local_community","body_type":null},{"slug":"krajevna-skupnost-stefan","name":"Krajevna Skupnost \u0160tefan","type":"local_community","body_type":null},{"slug":"krajevna-skupnost-svetinja","name":"Krajevna Skupnost Svetinja","type":"local_community","body_type":null},{"slug":"krajevna-skupnost-trebnje","name":"Krajevna Skupnost Trebnje","type":"local_community","body_type":null},{"slug":"krajevna-skupnost-velika-loka","name":"Krajevna Skupnost Velika Loka","type":"local_community","body_type":null},{"slug":"krajevna-skupnost-veliki-gaber","name":"Krajevna Skupnost Veliki Gaber","type":"local_community","body_type":null},{"slug":"osnovna-sola-trebnje","name":"Osnovna \u0160ola Trebnje","type":"public_institute","body_type":null},{"slug":"osnovna-sola-veliki-gaber","name":"Osnovna \u0160ola Veliki Gaber","type":"public_institute","body_type":null},{"slug":"vzgojno-varstveni-zavod-vrtec-mavrica-trebnje","name":"Vzgojno-varstveni zavod Vrtec Mavrica Trebnje","type":"public_institute","body_type":null},{"slug":"zdravstveni-dom-trebnje","name":"Zdravstveni Dom Trebnje","type":"public_institute","body_type":null}]}