{"data":{"slug":"trzic","name":"Tr\u017ei\u010d","type":"municipality","type_label":"Ob\u010dina","body_type":null,"parent":null,"website":null,"phone":null,"address":"Trg svobode 018, 4290 TR\u017dI\u010c","email":"obcina.trzic@trzic.si","leader":{"name":"Peter Mikli\u010d","person_slug":"peter-miklic","office":"\u017dupan","office_code":"mayor","since":"2022-11-20"},"image":null,"sources":[],"url":"https:\/\/kdo-vodi.si\/organ\/trzic","api_url":"https:\/\/kdo-vodi.si\/api\/v1\/organizations\/trzic"},"office_holders":[{"person":{"name":"David Aha\u010di\u010d","slug":"david-ahacic"},"office":"Ob\u010dinski svetnik","office_code":"local_councillor","role_detail":"izvoljen z liste NOVA SLOVENIJA - KR\u0160\u010cANSKI DEMOKRATI","organization":{"name":"Tr\u017ei\u010d","slug":"trzic"},"since":"2022-11-20","since_precision":"inferred","until":null,"status":"elected","current":true,"sources":[{"authority":"Dr\u017eavna volilna komisija","url":"https:\/\/www.dvk-rs.si\/arhivi\/volitve2022\/lv2022\/data\/prvikrog\/obcine-data\/data_131.json"}]},{"person":{"name":"Miroslav De\u017eman","slug":"miroslav-dezman"},"office":"Ob\u010dinski svetnik","office_code":"local_councillor","role_detail":"izvoljen z liste NOVA SLOVENIJA - KR\u0160\u010cANSKI DEMOKRATI","organization":{"name":"Tr\u017ei\u010d","slug":"trzic"},"since":"2022-11-20","since_precision":"inferred","until":null,"status":"elected","current":true,"sources":[{"authority":"Dr\u017eavna volilna komisija","url":"https:\/\/www.dvk-rs.si\/arhivi\/volitve2022\/lv2022\/data\/prvikrog\/obcine-data\/data_131.json"}]},{"person":{"name":"Samo Dolhar","slug":"samo-dolhar"},"office":"Ob\u010dinski svetnik","office_code":"local_councillor","role_detail":"izvoljen z liste LISTA SAMOTA DOLHARJA KO ZA OBLJUBAMI STOJI IME","organization":{"name":"Tr\u017ei\u010d","slug":"trzic"},"since":"2022-11-20","since_precision":"inferred","until":null,"status":"elected","current":true,"sources":[{"authority":"Dr\u017eavna volilna komisija","url":"https:\/\/www.dvk-rs.si\/arhivi\/volitve2022\/lv2022\/data\/prvikrog\/obcine-data\/data_131.json"}]},{"person":{"name":"Ljiljana Kosma\u010d","slug":"ljiljana-kosmac"},"office":"Ob\u010dinski svetnik","office_code":"local_councillor","role_detail":"izvoljen z liste SOCIALNI DEMOKRATI","organization":{"name":"Tr\u017ei\u010d","slug":"trzic"},"since":"2022-11-20","since_precision":"inferred","until":null,"status":"elected","current":true,"sources":[{"authority":"Dr\u017eavna volilna komisija","url":"https:\/\/www.dvk-rs.si\/arhivi\/volitve2022\/lv2022\/data\/prvikrog\/obcine-data\/data_131.json"}]},{"person":{"name":"Drago Zadnikar","slug":"drago-zadnikar"},"office":"Ob\u010dinski svetnik","office_code":"local_councillor","role_detail":"izvoljen z liste SOCIALNI DEMOKRATI","organization":{"name":"Tr\u017ei\u010d","slug":"trzic"},"since":"2022-11-20","since_precision":"inferred","until":null,"status":"elected","current":true,"sources":[{"authority":"Dr\u017eavna volilna komisija","url":"https:\/\/www.dvk-rs.si\/arhivi\/volitve2022\/lv2022\/data\/prvikrog\/obcine-data\/data_131.json"}]},{"person":{"name":"Tamara Fiksl","slug":"tamara-fiksl"},"office":"Ob\u010dinski svetnik","office_code":"local_councillor","role_detail":"izvoljen z liste SLOVENSKA DEMOKRATSKA STRANKA - SDS","organization":{"name":"Tr\u017ei\u010d","slug":"trzic"},"since":"2022-11-20","since_precision":"inferred","until":null,"status":"elected","current":true,"sources":[{"authority":"Dr\u017eavna volilna komisija","url":"https:\/\/www.dvk-rs.si\/arhivi\/volitve2022\/lv2022\/data\/prvikrog\/obcine-data\/data_131.json"}]},{"person":{"name":"An\u017ee Per\u010di\u010d","slug":"anze-percic"},"office":"Ob\u010dinski svetnik","office_code":"local_councillor","role_detail":"izvoljen z liste SLOVENSKA DEMOKRATSKA STRANKA - SDS","organization":{"name":"Tr\u017ei\u010d","slug":"trzic"},"since":"2022-11-20","since_precision":"inferred","until":null,"status":"elected","current":true,"sources":[{"authority":"Dr\u017eavna volilna komisija","url":"https:\/\/www.dvk-rs.si\/arhivi\/volitve2022\/lv2022\/data\/prvikrog\/obcine-data\/data_131.json"}]},{"person":{"name":"Mateja Hafner Malovrh","slug":"mateja-hafner-malovrh"},"office":"Ob\u010dinski svetnik","office_code":"local_councillor","role_detail":"izvoljen z liste SLOVENSKA DEMOKRATSKA STRANKA - SDS","organization":{"name":"Tr\u017ei\u010d","slug":"trzic"},"since":"2022-11-20","since_precision":"inferred","until":null,"status":"elected","current":true,"sources":[{"authority":"Dr\u017eavna volilna komisija","url":"https:\/\/www.dvk-rs.si\/arhivi\/volitve2022\/lv2022\/data\/prvikrog\/obcine-data\/data_131.json"}]},{"person":{"name":"Jaka Jankovec","slug":"jaka-jankovec"},"office":"Ob\u010dinski svetnik","office_code":"local_councillor","role_detail":"izvoljen z liste SLOVENSKA DEMOKRATSKA STRANKA - SDS","organization":{"name":"Tr\u017ei\u010d","slug":"trzic"},"since":"2022-11-20","since_precision":"inferred","until":null,"status":"elected","current":true,"sources":[{"authority":"Dr\u017eavna volilna komisija","url":"https:\/\/www.dvk-rs.si\/arhivi\/volitve2022\/lv2022\/data\/prvikrog\/obcine-data\/data_131.json"}]},{"person":{"name":"Mladen Novkovi\u0107","slug":"mladen-novkovic"},"office":"Ob\u010dinski svetnik","office_code":"local_councillor","role_detail":"izvoljen z liste EKIPA MLADENA NOVKOVI\u0106A ZA RAZVOJ TR\u017dI\u010cA","organization":{"name":"Tr\u017ei\u010d","slug":"trzic"},"since":"2022-11-20","since_precision":"inferred","until":null,"status":"elected","current":true,"sources":[{"authority":"Dr\u017eavna volilna komisija","url":"https:\/\/www.dvk-rs.si\/arhivi\/volitve2022\/lv2022\/data\/prvikrog\/obcine-data\/data_131.json"}]},{"person":{"name":"Marko Mirt","slug":"marko-mirt"},"office":"Ob\u010dinski svetnik","office_code":"local_councillor","role_detail":"izvoljen z liste TR\u017dI\u010c ZMORE VE\u010c","organization":{"name":"Tr\u017ei\u010d","slug":"trzic"},"since":"2022-11-20","since_precision":"inferred","until":null,"status":"elected","current":true,"sources":[{"authority":"Dr\u017eavna volilna komisija","url":"https:\/\/www.dvk-rs.si\/arhivi\/volitve2022\/lv2022\/data\/prvikrog\/obcine-data\/data_131.json"}]},{"person":{"name":"Irena Mrak","slug":"irena-mrak"},"office":"Ob\u010dinski svetnik","office_code":"local_councillor","role_detail":"izvoljen z liste TR\u017dI\u010c ZMORE VE\u010c","organization":{"name":"Tr\u017ei\u010d","slug":"trzic"},"since":"2022-11-20","since_precision":"inferred","until":null,"status":"elected","current":true,"sources":[{"authority":"Dr\u017eavna volilna komisija","url":"https:\/\/www.dvk-rs.si\/arhivi\/volitve2022\/lv2022\/data\/prvikrog\/obcine-data\/data_131.json"}]},{"person":{"name":"Toma\u017e Megli\u010d","slug":"tomaz-meglic"},"office":"Ob\u010dinski svetnik","office_code":"local_councillor","role_detail":"izvoljen z liste TR\u017dI\u010c ZMORE VE\u010c","organization":{"name":"Tr\u017ei\u010d","slug":"trzic"},"since":"2022-11-20","since_precision":"inferred","until":null,"status":"elected","current":true,"sources":[{"authority":"Dr\u017eavna volilna komisija","url":"https:\/\/www.dvk-rs.si\/arhivi\/volitve2022\/lv2022\/data\/prvikrog\/obcine-data\/data_131.json"}]},{"person":{"name":"Margareta Aha\u010di\u010d","slug":"margareta-ahacic"},"office":"Ob\u010dinski svetnik","office_code":"local_councillor","role_detail":"izvoljen z liste TR\u017dI\u010c ZMORE VE\u010c","organization":{"name":"Tr\u017ei\u010d","slug":"trzic"},"since":"2022-11-20","since_precision":"inferred","until":null,"status":"elected","current":true,"sources":[{"authority":"Dr\u017eavna volilna komisija","url":"https:\/\/www.dvk-rs.si\/arhivi\/volitve2022\/lv2022\/data\/prvikrog\/obcine-data\/data_131.json"}]},{"person":{"name":"Drago Zalar","slug":"drago-zalar"},"office":"Ob\u010dinski svetnik","office_code":"local_councillor","role_detail":"izvoljen z liste TR\u017dI\u010c ZMORE VE\u010c","organization":{"name":"Tr\u017ei\u010d","slug":"trzic"},"since":"2022-11-20","since_precision":"inferred","until":null,"status":"elected","current":true,"sources":[{"authority":"Dr\u017eavna volilna komisija","url":"https:\/\/www.dvk-rs.si\/arhivi\/volitve2022\/lv2022\/data\/prvikrog\/obcine-data\/data_131.json"}]},{"person":{"name":"Metka Gaberc","slug":"metka-gaberc"},"office":"Ob\u010dinski svetnik","office_code":"local_councillor","role_detail":"izvoljen z liste TR\u017dI\u010c ZMORE VE\u010c","organization":{"name":"Tr\u017ei\u010d","slug":"trzic"},"since":"2022-11-20","since_precision":"inferred","until":null,"status":"elected","current":true,"sources":[{"authority":"Dr\u017eavna volilna komisija","url":"https:\/\/www.dvk-rs.si\/arhivi\/volitve2022\/lv2022\/data\/prvikrog\/obcine-data\/data_131.json"}]},{"person":{"name":"Peter Mikli\u010d","slug":"peter-miklic"},"office":"Ob\u010dinski svetnik","office_code":"local_councillor","role_detail":"izvoljen z liste TR\u017dI\u010c ZMORE VE\u010c","organization":{"name":"Tr\u017ei\u010d","slug":"trzic"},"since":"2022-11-20","since_precision":"inferred","until":null,"status":"elected","current":true,"sources":[{"authority":"Dr\u017eavna volilna komisija","url":"https:\/\/www.dvk-rs.si\/arhivi\/volitve2022\/lv2022\/data\/prvikrog\/obcine-data\/data_131.json"}]},{"person":{"name":"Andra\u017e \u017ditnik","slug":"andraz-zitnik"},"office":"Ob\u010dinski svetnik","office_code":"local_councillor","role_detail":"izvoljen z liste GIBANJE SVOBODA","organization":{"name":"Tr\u017ei\u010d","slug":"trzic"},"since":"2022-11-20","since_precision":"inferred","until":null,"status":"elected","current":true,"sources":[{"authority":"Dr\u017eavna volilna komisija","url":"https:\/\/www.dvk-rs.si\/arhivi\/volitve2022\/lv2022\/data\/prvikrog\/obcine-data\/data_131.json"}]},{"person":{"name":"Rebeka Peharc","slug":"rebeka-peharc"},"office":"Ob\u010dinski svetnik","office_code":"local_councillor","role_detail":"izvoljen z liste GIBANJE SVOBODA","organization":{"name":"Tr\u017ei\u010d","slug":"trzic"},"since":"2022-11-20","since_precision":"inferred","until":null,"status":"elected","current":true,"sources":[{"authority":"Dr\u017eavna volilna komisija","url":"https:\/\/www.dvk-rs.si\/arhivi\/volitve2022\/lv2022\/data\/prvikrog\/obcine-data\/data_131.json"}]},{"person":{"name":"Nejc Perko","slug":"nejc-perko"},"office":"Ob\u010dinski svetnik","office_code":"local_councillor","role_detail":"izvoljen z liste GIBANJE SVOBODA","organization":{"name":"Tr\u017ei\u010d","slug":"trzic"},"since":"2022-11-20","since_precision":"inferred","until":null,"status":"elected","current":true,"sources":[{"authority":"Dr\u017eavna volilna komisija","url":"https:\/\/www.dvk-rs.si\/arhivi\/volitve2022\/lv2022\/data\/prvikrog\/obcine-data\/data_131.json"}]},{"person":{"name":"Nika Podakar","slug":"nika-podakar"},"office":"Ob\u010dinski svetnik","office_code":"local_councillor","role_detail":"izvoljen z liste GIBANJE SVOBODA","organization":{"name":"Tr\u017ei\u010d","slug":"trzic"},"since":"2022-11-20","since_precision":"inferred","until":null,"status":"elected","current":true,"sources":[{"authority":"Dr\u017eavna volilna komisija","url":"https:\/\/www.dvk-rs.si\/arhivi\/volitve2022\/lv2022\/data\/prvikrog\/obcine-data\/data_131.json"}]},{"person":{"name":"Du\u0161an Bodlaj","slug":"dusan-bodlaj"},"office":"Ob\u010dinski svetnik","office_code":"local_councillor","role_detail":"izvoljen z liste GIBANJE SVOBODA","organization":{"name":"Tr\u017ei\u010d","slug":"trzic"},"since":"2022-11-20","since_precision":"inferred","until":null,"status":"elected","current":true,"sources":[{"authority":"Dr\u017eavna volilna komisija","url":"https:\/\/www.dvk-rs.si\/arhivi\/volitve2022\/lv2022\/data\/prvikrog\/obcine-data\/data_131.json"}]},{"person":{"name":"Eva Truden","slug":"eva-truden"},"office":"Ob\u010dinski svetnik","office_code":"local_councillor","role_detail":"izvoljen z liste GIBANJE SVOBODA","organization":{"name":"Tr\u017ei\u010d","slug":"trzic"},"since":"2022-11-20","since_precision":"inferred","until":null,"status":"elected","current":true,"sources":[{"authority":"Dr\u017eavna volilna komisija","url":"https:\/\/www.dvk-rs.si\/arhivi\/volitve2022\/lv2022\/data\/prvikrog\/obcine-data\/data_131.json"}]},{"person":{"name":"Borut Sajovic","slug":"borut-sajovic"},"office":"Ob\u010dinski svetnik","office_code":"local_councillor","role_detail":"izvoljen z liste GIBANJE SVOBODA","organization":{"name":"Tr\u017ei\u010d","slug":"trzic"},"since":"2022-11-20","since_precision":"inferred","until":null,"status":"elected","current":true,"sources":[{"authority":"Dr\u017eavna volilna komisija","url":"https:\/\/www.dvk-rs.si\/arhivi\/volitve2022\/lv2022\/data\/prvikrog\/obcine-data\/data_131.json"}]},{"person":{"name":"Peter Mikli\u010d","slug":"peter-miklic"},"office":"\u017dupan","office_code":"mayor","role_detail":null,"organization":{"name":"Tr\u017ei\u010d","slug":"trzic"},"since":"2022-11-20","since_precision":"inferred","until":null,"status":"elected","current":true,"sources":[{"authority":"Dr\u017eavna volilna komisija","url":"https:\/\/www.dvk-rs.si\/arhivi\/volitve2022\/lv2022\/data\/ostale_obcine.json"}]}],"children":[{"slug":"glasbena-sola-trzic","name":"Glasbena \u0160ola Tr\u017ei\u010d","type":"public_institute","body_type":null},{"slug":"knjiznica-dr-toneta-pretnarja","name":"Knji\u017enica dr. Toneta Pretnarja","type":"public_institute","body_type":null},{"slug":"krajevna-skupnost-bistrica-pri-trzicu","name":"Krajevna Skupnost Bistrica Pri Tr\u017ei\u010du","type":"local_community","body_type":null},{"slug":"krajevna-skupnost-brezje-pri-trzicu","name":"Krajevna Skupnost Brezje Pri Tr\u017ei\u010du","type":"local_community","body_type":null},{"slug":"krajevna-skupnost-jelendol","name":"Krajevna Skupnost Jelendol","type":"local_community","body_type":null},{"slug":"krajevna-skupnost-kovor","name":"Krajevna Skupnost Kovor","type":"local_community","body_type":null},{"slug":"krajevna-skupnost-lese","name":"Krajevna Skupnost Le\u0161e","type":"local_community","body_type":null},{"slug":"krajevna-skupnost-lom-pod-storzicem","name":"Krajevna Skupnost Lom Pod Stor\u017ei\u010dem","type":"local_community","body_type":null},{"slug":"krajevna-skupnost-podljubelj","name":"Krajevna Skupnost Podljubelj","type":"local_community","body_type":null},{"slug":"krajevna-skupnost-pristava","name":"Krajevna Skupnost Pristava","type":"local_community","body_type":null},{"slug":"krajevna-skupnost-sebenje","name":"Krajevna Skupnost Sebenje","type":"local_community","body_type":null},{"slug":"krajevna-skupnost-senicno","name":"Krajevna Skupnost Seni\u010dno","type":"local_community","body_type":null},{"slug":"krajevna-skupnost-trzic-mesto","name":"Krajevna Skupnost Tr\u017ei\u010d-Mesto","type":"local_community","body_type":null},{"slug":"ljudska-univerza-trzic","name":"Ljudska Univerza Tr\u017ei\u010d","type":"public_institute","body_type":null},{"slug":"obcina-trzic-krajevna-skupnost-krize","name":"Ob\u010dina Tr\u017ei\u010d, Krajevna Skupnost Kri\u017ee","type":"local_community","body_type":null},{"slug":"obcina-trzic-krajevna-skupnost-ravne","name":"Ob\u010dina Tr\u017ei\u010d, Krajevna Skupnost Ravne","type":"local_community","body_type":null},{"slug":"osnovna-sola-bistrica","name":"Osnovna \u0160ola Bistrica","type":"public_institute","body_type":null},{"slug":"osnovna-sola-krize","name":"Osnovna \u0160ola Kri\u017ee","type":"public_institute","body_type":null},{"slug":"osnovna-sola-trzic","name":"Osnovna \u0160ola Tr\u017ei\u010d","type":"public_institute","body_type":null},{"slug":"trziski-muzej","name":"Tr\u017ei\u0161ki Muzej","type":"public_institute","body_type":null},{"slug":"vrtec-trzic","name":"Vrtec Tr\u017ei\u010d","type":"public_institute","body_type":null}]}