{"data":{"slug":"velenje","name":"Velenje","type":"municipality","type_label":"Ob\u010dina","body_type":null,"parent":null,"website":null,"phone":null,"address":"Titov trg 001, 3320 VELENJE","email":"info@velenje.si","leader":{"name":"Peter Dermol","person_slug":"peter-dermol","office":"\u017dupan","office_code":"mayor","since":"2022-11-20"},"image":null,"sources":[],"url":"https:\/\/kdo-vodi.si\/organ\/velenje","api_url":"https:\/\/kdo-vodi.si\/api\/v1\/organizations\/velenje"},"office_holders":[{"person":{"name":"Jo\u017eica Napotnik","slug":"jozica-napotnik"},"office":"Ob\u010dinski svetnik","office_code":"local_councillor","role_detail":"izvoljen z liste SLOVENSKA DEMOKRATSKA STRANKA - SDS","organization":{"name":"Velenje","slug":"velenje"},"since":"2022-11-20","since_precision":"inferred","until":null,"status":"elected","current":true,"sources":[{"authority":"Dr\u017eavna volilna komisija","url":"https:\/\/www.dvk-rs.si\/arhivi\/volitve2022\/lv2022\/data\/prvikrog\/obcine-data\/data_133.json"}]},{"person":{"name":"Marjan Turn\u0161ek","slug":"marjan-turnsek"},"office":"Ob\u010dinski svetnik","office_code":"local_councillor","role_detail":"izvoljen z liste SLOVENSKA DEMOKRATSKA STRANKA - SDS","organization":{"name":"Velenje","slug":"velenje"},"since":"2022-11-20","since_precision":"inferred","until":null,"status":"elected","current":true,"sources":[{"authority":"Dr\u017eavna volilna komisija","url":"https:\/\/www.dvk-rs.si\/arhivi\/volitve2022\/lv2022\/data\/prvikrog\/obcine-data\/data_133.json"}]},{"person":{"name":"Darinka Vrabi\u010d","slug":"darinka-vrabic"},"office":"Ob\u010dinski svetnik","office_code":"local_councillor","role_detail":"izvoljen z liste SLOVENSKA DEMOKRATSKA STRANKA - SDS","organization":{"name":"Velenje","slug":"velenje"},"since":"2022-11-20","since_precision":"inferred","until":null,"status":"elected","current":true,"sources":[{"authority":"Dr\u017eavna volilna komisija","url":"https:\/\/www.dvk-rs.si\/arhivi\/volitve2022\/lv2022\/data\/prvikrog\/obcine-data\/data_133.json"}]},{"person":{"name":"Simon Dobaj","slug":"simon-dobaj"},"office":"Ob\u010dinski svetnik","office_code":"local_councillor","role_detail":"izvoljen z liste SLOVENSKA DEMOKRATSKA STRANKA - SDS","organization":{"name":"Velenje","slug":"velenje"},"since":"2022-11-20","since_precision":"inferred","until":null,"status":"elected","current":true,"sources":[{"authority":"Dr\u017eavna volilna komisija","url":"https:\/\/www.dvk-rs.si\/arhivi\/volitve2022\/lv2022\/data\/prvikrog\/obcine-data\/data_133.json"}]},{"person":{"name":"Alenka Gortan","slug":"alenka-gortan"},"office":"Ob\u010dinski svetnik","office_code":"local_councillor","role_detail":"izvoljen z liste SLOVENSKA DEMOKRATSKA STRANKA - SDS","organization":{"name":"Velenje","slug":"velenje"},"since":"2022-11-20","since_precision":"inferred","until":null,"status":"elected","current":true,"sources":[{"authority":"Dr\u017eavna volilna komisija","url":"https:\/\/www.dvk-rs.si\/arhivi\/volitve2022\/lv2022\/data\/prvikrog\/obcine-data\/data_133.json"}]},{"person":{"name":"Veronika Juvan","slug":"veronika-juvan"},"office":"Ob\u010dinski svetnik","office_code":"local_councillor","role_detail":"izvoljen z liste NOVA SLOVENIJA - KR\u0160\u010cANSKI DEMOKRATI","organization":{"name":"Velenje","slug":"velenje"},"since":"2022-11-20","since_precision":"inferred","until":null,"status":"elected","current":true,"sources":[{"authority":"Dr\u017eavna volilna komisija","url":"https:\/\/www.dvk-rs.si\/arhivi\/volitve2022\/lv2022\/data\/prvikrog\/obcine-data\/data_133.json"}]},{"person":{"name":"Amadeja Martin\u0161ek","slug":"amadeja-martinsek"},"office":"Ob\u010dinski svetnik","office_code":"local_councillor","role_detail":"izvoljen z liste SOCIALNI DEMOKRATI - SD","organization":{"name":"Velenje","slug":"velenje"},"since":"2022-11-20","since_precision":"inferred","until":null,"status":"elected","current":true,"sources":[{"authority":"Dr\u017eavna volilna komisija","url":"https:\/\/www.dvk-rs.si\/arhivi\/volitve2022\/lv2022\/data\/prvikrog\/obcine-data\/data_133.json"}]},{"person":{"name":"Jo\u017eef Ograjen\u0161ek","slug":"jozef-ograjensek"},"office":"Ob\u010dinski svetnik","office_code":"local_councillor","role_detail":"izvoljen z liste SOCIALNI DEMOKRATI - SD","organization":{"name":"Velenje","slug":"velenje"},"since":"2022-11-20","since_precision":"inferred","until":null,"status":"elected","current":true,"sources":[{"authority":"Dr\u017eavna volilna komisija","url":"https:\/\/www.dvk-rs.si\/arhivi\/volitve2022\/lv2022\/data\/prvikrog\/obcine-data\/data_133.json"}]},{"person":{"name":"Andreja Krejan","slug":"andreja-krejan"},"office":"Ob\u010dinski svetnik","office_code":"local_councillor","role_detail":"izvoljen z liste SOCIALNI DEMOKRATI - SD","organization":{"name":"Velenje","slug":"velenje"},"since":"2022-11-20","since_precision":"inferred","until":null,"status":"elected","current":true,"sources":[{"authority":"Dr\u017eavna volilna komisija","url":"https:\/\/www.dvk-rs.si\/arhivi\/volitve2022\/lv2022\/data\/prvikrog\/obcine-data\/data_133.json"}]},{"person":{"name":"Du\u0161ko Supi\u0107","slug":"dusko-supic"},"office":"Ob\u010dinski svetnik","office_code":"local_councillor","role_detail":"izvoljen z liste SOCIALNI DEMOKRATI - SD","organization":{"name":"Velenje","slug":"velenje"},"since":"2022-11-20","since_precision":"inferred","until":null,"status":"elected","current":true,"sources":[{"authority":"Dr\u017eavna volilna komisija","url":"https:\/\/www.dvk-rs.si\/arhivi\/volitve2022\/lv2022\/data\/prvikrog\/obcine-data\/data_133.json"}]},{"person":{"name":"Anita Leme\u017e Kljaji\u010d","slug":"anita-lemez-kljajic"},"office":"Ob\u010dinski svetnik","office_code":"local_councillor","role_detail":"izvoljen z liste SOCIALNI DEMOKRATI - SD","organization":{"name":"Velenje","slug":"velenje"},"since":"2022-11-20","since_precision":"inferred","until":null,"status":"elected","current":true,"sources":[{"authority":"Dr\u017eavna volilna komisija","url":"https:\/\/www.dvk-rs.si\/arhivi\/volitve2022\/lv2022\/data\/prvikrog\/obcine-data\/data_133.json"}]},{"person":{"name":"Dra\u017ean Mrkonji\u0107","slug":"drazan-mrkonjic"},"office":"Ob\u010dinski svetnik","office_code":"local_councillor","role_detail":"izvoljen z liste SOCIALNI DEMOKRATI - SD","organization":{"name":"Velenje","slug":"velenje"},"since":"2022-11-20","since_precision":"inferred","until":null,"status":"elected","current":true,"sources":[{"authority":"Dr\u017eavna volilna komisija","url":"https:\/\/www.dvk-rs.si\/arhivi\/volitve2022\/lv2022\/data\/prvikrog\/obcine-data\/data_133.json"}]},{"person":{"name":"Tja\u0161a Oderlap","slug":"tjasa-oderlap"},"office":"Ob\u010dinski svetnik","office_code":"local_councillor","role_detail":"izvoljen z liste SOCIALNI DEMOKRATI - SD","organization":{"name":"Velenje","slug":"velenje"},"since":"2022-11-20","since_precision":"inferred","until":null,"status":"elected","current":true,"sources":[{"authority":"Dr\u017eavna volilna komisija","url":"https:\/\/www.dvk-rs.si\/arhivi\/volitve2022\/lv2022\/data\/prvikrog\/obcine-data\/data_133.json"}]},{"person":{"name":"Nik Leme\u017e","slug":"nik-lemez"},"office":"Ob\u010dinski svetnik","office_code":"local_councillor","role_detail":"izvoljen z liste SOCIALNI DEMOKRATI - SD","organization":{"name":"Velenje","slug":"velenje"},"since":"2022-11-20","since_precision":"inferred","until":null,"status":"elected","current":true,"sources":[{"authority":"Dr\u017eavna volilna komisija","url":"https:\/\/www.dvk-rs.si\/arhivi\/volitve2022\/lv2022\/data\/prvikrog\/obcine-data\/data_133.json"}]},{"person":{"name":"Janja Rednjak","slug":"janja-rednjak"},"office":"Ob\u010dinski svetnik","office_code":"local_councillor","role_detail":"izvoljen z liste SOCIALNI DEMOKRATI - SD","organization":{"name":"Velenje","slug":"velenje"},"since":"2022-11-20","since_precision":"inferred","until":null,"status":"elected","current":true,"sources":[{"authority":"Dr\u017eavna volilna komisija","url":"https:\/\/www.dvk-rs.si\/arhivi\/volitve2022\/lv2022\/data\/prvikrog\/obcine-data\/data_133.json"}]},{"person":{"name":"Bojan Voh","slug":"bojan-voh"},"office":"Ob\u010dinski svetnik","office_code":"local_councillor","role_detail":"izvoljen z liste SOCIALNI DEMOKRATI - SD","organization":{"name":"Velenje","slug":"velenje"},"since":"2022-11-20","since_precision":"inferred","until":null,"status":"elected","current":true,"sources":[{"authority":"Dr\u017eavna volilna komisija","url":"https:\/\/www.dvk-rs.si\/arhivi\/volitve2022\/lv2022\/data\/prvikrog\/obcine-data\/data_133.json"}]},{"person":{"name":"Irena Poljan\u0161ek Sivka","slug":"irena-poljansek-sivka"},"office":"Ob\u010dinski svetnik","office_code":"local_councillor","role_detail":"izvoljen z liste SOCIALNI DEMOKRATI - SD","organization":{"name":"Velenje","slug":"velenje"},"since":"2022-11-20","since_precision":"inferred","until":null,"status":"elected","current":true,"sources":[{"authority":"Dr\u017eavna volilna komisija","url":"https:\/\/www.dvk-rs.si\/arhivi\/volitve2022\/lv2022\/data\/prvikrog\/obcine-data\/data_133.json"}]},{"person":{"name":"Mersad Dervi\u0161evi\u0107","slug":"mersad-dervisevic"},"office":"Ob\u010dinski svetnik","office_code":"local_councillor","role_detail":"izvoljen z liste SOCIALNI DEMOKRATI - SD","organization":{"name":"Velenje","slug":"velenje"},"since":"2022-11-20","since_precision":"inferred","until":null,"status":"elected","current":true,"sources":[{"authority":"Dr\u017eavna volilna komisija","url":"https:\/\/www.dvk-rs.si\/arhivi\/volitve2022\/lv2022\/data\/prvikrog\/obcine-data\/data_133.json"}]},{"person":{"name":"Aleksandra Vasiljevi\u0107","slug":"aleksandra-vasiljevic"},"office":"Ob\u010dinski svetnik","office_code":"local_councillor","role_detail":"izvoljen z liste SOCIALNI DEMOKRATI - SD","organization":{"name":"Velenje","slug":"velenje"},"since":"2022-11-20","since_precision":"inferred","until":null,"status":"elected","current":true,"sources":[{"authority":"Dr\u017eavna volilna komisija","url":"https:\/\/www.dvk-rs.si\/arhivi\/volitve2022\/lv2022\/data\/prvikrog\/obcine-data\/data_133.json"}]},{"person":{"name":"Franc \u017derdin","slug":"franc-zerdin"},"office":"Ob\u010dinski svetnik","office_code":"local_councillor","role_detail":"izvoljen z liste SOCIALNI DEMOKRATI - SD","organization":{"name":"Velenje","slug":"velenje"},"since":"2022-11-20","since_precision":"inferred","until":null,"status":"elected","current":true,"sources":[{"authority":"Dr\u017eavna volilna komisija","url":"https:\/\/www.dvk-rs.si\/arhivi\/volitve2022\/lv2022\/data\/prvikrog\/obcine-data\/data_133.json"}]},{"person":{"name":"Andreja Kati\u010d","slug":"andreja-katic"},"office":"Ob\u010dinski svetnik","office_code":"local_councillor","role_detail":"izvoljen z liste SOCIALNI DEMOKRATI - SD","organization":{"name":"Velenje","slug":"velenje"},"since":"2022-11-20","since_precision":"inferred","until":null,"status":"elected","current":true,"sources":[{"authority":"Dr\u017eavna volilna komisija","url":"https:\/\/www.dvk-rs.si\/arhivi\/volitve2022\/lv2022\/data\/prvikrog\/obcine-data\/data_133.json"}]},{"person":{"name":"Peter Dermol","slug":"peter-dermol"},"office":"Ob\u010dinski svetnik","office_code":"local_councillor","role_detail":"izvoljen z liste SOCIALNI DEMOKRATI - SD","organization":{"name":"Velenje","slug":"velenje"},"since":"2022-11-20","since_precision":"inferred","until":null,"status":"elected","current":true,"sources":[{"authority":"Dr\u017eavna volilna komisija","url":"https:\/\/www.dvk-rs.si\/arhivi\/volitve2022\/lv2022\/data\/prvikrog\/obcine-data\/data_133.json"}]},{"person":{"name":"Jo\u017ee Hribar","slug":"joze-hribar"},"office":"Ob\u010dinski svetnik","office_code":"local_councillor","role_detail":"izvoljen z liste NA\u0160E VELENJE","organization":{"name":"Velenje","slug":"velenje"},"since":"2022-11-20","since_precision":"inferred","until":null,"status":"elected","current":true,"sources":[{"authority":"Dr\u017eavna volilna komisija","url":"https:\/\/www.dvk-rs.si\/arhivi\/volitve2022\/lv2022\/data\/prvikrog\/obcine-data\/data_133.json"}]},{"person":{"name":"Ivan Planinc","slug":"ivan-planinc"},"office":"Ob\u010dinski svetnik","office_code":"local_councillor","role_detail":"izvoljen z liste ZaS - Lista Za starej\u0161e Velenje","organization":{"name":"Velenje","slug":"velenje"},"since":"2022-11-20","since_precision":"inferred","until":null,"status":"elected","current":true,"sources":[{"authority":"Dr\u017eavna volilna komisija","url":"https:\/\/www.dvk-rs.si\/arhivi\/volitve2022\/lv2022\/data\/prvikrog\/obcine-data\/data_133.json"}]},{"person":{"name":"Darinka Mravljak","slug":"darinka-mravljak"},"office":"Ob\u010dinski svetnik","office_code":"local_councillor","role_detail":"izvoljen z liste ZaS - Lista Za starej\u0161e Velenje","organization":{"name":"Velenje","slug":"velenje"},"since":"2022-11-20","since_precision":"inferred","until":null,"status":"elected","current":true,"sources":[{"authority":"Dr\u017eavna volilna komisija","url":"https:\/\/www.dvk-rs.si\/arhivi\/volitve2022\/lv2022\/data\/prvikrog\/obcine-data\/data_133.json"}]},{"person":{"name":"Franc Vedenik","slug":"franc-vedenik"},"office":"Ob\u010dinski svetnik","office_code":"local_councillor","role_detail":"izvoljen z liste ZaS - Lista Za starej\u0161e Velenje","organization":{"name":"Velenje","slug":"velenje"},"since":"2022-11-20","since_precision":"inferred","until":null,"status":"elected","current":true,"sources":[{"authority":"Dr\u017eavna volilna komisija","url":"https:\/\/www.dvk-rs.si\/arhivi\/volitve2022\/lv2022\/data\/prvikrog\/obcine-data\/data_133.json"}]},{"person":{"name":"Jasna Prodan","slug":"jasna-prodan"},"office":"Ob\u010dinski svetnik","office_code":"local_councillor","role_detail":"izvoljen z liste GIBANJE SVOBODA","organization":{"name":"Velenje","slug":"velenje"},"since":"2022-11-20","since_precision":"inferred","until":null,"status":"elected","current":true,"sources":[{"authority":"Dr\u017eavna volilna komisija","url":"https:\/\/www.dvk-rs.si\/arhivi\/volitve2022\/lv2022\/data\/prvikrog\/obcine-data\/data_133.json"}]},{"person":{"name":"Janez Melan\u0161ek","slug":"janez-melansek"},"office":"Ob\u010dinski svetnik","office_code":"local_councillor","role_detail":"izvoljen z liste GIBANJE SVOBODA","organization":{"name":"Velenje","slug":"velenje"},"since":"2022-11-20","since_precision":"inferred","until":null,"status":"elected","current":true,"sources":[{"authority":"Dr\u017eavna volilna komisija","url":"https:\/\/www.dvk-rs.si\/arhivi\/volitve2022\/lv2022\/data\/prvikrog\/obcine-data\/data_133.json"}]},{"person":{"name":"Petra Bevc","slug":"petra-bevc"},"office":"Ob\u010dinski svetnik","office_code":"local_councillor","role_detail":"izvoljen z liste GIBANJE SVOBODA","organization":{"name":"Velenje","slug":"velenje"},"since":"2022-11-20","since_precision":"inferred","until":null,"status":"elected","current":true,"sources":[{"authority":"Dr\u017eavna volilna komisija","url":"https:\/\/www.dvk-rs.si\/arhivi\/volitve2022\/lv2022\/data\/prvikrog\/obcine-data\/data_133.json"}]},{"person":{"name":"Franci Lenart","slug":"franci-lenart"},"office":"Ob\u010dinski svetnik","office_code":"local_councillor","role_detail":"izvoljen z liste GIBANJE SVOBODA","organization":{"name":"Velenje","slug":"velenje"},"since":"2022-11-20","since_precision":"inferred","until":null,"status":"elected","current":true,"sources":[{"authority":"Dr\u017eavna volilna komisija","url":"https:\/\/www.dvk-rs.si\/arhivi\/volitve2022\/lv2022\/data\/prvikrog\/obcine-data\/data_133.json"}]},{"person":{"name":"Lidija \u010crnko","slug":"lidija-crnko"},"office":"Ob\u010dinski svetnik","office_code":"local_councillor","role_detail":"izvoljen z liste GIBANJE SVOBODA","organization":{"name":"Velenje","slug":"velenje"},"since":"2022-11-20","since_precision":"inferred","until":null,"status":"elected","current":true,"sources":[{"authority":"Dr\u017eavna volilna komisija","url":"https:\/\/www.dvk-rs.si\/arhivi\/volitve2022\/lv2022\/data\/prvikrog\/obcine-data\/data_133.json"}]},{"person":{"name":"Brigita Tretjak","slug":"brigita-tretjak"},"office":"Ob\u010dinski svetnik","office_code":"local_councillor","role_detail":"izvoljen z liste Skupna lista SLS in NA\u0160A DE\u017dELA","organization":{"name":"Velenje","slug":"velenje"},"since":"2022-11-20","since_precision":"inferred","until":null,"status":"elected","current":true,"sources":[{"authority":"Dr\u017eavna volilna komisija","url":"https:\/\/www.dvk-rs.si\/arhivi\/volitve2022\/lv2022\/data\/prvikrog\/obcine-data\/data_133.json"}]},{"person":{"name":"Milan Medved","slug":"milan-medved"},"office":"Ob\u010dinski svetnik","office_code":"local_councillor","role_detail":"izvoljen z liste Skupna lista SLS in NA\u0160A DE\u017dELA","organization":{"name":"Velenje","slug":"velenje"},"since":"2022-11-20","since_precision":"inferred","until":null,"status":"elected","current":true,"sources":[{"authority":"Dr\u017eavna volilna komisija","url":"https:\/\/www.dvk-rs.si\/arhivi\/volitve2022\/lv2022\/data\/prvikrog\/obcine-data\/data_133.json"}]},{"person":{"name":"Peter Dermol","slug":"peter-dermol"},"office":"\u017dupan","office_code":"mayor","role_detail":null,"organization":{"name":"Velenje","slug":"velenje"},"since":"2022-11-20","since_precision":"inferred","until":null,"status":"elected","current":true,"sources":[{"authority":"Dr\u017eavna volilna komisija","url":"https:\/\/www.dvk-rs.si\/arhivi\/volitve2022\/lv2022\/data\/mestne_obcine.json"}]}],"children":[{"slug":"andragoski-zavod-ljudska-univerza-velenje","name":"Andrago\u0161ki Zavod Ljudska Univerza Velenje","type":"public_institute","body_type":null},{"slug":"center-za-vzgojo-izobrazevanje-in-usposabljanje-velenje","name":"Center Za Vzgojo, Izobra\u017eevanje In Usposabljanje Velenje","type":"public_institute","body_type":null},{"slug":"festival-velenje","name":"Festival Velenje","type":"public_institute","body_type":null},{"slug":"glasbena-sola-fran-korun-kozeljski-velenje","name":"Glasbena \u0160ola Fran Korun Ko\u017eeljski Velenje","type":"public_institute","body_type":null},{"slug":"javni-zavod-center-za-razvoj-terciarnega-izobrazevanja-sasa-velenje","name":"Javni zavod Center za razvoj terciarnega izobra\u017eevanja SA\u0160A Velenje","type":"public_institute","body_type":null},{"slug":"javni-zavod-poklicna-gasilska-enota-velenje","name":"Javni zavod POKLICNA GASILSKA ENOTA VELENJE","type":"public_institute","body_type":null},{"slug":"knjiznica-velenje","name":"Knji\u017enica Velenje","type":"public_institute","body_type":null},{"slug":"krajevna-skupnost-bevce","name":"Krajevna Skupnost Bev\u010de","type":"local_community","body_type":null},{"slug":"krajevna-skupnost-cirkovce","name":"Krajevna Skupnost Cirkovce","type":"local_community","body_type":null},{"slug":"krajevna-skupnost-kavce","name":"Krajevna Skupnost Kav\u010de","type":"local_community","body_type":null},{"slug":"krajevna-skupnost-konovo","name":"Krajevna Skupnost Konovo","type":"local_community","body_type":null},{"slug":"krajevna-skupnost-paka-pri-velenju","name":"Krajevna Skupnost Paka Pri Velenju","type":"local_community","body_type":null},{"slug":"krajevna-skupnost-pesje","name":"Krajevna Skupnost Pesje","type":"local_community","body_type":null},{"slug":"krajevna-skupnost-plesivec","name":"Krajevna Skupnost Ple\u0161ivec","type":"local_community","body_type":null},{"slug":"krajevna-skupnost-salek","name":"Krajevna Skupnost \u0160alek","type":"local_community","body_type":null},{"slug":"krajevna-skupnost-sentilj","name":"Krajevna Skupnost \u0160entilj","type":"local_community","body_type":null},{"slug":"krajevna-skupnost-skale-hrastovec","name":"Krajevna Skupnost \u0160kale-Hrastovec","type":"local_community","body_type":null},{"slug":"krajevna-skupnost-smartno","name":"Krajevna Skupnost \u0160martno","type":"local_community","body_type":null},{"slug":"krajevna-skupnost-stara-vas","name":"Krajevna Skupnost Stara Vas","type":"local_community","body_type":null},{"slug":"krajevna-skupnost-staro-velenje","name":"Krajevna Skupnost Staro Velenje","type":"local_community","body_type":null},{"slug":"krajevna-skupnost-vinska-gora","name":"Krajevna Skupnost Vinska Gora","type":"local_community","body_type":null},{"slug":"lekarna-velenje","name":"Lekarna Velenje","type":"public_institute","body_type":null},{"slug":"mestna-obcina-velenje-krajevna-skupnost-gorica","name":"Mestna Ob\u010dina Velenje, Krajevna Skupnost Gorica","type":"local_community","body_type":null},{"slug":"mestna-obcina-velenje-krajevna-skupnost-podkraj","name":"Mestna Ob\u010dina Velenje, Krajevna Skupnost Podkraj","type":"local_community","body_type":null},{"slug":"mladinski-center-velenje-kultura-in-izobrazevanje-saleska-cesta-3-velenje","name":"MLADINSKI CENTER VELENJE kultura in izobra\u017eevanje, \u0160ale\u0161ka cesta 3, Velenje","type":"public_institute","body_type":null},{"slug":"muzej-velenje","name":"Muzej Velenje","type":"public_institute","body_type":null},{"slug":"osnovna-sola-antona-askerca-velenje","name":"Osnovna \u0160ola Antona A\u0161kerca Velenje","type":"public_institute","body_type":null},{"slug":"osnovna-sola-gorica-velenje","name":"Osnovna \u0160ola Gorica Velenje","type":"public_institute","body_type":null},{"slug":"osnovna-sola-gustava-siliha-velenje","name":"Osnovna \u0160ola Gustava \u0160iliha, Velenje","type":"public_institute","body_type":null},{"slug":"osnovna-sola-livada-velenje","name":"Osnovna \u0160ola Livada Velenje","type":"public_institute","body_type":null},{"slug":"osnovna-sola-mihe-pintarja-toleda-velenje","name":"Osnovna \u0160ola Mihe Pintarja Toleda, Velenje","type":"public_institute","body_type":null},{"slug":"osnovna-sola-salek-velenje","name":"Osnovna \u0160ola \u0160alek Velenje","type":"public_institute","body_type":null},{"slug":"rdeca-dvorana-sportno-rekreacijski-zavod","name":"Rde\u010da Dvorana \u0160portno Rekreacijski Zavod","type":"public_institute","body_type":null},{"slug":"vrtec-velenje","name":"Vrtec Velenje","type":"public_institute","body_type":null},{"slug":"zavod-energetska-agencija-za-savinjsko-salesko-in-korosko-velenje","name":"Zavod Energetska Agencija Za Savinjsko, \u0160ale\u0161ko In Koro\u0161ko, Velenje","type":"public_institute","body_type":null},{"slug":"zavod-za-turizem-saleske-doline","name":"Zavod za turizem \u0160ale\u0161ke doline","type":"public_institute","body_type":null},{"slug":"zdravstveni-dom-velenje","name":"Zdravstveni Dom Velenje","type":"public_institute","body_type":null}]}