{"data":{"slug":"vipava","name":"Vipava","type":"municipality","type_label":"Ob\u010dina","body_type":null,"parent":null,"website":null,"phone":null,"address":"Glavni trg 015, 5271 VIPAVA","email":"obcina@vipava.si","leader":{"name":"Anton Lavren\u010di\u010d","person_slug":"anton-lavrencic","office":"\u017dupan","office_code":"mayor","since":"2022-11-20"},"image":{"url":"https:\/\/commons.wikimedia.org\/wiki\/Special:FilePath\/Grb_Ob%C4%8Dine_Vipava.png","attribution":"Wikimedia Commons","source":"https:\/\/commons.wikimedia.org\/wiki\/Special:FilePath\/Grb_Ob%C4%8Dine_Vipava.png","hosted":false},"sources":[],"url":"https:\/\/kdo-vodi.si\/organ\/vipava","api_url":"https:\/\/kdo-vodi.si\/api\/v1\/organizations\/vipava"},"office_holders":[{"person":{"name":"Miran \u017dvanut","slug":"miran-zvanut"},"office":"Ob\u010dinski svetnik","office_code":"local_councillor","role_detail":"izvoljen z liste LISTA GORANA KODELJE","organization":{"name":"Vipava","slug":"vipava"},"since":"2022-11-20","since_precision":"inferred","until":null,"status":"elected","current":true,"sources":[{"authority":"Dr\u017eavna volilna komisija","url":"https:\/\/www.dvk-rs.si\/arhivi\/volitve2022\/lv2022\/data\/prvikrog\/obcine-data\/data_136.json"}]},{"person":{"name":"Darko Rosa","slug":"darko-rosa"},"office":"Ob\u010dinski svetnik","office_code":"local_councillor","role_detail":"izvoljen z liste SLS","organization":{"name":"Vipava","slug":"vipava"},"since":"2022-11-20","since_precision":"inferred","until":null,"status":"elected","current":true,"sources":[{"authority":"Dr\u017eavna volilna komisija","url":"https:\/\/www.dvk-rs.si\/arhivi\/volitve2022\/lv2022\/data\/prvikrog\/obcine-data\/data_136.json"}]},{"person":{"name":"Ida Ferjan\u010di\u010d","slug":"ida-ferjancic"},"office":"Ob\u010dinski svetnik","office_code":"local_councillor","role_detail":"izvoljen z liste LISTA ZA LJUDI","organization":{"name":"Vipava","slug":"vipava"},"since":"2022-11-20","since_precision":"inferred","until":null,"status":"elected","current":true,"sources":[{"authority":"Dr\u017eavna volilna komisija","url":"https:\/\/www.dvk-rs.si\/arhivi\/volitve2022\/lv2022\/data\/prvikrog\/obcine-data\/data_136.json"}]},{"person":{"name":"Benjamin Po\u010dkaj","slug":"benjamin-pockaj"},"office":"Ob\u010dinski svetnik","office_code":"local_councillor","role_detail":"izvoljen z liste SLOVENSKA DEMOKRATSKA STRANKA - SDS","organization":{"name":"Vipava","slug":"vipava"},"since":"2022-11-20","since_precision":"inferred","until":null,"status":"elected","current":true,"sources":[{"authority":"Dr\u017eavna volilna komisija","url":"https:\/\/www.dvk-rs.si\/arhivi\/volitve2022\/lv2022\/data\/prvikrog\/obcine-data\/data_136.json"}]},{"person":{"name":"Bogdan Semeni\u010d","slug":"bogdan-semenic"},"office":"Ob\u010dinski svetnik","office_code":"local_councillor","role_detail":"izvoljen z liste NOVA SLOVENIJA - KR\u0160\u010cANSKI DEMOKRATI","organization":{"name":"Vipava","slug":"vipava"},"since":"2022-11-20","since_precision":"inferred","until":null,"status":"elected","current":true,"sources":[{"authority":"Dr\u017eavna volilna komisija","url":"https:\/\/www.dvk-rs.si\/arhivi\/volitve2022\/lv2022\/data\/prvikrog\/obcine-data\/data_136.json"}]},{"person":{"name":"Anja Godni\u010d","slug":"anja-godnic"},"office":"Ob\u010dinski svetnik","office_code":"local_councillor","role_detail":"izvoljen z liste LISTA ZA LJUDI","organization":{"name":"Vipava","slug":"vipava"},"since":"2022-11-20","since_precision":"inferred","until":null,"status":"elected","current":true,"sources":[{"authority":"Dr\u017eavna volilna komisija","url":"https:\/\/www.dvk-rs.si\/arhivi\/volitve2022\/lv2022\/data\/prvikrog\/obcine-data\/data_136.json"}]},{"person":{"name":"Mitja Lavren\u010di\u010d","slug":"mitja-lavrencic"},"office":"Ob\u010dinski svetnik","office_code":"local_councillor","role_detail":"izvoljen z liste SOCIALNI DEMOKRATI","organization":{"name":"Vipava","slug":"vipava"},"since":"2022-11-20","since_precision":"inferred","until":null,"status":"elected","current":true,"sources":[{"authority":"Dr\u017eavna volilna komisija","url":"https:\/\/www.dvk-rs.si\/arhivi\/volitve2022\/lv2022\/data\/prvikrog\/obcine-data\/data_136.json"}]},{"person":{"name":"Alojzij Adami\u010d","slug":"alojzij-adamic"},"office":"Ob\u010dinski svetnik","office_code":"local_councillor","role_detail":"izvoljen z liste LISTA GORANA KODELJE","organization":{"name":"Vipava","slug":"vipava"},"since":"2022-11-20","since_precision":"inferred","until":null,"status":"elected","current":true,"sources":[{"authority":"Dr\u017eavna volilna komisija","url":"https:\/\/www.dvk-rs.si\/arhivi\/volitve2022\/lv2022\/data\/prvikrog\/obcine-data\/data_136.json"}]},{"person":{"name":"Mitja Volk","slug":"mitja-volk"},"office":"Ob\u010dinski svetnik","office_code":"local_councillor","role_detail":"izvoljen z liste SLOVENSKA DEMOKRATSKA STRANKA - SDS","organization":{"name":"Vipava","slug":"vipava"},"since":"2022-11-20","since_precision":"inferred","until":null,"status":"elected","current":true,"sources":[{"authority":"Dr\u017eavna volilna komisija","url":"https:\/\/www.dvk-rs.si\/arhivi\/volitve2022\/lv2022\/data\/prvikrog\/obcine-data\/data_136.json"}]},{"person":{"name":"Danijel Sko\u010daj","slug":"danijel-skocaj"},"office":"Ob\u010dinski svetnik","office_code":"local_councillor","role_detail":"izvoljen z liste SLOVENSKA DEMOKRATSKA STRANKA - SDS","organization":{"name":"Vipava","slug":"vipava"},"since":"2022-11-20","since_precision":"inferred","until":null,"status":"elected","current":true,"sources":[{"authority":"Dr\u017eavna volilna komisija","url":"https:\/\/www.dvk-rs.si\/arhivi\/volitve2022\/lv2022\/data\/prvikrog\/obcine-data\/data_136.json"}]},{"person":{"name":"Orjana Curk","slug":"orjana-curk"},"office":"Ob\u010dinski svetnik","office_code":"local_councillor","role_detail":"izvoljen z liste NOVA SLOVENIJA - KR\u0160\u010cANSKI DEMOKRATI","organization":{"name":"Vipava","slug":"vipava"},"since":"2022-11-20","since_precision":"inferred","until":null,"status":"elected","current":true,"sources":[{"authority":"Dr\u017eavna volilna komisija","url":"https:\/\/www.dvk-rs.si\/arhivi\/volitve2022\/lv2022\/data\/prvikrog\/obcine-data\/data_136.json"}]},{"person":{"name":"Jernej Miku\u017e","slug":"jernej-mikuz"},"office":"Ob\u010dinski svetnik","office_code":"local_councillor","role_detail":"izvoljen z liste NOVA SLOVENIJA - KR\u0160\u010cANSKI DEMOKRATI","organization":{"name":"Vipava","slug":"vipava"},"since":"2022-11-20","since_precision":"inferred","until":null,"status":"elected","current":true,"sources":[{"authority":"Dr\u017eavna volilna komisija","url":"https:\/\/www.dvk-rs.si\/arhivi\/volitve2022\/lv2022\/data\/prvikrog\/obcine-data\/data_136.json"}]},{"person":{"name":"Jo\u017eko Andlovic","slug":"jozko-andlovic"},"office":"Ob\u010dinski svetnik","office_code":"local_councillor","role_detail":"izvoljen z liste SLOVENSKA DEMOKRATSKA STRANKA - SDS","organization":{"name":"Vipava","slug":"vipava"},"since":"2022-11-20","since_precision":"inferred","until":null,"status":"elected","current":true,"sources":[{"authority":"Dr\u017eavna volilna komisija","url":"https:\/\/www.dvk-rs.si\/arhivi\/volitve2022\/lv2022\/data\/prvikrog\/obcine-data\/data_136.json"}]},{"person":{"name":"Goran Kodelja","slug":"goran-kodelja"},"office":"Ob\u010dinski svetnik","office_code":"local_councillor","role_detail":"izvoljen z liste LISTA GORANA KODELJE","organization":{"name":"Vipava","slug":"vipava"},"since":"2022-11-20","since_precision":"inferred","until":null,"status":"elected","current":true,"sources":[{"authority":"Dr\u017eavna volilna komisija","url":"https:\/\/www.dvk-rs.si\/arhivi\/volitve2022\/lv2022\/data\/prvikrog\/obcine-data\/data_136.json"}]},{"person":{"name":"Natali Pani\u010d Nardin","slug":"natali-panic-nardin"},"office":"Ob\u010dinski svetnik","office_code":"local_councillor","role_detail":"izvoljen z liste LISTA ZA LJUDI","organization":{"name":"Vipava","slug":"vipava"},"since":"2022-11-20","since_precision":"inferred","until":null,"status":"elected","current":true,"sources":[{"authority":"Dr\u017eavna volilna komisija","url":"https:\/\/www.dvk-rs.si\/arhivi\/volitve2022\/lv2022\/data\/prvikrog\/obcine-data\/data_136.json"}]},{"person":{"name":"Branko Tutu\u0161","slug":"branko-tutus"},"office":"Ob\u010dinski svetnik","office_code":"local_councillor","role_detail":"izvoljen z liste ZVEZA ZA PRIMORSKO - ZZP","organization":{"name":"Vipava","slug":"vipava"},"since":"2022-11-20","since_precision":"inferred","until":null,"status":"elected","current":true,"sources":[{"authority":"Dr\u017eavna volilna komisija","url":"https:\/\/www.dvk-rs.si\/arhivi\/volitve2022\/lv2022\/data\/prvikrog\/obcine-data\/data_136.json"}]},{"person":{"name":"Danijel Petkovi\u0107","slug":"danijel-petkovic"},"office":"Ob\u010dinski svetnik","office_code":"local_councillor","role_detail":"izvoljen z liste SOCIALNI DEMOKRATI","organization":{"name":"Vipava","slug":"vipava"},"since":"2022-11-20","since_precision":"inferred","until":null,"status":"elected","current":true,"sources":[{"authority":"Dr\u017eavna volilna komisija","url":"https:\/\/www.dvk-rs.si\/arhivi\/volitve2022\/lv2022\/data\/prvikrog\/obcine-data\/data_136.json"}]},{"person":{"name":"Anton Lavren\u010di\u010d","slug":"anton-lavrencic"},"office":"\u017dupan","office_code":"mayor","role_detail":null,"organization":{"name":"Vipava","slug":"vipava"},"since":"2022-11-20","since_precision":"inferred","until":null,"status":"elected","current":true,"sources":[{"authority":"Dr\u017eavna volilna komisija","url":"https:\/\/www.dvk-rs.si\/arhivi\/volitve2022\/lv2022\/data\/ostale_obcine.json"}]}],"children":[{"slug":"krajevna-skupnost-erzelj","name":"Krajevna Skupnost Erzelj","type":"local_community","body_type":null},{"slug":"krajevna-skupnost-goce","name":"Krajevna Skupnost Go\u010de","type":"local_community","body_type":null},{"slug":"krajevna-skupnost-gradisce-pri-vipavi","name":"Krajevna Skupnost Gradi\u0161\u010de Pri Vipavi","type":"local_community","body_type":null},{"slug":"krajevna-skupnost-loze","name":"Krajevna Skupnost Lo\u017ee","type":"local_community","body_type":null},{"slug":"krajevna-skupnost-lozice","name":"Krajevna Skupnost Lozice","type":"local_community","body_type":null},{"slug":"krajevna-skupnost-mance","name":"Krajevna Skupnost Man\u010de","type":"local_community","body_type":null},{"slug":"krajevna-skupnost-podnanos","name":"Krajevna Skupnost Podnanos","type":"local_community","body_type":null},{"slug":"krajevna-skupnost-podraga","name":"Krajevna Skupnost Podraga","type":"local_community","body_type":null},{"slug":"krajevna-skupnost-slap","name":"Krajevna Skupnost Slap","type":"local_community","body_type":null},{"slug":"krajevna-skupnost-vipava","name":"Krajevna Skupnost Vipava","type":"local_community","body_type":null},{"slug":"krajevna-skupnost-vrhpolje","name":"Krajevna Skupnost Vrhpolje","type":"local_community","body_type":null},{"slug":"osnovna-sola-draga-bajca-vipava","name":"Osnovna \u0160ola Draga Bajca Vipava","type":"public_institute","body_type":null},{"slug":"zavod-za-turizem-trg-vipava","name":"Zavod za turizem Trg Vipava","type":"public_institute","body_type":null}]}