{"data":{"slug":"vrhnika","name":"Vrhnika","type":"municipality","type_label":"Ob\u010dina","body_type":null,"parent":null,"website":null,"phone":null,"address":"Tr\u017ea\u0161ka cesta 001, 1360 VRHNIKA","email":"obcina.vrhnika@vrhnika.si","leader":{"name":"Daniel Cukjati","person_slug":"daniel-cukjati","office":"\u017dupan","office_code":"mayor","since":"2022-11-20"},"image":{"url":"https:\/\/commons.wikimedia.org\/wiki\/Special:FilePath\/ObcinaVrhnika.png","attribution":"Wikimedia Commons","source":"https:\/\/commons.wikimedia.org\/wiki\/Special:FilePath\/ObcinaVrhnika.png","hosted":false},"sources":[],"url":"https:\/\/kdo-vodi.si\/organ\/vrhnika","api_url":"https:\/\/kdo-vodi.si\/api\/v1\/organizations\/vrhnika"},"office_holders":[{"person":{"name":"Jana Polanc","slug":"jana-polanc"},"office":"Ob\u010dinski svetnik","office_code":"local_councillor","role_detail":"izvoljen z liste SLOVENSKA DEMOKRATSKA STRANKA - SDS","organization":{"name":"Vrhnika","slug":"vrhnika"},"since":"2022-11-20","since_precision":"inferred","until":null,"status":"elected","current":true,"sources":[{"authority":"Dr\u017eavna volilna komisija","url":"https:\/\/www.dvk-rs.si\/arhivi\/volitve2022\/lv2022\/data\/prvikrog\/obcine-data\/data_140.json"}]},{"person":{"name":"Zdravko \u017deleznik","slug":"zdravko-zeleznik"},"office":"Ob\u010dinski svetnik","office_code":"local_councillor","role_detail":"izvoljen z liste SLOVENSKA DEMOKRATSKA STRANKA - SDS","organization":{"name":"Vrhnika","slug":"vrhnika"},"since":"2022-11-20","since_precision":"inferred","until":null,"status":"elected","current":true,"sources":[{"authority":"Dr\u017eavna volilna komisija","url":"https:\/\/www.dvk-rs.si\/arhivi\/volitve2022\/lv2022\/data\/prvikrog\/obcine-data\/data_140.json"}]},{"person":{"name":"Blanka Ga\u0161pirc","slug":"blanka-gaspirc"},"office":"Ob\u010dinski svetnik","office_code":"local_councillor","role_detail":"izvoljen z liste GIBANJE SVOBODA","organization":{"name":"Vrhnika","slug":"vrhnika"},"since":"2022-11-20","since_precision":"inferred","until":null,"status":"elected","current":true,"sources":[{"authority":"Dr\u017eavna volilna komisija","url":"https:\/\/www.dvk-rs.si\/arhivi\/volitve2022\/lv2022\/data\/prvikrog\/obcine-data\/data_140.json"}]},{"person":{"name":"Ivica \u0106osi\u0107","slug":"ivica-cosic"},"office":"Ob\u010dinski svetnik","office_code":"local_councillor","role_detail":"izvoljen z liste GIBANJE SVOBODA","organization":{"name":"Vrhnika","slug":"vrhnika"},"since":"2022-11-20","since_precision":"inferred","until":null,"status":"elected","current":true,"sources":[{"authority":"Dr\u017eavna volilna komisija","url":"https:\/\/www.dvk-rs.si\/arhivi\/volitve2022\/lv2022\/data\/prvikrog\/obcine-data\/data_140.json"}]},{"person":{"name":"Ana Skledar","slug":"ana-skledar"},"office":"Ob\u010dinski svetnik","office_code":"local_councillor","role_detail":"izvoljen z liste NOVA SLOVENIJA - KR\u0160\u010cANSKI DEMOKRATI","organization":{"name":"Vrhnika","slug":"vrhnika"},"since":"2022-11-20","since_precision":"inferred","until":null,"status":"elected","current":true,"sources":[{"authority":"Dr\u017eavna volilna komisija","url":"https:\/\/www.dvk-rs.si\/arhivi\/volitve2022\/lv2022\/data\/prvikrog\/obcine-data\/data_140.json"}]},{"person":{"name":"Toma\u017e Gori\u0161ek","slug":"tomaz-gorisek"},"office":"Ob\u010dinski svetnik","office_code":"local_councillor","role_detail":"izvoljen z liste LISTA ZA RAZVOJ VRHNIKE IN PODE\u017dELJA","organization":{"name":"Vrhnika","slug":"vrhnika"},"since":"2022-11-20","since_precision":"inferred","until":null,"status":"elected","current":true,"sources":[{"authority":"Dr\u017eavna volilna komisija","url":"https:\/\/www.dvk-rs.si\/arhivi\/volitve2022\/lv2022\/data\/prvikrog\/obcine-data\/data_140.json"}]},{"person":{"name":"Janko Skodlar","slug":"janko-skodlar"},"office":"Ob\u010dinski svetnik","office_code":"local_councillor","role_detail":"izvoljen z liste VESNA - zelena stranka","organization":{"name":"Vrhnika","slug":"vrhnika"},"since":"2022-11-20","since_precision":"inferred","until":null,"status":"elected","current":true,"sources":[{"authority":"Dr\u017eavna volilna komisija","url":"https:\/\/www.dvk-rs.si\/arhivi\/volitve2022\/lv2022\/data\/prvikrog\/obcine-data\/data_140.json"}]},{"person":{"name":"Benjamin Leskovec","slug":"benjamin-leskovec"},"office":"Ob\u010dinski svetnik","office_code":"local_councillor","role_detail":"izvoljen z liste 1890","organization":{"name":"Vrhnika","slug":"vrhnika"},"since":"2022-11-20","since_precision":"inferred","until":null,"status":"elected","current":true,"sources":[{"authority":"Dr\u017eavna volilna komisija","url":"https:\/\/www.dvk-rs.si\/arhivi\/volitve2022\/lv2022\/data\/prvikrog\/obcine-data\/data_140.json"}]},{"person":{"name":"Mateja Majcen","slug":"mateja-majcen"},"office":"Ob\u010dinski svetnik","office_code":"local_councillor","role_detail":"izvoljen z liste LISTA DANIELA CUKJATIJA","organization":{"name":"Vrhnika","slug":"vrhnika"},"since":"2022-11-20","since_precision":"inferred","until":null,"status":"elected","current":true,"sources":[{"authority":"Dr\u017eavna volilna komisija","url":"https:\/\/www.dvk-rs.si\/arhivi\/volitve2022\/lv2022\/data\/prvikrog\/obcine-data\/data_140.json"}]},{"person":{"name":"Ale\u0161 Se\u010dnik","slug":"ales-secnik"},"office":"Ob\u010dinski svetnik","office_code":"local_councillor","role_detail":"izvoljen z liste LISTA DANIELA CUKJATIJA","organization":{"name":"Vrhnika","slug":"vrhnika"},"since":"2022-11-20","since_precision":"inferred","until":null,"status":"elected","current":true,"sources":[{"authority":"Dr\u017eavna volilna komisija","url":"https:\/\/www.dvk-rs.si\/arhivi\/volitve2022\/lv2022\/data\/prvikrog\/obcine-data\/data_140.json"}]},{"person":{"name":"Valerija Mojca Frank","slug":"valerija-mojca-frank"},"office":"Ob\u010dinski svetnik","office_code":"local_councillor","role_detail":"izvoljen z liste LISTA DANIELA CUKJATIJA","organization":{"name":"Vrhnika","slug":"vrhnika"},"since":"2022-11-20","since_precision":"inferred","until":null,"status":"elected","current":true,"sources":[{"authority":"Dr\u017eavna volilna komisija","url":"https:\/\/www.dvk-rs.si\/arhivi\/volitve2022\/lv2022\/data\/prvikrog\/obcine-data\/data_140.json"}]},{"person":{"name":"Daniel Cukjati","slug":"daniel-cukjati"},"office":"Ob\u010dinski svetnik","office_code":"local_councillor","role_detail":"izvoljen z liste LISTA DANIELA CUKJATIJA","organization":{"name":"Vrhnika","slug":"vrhnika"},"since":"2022-11-20","since_precision":"inferred","until":null,"status":"elected","current":true,"sources":[{"authority":"Dr\u017eavna volilna komisija","url":"https:\/\/www.dvk-rs.si\/arhivi\/volitve2022\/lv2022\/data\/prvikrog\/obcine-data\/data_140.json"}]},{"person":{"name":"Petra \u010cerneti\u010d","slug":"petra-cernetic"},"office":"Ob\u010dinski svetnik","office_code":"local_councillor","role_detail":"izvoljen z liste SLOVENSKA DEMOKRATSKA STRANKA - SDS","organization":{"name":"Vrhnika","slug":"vrhnika"},"since":"2022-11-20","since_precision":"inferred","until":null,"status":"elected","current":true,"sources":[{"authority":"Dr\u017eavna volilna komisija","url":"https:\/\/www.dvk-rs.si\/arhivi\/volitve2022\/lv2022\/data\/prvikrog\/obcine-data\/data_140.json"}]},{"person":{"name":"Mirko Antolovi\u0107","slug":"mirko-antolovic"},"office":"Ob\u010dinski svetnik","office_code":"local_councillor","role_detail":"izvoljen z liste SLOVENSKA DEMOKRATSKA STRANKA - SDS","organization":{"name":"Vrhnika","slug":"vrhnika"},"since":"2022-11-20","since_precision":"inferred","until":null,"status":"elected","current":true,"sources":[{"authority":"Dr\u017eavna volilna komisija","url":"https:\/\/www.dvk-rs.si\/arhivi\/volitve2022\/lv2022\/data\/prvikrog\/obcine-data\/data_140.json"}]},{"person":{"name":"Peter Pikl","slug":"peter-pikl"},"office":"Ob\u010dinski svetnik","office_code":"local_councillor","role_detail":"izvoljen z liste GIBANJE SVOBODA","organization":{"name":"Vrhnika","slug":"vrhnika"},"since":"2022-11-20","since_precision":"inferred","until":null,"status":"elected","current":true,"sources":[{"authority":"Dr\u017eavna volilna komisija","url":"https:\/\/www.dvk-rs.si\/arhivi\/volitve2022\/lv2022\/data\/prvikrog\/obcine-data\/data_140.json"}]},{"person":{"name":"Alja Stanko","slug":"alja-stanko"},"office":"Ob\u010dinski svetnik","office_code":"local_councillor","role_detail":"izvoljen z liste GIBANJE SVOBODA","organization":{"name":"Vrhnika","slug":"vrhnika"},"since":"2022-11-20","since_precision":"inferred","until":null,"status":"elected","current":true,"sources":[{"authority":"Dr\u017eavna volilna komisija","url":"https:\/\/www.dvk-rs.si\/arhivi\/volitve2022\/lv2022\/data\/prvikrog\/obcine-data\/data_140.json"}]},{"person":{"name":"Edin Behri\u0107","slug":"edin-behric"},"office":"Ob\u010dinski svetnik","office_code":"local_councillor","role_detail":"izvoljen z liste GIBANJE SVOBODA","organization":{"name":"Vrhnika","slug":"vrhnika"},"since":"2022-11-20","since_precision":"inferred","until":null,"status":"elected","current":true,"sources":[{"authority":"Dr\u017eavna volilna komisija","url":"https:\/\/www.dvk-rs.si\/arhivi\/volitve2022\/lv2022\/data\/prvikrog\/obcine-data\/data_140.json"}]},{"person":{"name":"Doman Blagojevi\u0107","slug":"doman-blagojevic"},"office":"Ob\u010dinski svetnik","office_code":"local_councillor","role_detail":"izvoljen z liste ZELENI SLOVENIJE","organization":{"name":"Vrhnika","slug":"vrhnika"},"since":"2022-11-20","since_precision":"inferred","until":null,"status":"elected","current":true,"sources":[{"authority":"Dr\u017eavna volilna komisija","url":"https:\/\/www.dvk-rs.si\/arhivi\/volitve2022\/lv2022\/data\/prvikrog\/obcine-data\/data_140.json"}]},{"person":{"name":"Marjan Geohelli","slug":"marjan-geohelli"},"office":"Ob\u010dinski svetnik","office_code":"local_councillor","role_detail":"izvoljen z liste VESNA - zelena stranka","organization":{"name":"Vrhnika","slug":"vrhnika"},"since":"2022-11-20","since_precision":"inferred","until":null,"status":"elected","current":true,"sources":[{"authority":"Dr\u017eavna volilna komisija","url":"https:\/\/www.dvk-rs.si\/arhivi\/volitve2022\/lv2022\/data\/prvikrog\/obcine-data\/data_140.json"}]},{"person":{"name":"O\u017ebe \u0160teblaj","slug":"ozbe-steblaj"},"office":"Ob\u010dinski svetnik","office_code":"local_councillor","role_detail":"izvoljen z liste 1890","organization":{"name":"Vrhnika","slug":"vrhnika"},"since":"2022-11-20","since_precision":"inferred","until":null,"status":"elected","current":true,"sources":[{"authority":"Dr\u017eavna volilna komisija","url":"https:\/\/www.dvk-rs.si\/arhivi\/volitve2022\/lv2022\/data\/prvikrog\/obcine-data\/data_140.json"}]},{"person":{"name":"Vid Dra\u0161\u010dek","slug":"vid-drascek"},"office":"Ob\u010dinski svetnik","office_code":"local_councillor","role_detail":"izvoljen z liste LISTA DANIELA CUKJATIJA","organization":{"name":"Vrhnika","slug":"vrhnika"},"since":"2022-11-20","since_precision":"inferred","until":null,"status":"elected","current":true,"sources":[{"authority":"Dr\u017eavna volilna komisija","url":"https:\/\/www.dvk-rs.si\/arhivi\/volitve2022\/lv2022\/data\/prvikrog\/obcine-data\/data_140.json"}]},{"person":{"name":"Ur\u0161ka Gorenc","slug":"urska-gorenc"},"office":"Ob\u010dinski svetnik","office_code":"local_councillor","role_detail":"izvoljen z liste LISTA DANIELA CUKJATIJA","organization":{"name":"Vrhnika","slug":"vrhnika"},"since":"2022-11-20","since_precision":"inferred","until":null,"status":"elected","current":true,"sources":[{"authority":"Dr\u017eavna volilna komisija","url":"https:\/\/www.dvk-rs.si\/arhivi\/volitve2022\/lv2022\/data\/prvikrog\/obcine-data\/data_140.json"}]},{"person":{"name":"Bo\u0161tjan Er\u010dulj","slug":"bostjan-erculj"},"office":"Ob\u010dinski svetnik","office_code":"local_councillor","role_detail":"izvoljen z liste LISTA DANIELA CUKJATIJA","organization":{"name":"Vrhnika","slug":"vrhnika"},"since":"2022-11-20","since_precision":"inferred","until":null,"status":"elected","current":true,"sources":[{"authority":"Dr\u017eavna volilna komisija","url":"https:\/\/www.dvk-rs.si\/arhivi\/volitve2022\/lv2022\/data\/prvikrog\/obcine-data\/data_140.json"}]},{"person":{"name":"Irena Oblak","slug":"irena-oblak"},"office":"Ob\u010dinski svetnik","office_code":"local_councillor","role_detail":"izvoljen z liste LEVICA","organization":{"name":"Vrhnika","slug":"vrhnika"},"since":"2022-11-20","since_precision":"inferred","until":null,"status":"elected","current":true,"sources":[{"authority":"Dr\u017eavna volilna komisija","url":"https:\/\/www.dvk-rs.si\/arhivi\/volitve2022\/lv2022\/data\/prvikrog\/obcine-data\/data_140.json"}]},{"person":{"name":"Daniel Cukjati","slug":"daniel-cukjati"},"office":"\u017dupan","office_code":"mayor","role_detail":null,"organization":{"name":"Vrhnika","slug":"vrhnika"},"since":"2022-11-20","since_precision":"inferred","until":null,"status":"elected","current":true,"sources":[{"authority":"Dr\u017eavna volilna komisija","url":"https:\/\/www.dvk-rs.si\/arhivi\/volitve2022\/lv2022\/data\/ostale_obcine.json"}]}],"children":[{"slug":"cankarjeva-knjiznica-vrhnika","name":"Cankarjeva Knji\u017enica Vrhnika","type":"public_institute","body_type":null},{"slug":"glasbena-sola-vrhnika","name":"Glasbena \u0160ola Vrhnika","type":"public_institute","body_type":null},{"slug":"krajevna-skupnost-bevke","name":"Krajevna Skupnost Bevke","type":"local_community","body_type":null},{"slug":"krajevna-skupnost-blatna-brezovica","name":"Krajevna Skupnost Blatna Brezovica","type":"local_community","body_type":null},{"slug":"krajevna-skupnost-drenov-gric-lesno-brdo","name":"Krajevna Skupnost Drenov Gri\u010d-Lesno Brdo","type":"local_community","body_type":null},{"slug":"krajevna-skupnost-ligojna","name":"Krajevna Skupnost Ligojna","type":"local_community","body_type":null},{"slug":"krajevna-skupnost-padez-pokojisce-zavrh","name":"Krajevna Skupnost Pade\u017e Pokoji\u0161\u010de-Zavrh","type":"local_community","body_type":null},{"slug":"krajevna-skupnost-podlipa-smrecje","name":"Krajevna Skupnost Podlipa-Smre\u010dje","type":"local_community","body_type":null},{"slug":"krajevna-skupnost-sinja-gorica","name":"Krajevna Skupnost Sinja Gorica","type":"local_community","body_type":null},{"slug":"krajevna-skupnost-stara-vrhnika","name":"Krajevna Skupnost Stara Vrhnika","type":"local_community","body_type":null},{"slug":"krajevna-skupnost-verd","name":"Krajevna Skupnost Verd","type":"local_community","body_type":null},{"slug":"krajevna-skupnost-vrhnika-breg","name":"Krajevna Skupnost Vrhnika Breg","type":"local_community","body_type":null},{"slug":"krajevna-skupnost-vrhnika-center","name":"Krajevna Skupnost Vrhnika Center","type":"local_community","body_type":null},{"slug":"krajevna-skupnost-vrhnika-vas","name":"Krajevna Skupnost Vrhnika Vas","type":"local_community","body_type":null},{"slug":"krajevna-skupnost-zaplana","name":"Krajevna Skupnost Zaplana","type":"local_community","body_type":null},{"slug":"osnovna-sola-antona-martina-slomska-vrhnika","name":"Osnovna \u0160ola Antona Martina Slom\u0161ka Vrhnika","type":"public_institute","body_type":null},{"slug":"osnovna-sola-ivana-cankarja","name":"Osnovna \u0161ola Ivana Cankarja","type":"public_institute","body_type":null},{"slug":"vzgojno-izobrazevalni-zavod-antonije-kucler-vrhnika","name":"VZGOJNO-IZOBRA\u017dEVALNI ZAVOD ANTONIJE KUCLER Vrhnika","type":"public_institute","body_type":null},{"slug":"zavod-ivana-cankarja-za-kulturo-sport-in-turizem-vrhnika","name":"Zavod Ivana Cankarja Za Kulturo, \u0160port In Turizem Vrhnika","type":"public_institute","body_type":null},{"slug":"zdravstveni-dom-vrhnika","name":"Zdravstveni Dom Vrhnika","type":"public_institute","body_type":null}]}