{"data":{"slug":"zalec","name":"\u017dalec","type":"municipality","type_label":"Ob\u010dina","body_type":null,"parent":null,"website":null,"phone":null,"address":"Ulica Savinjske \u010dete 005, 3310 \u017dALEC","email":"glavna.pisarna@zalec.si","leader":{"name":"Janko Kos","person_slug":"janko-kos","office":"\u017dupan","office_code":"mayor","since":"2022-11-20"},"image":{"url":"https:\/\/commons.wikimedia.org\/wiki\/Special:FilePath\/Ob%C4%8Dina_%C5%BDalec_grb.gif","attribution":"Wikimedia Commons","source":"https:\/\/commons.wikimedia.org\/wiki\/Special:FilePath\/Ob%C4%8Dina_%C5%BDalec_grb.gif","hosted":false},"sources":[],"url":"https:\/\/kdo-vodi.si\/organ\/zalec","api_url":"https:\/\/kdo-vodi.si\/api\/v1\/organizations\/zalec"},"office_holders":[{"person":{"name":"Danica Von\u010dina Veligo\u0161ek","slug":"danica-voncina-veligosek"},"office":"Ob\u010dinski svetnik","office_code":"local_councillor","role_detail":"izvoljen z liste DeSUS - Demokrati\u010dna stranka upokojencev Slovenije","organization":{"name":"\u017dalec","slug":"zalec"},"since":"2022-11-20","since_precision":"inferred","until":null,"status":"elected","current":true,"sources":[{"authority":"Dr\u017eavna volilna komisija","url":"https:\/\/www.dvk-rs.si\/arhivi\/volitve2022\/lv2022\/data\/prvikrog\/obcine-data\/data_190.json"}]},{"person":{"name":"Hana \u0160uster Erjavec","slug":"hana-suster-erjavec"},"office":"Ob\u010dinski svetnik","office_code":"local_councillor","role_detail":"izvoljen z liste SOCIALNI DEMOKRATI (SD)","organization":{"name":"\u017dalec","slug":"zalec"},"since":"2022-11-20","since_precision":"inferred","until":null,"status":"elected","current":true,"sources":[{"authority":"Dr\u017eavna volilna komisija","url":"https:\/\/www.dvk-rs.si\/arhivi\/volitve2022\/lv2022\/data\/prvikrog\/obcine-data\/data_190.json"}]},{"person":{"name":"Matic Kraj\u0161ek","slug":"matic-krajsek"},"office":"Ob\u010dinski svetnik","office_code":"local_councillor","role_detail":"izvoljen z liste SOCIALNI DEMOKRATI (SD)","organization":{"name":"\u017dalec","slug":"zalec"},"since":"2022-11-20","since_precision":"inferred","until":null,"status":"elected","current":true,"sources":[{"authority":"Dr\u017eavna volilna komisija","url":"https:\/\/www.dvk-rs.si\/arhivi\/volitve2022\/lv2022\/data\/prvikrog\/obcine-data\/data_190.json"}]},{"person":{"name":"Tatjana Razbor\u0161ek Rehar","slug":"tatjana-razborsek-rehar"},"office":"Ob\u010dinski svetnik","office_code":"local_councillor","role_detail":"izvoljen z liste SOCIALNI DEMOKRATI (SD)","organization":{"name":"\u017dalec","slug":"zalec"},"since":"2022-11-20","since_precision":"inferred","until":null,"status":"elected","current":true,"sources":[{"authority":"Dr\u017eavna volilna komisija","url":"https:\/\/www.dvk-rs.si\/arhivi\/volitve2022\/lv2022\/data\/prvikrog\/obcine-data\/data_190.json"}]},{"person":{"name":"Viktor Mitov","slug":"viktor-mitov"},"office":"Ob\u010dinski svetnik","office_code":"local_councillor","role_detail":"izvoljen z liste SOCIALNI DEMOKRATI (SD)","organization":{"name":"\u017dalec","slug":"zalec"},"since":"2022-11-20","since_precision":"inferred","until":null,"status":"elected","current":true,"sources":[{"authority":"Dr\u017eavna volilna komisija","url":"https:\/\/www.dvk-rs.si\/arhivi\/volitve2022\/lv2022\/data\/prvikrog\/obcine-data\/data_190.json"}]},{"person":{"name":"Nada Jelen","slug":"nada-jelen"},"office":"Ob\u010dinski svetnik","office_code":"local_councillor","role_detail":"izvoljen z liste SOCIALNI DEMOKRATI (SD)","organization":{"name":"\u017dalec","slug":"zalec"},"since":"2022-11-20","since_precision":"inferred","until":null,"status":"elected","current":true,"sources":[{"authority":"Dr\u017eavna volilna komisija","url":"https:\/\/www.dvk-rs.si\/arhivi\/volitve2022\/lv2022\/data\/prvikrog\/obcine-data\/data_190.json"}]},{"person":{"name":"Roman Virant","slug":"roman-virant"},"office":"Ob\u010dinski svetnik","office_code":"local_councillor","role_detail":"izvoljen z liste SOCIALNI DEMOKRATI (SD)","organization":{"name":"\u017dalec","slug":"zalec"},"since":"2022-11-20","since_precision":"inferred","until":null,"status":"elected","current":true,"sources":[{"authority":"Dr\u017eavna volilna komisija","url":"https:\/\/www.dvk-rs.si\/arhivi\/volitve2022\/lv2022\/data\/prvikrog\/obcine-data\/data_190.json"}]},{"person":{"name":"Tanja Trobi\u0161","slug":"tanja-trobis"},"office":"Ob\u010dinski svetnik","office_code":"local_councillor","role_detail":"izvoljen z liste SOCIALNI DEMOKRATI (SD)","organization":{"name":"\u017dalec","slug":"zalec"},"since":"2022-11-20","since_precision":"inferred","until":null,"status":"elected","current":true,"sources":[{"authority":"Dr\u017eavna volilna komisija","url":"https:\/\/www.dvk-rs.si\/arhivi\/volitve2022\/lv2022\/data\/prvikrog\/obcine-data\/data_190.json"}]},{"person":{"name":"Janko Kos","slug":"janko-kos"},"office":"Ob\u010dinski svetnik","office_code":"local_councillor","role_detail":"izvoljen z liste SOCIALNI DEMOKRATI (SD)","organization":{"name":"\u017dalec","slug":"zalec"},"since":"2022-11-20","since_precision":"inferred","until":null,"status":"elected","current":true,"sources":[{"authority":"Dr\u017eavna volilna komisija","url":"https:\/\/www.dvk-rs.si\/arhivi\/volitve2022\/lv2022\/data\/prvikrog\/obcine-data\/data_190.json"}]},{"person":{"name":"Vesna Napotnik","slug":"vesna-napotnik"},"office":"Ob\u010dinski svetnik","office_code":"local_councillor","role_detail":"izvoljen z liste LISTA ZA MESTO IN PODE\u017dELJE","organization":{"name":"\u017dalec","slug":"zalec"},"since":"2022-11-20","since_precision":"inferred","until":null,"status":"elected","current":true,"sources":[{"authority":"Dr\u017eavna volilna komisija","url":"https:\/\/www.dvk-rs.si\/arhivi\/volitve2022\/lv2022\/data\/prvikrog\/obcine-data\/data_190.json"}]},{"person":{"name":"Karel Borovnik","slug":"karel-borovnik"},"office":"Ob\u010dinski svetnik","office_code":"local_councillor","role_detail":"izvoljen z liste LISTA ZA MESTO IN PODE\u017dELJE","organization":{"name":"\u017dalec","slug":"zalec"},"since":"2022-11-20","since_precision":"inferred","until":null,"status":"elected","current":true,"sources":[{"authority":"Dr\u017eavna volilna komisija","url":"https:\/\/www.dvk-rs.si\/arhivi\/volitve2022\/lv2022\/data\/prvikrog\/obcine-data\/data_190.json"}]},{"person":{"name":"Marjeta Rukav","slug":"marjeta-rukav"},"office":"Ob\u010dinski svetnik","office_code":"local_councillor","role_detail":"izvoljen z liste LISTA ZA MESTO IN PODE\u017dELJE","organization":{"name":"\u017dalec","slug":"zalec"},"since":"2022-11-20","since_precision":"inferred","until":null,"status":"elected","current":true,"sources":[{"authority":"Dr\u017eavna volilna komisija","url":"https:\/\/www.dvk-rs.si\/arhivi\/volitve2022\/lv2022\/data\/prvikrog\/obcine-data\/data_190.json"}]},{"person":{"name":"Matja\u017e Krk","slug":"matjaz-krk"},"office":"Ob\u010dinski svetnik","office_code":"local_councillor","role_detail":"izvoljen z liste LISTA ZA MESTO IN PODE\u017dELJE","organization":{"name":"\u017dalec","slug":"zalec"},"since":"2022-11-20","since_precision":"inferred","until":null,"status":"elected","current":true,"sources":[{"authority":"Dr\u017eavna volilna komisija","url":"https:\/\/www.dvk-rs.si\/arhivi\/volitve2022\/lv2022\/data\/prvikrog\/obcine-data\/data_190.json"}]},{"person":{"name":"Luka Lakner","slug":"luka-lakner"},"office":"Ob\u010dinski svetnik","office_code":"local_councillor","role_detail":"izvoljen z liste SLOVENSKA DEMOKRATSKA STRANKA - SDS","organization":{"name":"\u017dalec","slug":"zalec"},"since":"2022-11-20","since_precision":"inferred","until":null,"status":"elected","current":true,"sources":[{"authority":"Dr\u017eavna volilna komisija","url":"https:\/\/www.dvk-rs.si\/arhivi\/volitve2022\/lv2022\/data\/prvikrog\/obcine-data\/data_190.json"}]},{"person":{"name":"Slavica \u010cehovin","slug":"slavica-cehovin"},"office":"Ob\u010dinski svetnik","office_code":"local_councillor","role_detail":"izvoljen z liste SLOVENSKA DEMOKRATSKA STRANKA - SDS","organization":{"name":"\u017dalec","slug":"zalec"},"since":"2022-11-20","since_precision":"inferred","until":null,"status":"elected","current":true,"sources":[{"authority":"Dr\u017eavna volilna komisija","url":"https:\/\/www.dvk-rs.si\/arhivi\/volitve2022\/lv2022\/data\/prvikrog\/obcine-data\/data_190.json"}]},{"person":{"name":"Marcel Pal\u010dnik","slug":"marcel-palcnik"},"office":"Ob\u010dinski svetnik","office_code":"local_councillor","role_detail":"izvoljen z liste SLOVENSKA DEMOKRATSKA STRANKA - SDS","organization":{"name":"\u017dalec","slug":"zalec"},"since":"2022-11-20","since_precision":"inferred","until":null,"status":"elected","current":true,"sources":[{"authority":"Dr\u017eavna volilna komisija","url":"https:\/\/www.dvk-rs.si\/arhivi\/volitve2022\/lv2022\/data\/prvikrog\/obcine-data\/data_190.json"}]},{"person":{"name":"Andrejka Tanaskovi\u010d","slug":"andrejka-tanaskovic"},"office":"Ob\u010dinski svetnik","office_code":"local_councillor","role_detail":"izvoljen z liste SLOVENSKA DEMOKRATSKA STRANKA - SDS","organization":{"name":"\u017dalec","slug":"zalec"},"since":"2022-11-20","since_precision":"inferred","until":null,"status":"elected","current":true,"sources":[{"authority":"Dr\u017eavna volilna komisija","url":"https:\/\/www.dvk-rs.si\/arhivi\/volitve2022\/lv2022\/data\/prvikrog\/obcine-data\/data_190.json"}]},{"person":{"name":"Sre\u010dko Lednik","slug":"srecko-lednik"},"office":"Ob\u010dinski svetnik","office_code":"local_councillor","role_detail":"izvoljen z liste SLOVENSKA DEMOKRATSKA STRANKA - SDS","organization":{"name":"\u017dalec","slug":"zalec"},"since":"2022-11-20","since_precision":"inferred","until":null,"status":"elected","current":true,"sources":[{"authority":"Dr\u017eavna volilna komisija","url":"https:\/\/www.dvk-rs.si\/arhivi\/volitve2022\/lv2022\/data\/prvikrog\/obcine-data\/data_190.json"}]},{"person":{"name":"Gregor Zidan\u0161ek","slug":"gregor-zidansek"},"office":"Ob\u010dinski svetnik","office_code":"local_councillor","role_detail":"izvoljen z liste Gibanje SVOBODA","organization":{"name":"\u017dalec","slug":"zalec"},"since":"2022-11-20","since_precision":"inferred","until":null,"status":"elected","current":true,"sources":[{"authority":"Dr\u017eavna volilna komisija","url":"https:\/\/www.dvk-rs.si\/arhivi\/volitve2022\/lv2022\/data\/prvikrog\/obcine-data\/data_190.json"}]},{"person":{"name":"Katja Veligo\u0161ek","slug":"katja-veligosek"},"office":"Ob\u010dinski svetnik","office_code":"local_councillor","role_detail":"izvoljen z liste Gibanje SVOBODA","organization":{"name":"\u017dalec","slug":"zalec"},"since":"2022-11-20","since_precision":"inferred","until":null,"status":"elected","current":true,"sources":[{"authority":"Dr\u017eavna volilna komisija","url":"https:\/\/www.dvk-rs.si\/arhivi\/volitve2022\/lv2022\/data\/prvikrog\/obcine-data\/data_190.json"}]},{"person":{"name":"Martin Poteko","slug":"martin-poteko"},"office":"Ob\u010dinski svetnik","office_code":"local_councillor","role_detail":"izvoljen z liste Gibanje SVOBODA","organization":{"name":"\u017dalec","slug":"zalec"},"since":"2022-11-20","since_precision":"inferred","until":null,"status":"elected","current":true,"sources":[{"authority":"Dr\u017eavna volilna komisija","url":"https:\/\/www.dvk-rs.si\/arhivi\/volitve2022\/lv2022\/data\/prvikrog\/obcine-data\/data_190.json"}]},{"person":{"name":"Tanja Basle","slug":"tanja-basle"},"office":"Ob\u010dinski svetnik","office_code":"local_councillor","role_detail":"izvoljen z liste Gibanje SVOBODA","organization":{"name":"\u017dalec","slug":"zalec"},"since":"2022-11-20","since_precision":"inferred","until":null,"status":"elected","current":true,"sources":[{"authority":"Dr\u017eavna volilna komisija","url":"https:\/\/www.dvk-rs.si\/arhivi\/volitve2022\/lv2022\/data\/prvikrog\/obcine-data\/data_190.json"}]},{"person":{"name":"Matja\u017e Omladi\u010d","slug":"matjaz-omladic"},"office":"Ob\u010dinski svetnik","office_code":"local_councillor","role_detail":"izvoljen z liste Gibanje SVOBODA","organization":{"name":"\u017dalec","slug":"zalec"},"since":"2022-11-20","since_precision":"inferred","until":null,"status":"elected","current":true,"sources":[{"authority":"Dr\u017eavna volilna komisija","url":"https:\/\/www.dvk-rs.si\/arhivi\/volitve2022\/lv2022\/data\/prvikrog\/obcine-data\/data_190.json"}]},{"person":{"name":"Alenka Omladi\u010d","slug":"alenka-omladic"},"office":"Ob\u010dinski svetnik","office_code":"local_councillor","role_detail":"izvoljen z liste Gibanje SVOBODA","organization":{"name":"\u017dalec","slug":"zalec"},"since":"2022-11-20","since_precision":"inferred","until":null,"status":"elected","current":true,"sources":[{"authority":"Dr\u017eavna volilna komisija","url":"https:\/\/www.dvk-rs.si\/arhivi\/volitve2022\/lv2022\/data\/prvikrog\/obcine-data\/data_190.json"}]},{"person":{"name":"Bla\u017e Kolar","slug":"blaz-kolar"},"office":"Ob\u010dinski svetnik","office_code":"local_councillor","role_detail":"izvoljen z liste Gibanje SVOBODA","organization":{"name":"\u017dalec","slug":"zalec"},"since":"2022-11-20","since_precision":"inferred","until":null,"status":"elected","current":true,"sources":[{"authority":"Dr\u017eavna volilna komisija","url":"https:\/\/www.dvk-rs.si\/arhivi\/volitve2022\/lv2022\/data\/prvikrog\/obcine-data\/data_190.json"}]},{"person":{"name":"Vilma Tekavc","slug":"vilma-tekavc"},"office":"Ob\u010dinski svetnik","office_code":"local_councillor","role_detail":"izvoljen z liste NSi in SLS","organization":{"name":"\u017dalec","slug":"zalec"},"since":"2022-11-20","since_precision":"inferred","until":null,"status":"elected","current":true,"sources":[{"authority":"Dr\u017eavna volilna komisija","url":"https:\/\/www.dvk-rs.si\/arhivi\/volitve2022\/lv2022\/data\/prvikrog\/obcine-data\/data_190.json"}]},{"person":{"name":"Jo\u017ee Krulec","slug":"joze-krulec"},"office":"Ob\u010dinski svetnik","office_code":"local_councillor","role_detail":"izvoljen z liste NSi in SLS","organization":{"name":"\u017dalec","slug":"zalec"},"since":"2022-11-20","since_precision":"inferred","until":null,"status":"elected","current":true,"sources":[{"authority":"Dr\u017eavna volilna komisija","url":"https:\/\/www.dvk-rs.si\/arhivi\/volitve2022\/lv2022\/data\/prvikrog\/obcine-data\/data_190.json"}]},{"person":{"name":"Janko Kos","slug":"janko-kos"},"office":"\u017dupan","office_code":"mayor","role_detail":null,"organization":{"name":"\u017dalec","slug":"zalec"},"since":"2022-11-20","since_precision":"inferred","until":null,"status":"elected","current":true,"sources":[{"authority":"Dr\u017eavna volilna komisija","url":"https:\/\/www.dvk-rs.si\/arhivi\/volitve2022\/lv2022\/data\/ostale_obcine.json"}]}],"children":[{"slug":"glasbena-sola-risto-savin-zalec","name":"Glasbena \u0160ola \"Risto Savin\" \u017dalec","type":"public_institute","body_type":null},{"slug":"i-osnovna-sola-zalec","name":"I. Osnovna \u0160ola \u017dalec","type":"public_institute","body_type":null},{"slug":"ii-osnovna-sola-zalec","name":"Ii. Osnovna \u0160ola \u017dalec","type":"public_institute","body_type":null},{"slug":"krajevna-skupnost-galicija","name":"Krajevna Skupnost Galicija","type":"local_community","body_type":null},{"slug":"krajevna-skupnost-gotovlje","name":"Krajevna Skupnost Gotovlje","type":"local_community","body_type":null},{"slug":"krajevna-skupnost-grize","name":"Krajevna Skupnost Gri\u017ee","type":"local_community","body_type":null},{"slug":"krajevna-skupnost-levec","name":"Krajevna Skupnost Levec","type":"local_community","body_type":null},{"slug":"krajevna-skupnost-liboje","name":"Krajevna Skupnost Liboje","type":"local_community","body_type":null},{"slug":"krajevna-skupnost-petrovce","name":"Krajevna Skupnost Petrov\u010de","type":"local_community","body_type":null},{"slug":"krajevna-skupnost-ponikva-pri-zalcu","name":"Krajevna Skupnost Ponikva Pri \u017dalcu","type":"local_community","body_type":null},{"slug":"krajevna-skupnost-sempeter-v-savinjski-dolini","name":"Krajevna Skupnost \u0160empeter V Savinjski Dolini","type":"local_community","body_type":null},{"slug":"krajevna-skupnost-vrbje","name":"Krajevna Skupnost Vrbje","type":"local_community","body_type":null},{"slug":"medobcinska-splosna-knjiznica-zalec","name":"Medob\u010dinska splo\u0161na knji\u017enica \u017dalec","type":"public_institute","body_type":null},{"slug":"mestna-skupnost-zalec","name":"Mestna Skupnost \u017dalec","type":"local_community","body_type":null},{"slug":"mladinski-center-zalec-javni-zavod-za-mladinsko-kulturo-izobrazevanje-informiranje-in-rekreacijo","name":"Mladinski center \u017dalec, javni zavod za mladinsko kulturo, izobra\u017eevanje, informiranje in rekreacijo","type":"public_institute","body_type":null},{"slug":"osnovna-sola-grize","name":"Osnovna \u0160ola Gri\u017ee","type":"public_institute","body_type":null},{"slug":"osnovna-sola-petrovce","name":"Osnovna \u0160ola Petrov\u010de","type":"public_institute","body_type":null},{"slug":"osnovna-sola-sempeter-v-savinjski-dolini","name":"Osnovna \u0160ola \u0160empeter V Savinjski Dolini","type":"public_institute","body_type":null},{"slug":"upi-ljudska-univerza-zalec","name":"UPI Ljudska univerza \u017dalec","type":"public_institute","body_type":null},{"slug":"vrtci-obcine-zalec","name":"Vrtci Ob\u010dine \u017dalec","type":"public_institute","body_type":null},{"slug":"zalske-lekarne-zalec","name":"\u017dalske Lekarne \u017dalec","type":"public_institute","body_type":null},{"slug":"zdravstveni-dom-dr-jozeta-potrate-zalec","name":"Zdravstveni Dom dr. Jo\u017eeta Potrate \u017dalec","type":"public_institute","body_type":null},{"slug":"zkst-zavod-za-kulturo-sport-in-turizem-zalec","name":"ZK\u0160T Zavod za kulturo, \u0161port in turizem \u017dalec","type":"public_institute","body_type":null}]}